{"id":1425,"date":"2025-09-19T08:31:31","date_gmt":"2025-09-19T08:31:31","guid":{"rendered":"https:\/\/tkt.travelblox.eu\/?page_id=1425"},"modified":"2026-04-24T14:23:59","modified_gmt":"2026-04-24T14:23:59","slug":"tkt26","status":"publish","type":"page","link":"https:\/\/tkt.travelblox.eu\/de\/","title":{"rendered":"TKT26"},"content":{"rendered":"<div class=\"tb-header tb-block align-center background-dark pattern-none variant-none\" id=\"header\" data-fallback-background=\"https:\/\/vz-2d98b19f-729.b-cdn.net\/4521872c-f37e-4f91-b599-90ec1fb77684\/thumbnail.jpg\" style=\"background-image: url('https:\/\/vz-2d98b19f-729.b-cdn.net\/4521872c-f37e-4f91-b599-90ec1fb77684\/thumbnail.jpg'); background-position:center;\">\n    <div class=\"tb-header-foreground\">\n        <div class=\"inner-block\">\n\n            <div class=\"main-part\">\n                <div class=\"text-part\">\n                                                                                            <h1>\t<span class=\"tb-logo\"  style=\"-webkit-mask-image: url(https:\/\/tkt.travelblox.eu\/wp-content\/uploads\/sites\/69\/2025\/08\/THEkayak_White-1024x997.png); mask-image: url(https:\/\/tkt.travelblox.eu\/wp-content\/uploads\/sites\/69\/2025\/08\/THEkayak_White-1024x997.png)\">\n\t\t<img src='https:\/\/tkt.travelblox.eu\/wp-content\/uploads\/sites\/69\/2025\/08\/THEkayak_White-1024x997.png' width='1024' height='997' alt='Das Kayak Trip-Logo' title='Der Kajak Trip' loading='lazy'>\n\t<\/span>\n<\/h1>\n                                                                                        <h2 class=\"tb-subtitle\">\t\t<div class=\"translation-block\"><p>Paddle und wandere durch die majest\u00e4tischen norwegischen Fjorde<\/p><\/div>\n\t<\/h2>\n                                                                                            <div class=\"tb-properties\">\n                                                                    <div class=\"tb-property\">\n                                                                                    <div class=\"tb-property__icon\">\n                                                \t\t\t\t<i class=\"icon fa-solid fa-calendar\" aria-hidden=\"true\"><\/i>\n\t\t\t                                            <\/div>\n                                                                                <div class=\"tb-property__label\">\n                                            8 Tage                                        <\/div>\n                                    <\/div>\n                                    <div class=\"tb-properties__divider\"><\/div>\n                                                                                                    <div class=\"tb-property\">\n                                                                                    <div class=\"tb-property__icon\">\n                                                \t\t\t\t<i class=\"icon fa-solid fa-campground\" aria-hidden=\"true\"><\/i>\n\t\t\t                                            <\/div>\n                                                                                <div class=\"tb-property__label\">\n                                            Wildcampen und Campingpl\u00e4tze                                        <\/div>\n                                    <\/div>\n                                    <div class=\"tb-properties__divider\"><\/div>\n                                                                                                    <div class=\"tb-property\">\n                                                                                    <div class=\"tb-property__icon\">\n                                                \t\t\t\t<i class=\"icon fa-solid fa-person-simple\" aria-hidden=\"true\"><\/i>\n\t\t\t                                            <\/div>\n                                                                                <div class=\"tb-property__label\">\n                                            Solo oder in Gruppe                                        <\/div>\n                                    <\/div>\n                                                            <\/div>\n                                                                                        <div class=\"tb-buttons-part\">\n                                                            \t\t<a href=\"#join\"  target=\"\" class=\"tb-button\">\n\t\t\tBuche jetzt!\t\t<\/a>\n\t\t                                                                                        \t\t<a href=\"#thekayaktrip\"  target=\"\" class=\"tb-buttonlink\">\n\t\t\tMehr Info\t\t<\/a>\n\t\t                                                    <\/div>\n                                                                <div class=\"average-reviews-wrapper\" data-reviews-redirect-url=\"https:\/\/maps.app.goo.gl\/z4ZtHvSeqK1RVoX89\" data-embed-social-id=\"5a8ef319c6b100edc10d461870cb259eb675ff26\"><\/div>\n                                    <\/div>\n            <\/div>\n            \n                    <\/div>\n    <\/div>\n\n                        <div class=\"tb-header-background tb-header-background--has-iframe\">\n                        <iframe src=\"https:\/\/iframe.mediadelivery.net\/embed\/306445\/4521872c-f37e-4f91-b599-90ec1fb77684?autoplay=true&#038;preload=true&#038;loop=true&#038;responsive=true&#038;muted=true\" allow=\"accelerometer;gyroscope;encrypted-media;picture-in-picture;autoplay;muted;\" allowfullscreen=\"true\" style=\"border: none;\" loading=\"lazy\"><\/iframe>                    <\/div>\n    \n    \n        <nav class=\"tb-header__subnav\">\n            <div class=\"inner-block\">\n                <div class=\"tb-header__pagename\">\n                                            \t<span class=\"tb-logo\"  style=\"-webkit-mask-image: url(https:\/\/tkt.travelblox.eu\/wp-content\/uploads\/sites\/69\/2025\/08\/THEkayak_White-1024x997.png); mask-image: url(https:\/\/tkt.travelblox.eu\/wp-content\/uploads\/sites\/69\/2025\/08\/THEkayak_White-1024x997.png)\">\n\t\t<img src='https:\/\/tkt.travelblox.eu\/wp-content\/uploads\/sites\/69\/2025\/08\/THEkayak_White-1024x997.png' width='1024' height='997' alt='Das Kayak Trip-Logo' title='Der Kajak Trip' loading='lazy'>\n\t<\/span>\n                                    <\/div>\n\n                <ul>\n                                            <li>\n                            <a href=\"#thekayaktrip\">Konzept<\/a>\n                        <\/li>\n\n                                            <li>\n                            <a href=\"#route\">Routen<\/a>\n                        <\/li>\n\n                                            <li>\n                            <a href=\"#practical\">Praktisch<\/a>\n                        <\/li>\n\n                                            <li>\n                            <a href=\"#options\">Optionen<\/a>\n                        <\/li>\n\n                                            <li>\n                            <a href=\"#FAQ\">FAQ<\/a>\n                        <\/li>\n\n                    \n                                                <li class=\"tb-header__subnav_cta\">\n                                <a href=\"#join\" class=\"tb-button\" >Buche jetzt!<\/a>\n                            <\/li>\n                                    <\/ul>\n            <\/div>\n        <\/nav>\n\n    \n<\/div>\n\n\n\n\n<div class=\"tb-intro tb-block align-none background-middle pattern-none variant-none tb-collapsible-margins\" id=\"intro\">\n    <div class=\"inner-block tb-fade-in tb-fade-in--subtle\">\n\n        \n\n        <div class=\"text-part content-part\">\n            <div class=\"title-meta-inclusive\">\n                <div class=\"title-and-meta\">\n                                            <div class=\"title-part\">\n                                                            <h3>Der Kajak Trip<\/h3>\n                                                                                                                            <h4>\t\t<div class=\"translation-block\">Erkunde in 8 Tagen die norwegischen Fjorde per Kajak und zu Fu\u00df.<\/div>\n\t<\/h4>\n                                                                                    <\/div>\n                                        <ul class=\"meta-data\">\n                                                    <li>\n                                <i class=\"fa fa-regular fa-tag\"><\/i>\n                                <span>Ab \u20ac690<\/span>\n                            <\/li>\n                                                                            <li>\n                                <i class=\"fa fa-regular fa-calendar\"><\/i>\n                                <span><p>Ende Juni \u2013 Anfang September 2026<\/p>\n<\/span>\n                            <\/li>\n                                            <\/ul>\n                <\/div>\n                                    <div class=\"inclusive\">\n                                                    <h6>highlights<\/h6>\n                                                <ul class=\"\">\n                                                            <li class=\"visible\">\n                                                                            \t\t\t\t<i class=\"icon fa-kit fa-tb-icon-paddle\" aria-hidden=\"true\"><\/i>\n\t\t\t                                                                                                                <span>Paddle \u00fcber das kristallklare Wasser des N\u00e6r\u00f8yfjords.<\/span>\n                                                                    <\/li>\n                                                            <li class=\"visible\">\n                                                                            \t\t\t\t<i class=\"icon fa-regular fa-shoe-prints\" aria-hidden=\"true\"><\/i>\n\t\t\t                                                                                                                <span>Wander zu panoramischen Ausblicken \u00fcber die Fjorde<\/span>\n                                                                    <\/li>\n                                                            <li class=\"visible\">\n                                                                            \t\t\t\t<i class=\"icon fa-regular fa-tent\" aria-hidden=\"true\"><\/i>\n\t\t\t                                                                                                                <span>\u00dcbernachte an den sch\u00f6nsten Orten am Wasser.<\/span>\n                                                                    <\/li>\n                                                            <li class=\"visible\">\n                                                                            \t\t\t\t<i class=\"icon fa-brands fa-pagelines\" aria-hidden=\"true\"><\/i>\n\t\t\t                                                                                                                <span>Lass dich von erfahrenen Kajakguides begleiten.<\/span>\n                                                                    <\/li>\n                                                            <li class=\"visible\">\n                                                                            \t\t\t\t<i class=\"icon fa-solid fa-handshake-simple\" aria-hidden=\"true\"><\/i>\n\t\t\t                                                                                                                <span>Perfekt f\u00fcr Anf\u00e4nger und erfahrene Kajakfahrer.<\/span>\n                                                                    <\/li>\n                                                    <\/ul>\n                                            <\/div>\n                            <\/div>\n\n                            <div class=\"tb-buttons desktop-only\">\n                                            <a href=\"#join\" class=\"tb-button\">\n                                                            Jetzt buchen                                                    <\/a>\n                                                                <a href=\"#thekayaktrip\" class=\"tb-buttonlink\">\n                                                            Entdecke Der Kayak Trip                                                    <\/a>\n                                    <\/div>\n                    <\/div>\n                                    <div class=\"image-part\">\n                    \t\t\t\t<div class=\"inner-block-full-width has-tb-carousel tb-carousel-slider\" >\n\t\t\t<div class=\"tb-carousel-container\">\n\t\t\t\t<div class=\"entries tb-cards\" data-slider-first=\"0\">\n\t\t\t\t\t\t\t\t\t<div class=\"entry\">\n\t\t\t\t<div class=\"tb-image-part\">\n\t\t\t\t\t<figure>\n\t\t\t\t\t\t<img src='https:\/\/tkt.travelblox.eu\/wp-content\/uploads\/sites\/69\/2025\/09\/The-Kayak-Trip-Reizen-Rens-LR-426-768x512.jpg' width='768' height='512' loading='lazy' image_size='medium_large'>\t\t\t\t\t\t\t\t\t\t\t\t\t\t\t\t\t\t\t\t\t\t\t\t\t\t\t\t\t\t\t<\/figure>\n\t\t\t\t<\/div>\n\t\t\t<\/div>\n\t\t\t\t\t<div class=\"entry\">\n\t\t\t\t<div class=\"tb-image-part\">\n\t\t\t\t\t<figure>\n\t\t\t\t\t\t<img src='https:\/\/tkt.travelblox.eu\/wp-content\/uploads\/sites\/69\/2023\/10\/TKT23_MICHIELANNAERT_HR-30-scaled-e1758534355720-768x663.jpg' width='768' height='663' alt='2 Kajaks im Wasser, Luftaufnahme - Kajakfahren - Norwegenfjord - Wandern in Norwegen - Kayaking - ab Flughafen Br\u00fcssel' loading='lazy' image_size='medium_large'>\t\t\t\t\t\t\t\t\t\t\t\t\t\t\t\t\t\t\t\t\t\t\t\t\t\t\t\t\t\t\t<\/figure>\n\t\t\t\t<\/div>\n\t\t\t<\/div>\n\t\t\t\t\t<div class=\"entry\">\n\t\t\t\t<div class=\"tb-image-part\">\n\t\t\t\t\t<figure>\n\t\t\t\t\t\t<img src='https:\/\/tkt.travelblox.eu\/wp-content\/uploads\/sites\/69\/2025\/09\/TKT25_MikeTesselaar_WEB-204-768x512.jpg' width='768' height='512' loading='lazy' image_size='medium_large'>\t\t\t\t\t\t\t\t\t\t\t\t\t\t\t\t\t\t\t\t\t\t\t\t\t\t\t\t\t\t\t<\/figure>\n\t\t\t\t<\/div>\n\t\t\t<\/div>\n\t\t\t\t\t<div class=\"entry\">\n\t\t\t\t<div class=\"tb-image-part\">\n\t\t\t\t\t<figure>\n\t\t\t\t\t\t<img src='https:\/\/tkt.travelblox.eu\/wp-content\/uploads\/sites\/69\/2025\/07\/TKT24_RoyMosterd_8290212_HR-1-768x576.jpg' width='768' height='576' loading='lazy' image_size='medium_large'>\t\t\t\t\t\t\t\t\t\t\t\t\t\t\t\t\t\t\t\t\t\t\t\t\t\t\t\t\t\t\t<\/figure>\n\t\t\t\t<\/div>\n\t\t\t<\/div>\n\t\t\t\t\t<div class=\"entry\">\n\t\t\t\t<div class=\"tb-image-part\">\n\t\t\t\t\t<figure>\n\t\t\t\t\t\t<img src='https:\/\/tkt.travelblox.eu\/wp-content\/uploads\/sites\/69\/2023\/10\/TKT23_MICHIELANNAERT_HR-138-768x970.jpg' width='768' height='970' alt='3 Schafe - Kajakfahren - Norwegenfjord - Wandern in Norwegen - Kayaking - ab Flughafen Br\u00fcssel' loading='lazy' image_size='medium_large'>\t\t\t\t\t\t\t\t\t\t\t\t\t\t\t\t\t\t\t\t\t\t\t\t\t\t\t\t\t\t\t<\/figure>\n\t\t\t\t<\/div>\n\t\t\t<\/div>\n\t\t\t\t\t\t\t\t<\/div>\n\t\t\t\t\t\t<div class=\"tb-carousel-nav\">\n\t\t\t<div class=\"dots\">\n\t\t\t\t<div class=\"dot active\"><\/div>\n\t\t\t\t<div class=\"dot\"><\/div>\n\t\t\t\t<div class=\"dot\"><\/div>\n\t\t\t<\/div>\n\t\t\t<div class=\"arrows\">\n\t\t\t\t<div class=\"prev disabled\">\n\t\t\t\t\t<span><i class=\"fa fa-chevron-left\"><\/i><\/span>\n\t\t\t\t<\/div>\n\t\t\t\t<div class=\"next\">\n\t\t\t\t\t<span><i class=\"fa fa-chevron-right\"><\/i><\/span>\n\t\t\t\t<\/div>\n\t\t\t<\/div>\n\t\t<\/div>\n\t\t\t\t<\/div>\n\t\t<\/div>\n\t\t                <\/div>\n                                        <div class=\"tb-buttons mobile-only\">\n                                    <a href=\"#join\" class=\"tb-button\">\n                                                    Jetzt buchen                                            <\/a>\n                                                    <a href=\"#thekayaktrip\" class=\"tb-buttonlink\">\n                                                    Entdecke Der Kayak Trip                                            <\/a>\n                            <\/div>\n            <\/div>\n<\/div>\n\n\n\n\n<div class=\"tb-textimage2 tb-block align-left background-light pattern-none variant-image_first tb-collapsible-margins\" id=\"thekayaktrip\">\n\t<div class=\"inner-block tb-fade-in\">\n\n\t\t\n\t\t<div class=\"tb-columns\">\n\t\t\t<div class=\"tb-column\">\n\t\t\t\t<div class=\"tb-text-part\">\n\t\t\t\t\t<h2>Kajakfahren auf den norwegischen Fjorden<\/h2>\n\t\t\t\t\t\t\t<div class=\"translation-block\"><p>Mach mit bei einem unvergesslichen Kajakabenteuer und entdecke den <strong>N\u00e6r\u00f8yfjord<\/strong>, den <strong>tiefsten und ber\u00fchmtesten Fjord Norwegens<\/strong>. W\u00e4hrend du \u00fcber <strong>kristallklares<\/strong> Wasser gleitest, ragen die <strong>steilen Felsw\u00e4nde<\/strong> hoch \u00fcber dir empor und du sp\u00fcrst die Gr\u00f6\u00dfe der Natur um dich herum.<\/p><p>Unterwegs paddelst du entlang hoher Klippen und <strong>charmanter<\/strong> <strong>D\u00f6rfer<\/strong> und erlebst die <strong>reiche<\/strong> <strong>Geschichte<\/strong> dieser Region, in der einst die <strong>Wikinger<\/strong> ihre Spuren hinterlie\u00dfen.<\/p><p>Bei der Buchung kannst du sowohl ein <strong>Kajak<\/strong> (einzeln oder doppelt) als auch eine <strong>Route w\u00e4hlen<\/strong>. Dank einer Einweisung durch den Guide, bei der du alles \u00fcber das Kajakfahren lernst, und der interaktiven App, beginnst du bestens vorbereitet dein Abenteuer.<\/p><\/div>\n\t\t\t\t\t\t\t\t\t\t\t<div class=\"tb-buttons-part\">\n\t\t\t\t\t\t\t\t<a href=\"#join\"  target=\"\" class=\"tb-button\">\n\t\t\tEntdecke die Daten\t\t<\/a>\n\t\t\t\t\t\t\t\t\t\t<a href=\"#route\"  target=\"\" class=\"tb-buttonlink\">\n\t\t\tEntdecke die Routen\t\t<\/a>\n\t\t\t\t\t\t\t<\/div>\n\t\t\t\t<\/div>\n\t\t\t<\/div>\n\t\t\t<div class=\"tb-column\">\n\t\t\t\t\t\t\t\t\t\t\t\t\t\t\t<div class=\"tb-image-part\">\n\t\t\t\t\t\t\t\t\t\t\t<div class=\"inner-block-full-width has-tb-carousel tb-carousel-slider\" >\n\t\t\t<div class=\"tb-carousel-container\">\n\t\t\t\t<div class=\"entries tb-cards\" data-slider-first=\"0\">\n\t\t\t\t\t\t\t\t\t<div class=\"entry\">\n\t\t\t\t<div class=\"tb-image-part\">\n\t\t\t\t\t<figure>\n\t\t\t\t\t\t<img src='https:\/\/tkt.travelblox.eu\/wp-content\/uploads\/sites\/69\/2023\/10\/TKT23_MICHIELANNAERT_LR_v2-12-768x1152.jpg' width='768' height='1152' alt='2 Personen beim Kajakfahren - Kajakken - Norwegen Fjord - Wandern in Norwegen - Kajakfahren - ab Flughafen Br\u00fcssel' loading='lazy' image_size='medium_large'>\t\t\t\t\t\t\t\t\t\t\t\t\t\t\t\t\t\t\t\t\t\t\t\t\t\t\t\t\t\t\t<\/figure>\n\t\t\t\t<\/div>\n\t\t\t<\/div>\n\t\t\t\t\t<div class=\"entry\">\n\t\t\t\t<div class=\"tb-image-part\">\n\t\t\t\t\t<figure>\n\t\t\t\t\t\t<img src='https:\/\/tkt.travelblox.eu\/wp-content\/uploads\/sites\/69\/2025\/09\/The-Kayak-Trip-Reizen-Rens-LR-494-768x512.jpg' width='768' height='512' loading='lazy' image_size='medium_large'>\t\t\t\t\t\t\t\t\t\t\t\t\t\t\t\t\t\t\t\t\t\t\t\t\t\t\t\t\t\t\t<\/figure>\n\t\t\t\t<\/div>\n\t\t\t<\/div>\n\t\t\t\t\t<div class=\"entry\">\n\t\t\t\t<div class=\"tb-image-part\">\n\t\t\t\t\t<figure>\n\t\t\t\t\t\t<img src='https:\/\/tkt.travelblox.eu\/wp-content\/uploads\/sites\/69\/2024\/10\/TKT24_RoyMosterd_8250040_LR-768x576.jpg' width='768' height='576' alt='Gl\u00fccklicher Kajakfahrer - Kajakfahren - Norwegen Fjord - Wandern in Norwegen - Kayaking - ab Flughafen Br\u00fcssel' loading='lazy' image_size='medium_large'>\t\t\t\t\t\t\t\t\t\t\t\t\t\t\t\t\t\t\t\t\t\t\t\t\t\t\t\t\t\t\t<\/figure>\n\t\t\t\t<\/div>\n\t\t\t<\/div>\n\t\t\t\t\t<div class=\"entry\">\n\t\t\t\t<div class=\"tb-image-part\">\n\t\t\t\t\t<figure>\n\t\t\t\t\t\t<img src='https:\/\/tkt.travelblox.eu\/wp-content\/uploads\/sites\/69\/2025\/09\/The-Kayak-Trip-Reizen-Rens-LR-DJI-27-768x512.jpg' width='768' height='512' loading='lazy' image_size='medium_large'>\t\t\t\t\t\t\t\t\t\t\t\t\t\t\t\t\t\t\t\t\t\t\t\t\t\t\t\t\t\t\t<\/figure>\n\t\t\t\t<\/div>\n\t\t\t<\/div>\n\t\t\t\t\t<div class=\"entry\">\n\t\t\t\t<div class=\"tb-image-part\">\n\t\t\t\t\t<figure>\n\t\t\t\t\t\t<img src='https:\/\/tkt.travelblox.eu\/wp-content\/uploads\/sites\/69\/2023\/10\/TKT23_MICHIELANNAERT_HR-109-scaled-e1710346936795-768x485.jpg' width='768' height='485' alt='2 M\u00e4nner tanzen im Wasserfall - Kajakfahren - Norwegen Fjord - Wandern in Norwegen - Kayaking - ab Flughafen Br\u00fcssel' loading='lazy' image_size='medium_large'>\t\t\t\t\t\t\t\t\t\t\t\t\t\t\t\t\t\t\t\t\t\t\t\t\t\t\t\t\t\t\t<\/figure>\n\t\t\t\t<\/div>\n\t\t\t<\/div>\n\t\t\t\t\t\t\t\t<\/div>\n\t\t\t\t\t\t<div class=\"tb-carousel-nav\">\n\t\t\t<div class=\"dots\">\n\t\t\t\t<div class=\"dot active\"><\/div>\n\t\t\t\t<div class=\"dot\"><\/div>\n\t\t\t\t<div class=\"dot\"><\/div>\n\t\t\t<\/div>\n\t\t\t<div class=\"arrows\">\n\t\t\t\t<div class=\"prev disabled\">\n\t\t\t\t\t<span><i class=\"fa fa-chevron-left\"><\/i><\/span>\n\t\t\t\t<\/div>\n\t\t\t\t<div class=\"next\">\n\t\t\t\t\t<span><i class=\"fa fa-chevron-right\"><\/i><\/span>\n\t\t\t\t<\/div>\n\t\t\t<\/div>\n\t\t<\/div>\n\t\t\t\t<\/div>\n\t\t<\/div>\n\t\t\t\t\t\t\t\t<\/div>\n\t\t\t\t\t\t\t\t\t\t\t\t<\/div>\n\t\t<\/div>\n\t<\/div>\n<\/div>\n\n\n\n\n\n\n<div class=\"tb-gallery tb-block align-center background-light pattern-none variant-grid\" id=\"gallery\">\n\t<div>\n\t\t<div class=\"desktop tb-has-popup-content\">\n\t\t\t\t\t\t\t<ul class=\"tb-gallery-grid\">\n\t\t\t\t\t\t\t\t\t\t\t\t\t\t\t\t\t\t<li class=\"slide\">\n\t\t\t\t\t\t\t\t<div class=\"tb-popup-trigger\">\n\t\t\t\t\t\t\t\t\t<img src='https:\/\/tkt.travelblox.eu\/wp-content\/uploads\/sites\/69\/2025\/09\/TKT25_MikeTesselaar_WEB-221.jpg' width='2000' height='1334' loading='lazy'>\t\t\t\t\t\t\t\t<\/div>\n\t\t\t\t\t\t\t<\/li>\n\t\t\t\t\t\t\t\t\t\t\t\t\t<li class=\"slide\">\n\t\t\t\t\t\t\t\t<div class=\"tb-popup-trigger\">\n\t\t\t\t\t\t\t\t\t<img src='https:\/\/tkt.travelblox.eu\/wp-content\/uploads\/sites\/69\/2025\/09\/TKT25_MikeTesselaar_WEB-192.jpg' width='2000' height='1125' loading='lazy'>\t\t\t\t\t\t\t\t<\/div>\n\t\t\t\t\t\t\t<\/li>\n\t\t\t\t\t\t\t\t\t\t\t\t\t<li class=\"slide\">\n\t\t\t\t\t\t\t\t<div class=\"tb-popup-trigger\">\n\t\t\t\t\t\t\t\t\t<img src='https:\/\/tkt.travelblox.eu\/wp-content\/uploads\/sites\/69\/2025\/09\/TKT25_MikeTesselaar_WEB-74-e1758281869445.jpg' width='1783' height='1140' loading='lazy'>\t\t\t\t\t\t\t\t<\/div>\n\t\t\t\t\t\t\t<\/li>\n\t\t\t\t\t\t\t\t\t\t\t\t\t\t\t<\/ul>\n\t\t\t\t\t\t<div class=\"tb-popup tb-popup--open-clicked-image\">\n\t\t\t\t<div class=\"tb-gallery-popup\">\n\t\t\t\t\t<div class=\"tb-image-part\">\n\t\t\t\t\t\t\t\t\t\t<div class=\"inner-block-full-width has-tb-carousel tb-carousel-slider\" >\n\t\t\t<div class=\"tb-carousel-container\">\n\t\t\t\t<div class=\"entries tb-cards\" data-slider-first=\"2\">\n\t\t\t\t\t\t\t\t\t<div class=\"entry\">\n\t\t\t\t<div class=\"tb-image-part\">\n\t\t\t\t\t<figure>\n\t\t\t\t\t\t<img src='https:\/\/tkt.travelblox.eu\/wp-content\/uploads\/sites\/69\/2025\/09\/TKT25_MikeTesselaar_WEB-221.jpg' width='2000' height='1334' loading='lazy' image_size='full'>\t\t\t\t\t\t\t\t\t\t\t<\/figure>\n\t\t\t\t<\/div>\n\t\t\t<\/div>\n\t\t\t\t\t<div class=\"entry\">\n\t\t\t\t<div class=\"tb-image-part\">\n\t\t\t\t\t<figure>\n\t\t\t\t\t\t<img src='https:\/\/tkt.travelblox.eu\/wp-content\/uploads\/sites\/69\/2025\/09\/TKT25_MikeTesselaar_WEB-192.jpg' width='2000' height='1125' loading='lazy' image_size='full'>\t\t\t\t\t\t\t\t\t\t\t<\/figure>\n\t\t\t\t<\/div>\n\t\t\t<\/div>\n\t\t\t\t\t<div class=\"entry\">\n\t\t\t\t<div class=\"tb-image-part\">\n\t\t\t\t\t<figure>\n\t\t\t\t\t\t<img src='https:\/\/tkt.travelblox.eu\/wp-content\/uploads\/sites\/69\/2025\/09\/TKT25_MikeTesselaar_WEB-74-e1758281869445.jpg' width='1783' height='1140' loading='lazy' image_size='full'>\t\t\t\t\t\t\t\t\t\t\t<\/figure>\n\t\t\t\t<\/div>\n\t\t\t<\/div>\n\t\t\t\t\t\t\t\t<\/div>\n\t\t\t\t\t\t<div class=\"tb-carousel-nav\">\n\t\t\t<div class=\"dots\">\n\t\t\t\t<div class=\"dot active\"><\/div>\n\t\t\t\t<div class=\"dot\"><\/div>\n\t\t\t\t<div class=\"dot\"><\/div>\n\t\t\t<\/div>\n\t\t\t<div class=\"arrows\">\n\t\t\t\t<div class=\"prev disabled\">\n\t\t\t\t\t<span><i class=\"fa fa-chevron-left\"><\/i><\/span>\n\t\t\t\t<\/div>\n\t\t\t\t<div class=\"next\">\n\t\t\t\t\t<span><i class=\"fa fa-chevron-right\"><\/i><\/span>\n\t\t\t\t<\/div>\n\t\t\t<\/div>\n\t\t<\/div>\n\t\t\t\t<\/div>\n\t\t<\/div>\n\t\t\t\t\t\t\t<\/div>\n\t\t\t\t<\/div>\n\t\t\t<\/div>\n\t\t<\/div>\n\t\t<div class=\"mobile\">\n\t\t\t<div class=\"tb-image-part\">\n\t\t\t\t\t\t\t\t<div class=\"inner-block-full-width has-tb-carousel tb-carousel-slider\" >\n\t\t\t<div class=\"tb-carousel-container\">\n\t\t\t\t<div class=\"entries tb-cards\" data-slider-first=\"0\">\n\t\t\t\t\t\t\t\t\t<div class=\"entry\">\n\t\t\t\t<div class=\"tb-image-part\">\n\t\t\t\t\t<figure>\n\t\t\t\t\t\t<img src='https:\/\/tkt.travelblox.eu\/wp-content\/uploads\/sites\/69\/2025\/09\/TKT25_MikeTesselaar_WEB-221-768x512.jpg' width='768' height='512' loading='lazy' image_size='medium_large'>\t\t\t\t\t\t\t\t\t\t\t<\/figure>\n\t\t\t\t<\/div>\n\t\t\t<\/div>\n\t\t\t\t\t<div class=\"entry\">\n\t\t\t\t<div class=\"tb-image-part\">\n\t\t\t\t\t<figure>\n\t\t\t\t\t\t<img src='https:\/\/tkt.travelblox.eu\/wp-content\/uploads\/sites\/69\/2025\/09\/TKT25_MikeTesselaar_WEB-192-768x432.jpg' width='768' height='432' loading='lazy' image_size='medium_large'>\t\t\t\t\t\t\t\t\t\t\t<\/figure>\n\t\t\t\t<\/div>\n\t\t\t<\/div>\n\t\t\t\t\t<div class=\"entry\">\n\t\t\t\t<div class=\"tb-image-part\">\n\t\t\t\t\t<figure>\n\t\t\t\t\t\t<img src='https:\/\/tkt.travelblox.eu\/wp-content\/uploads\/sites\/69\/2025\/09\/TKT25_MikeTesselaar_WEB-74-e1758281869445-768x491.jpg' width='768' height='491' loading='lazy' image_size='medium_large'>\t\t\t\t\t\t\t\t\t\t\t<\/figure>\n\t\t\t\t<\/div>\n\t\t\t<\/div>\n\t\t\t\t\t\t\t\t<\/div>\n\t\t\t\t\t\t<div class=\"tb-carousel-nav\">\n\t\t\t<div class=\"dots\">\n\t\t\t\t<div class=\"dot active\"><\/div>\n\t\t\t\t<div class=\"dot\"><\/div>\n\t\t\t\t<div class=\"dot\"><\/div>\n\t\t\t<\/div>\n\t\t\t<div class=\"arrows\">\n\t\t\t\t<div class=\"prev disabled\">\n\t\t\t\t\t<span><i class=\"fa fa-chevron-left\"><\/i><\/span>\n\t\t\t\t<\/div>\n\t\t\t\t<div class=\"next\">\n\t\t\t\t\t<span><i class=\"fa fa-chevron-right\"><\/i><\/span>\n\t\t\t\t<\/div>\n\t\t\t<\/div>\n\t\t<\/div>\n\t\t\t\t<\/div>\n\t\t<\/div>\n\t\t\t\t\t<\/div>\n\t\t<\/div>\n\t<\/div>\n<\/div>\n\n\n\n<div class=\"tb-textimage2 tb-block align-left background-light pattern-none variant-text_first tb-collapsible-margins\" id=\"route\">\n\t<div class=\"inner-block tb-fade-in\">\n\n\t\t\n\t\t<div class=\"tb-columns\">\n\t\t\t<div class=\"tb-column\">\n\t\t\t\t<div class=\"tb-text-part\">\n\t\t\t\t\t<h2>Die Kajakstrecken<\/h2>\n\t\t\t\t\t\t\t<div class=\"translation-block\"><p>W\u00e4hle unsere Standardtour, die <strong>N\u00e6r\u00f8yroute<\/strong>, oder entscheide dich f\u00fcr ein verl\u00e4ngertes Abenteuer mit der <strong>Aurlandsroute<\/strong>. Beide Routen bieten dir die M\u00f6glichkeit, die Fjorde sowohl vom Wasser als auch von oben zu entdecken. Alle <strong>Wanderungen<\/strong> sind <strong>optional<\/strong>, du entscheidest also vor Ort selbst, wie intensiv dein Trip wird.<\/p><p>Auf der <strong>N\u00e6r\u00f8yroute<\/strong> legst du etwa <strong>65 km<\/strong> mit dem Kajak zur\u00fcck, bis nach Undredal, dem entferntesten Punkt der Tour. Zus\u00e4tzlich kannst du bis zu 60 km an Wanderungen unternehmen. Diese Route ist perfekt f\u00fcr alle, die das Abenteuer in der norwegischen Natur erleben m\u00f6chten.<\/p><p>Wenn du deine Grenzen austesten m\u00f6chtest, w\u00e4hle die <strong>Aurlandsroute<\/strong>, die dich bis ins bekannte Fl\u00e5m f\u00fchrt. Insgesamt paddelst du rund <strong>100 km<\/strong> mit dem Kajak und kannst bis zu 60 km wandern. Ideal f\u00fcr alle, die eine l\u00e4ngere und intensivere Erfahrung suchen.<\/p><p><i>Bitte beachte: Die Routen k\u00f6nnen sich aufgrund von Wetterbedingungen jederzeit \u00e4ndern.<\/i><\/p><\/div>\n\t\t\t\t\t\t\t\t\t\t\t<div class=\"tb-buttons-part\">\n\t\t\t\t\t\t\t\t\t\t\t\t\t\t\t\t\t<\/div>\n\t\t\t\t<\/div>\n\t\t\t<\/div>\n\t\t\t<div class=\"tb-column\">\n\t\t\t\t\t\t\t\t\t\t\t\t\t\t\t<div class=\"tb-image-part\">\n\t\t\t\t\t\t\t<img src='https:\/\/tkt.travelblox.eu\/wp-content\/uploads\/sites\/69\/2024\/11\/TKT25.svg' width='768' height='1' alt='TKT Routenkarte' loading='lazy' image_size='medium_large'>\t\t\t\t\t\t<\/div>\n\t\t\t\t\t\t\t\t\t\t\t\t<\/div>\n\t\t<\/div>\n\t<\/div>\n<\/div>\n\n\n<div class=\"tb-dayschedule tb-block align-center background-dark pattern-none variant-none tb-collapsible-margins\" id=\"dayschedule\">\n\n\t<div class=\"inner-block tb-fade-in tb-fade-in--subtle\">\n\t\t<div class=\"text-part\">\n\t\t\t<h2>W\u00e4hle deine Route durch die Fjorde.<\/h2>\n\t\t\t\t\t<div class=\"translation-block\"><p>Du kannst uns w\u00e4hrend der Buchung bereits mitteilen, welche Route du machen m\u00f6chtest, aber du kannst dies <strong>sp\u00e4ter<\/strong> (und sogar vor Ort) <strong>noch \u00e4ndern<\/strong>. Mach dir also keine Sorgen, wenn du dir jetzt noch nicht sicher bist.<\/p><p>Unten findest du ein <strong>Beispiel<\/strong> f\u00fcr ein gut ausgewogenes <strong>Wochenprogramm<\/strong> f\u00fcr beide Routen. Du entdeckst die sch\u00f6nsten Highlights, w\u00e4hrend die Route gen\u00fcgend <strong>Abwechslung<\/strong> zwischen <strong>Kajakfahren<\/strong> und <strong>Wandern<\/strong> bietet.<\/p><p>*<i>Hinweis: Diese Routen k\u00f6nnen aufgrund von Wetterbedingungen jederzeit ge\u00e4ndert werden.<\/i><\/p><\/div>\n\t\t\t\t\t\t\t\t\t<div class=\"section-toggler\">\n\t\t<div class=\"section-toggler__inner\">\n\t\t\t<div class=\"section-toggler__toggles-wrapper\">\n\t\t\t\t<div class=\"section-toggler__toggles\">\n\t\t\t\t\t\t\t\t\t\t\t<input type=\"radio\" name=\"dayschedule-section\" value=\"dayschedule-section-0\" id=\"dayschedule-section-0-label\" checked class=\"\" \/>\n\t\t\t\t\t\t<label for=\"dayschedule-section-0-label\" data-target-id=\"dayschedule-section-0\" class=\"\">\n\t\t\t\t\t\t\tN\u00e6r\u00f8y-Route\t\t\t\t\t\t\t\t\t\t\t\t\t<\/label>\n\t\t\t\t\t\t\t\t\t\t\t<input type=\"radio\" name=\"dayschedule-section\" value=\"dayschedule-section-1\" id=\"dayschedule-section-1-label\"  class=\"\" \/>\n\t\t\t\t\t\t<label for=\"dayschedule-section-1-label\" data-target-id=\"dayschedule-section-1\" class=\"\">\n\t\t\t\t\t\t\tAurlands Route\t\t\t\t\t\t\t\t\t\t\t\t\t<\/label>\n\t\t\t\t\t\t\t\t\t<\/div>\n\t\t\t<\/div>\n\t\t<\/div>\n\t<\/div>\n\t\t\t\t\t\t<\/div>\n\t<\/div>\n\t\t\t<div class=\"tb-sections\">\n\t\t\t\t\t\t\t\t\t\t\t\t\t\t<div class=\"inner-block-full-width has-tb-carousel tb-section\" id=\"dayschedule-section-0\">\n\t\t\t<div class=\"tb-carousel-container\">\n\t\t\t\t<div class=\"entries tb-cards\" data-slider-first=\"1\">\n\t\t\t\t\t\t\t\t\t\t\t\t\t\t\t<div class=\"tb-card entry tb-popup-trigger tb-unfold-on-hover\">\n\t\t\t\t\t\t\t<div class=\"tb-image-part\">\n\t\t\t\t\t\t\t\t<div class=\"tag\">\n\t\t\t\t\t\t\t\t\t<div>Tag 1<\/div>\n\t\t\t\t\t\t\t\t<\/div>\n\n\t\t\t\t\t\t\t\t<img src='https:\/\/tkt.travelblox.eu\/wp-content\/uploads\/sites\/69\/2024\/10\/DJI_20240831191101_0258_D-768x432.jpg' width='768' height='432' alt='Luftaufnahme von Fresvik, Norwegen - Kajakfahren - Norwegen Fjord - Wandern in Norwegen - Kayaking - ab Flughafen Br\u00fcssel' loading='lazy' image_size='medium_large'>\t\t\t\t\t\t\t<\/div>\n\t\t\t\t\t\t\t<div class=\"tb-card-bottom-wrapper\">\n\t\t\t\t\t\t\t\t<div class=\"tb-card-bottom\">\n\n\t\t\t\t\t\t\t\t\t<span class=\"tb-card-bottom__title\">\n\t\t\t\t\t\t\t\t\t\t<span class=\"tb-card-bottom__place\">\n\t\t\t\t\t\t\t\t\t\t\tBergen\t\t\t\t\t\t\t\t\t\t\t\t\t\t\t\t\t\t\t\t\t\t\t&#8211; Basecamp, Fresvik\t\t\t\t\t\t\t\t\t\t\t\t\t\t\t\t\t\t\t\t\t<\/span>\n\n\t\t\t\t\t\t\t\t\t<\/span>\n\t\t\t\t\t\t\t\t\t<div class=\"tb-card-bottom__content\">\n\t\t\t\t\t\t\t\t\t\t<div>\n\t\t\t\t\t\t\t\t\t\t\t\t\t\t\t\t\t\t\t\t\t<\/div>\n\t\t\t\t\t\t\t\t\t<\/div>\n\t\t\t\t\t\t\t\t\t<div class=\"tb-card-bottom__teaser tb-unfold-on-hover__content\" data-no-translation>\n\t\t\t\t\t\t\t\t\t\t\t\t\t\t\t\t\t\t\t\t\t\t\t\t\t\t\t\t\t\tAm ersten Tag fliegst du nach Bergen. Vom Flughafen Bergen aus geht es gleich mit unserem Shuttlebus&#8230; <span class=\"link\">Mehr lesen<\/span>\t\t\t\t\t\t\t\t\t<\/div>\n\t\t\t\t\t\t\t\t<\/div>\n\n\t\t\t\t\t\t\t<\/div>\n\t\t\t\t\t\t\t<dialog class=\"tb-popup tb-popup-with-padding tb-dayschedule-popup-wrapper\">\n\t\t\t\t\t\t\t\t<div class=\"tb-dayschedule-popup\">\n\t\t\t\t\t\t\t\t\t<h5>\n\t\t\t\t\t\t\t\t\t\t\t\t\t\t\t\t\t\t\t\t\t\t\t\t\t\t\t\t\t\t\t<div>\n\t\t\t\t\t\t\t\t\t\t\t\t\t\t\t\t\t\t\t\t\t\t\t\t\tBergen\t\t\t\t\t\t\t\t\t\t\t\t\t\t\t\t\t\t\t\t\t\t\t\t\t\t\t\t\t\t\t\t\t\t\t\t\t\t\t\t\t\t\t\t\t\t\t\t\t\t\t<i class=\"icon fa-solid fa-arrow-right\"><\/i> Basecamp, Fresvik\t\t\t\t\t\t\t\t\t\t\t\t\t\t\t\t\t\t\t\t\t\t\t\t\t\t\t\t\t\t\t\t\t\t\t\t<\/div>\n\t\t\t\t\t\t\t\t\t\t\t\t\t\t\t\t\t\t\t<\/h5>\n\t\t\t\t\t\t\t\t\t<div class=\"tb-columns\">\n\t\t\t\t\t\t\t\t\t\t<div class=\"tb-column tb-column--text\">\n\t\t\t\t\t\t\t\t\t\t\t<div class=\"text-part\">\n\t\t\t\t\t\t\t\t\t\t\t\t\n\t\t\t\t\t\t\t\t\t\t\t\t\n\t\t\t\t\t\t\t\t\t\t\t\t<div>\n\t\t\t\t\t\t\t\t\t\t\t\t\t<strong>Tag 1<\/strong>\n\t\t\t\t\t\t\t\t\t\t\t\t\t\t\t<div class=\"translation-block\"><p>Am ersten Tag fliegst du nach Bergen. Vom Flughafen Bergen aus geht es gleich mit unserem Shuttlebus in Richtung der Fjorde.<\/p><p>Bei deiner Ankunft in Fresvik wirst du herzlich von unseren Guides empfangen. Genie\u00dfe zusammen mit den anderen Kajakfahrern dein erstes Abendessen und die Geselligkeit am Lagerfeuer in dieser neuen Umgebung.<\/p><\/div>\n\t\t\t\t\t\t\t\t\t\t\t\t\t<\/div>\n\n\n\t\t\t\t\t\t\t\t\t\t\t<\/div>\n\t\t\t\t\t\t\t\t\t\t<\/div>\n\t\t\t\t\t\t\t\t\t\t<div class=\"tb-column tb-column--image\">\n\n\t\t\t\t\t\t\t\t\t\t\t<div class=\"tb-image-part\">\n\t\t\t\t\t\t\t\t\t\t\t\t<img src='https:\/\/tkt.travelblox.eu\/wp-content\/uploads\/sites\/69\/2024\/10\/DJI_20240831191101_0258_D.jpg' width='1008' height='567' alt='Luftaufnahme von Fresvik, Norwegen - Kajakfahren - Norwegen Fjord - Wandern in Norwegen - Kayaking - ab Flughafen Br\u00fcssel' loading='lazy' image_size='large'>\t\t\t\t\t\t\t\t\t\t\t<\/div>\n\t\t\t\t\t\t\t\t\t\t<\/div>\n\t\t\t\t\t\t\t\t\t<\/div>\n\t\t\t\t\t\t\t\t\t\t\t<div class=\"tb-popup-nav\">\n\t\t\t<a href=\"#\" class=\"tb-buttonlink-with-icon tb-buttonlink-with-arrow icon-first tb-popup-previous\">\n\t\t\t\t<i class=\"icon fa fa-chevron-left\"><\/i>\n\t\t\t\t<span>Vorheriger Tag<\/span>\n\t\t\t<\/a>\n\t\t\t<a href=\"#\" class=\"tb-buttonlink-with-icon tb-buttonlink-with-arrow tb-popup-next\">\n\t\t\t\t<span>N\u00e4chster Tag<\/span>\n\t\t\t\t<i class=\"icon fa fa-chevron-right\"><\/i>\n\t\t\t<\/a>\n\t\t<\/div>\n\t\n\t\t\t\t\t\t\t\t<\/div>\n\t\t\t\t\t\t\t<\/dialog>\n\t\t\t\t\t\t<\/div>\n\t\t\t\t\t\t\t\t\t\t\t<div class=\"tb-card entry tb-popup-trigger tb-unfold-on-hover\">\n\t\t\t\t\t\t\t<div class=\"tb-image-part\">\n\t\t\t\t\t\t\t\t<div class=\"tag\">\n\t\t\t\t\t\t\t\t\t<div>Tag 2<\/div>\n\t\t\t\t\t\t\t\t<\/div>\n\n\t\t\t\t\t\t\t\t<img src='https:\/\/tkt.travelblox.eu\/wp-content\/uploads\/sites\/69\/2024\/10\/DJI_20240901130619_0290_D-768x432.jpg' width='768' height='432' alt='Frau beim Kajakfahren in den Fjorden Norwegens - Kajakken - Norwegen Fjord - Wandern in Norwegen - Kayaking - ab Flughafen Br\u00fcssel' loading='lazy' image_size='medium_large'>\t\t\t\t\t\t\t<\/div>\n\t\t\t\t\t\t\t<div class=\"tb-card-bottom-wrapper\">\n\t\t\t\t\t\t\t\t<div class=\"tb-card-bottom\">\n\n\t\t\t\t\t\t\t\t\t<span class=\"tb-card-bottom__title\">\n\t\t\t\t\t\t\t\t\t\t<span class=\"tb-card-bottom__place\">\n\t\t\t\t\t\t\t\t\t\t\tFresvik \u2013 Breisnes\t\t\t\t\t\t\t\t\t\t\t\t\t\t\t\t\t\t\t\t\t<\/span>\n\n\t\t\t\t\t\t\t\t\t<\/span>\n\t\t\t\t\t\t\t\t\t<div class=\"tb-card-bottom__content\">\n\t\t\t\t\t\t\t\t\t\t<div>\n\t\t\t\t\t\t\t\t\t\t\t\t\t\t\t\t\t\t\t\t\t<\/div>\n\t\t\t\t\t\t\t\t\t<\/div>\n\t\t\t\t\t\t\t\t\t<div class=\"tb-card-bottom__teaser tb-unfold-on-hover__content\" data-no-translation>\n\t\t\t\t\t\t\t\t\t\t\t\t\t\t\t\t\t\t\t\t\t\t\t\t\t\t\t\t\t\tDer spannende erste Tag im Fjord mit deinem Kajak! Du stehst rechtzeitig auf und beginnst den Tag mi&#8230; <span class=\"link\">Mehr lesen<\/span>\t\t\t\t\t\t\t\t\t<\/div>\n\t\t\t\t\t\t\t\t<\/div>\n\n\t\t\t\t\t\t\t<\/div>\n\t\t\t\t\t\t\t<dialog class=\"tb-popup tb-popup-with-padding tb-dayschedule-popup-wrapper\">\n\t\t\t\t\t\t\t\t<div class=\"tb-dayschedule-popup\">\n\t\t\t\t\t\t\t\t\t<h5>\n\t\t\t\t\t\t\t\t\t\t\t\t\t\t\t\t\t\t\t\t\t\t\t\t\t\t\t\t\t\t\t<div>\n\t\t\t\t\t\t\t\t\t\t\t\t\t\t\t\t\t\t\t\t\t\t\t\t\tFresvik\t\t\t\t\t\t\t\t\t\t\t\t\t\t\t\t\t\t\t\t\t\t\t\t\t\t\t\t\t\t\t\t\t\t\t\t\t\t\t\t\t\t\t\t\t\t\t\t\t\t\t<i class=\"icon fa-solid fa-arrow-right\"><\/i> Breisnes\t\t\t\t\t\t\t\t\t\t\t\t\t\t\t\t\t\t\t\t\t\t\t\t\t\t\t\t\t\t\t\t\t\t\t\t<\/div>\n\t\t\t\t\t\t\t\t\t\t\t\t\t\t\t\t\t\t\t<\/h5>\n\t\t\t\t\t\t\t\t\t<div class=\"tb-columns\">\n\t\t\t\t\t\t\t\t\t\t<div class=\"tb-column tb-column--text\">\n\t\t\t\t\t\t\t\t\t\t\t<div class=\"text-part\">\n\t\t\t\t\t\t\t\t\t\t\t\t\n\t\t\t\t\t\t\t\t\t\t\t\t\n\t\t\t\t\t\t\t\t\t\t\t\t<div>\n\t\t\t\t\t\t\t\t\t\t\t\t\t<strong>Tag 2<\/strong>\n\t\t\t\t\t\t\t\t\t\t\t\t\t\t\t<div class=\"translation-block\"><p>Der spannende erste Tag im Fjord mit deinem Kajak! Du stehst rechtzeitig auf und beginnst den Tag mit einem lehrreichen Briefing von den Guides. Sie bringen dir alles \u00fcber die richtige Paddeltechnik bei, wie du das Kajak am besten bel\u00e4dst und wohin dich diese Tour \u00fcberall f\u00fchrt.<\/p><p>Bevor du auf das Wasser gehst, machst du eine erste Wanderung (7 km) mit einem wundersch\u00f6nen Blick \u00fcber Fresvik. Danach paddelst du bis nach Breisnes (10 km), wo du von den Ziegen, die dieses St\u00fcck Land bewohnen, willkommen gehei\u00dfen wirst.<\/p><\/div>\n\t\t\t\t\t\t\t\t\t\t\t\t\t<\/div>\n\n\n\t\t\t\t\t\t\t\t\t\t\t<\/div>\n\t\t\t\t\t\t\t\t\t\t<\/div>\n\t\t\t\t\t\t\t\t\t\t<div class=\"tb-column tb-column--image\">\n\n\t\t\t\t\t\t\t\t\t\t\t<div class=\"tb-image-part\">\n\t\t\t\t\t\t\t\t\t\t\t\t<img src='https:\/\/tkt.travelblox.eu\/wp-content\/uploads\/sites\/69\/2024\/10\/DJI_20240901130619_0290_D.jpg' width='1008' height='567' alt='Frau beim Kajakfahren in den Fjorden Norwegens - Kajakken - Norwegen Fjord - Wandern in Norwegen - Kayaking - ab Flughafen Br\u00fcssel' loading='lazy' image_size='large'>\t\t\t\t\t\t\t\t\t\t\t<\/div>\n\t\t\t\t\t\t\t\t\t\t<\/div>\n\t\t\t\t\t\t\t\t\t<\/div>\n\t\t\t\t\t\t\t\t\t\t\t<div class=\"tb-popup-nav\">\n\t\t\t<a href=\"#\" class=\"tb-buttonlink-with-icon tb-buttonlink-with-arrow icon-first tb-popup-previous\">\n\t\t\t\t<i class=\"icon fa fa-chevron-left\"><\/i>\n\t\t\t\t<span>Vorheriger Tag<\/span>\n\t\t\t<\/a>\n\t\t\t<a href=\"#\" class=\"tb-buttonlink-with-icon tb-buttonlink-with-arrow tb-popup-next\">\n\t\t\t\t<span>N\u00e4chster Tag<\/span>\n\t\t\t\t<i class=\"icon fa fa-chevron-right\"><\/i>\n\t\t\t<\/a>\n\t\t<\/div>\n\t\n\t\t\t\t\t\t\t\t<\/div>\n\t\t\t\t\t\t\t<\/dialog>\n\t\t\t\t\t\t<\/div>\n\t\t\t\t\t\t\t\t\t\t\t<div class=\"tb-card entry tb-popup-trigger tb-unfold-on-hover\">\n\t\t\t\t\t\t\t<div class=\"tb-image-part\">\n\t\t\t\t\t\t\t\t<div class=\"tag\">\n\t\t\t\t\t\t\t\t\t<div>Tag 3<\/div>\n\t\t\t\t\t\t\t\t<\/div>\n\n\t\t\t\t\t\t\t\t<img src='https:\/\/tkt.travelblox.eu\/wp-content\/uploads\/sites\/69\/2024\/10\/TKT24_RoyMosterd_8290212_LR-768x576.jpg' width='768' height='576' alt='Entdecke die sch\u00f6nsten Fjorde Norwegens! Aktivit\u00e4ten, Must-Sees und Tipps von Experten: alles, was du wissen musst, bevor du in Norwegen Kajak f\u00e4hrst.' loading='lazy' image_size='medium_large'>\t\t\t\t\t\t\t<\/div>\n\t\t\t\t\t\t\t<div class=\"tb-card-bottom-wrapper\">\n\t\t\t\t\t\t\t\t<div class=\"tb-card-bottom\">\n\n\t\t\t\t\t\t\t\t\t<span class=\"tb-card-bottom__title\">\n\t\t\t\t\t\t\t\t\t\t<span class=\"tb-card-bottom__place\">\n\t\t\t\t\t\t\t\t\t\t\tBreisnes\t\t\t\t\t\t\t\t\t\t\t\t\t\t\t\t\t\t\t\t\t\t\t&#8211; Holmo\t\t\t\t\t\t\t\t\t\t\t\t\t\t\t\t\t\t\t\t\t<\/span>\n\n\t\t\t\t\t\t\t\t\t<\/span>\n\t\t\t\t\t\t\t\t\t<div class=\"tb-card-bottom__content\">\n\t\t\t\t\t\t\t\t\t\t<div>\n\t\t\t\t\t\t\t\t\t\t\t\t\t\t\t\t\t\t\t\t\t<\/div>\n\t\t\t\t\t\t\t\t\t<\/div>\n\t\t\t\t\t\t\t\t\t<div class=\"tb-card-bottom__teaser tb-unfold-on-hover__content\" data-no-translation>\n\t\t\t\t\t\t\t\t\t\t\t\t\t\t\t\t\t\t\t\t\t\t\t\t\t\t\t\t\t\tNach einem k\u00f6stlichen Fr\u00fchst\u00fcck bist du bestens f\u00fcr deinen zweiten Tag auf dem Wasser ger\u00fcstet. Du f&#8230; <span class=\"link\">Mehr lesen<\/span>\t\t\t\t\t\t\t\t\t<\/div>\n\t\t\t\t\t\t\t\t<\/div>\n\n\t\t\t\t\t\t\t<\/div>\n\t\t\t\t\t\t\t<dialog class=\"tb-popup tb-popup-with-padding tb-dayschedule-popup-wrapper\">\n\t\t\t\t\t\t\t\t<div class=\"tb-dayschedule-popup\">\n\t\t\t\t\t\t\t\t\t<h5>\n\t\t\t\t\t\t\t\t\t\t\t\t\t\t\t\t\t\t\t\t\t\t\t\t\t\t\t\t\t\t\t<div>\n\t\t\t\t\t\t\t\t\t\t\t\t\t\t\t\t\t\t\t\t\t\t\t\t\tBreisnes\t\t\t\t\t\t\t\t\t\t\t\t\t\t\t\t\t\t\t\t\t\t\t\t\t\t\t\t\t\t\t\t\t\t\t\t\t\t\t\t\t\t\t\t\t\t\t\t\t\t\t<i class=\"icon fa-solid fa-arrow-right\"><\/i> Holmo\t\t\t\t\t\t\t\t\t\t\t\t\t\t\t\t\t\t\t\t\t\t\t\t\t\t\t\t\t\t\t\t\t\t\t\t<\/div>\n\t\t\t\t\t\t\t\t\t\t\t\t\t\t\t\t\t\t\t<\/h5>\n\t\t\t\t\t\t\t\t\t<div class=\"tb-columns\">\n\t\t\t\t\t\t\t\t\t\t<div class=\"tb-column tb-column--text\">\n\t\t\t\t\t\t\t\t\t\t\t<div class=\"text-part\">\n\t\t\t\t\t\t\t\t\t\t\t\t\n\t\t\t\t\t\t\t\t\t\t\t\t\n\t\t\t\t\t\t\t\t\t\t\t\t<div>\n\t\t\t\t\t\t\t\t\t\t\t\t\t<strong>Tag 3<\/strong>\n\t\t\t\t\t\t\t\t\t\t\t\t\t\t\t<div class=\"translation-block\"><p>Nach einem k\u00f6stlichen Fr\u00fchst\u00fcck bist du bestens f\u00fcr deinen zweiten Tag auf dem Wasser ger\u00fcstet. Du f\u00e4hrst fr\u00fch von Breisnes los und biegst nach einigen Kilometern in den N\u00e6r\u00f8yfjord ab. Du wirst sofort entdecken, warum dies einer der sch\u00f6nsten Fjorde Norwegens ist.<\/p><p>Nach etwa 17 km Kajakfahren legst du in Holmo an. Dieses St\u00fcck Land ist UNESCO-Weltkulturerbe und liegt entlang der alten Postroute. Am Abend folgst du diesem Weg bis nach Styvi (9 km) und passierst den Odnes-Wasserfall, um dein Wasser kurz aufzuf\u00fcllen.<\/p><\/div>\n\t\t\t\t\t\t\t\t\t\t\t\t\t<\/div>\n\n\n\t\t\t\t\t\t\t\t\t\t\t<\/div>\n\t\t\t\t\t\t\t\t\t\t<\/div>\n\t\t\t\t\t\t\t\t\t\t<div class=\"tb-column tb-column--image\">\n\n\t\t\t\t\t\t\t\t\t\t\t<div class=\"tb-image-part\">\n\t\t\t\t\t\t\t\t\t\t\t\t<img src='https:\/\/tkt.travelblox.eu\/wp-content\/uploads\/sites\/69\/2024\/10\/TKT24_RoyMosterd_8290212_LR-1024x768.jpg' width='1024' height='768' alt='Entdecke die sch\u00f6nsten Fjorde Norwegens! Aktivit\u00e4ten, Must-Sees und Tipps von Experten: alles, was du wissen musst, bevor du in Norwegen Kajak f\u00e4hrst.' loading='lazy' image_size='large'>\t\t\t\t\t\t\t\t\t\t\t<\/div>\n\t\t\t\t\t\t\t\t\t\t<\/div>\n\t\t\t\t\t\t\t\t\t<\/div>\n\t\t\t\t\t\t\t\t\t\t\t<div class=\"tb-popup-nav\">\n\t\t\t<a href=\"#\" class=\"tb-buttonlink-with-icon tb-buttonlink-with-arrow icon-first tb-popup-previous\">\n\t\t\t\t<i class=\"icon fa fa-chevron-left\"><\/i>\n\t\t\t\t<span>Vorheriger Tag<\/span>\n\t\t\t<\/a>\n\t\t\t<a href=\"#\" class=\"tb-buttonlink-with-icon tb-buttonlink-with-arrow tb-popup-next\">\n\t\t\t\t<span>N\u00e4chster Tag<\/span>\n\t\t\t\t<i class=\"icon fa fa-chevron-right\"><\/i>\n\t\t\t<\/a>\n\t\t<\/div>\n\t\n\t\t\t\t\t\t\t\t<\/div>\n\t\t\t\t\t\t\t<\/dialog>\n\t\t\t\t\t\t<\/div>\n\t\t\t\t\t\t\t\t\t\t\t<div class=\"tb-card entry tb-popup-trigger tb-unfold-on-hover\">\n\t\t\t\t\t\t\t<div class=\"tb-image-part\">\n\t\t\t\t\t\t\t\t<div class=\"tag\">\n\t\t\t\t\t\t\t\t\t<div>Tag 4<\/div>\n\t\t\t\t\t\t\t\t<\/div>\n\n\t\t\t\t\t\t\t\t<img src='https:\/\/tkt.travelblox.eu\/wp-content\/uploads\/sites\/69\/2024\/10\/DSC06265-768x1152.jpg' width='768' height='1152' alt='Erkunde Norwegen mit dem Kajak in den Fjorden: Top-Routen, n\u00fctzliche Tipps und wichtige Informationen f\u00fcr ein gelungenes Wasserabenteuer.' style='object-position:50% 50%' loading='lazy' image_size='medium_large'>\t\t\t\t\t\t\t<\/div>\n\t\t\t\t\t\t\t<div class=\"tb-card-bottom-wrapper\">\n\t\t\t\t\t\t\t\t<div class=\"tb-card-bottom\">\n\n\t\t\t\t\t\t\t\t\t<span class=\"tb-card-bottom__title\">\n\t\t\t\t\t\t\t\t\t\t<span class=\"tb-card-bottom__place\">\n\t\t\t\t\t\t\t\t\t\t\tHolmo - Bakka - Holmo\t\t\t\t\t\t\t\t\t\t\t\t\t\t\t\t\t\t\t\t\t<\/span>\n\n\t\t\t\t\t\t\t\t\t<\/span>\n\t\t\t\t\t\t\t\t\t<div class=\"tb-card-bottom__content\">\n\t\t\t\t\t\t\t\t\t\t<div>\n\t\t\t\t\t\t\t\t\t\t\t\t\t\t\t\t\t\t\t\t\t<\/div>\n\t\t\t\t\t\t\t\t\t<\/div>\n\t\t\t\t\t\t\t\t\t<div class=\"tb-card-bottom__teaser tb-unfold-on-hover__content\" data-no-translation>\n\t\t\t\t\t\t\t\t\t\t\t\t\t\t\t\t\t\t\t\t\t\t\t\t\t\t\t\t\t\tNach 2 Tagen Paddeln k\u00f6nnen deine Arme heute ein wenig ausruhen.\nDu beginnst den Tag mit einer kurze&#8230; <span class=\"link\">Mehr lesen<\/span>\t\t\t\t\t\t\t\t\t<\/div>\n\t\t\t\t\t\t\t\t<\/div>\n\n\t\t\t\t\t\t\t<\/div>\n\t\t\t\t\t\t\t<dialog class=\"tb-popup tb-popup-with-padding tb-dayschedule-popup-wrapper\">\n\t\t\t\t\t\t\t\t<div class=\"tb-dayschedule-popup\">\n\t\t\t\t\t\t\t\t\t<h5>\n\t\t\t\t\t\t\t\t\t\t\t\t\t\t\t\t\t\t\t\t\t\t\t\t\t\t\t\t\t\t\t<div>\n\t\t\t\t\t\t\t\t\t\t\t\t\t\t\t\t\t\t\t\t\t\t\t\t\tHolmo\t\t\t\t\t\t\t\t\t\t\t\t\t\t\t\t\t\t\t\t\t\t\t\t\t\t\t\t\t\t\t\t\t\t\t\t\t\t\t\t\t\t\t\t\t\t\t\t\t\t\t<i class=\"icon fa-solid fa-arrow-right\"><\/i> Bakka &#8211; Holmo\t\t\t\t\t\t\t\t\t\t\t\t\t\t\t\t\t\t\t\t\t\t\t\t\t\t\t\t\t\t\t\t\t\t\t\t<\/div>\n\t\t\t\t\t\t\t\t\t\t\t\t\t\t\t\t\t\t\t<\/h5>\n\t\t\t\t\t\t\t\t\t<div class=\"tb-columns\">\n\t\t\t\t\t\t\t\t\t\t<div class=\"tb-column tb-column--text\">\n\t\t\t\t\t\t\t\t\t\t\t<div class=\"text-part\">\n\t\t\t\t\t\t\t\t\t\t\t\t\n\t\t\t\t\t\t\t\t\t\t\t\t\n\t\t\t\t\t\t\t\t\t\t\t\t<div>\n\t\t\t\t\t\t\t\t\t\t\t\t\t<strong>Tag 4<\/strong>\n\t\t\t\t\t\t\t\t\t\t\t\t\t\t\t<div class=\"translation-block\"><p>Nach 2 Tagen Paddeln k\u00f6nnen deine Arme heute ein wenig ausruhen.<\/p>\n<p>Du beginnst den Tag mit einer kurzen \u00dcberfahrt \u00fcber den N\u00e6r\u00f8yfjord und landest in Bakka. Dort l\u00e4sst du dein Kajak zur\u00fcck und machst eine atemberaubende, aber anspruchsvolle Wanderung bis zum Skarsvotni.<\/p>\n<p>Die Tour beginnt mit einem steilen Weg voller Haarnadelkurven. Nach etwa anderthalb Stunden erreichst du den Gipfel des Wasserfalls, von wo aus ein flacherer Weg dich zum klarblauen Skarsvotni-See f\u00fchrt.<\/p>\n<p>Nach der Wanderung (15,5 km) \u00fcberquerst du erneut mit deinem Kajak und genie\u00dft einen gem\u00fctlichen Abend am Lagerfeuer.<\/p><\/div>\n\t\t\t\t\t\t\t\t\t\t\t\t\t<\/div>\n\n\n\t\t\t\t\t\t\t\t\t\t\t<\/div>\n\t\t\t\t\t\t\t\t\t\t<\/div>\n\t\t\t\t\t\t\t\t\t\t<div class=\"tb-column tb-column--image\">\n\n\t\t\t\t\t\t\t\t\t\t\t<div class=\"tb-image-part\">\n\t\t\t\t\t\t\t\t\t\t\t\t<img src='https:\/\/tkt.travelblox.eu\/wp-content\/uploads\/sites\/69\/2024\/10\/DSC06265-683x1024.jpg' width='683' height='1024' alt='Erkunde Norwegen mit dem Kajak in den Fjorden: Top-Routen, n\u00fctzliche Tipps und wichtige Informationen f\u00fcr ein gelungenes Wasserabenteuer.' style='object-position:50% 50%' loading='lazy' image_size='large'>\t\t\t\t\t\t\t\t\t\t\t<\/div>\n\t\t\t\t\t\t\t\t\t\t<\/div>\n\t\t\t\t\t\t\t\t\t<\/div>\n\t\t\t\t\t\t\t\t\t\t\t<div class=\"tb-popup-nav\">\n\t\t\t<a href=\"#\" class=\"tb-buttonlink-with-icon tb-buttonlink-with-arrow icon-first tb-popup-previous\">\n\t\t\t\t<i class=\"icon fa fa-chevron-left\"><\/i>\n\t\t\t\t<span>Vorheriger Tag<\/span>\n\t\t\t<\/a>\n\t\t\t<a href=\"#\" class=\"tb-buttonlink-with-icon tb-buttonlink-with-arrow tb-popup-next\">\n\t\t\t\t<span>N\u00e4chster Tag<\/span>\n\t\t\t\t<i class=\"icon fa fa-chevron-right\"><\/i>\n\t\t\t<\/a>\n\t\t<\/div>\n\t\n\t\t\t\t\t\t\t\t<\/div>\n\t\t\t\t\t\t\t<\/dialog>\n\t\t\t\t\t\t<\/div>\n\t\t\t\t\t\t\t\t\t\t\t<div class=\"tb-card entry tb-popup-trigger tb-unfold-on-hover\">\n\t\t\t\t\t\t\t<div class=\"tb-image-part\">\n\t\t\t\t\t\t\t\t<div class=\"tag\">\n\t\t\t\t\t\t\t\t\t<div>Tag 5<\/div>\n\t\t\t\t\t\t\t\t<\/div>\n\n\t\t\t\t\t\t\t\t<img src='https:\/\/tkt.travelblox.eu\/wp-content\/uploads\/sites\/69\/2023\/10\/6-768x614.png' width='768' height='614' alt='2 gl\u00fcckliche Kajakfahrer - Kajakfahren - Norwegenfjord - Wandern in Norwegen - Kayaking - ab Flughafen Br\u00fcssel' loading='lazy' image_size='medium_large'>\t\t\t\t\t\t\t<\/div>\n\t\t\t\t\t\t\t<div class=\"tb-card-bottom-wrapper\">\n\t\t\t\t\t\t\t\t<div class=\"tb-card-bottom\">\n\n\t\t\t\t\t\t\t\t\t<span class=\"tb-card-bottom__title\">\n\t\t\t\t\t\t\t\t\t\t<span class=\"tb-card-bottom__place\">\n\t\t\t\t\t\t\t\t\t\t\tHolmo\t\t\t\t\t\t\t\t\t\t\t\t\t\t\t\t\t\t\t\t\t\t\t&#8211; Undredal\t\t\t\t\t\t\t\t\t\t\t\t\t\t\t\t\t\t\t\t\t<\/span>\n\n\t\t\t\t\t\t\t\t\t<\/span>\n\t\t\t\t\t\t\t\t\t<div class=\"tb-card-bottom__content\">\n\t\t\t\t\t\t\t\t\t\t<div>\n\t\t\t\t\t\t\t\t\t\t\t\t\t\t\t\t\t\t\t\t\t<\/div>\n\t\t\t\t\t\t\t\t\t<\/div>\n\t\t\t\t\t\t\t\t\t<div class=\"tb-card-bottom__teaser tb-unfold-on-hover__content\" data-no-translation>\n\t\t\t\t\t\t\t\t\t\t\t\t\t\t\t\t\t\t\t\t\t\t\t\t\t\t\t\t\t\tNach einem k\u00f6stlichen Fr\u00fchst\u00fcck l\u00e4dst du dein Kajak wieder voll und paddelst aus Holmo hinaus. Zuers&#8230; <span class=\"link\">Mehr lesen<\/span>\t\t\t\t\t\t\t\t\t<\/div>\n\t\t\t\t\t\t\t\t<\/div>\n\n\t\t\t\t\t\t\t<\/div>\n\t\t\t\t\t\t\t<dialog class=\"tb-popup tb-popup-with-padding tb-dayschedule-popup-wrapper\">\n\t\t\t\t\t\t\t\t<div class=\"tb-dayschedule-popup\">\n\t\t\t\t\t\t\t\t\t<h5>\n\t\t\t\t\t\t\t\t\t\t\t\t\t\t\t\t\t\t\t\t\t\t\t\t\t\t\t\t\t\t\t<div>\n\t\t\t\t\t\t\t\t\t\t\t\t\t\t\t\t\t\t\t\t\t\t\t\t\tHolmo\t\t\t\t\t\t\t\t\t\t\t\t\t\t\t\t\t\t\t\t\t\t\t\t\t\t\t\t\t\t\t\t\t\t\t\t\t\t\t\t\t\t\t\t\t\t\t\t\t\t\t<i class=\"icon fa-solid fa-arrow-right\"><\/i> Undredal\t\t\t\t\t\t\t\t\t\t\t\t\t\t\t\t\t\t\t\t\t\t\t\t\t\t\t\t\t\t\t\t\t\t\t\t<\/div>\n\t\t\t\t\t\t\t\t\t\t\t\t\t\t\t\t\t\t\t<\/h5>\n\t\t\t\t\t\t\t\t\t<div class=\"tb-columns\">\n\t\t\t\t\t\t\t\t\t\t<div class=\"tb-column tb-column--text\">\n\t\t\t\t\t\t\t\t\t\t\t<div class=\"text-part\">\n\t\t\t\t\t\t\t\t\t\t\t\t\n\t\t\t\t\t\t\t\t\t\t\t\t\n\t\t\t\t\t\t\t\t\t\t\t\t<div>\n\t\t\t\t\t\t\t\t\t\t\t\t\t<strong>Tag 5<\/strong>\n\t\t\t\t\t\t\t\t\t\t\t\t\t\t\t<div class=\"translation-block\"><p>Nach einem k\u00f6stlichen Fr\u00fchst\u00fcck l\u00e4dst du dein Kajak wieder voll und paddelst aus Holmo hinaus. Zuerst paddelst du entlang der Alten Postroute, vorbei an den Odness-Wasserf\u00e4llen bis nach Styvi. Von dort aus geht es weiter in Richtung Aurlandsfjord, wo du die Abzweigung nach Undredal nimmst. Nach etwa 18 km machst du an einem kleinen Strand halt und ziehst dein Kajak aus dem Wasser.<\/p><p>Nachdem du dein Zelt aufgestellt hast, kannst du eine k\u00f6stliche Pizza in der Pizzeria genie\u00dfen oder einen Spaziergang durch das Tal machen.<\/p><\/div>\n\t\t\t\t\t\t\t\t\t\t\t\t\t<\/div>\n\n\n\t\t\t\t\t\t\t\t\t\t\t<\/div>\n\t\t\t\t\t\t\t\t\t\t<\/div>\n\t\t\t\t\t\t\t\t\t\t<div class=\"tb-column tb-column--image\">\n\n\t\t\t\t\t\t\t\t\t\t\t<div class=\"tb-image-part\">\n\t\t\t\t\t\t\t\t\t\t\t\t<img src='https:\/\/tkt.travelblox.eu\/wp-content\/uploads\/sites\/69\/2023\/10\/6-1024x819.png' width='1024' height='819' alt='2 gl\u00fcckliche Kajakfahrer - Kajakfahren - Norwegenfjord - Wandern in Norwegen - Kayaking - ab Flughafen Br\u00fcssel' loading='lazy' image_size='large'>\t\t\t\t\t\t\t\t\t\t\t<\/div>\n\t\t\t\t\t\t\t\t\t\t<\/div>\n\t\t\t\t\t\t\t\t\t<\/div>\n\t\t\t\t\t\t\t\t\t\t\t<div class=\"tb-popup-nav\">\n\t\t\t<a href=\"#\" class=\"tb-buttonlink-with-icon tb-buttonlink-with-arrow icon-first tb-popup-previous\">\n\t\t\t\t<i class=\"icon fa fa-chevron-left\"><\/i>\n\t\t\t\t<span>Vorheriger Tag<\/span>\n\t\t\t<\/a>\n\t\t\t<a href=\"#\" class=\"tb-buttonlink-with-icon tb-buttonlink-with-arrow tb-popup-next\">\n\t\t\t\t<span>N\u00e4chster Tag<\/span>\n\t\t\t\t<i class=\"icon fa fa-chevron-right\"><\/i>\n\t\t\t<\/a>\n\t\t<\/div>\n\t\n\t\t\t\t\t\t\t\t<\/div>\n\t\t\t\t\t\t\t<\/dialog>\n\t\t\t\t\t\t<\/div>\n\t\t\t\t\t\t\t\t\t\t\t<div class=\"tb-card entry tb-popup-trigger tb-unfold-on-hover\">\n\t\t\t\t\t\t\t<div class=\"tb-image-part\">\n\t\t\t\t\t\t\t\t<div class=\"tag\">\n\t\t\t\t\t\t\t\t\t<div>Tag 6<\/div>\n\t\t\t\t\t\t\t\t<\/div>\n\n\t\t\t\t\t\t\t\t<img src='https:\/\/tkt.travelblox.eu\/wp-content\/uploads\/sites\/69\/2023\/10\/TKT23_MICHIELANNAERT_HR-156-768x648.jpg' width='768' height='648' alt='Ziege - Kajakfahren - Norwegen Fjord - Wandern in Norwegen - Kayaking - ab Flughafen Br\u00fcssel' loading='lazy' image_size='medium_large'>\t\t\t\t\t\t\t<\/div>\n\t\t\t\t\t\t\t<div class=\"tb-card-bottom-wrapper\">\n\t\t\t\t\t\t\t\t<div class=\"tb-card-bottom\">\n\n\t\t\t\t\t\t\t\t\t<span class=\"tb-card-bottom__title\">\n\t\t\t\t\t\t\t\t\t\t<span class=\"tb-card-bottom__place\">\n\t\t\t\t\t\t\t\t\t\t\tUndredal \u2013 Breisnes\t\t\t\t\t\t\t\t\t\t\t\t\t\t\t\t\t\t\t\t\t<\/span>\n\n\t\t\t\t\t\t\t\t\t<\/span>\n\t\t\t\t\t\t\t\t\t<div class=\"tb-card-bottom__content\">\n\t\t\t\t\t\t\t\t\t\t<div>\n\t\t\t\t\t\t\t\t\t\t\t\t\t\t\t\t\t\t\t\t\t<\/div>\n\t\t\t\t\t\t\t\t\t<\/div>\n\t\t\t\t\t\t\t\t\t<div class=\"tb-card-bottom__teaser tb-unfold-on-hover__content\" data-no-translation>\n\t\t\t\t\t\t\t\t\t\t\t\t\t\t\t\t\t\t\t\t\t\t\t\t\t\t\t\t\t\tDu startest den Tag mit einer Wanderung durch das Tal hinter Undredal (12 km). Nach einem guten Warm&#8230; <span class=\"link\">Mehr lesen<\/span>\t\t\t\t\t\t\t\t\t<\/div>\n\t\t\t\t\t\t\t\t<\/div>\n\n\t\t\t\t\t\t\t<\/div>\n\t\t\t\t\t\t\t<dialog class=\"tb-popup tb-popup-with-padding tb-dayschedule-popup-wrapper\">\n\t\t\t\t\t\t\t\t<div class=\"tb-dayschedule-popup\">\n\t\t\t\t\t\t\t\t\t<h5>\n\t\t\t\t\t\t\t\t\t\t\t\t\t\t\t\t\t\t\t\t\t\t\t\t\t\t\t\t\t\t\t<div>\n\t\t\t\t\t\t\t\t\t\t\t\t\t\t\t\t\t\t\t\t\t\t\t\t\tUndredal\t\t\t\t\t\t\t\t\t\t\t\t\t\t\t\t\t\t\t\t\t\t\t\t\t\t\t\t\t\t\t\t\t\t\t\t\t\t\t\t\t\t\t\t\t\t\t\t\t\t\t<i class=\"icon fa-solid fa-arrow-right\"><\/i> Breisnes\t\t\t\t\t\t\t\t\t\t\t\t\t\t\t\t\t\t\t\t\t\t\t\t\t\t\t\t\t\t\t\t\t\t\t\t<\/div>\n\t\t\t\t\t\t\t\t\t\t\t\t\t\t\t\t\t\t\t<\/h5>\n\t\t\t\t\t\t\t\t\t<div class=\"tb-columns\">\n\t\t\t\t\t\t\t\t\t\t<div class=\"tb-column tb-column--text\">\n\t\t\t\t\t\t\t\t\t\t\t<div class=\"text-part\">\n\t\t\t\t\t\t\t\t\t\t\t\t\n\t\t\t\t\t\t\t\t\t\t\t\t\n\t\t\t\t\t\t\t\t\t\t\t\t<div>\n\t\t\t\t\t\t\t\t\t\t\t\t\t<strong>Tag 6<\/strong>\n\t\t\t\t\t\t\t\t\t\t\t\t\t\t\t<div class=\"translation-block\"><p>Du startest den Tag mit einer Wanderung durch das Tal hinter Undredal (12 km). Nach einem guten Warm-up paddelst du durch den Aurlandsfjord zur\u00fcck in Richtung Fresvik, aber keine Sorge, du \u00fcbernachtest zuerst noch in Breisnes (8 km).<\/p><p>In Breisnes findest du einen verlassenen Bauernhof, wo jetzt die Ziegen das Sagen haben. Bis Ende Juli hei\u00dfen sie dich aus der Ferne willkommen und du kannst mit ihnen einen der sch\u00f6nsten Schlafpl\u00e4tze in den Fjorden teilen. Perfekt f\u00fcr eine letzte Nacht im \u201eNirgendwo\u201c!<\/p><\/div>\n\t\t\t\t\t\t\t\t\t\t\t\t\t<\/div>\n\n\n\t\t\t\t\t\t\t\t\t\t\t<\/div>\n\t\t\t\t\t\t\t\t\t\t<\/div>\n\t\t\t\t\t\t\t\t\t\t<div class=\"tb-column tb-column--image\">\n\n\t\t\t\t\t\t\t\t\t\t\t<div class=\"tb-image-part\">\n\t\t\t\t\t\t\t\t\t\t\t\t<img src='https:\/\/tkt.travelblox.eu\/wp-content\/uploads\/sites\/69\/2023\/10\/TKT23_MICHIELANNAERT_HR-156-1024x864.jpg' width='1024' height='864' alt='Ziege - Kajakfahren - Norwegen Fjord - Wandern in Norwegen - Kayaking - ab Flughafen Br\u00fcssel' loading='lazy' image_size='large'>\t\t\t\t\t\t\t\t\t\t\t<\/div>\n\t\t\t\t\t\t\t\t\t\t<\/div>\n\t\t\t\t\t\t\t\t\t<\/div>\n\t\t\t\t\t\t\t\t\t\t\t<div class=\"tb-popup-nav\">\n\t\t\t<a href=\"#\" class=\"tb-buttonlink-with-icon tb-buttonlink-with-arrow icon-first tb-popup-previous\">\n\t\t\t\t<i class=\"icon fa fa-chevron-left\"><\/i>\n\t\t\t\t<span>Vorheriger Tag<\/span>\n\t\t\t<\/a>\n\t\t\t<a href=\"#\" class=\"tb-buttonlink-with-icon tb-buttonlink-with-arrow tb-popup-next\">\n\t\t\t\t<span>N\u00e4chster Tag<\/span>\n\t\t\t\t<i class=\"icon fa fa-chevron-right\"><\/i>\n\t\t\t<\/a>\n\t\t<\/div>\n\t\n\t\t\t\t\t\t\t\t<\/div>\n\t\t\t\t\t\t\t<\/dialog>\n\t\t\t\t\t\t<\/div>\n\t\t\t\t\t\t\t\t\t\t\t<div class=\"tb-card entry tb-popup-trigger tb-unfold-on-hover\">\n\t\t\t\t\t\t\t<div class=\"tb-image-part\">\n\t\t\t\t\t\t\t\t<div class=\"tag\">\n\t\t\t\t\t\t\t\t\t<div>Tag 7<\/div>\n\t\t\t\t\t\t\t\t<\/div>\n\n\t\t\t\t\t\t\t\t<img src='https:\/\/tkt.travelblox.eu\/wp-content\/uploads\/sites\/69\/2024\/10\/DSC06451-768x512.jpg' width='768' height='512' alt='Die Fjorde Norwegens: beste Orte, Aktivit\u00e4ten &amp; praktische Tipps' loading='lazy' image_size='medium_large'>\t\t\t\t\t\t\t<\/div>\n\t\t\t\t\t\t\t<div class=\"tb-card-bottom-wrapper\">\n\t\t\t\t\t\t\t\t<div class=\"tb-card-bottom\">\n\n\t\t\t\t\t\t\t\t\t<span class=\"tb-card-bottom__title\">\n\t\t\t\t\t\t\t\t\t\t<span class=\"tb-card-bottom__place\">\n\t\t\t\t\t\t\t\t\t\t\tBreisnes\t\t\t\t\t\t\t\t\t\t\t\t\t\t\t\t\t\t\t\t\t\t\t&#8211; Fresvik\t\t\t\t\t\t\t\t\t\t\t\t\t\t\t\t\t\t\t\t\t<\/span>\n\n\t\t\t\t\t\t\t\t\t<\/span>\n\t\t\t\t\t\t\t\t\t<div class=\"tb-card-bottom__content\">\n\t\t\t\t\t\t\t\t\t\t<div>\n\t\t\t\t\t\t\t\t\t\t\t\t\t\t\t\t\t\t\t\t\t<\/div>\n\t\t\t\t\t\t\t\t\t<\/div>\n\t\t\t\t\t\t\t\t\t<div class=\"tb-card-bottom__teaser tb-unfold-on-hover__content\" data-no-translation>\n\t\t\t\t\t\t\t\t\t\t\t\t\t\t\t\t\t\t\t\t\t\t\t\t\t\t\t\t\t\tGenie\u00dfe deinen letzten Paddeltag in den wundersch\u00f6nen Fjorden! Du startest mit einer \u00dcberquerung des&#8230; <span class=\"link\">Mehr lesen<\/span>\t\t\t\t\t\t\t\t\t<\/div>\n\t\t\t\t\t\t\t\t<\/div>\n\n\t\t\t\t\t\t\t<\/div>\n\t\t\t\t\t\t\t<dialog class=\"tb-popup tb-popup-with-padding tb-dayschedule-popup-wrapper\">\n\t\t\t\t\t\t\t\t<div class=\"tb-dayschedule-popup\">\n\t\t\t\t\t\t\t\t\t<h5>\n\t\t\t\t\t\t\t\t\t\t\t\t\t\t\t\t\t\t\t\t\t\t\t\t\t\t\t\t\t\t\t<div>\n\t\t\t\t\t\t\t\t\t\t\t\t\t\t\t\t\t\t\t\t\t\t\t\t\tBreisnes\t\t\t\t\t\t\t\t\t\t\t\t\t\t\t\t\t\t\t\t\t\t\t\t\t\t\t\t\t\t\t\t\t\t\t\t\t\t\t\t\t\t\t\t\t\t\t\t\t\t\t<i class=\"icon fa-solid fa-arrow-right\"><\/i> Fresvik\t\t\t\t\t\t\t\t\t\t\t\t\t\t\t\t\t\t\t\t\t\t\t\t\t\t\t\t\t\t\t\t\t\t\t\t<\/div>\n\t\t\t\t\t\t\t\t\t\t\t\t\t\t\t\t\t\t\t<\/h5>\n\t\t\t\t\t\t\t\t\t<div class=\"tb-columns\">\n\t\t\t\t\t\t\t\t\t\t<div class=\"tb-column tb-column--text\">\n\t\t\t\t\t\t\t\t\t\t\t<div class=\"text-part\">\n\t\t\t\t\t\t\t\t\t\t\t\t\n\t\t\t\t\t\t\t\t\t\t\t\t\n\t\t\t\t\t\t\t\t\t\t\t\t<div>\n\t\t\t\t\t\t\t\t\t\t\t\t\t<strong>Tag 7<\/strong>\n\t\t\t\t\t\t\t\t\t\t\t\t\t\t\t<div class=\"translation-block\"><p>Genie\u00dfe deinen letzten Paddeltag in den wundersch\u00f6nen Fjorden! Du startest mit einer \u00dcberquerung des Fjords, bevor du zur\u00fcck in Richtung Fresvik paddelst. Nach etwa 10 Kilometern kommst du wieder im Basislager an.<\/p><p>Nachdem du das Kajak gereinigt hast, kannst du einen ruhigen Nachmittag genie\u00dfen oder du entscheidest dich f\u00fcr eine letzte Wanderung zum Huldafossen-Wasserfall (13,5 km).<\/p><\/div>\n\t\t\t\t\t\t\t\t\t\t\t\t\t<\/div>\n\n\n\t\t\t\t\t\t\t\t\t\t\t<\/div>\n\t\t\t\t\t\t\t\t\t\t<\/div>\n\t\t\t\t\t\t\t\t\t\t<div class=\"tb-column tb-column--image\">\n\n\t\t\t\t\t\t\t\t\t\t\t<div class=\"tb-image-part\">\n\t\t\t\t\t\t\t\t\t\t\t\t<img src='https:\/\/tkt.travelblox.eu\/wp-content\/uploads\/sites\/69\/2024\/10\/DSC06451-1024x683.jpg' width='1024' height='683' alt='Die Fjorde Norwegens: beste Orte, Aktivit\u00e4ten &amp; praktische Tipps' loading='lazy' image_size='large'>\t\t\t\t\t\t\t\t\t\t\t<\/div>\n\t\t\t\t\t\t\t\t\t\t<\/div>\n\t\t\t\t\t\t\t\t\t<\/div>\n\t\t\t\t\t\t\t\t\t\t\t<div class=\"tb-popup-nav\">\n\t\t\t<a href=\"#\" class=\"tb-buttonlink-with-icon tb-buttonlink-with-arrow icon-first tb-popup-previous\">\n\t\t\t\t<i class=\"icon fa fa-chevron-left\"><\/i>\n\t\t\t\t<span>Vorheriger Tag<\/span>\n\t\t\t<\/a>\n\t\t\t<a href=\"#\" class=\"tb-buttonlink-with-icon tb-buttonlink-with-arrow tb-popup-next\">\n\t\t\t\t<span>N\u00e4chster Tag<\/span>\n\t\t\t\t<i class=\"icon fa fa-chevron-right\"><\/i>\n\t\t\t<\/a>\n\t\t<\/div>\n\t\n\t\t\t\t\t\t\t\t<\/div>\n\t\t\t\t\t\t\t<\/dialog>\n\t\t\t\t\t\t<\/div>\n\t\t\t\t\t\t\t\t\t\t\t<div class=\"tb-card entry tb-popup-trigger tb-unfold-on-hover\">\n\t\t\t\t\t\t\t<div class=\"tb-image-part\">\n\t\t\t\t\t\t\t\t<div class=\"tag\">\n\t\t\t\t\t\t\t\t\t<div>Tag 8<\/div>\n\t\t\t\t\t\t\t\t<\/div>\n\n\t\t\t\t\t\t\t\t<img src='https:\/\/tkt.travelblox.eu\/wp-content\/uploads\/sites\/69\/2024\/11\/IMG_0461-768x1024.jpg' width='768' height='1024' alt='Die Fjorde Norwegens: beste Orte, Aktivit\u00e4ten &amp; praktische Tipps' loading='lazy' image_size='medium_large'>\t\t\t\t\t\t\t<\/div>\n\t\t\t\t\t\t\t<div class=\"tb-card-bottom-wrapper\">\n\t\t\t\t\t\t\t\t<div class=\"tb-card-bottom\">\n\n\t\t\t\t\t\t\t\t\t<span class=\"tb-card-bottom__title\">\n\t\t\t\t\t\t\t\t\t\t<span class=\"tb-card-bottom__place\">\n\t\t\t\t\t\t\t\t\t\t\tBasecamp, Fresvik  &#8211; Bergen\t\t\t\t\t\t\t\t\t\t\t\t\t\t\t\t\t\t\t\t\t<\/span>\n\n\t\t\t\t\t\t\t\t\t<\/span>\n\t\t\t\t\t\t\t\t\t<div class=\"tb-card-bottom__content\">\n\t\t\t\t\t\t\t\t\t\t<div>\n\t\t\t\t\t\t\t\t\t\t\t\t\t\t\t\t\t\t\t\t\t<\/div>\n\t\t\t\t\t\t\t\t\t<\/div>\n\t\t\t\t\t\t\t\t\t<div class=\"tb-card-bottom__teaser tb-unfold-on-hover__content\" data-no-translation>\n\t\t\t\t\t\t\t\t\t\t\t\t\t\t\t\t\t\t\t\t\t\t\t\t\t\t\t\t\t\tNach sechs Tagen Abenteuer in der Wildnis f\u00e4hrt der Bus am Morgen vom Basislager zur\u00fcck zum Flughafe&#8230; <span class=\"link\">Mehr lesen<\/span>\t\t\t\t\t\t\t\t\t<\/div>\n\t\t\t\t\t\t\t\t<\/div>\n\n\t\t\t\t\t\t\t<\/div>\n\t\t\t\t\t\t\t<dialog class=\"tb-popup tb-popup-with-padding tb-dayschedule-popup-wrapper\">\n\t\t\t\t\t\t\t\t<div class=\"tb-dayschedule-popup\">\n\t\t\t\t\t\t\t\t\t<h5>\n\t\t\t\t\t\t\t\t\t\t\t\t\t\t\t\t\t\t\t\t\t\t\t\t\t\t\t\t\t\t\t<div>\n\t\t\t\t\t\t\t\t\t\t\t\t\t\t\t\t\t\t\t\t\t\t\t\t\tBasecamp, Fresvik\t\t\t\t\t\t\t\t\t\t\t\t\t\t\t\t\t\t\t\t\t\t\t\t\t\t\t\t\t\t\t\t\t\t\t\t\t\t\t\t\t\t\t\t\t\t\t\t\t\t\t<i class=\"icon fa-solid fa-arrow-right\"><\/i> Bergen\t\t\t\t\t\t\t\t\t\t\t\t\t\t\t\t\t\t\t\t\t\t\t\t\t\t\t\t\t\t\t\t\t\t\t\t<\/div>\n\t\t\t\t\t\t\t\t\t\t\t\t\t\t\t\t\t\t\t<\/h5>\n\t\t\t\t\t\t\t\t\t<div class=\"tb-columns\">\n\t\t\t\t\t\t\t\t\t\t<div class=\"tb-column tb-column--text\">\n\t\t\t\t\t\t\t\t\t\t\t<div class=\"text-part\">\n\t\t\t\t\t\t\t\t\t\t\t\t\n\t\t\t\t\t\t\t\t\t\t\t\t\n\t\t\t\t\t\t\t\t\t\t\t\t<div>\n\t\t\t\t\t\t\t\t\t\t\t\t\t<strong>Tag 8<\/strong>\n\t\t\t\t\t\t\t\t\t\t\t\t\t\t\t<div class=\"translation-block\"><p>Nach sechs Tagen Abenteuer in der Wildnis f\u00e4hrt der Bus am Morgen vom Basislager zur\u00fcck zum Flughafen <strong>Bj\u00f8rgvin (Bergen)<\/strong>. Du l\u00e4sst Norwegen hinter dir und fliegst zur\u00fcck nach Hause.<\/p><\/div>\n\t\t\t\t\t\t\t\t\t\t\t\t\t<\/div>\n\n\n\t\t\t\t\t\t\t\t\t\t\t<\/div>\n\t\t\t\t\t\t\t\t\t\t<\/div>\n\t\t\t\t\t\t\t\t\t\t<div class=\"tb-column tb-column--image\">\n\n\t\t\t\t\t\t\t\t\t\t\t<div class=\"tb-image-part\">\n\t\t\t\t\t\t\t\t\t\t\t\t<img src='https:\/\/tkt.travelblox.eu\/wp-content\/uploads\/sites\/69\/2024\/11\/IMG_0461-768x1024.jpg' width='768' height='1024' alt='Die Fjorde Norwegens: beste Orte, Aktivit\u00e4ten &amp; praktische Tipps' loading='lazy' image_size='large'>\t\t\t\t\t\t\t\t\t\t\t<\/div>\n\t\t\t\t\t\t\t\t\t\t<\/div>\n\t\t\t\t\t\t\t\t\t<\/div>\n\t\t\t\t\t\t\t\t\t\t\t<div class=\"tb-popup-nav\">\n\t\t\t<a href=\"#\" class=\"tb-buttonlink-with-icon tb-buttonlink-with-arrow icon-first tb-popup-previous\">\n\t\t\t\t<i class=\"icon fa fa-chevron-left\"><\/i>\n\t\t\t\t<span>Vorheriger Tag<\/span>\n\t\t\t<\/a>\n\t\t\t<a href=\"#\" class=\"tb-buttonlink-with-icon tb-buttonlink-with-arrow tb-popup-next\">\n\t\t\t\t<span>N\u00e4chster Tag<\/span>\n\t\t\t\t<i class=\"icon fa fa-chevron-right\"><\/i>\n\t\t\t<\/a>\n\t\t<\/div>\n\t\n\t\t\t\t\t\t\t\t<\/div>\n\t\t\t\t\t\t\t<\/dialog>\n\t\t\t\t\t\t<\/div>\n\t\t\t\t\t\t\t\t\t\t\t\t\t\t<\/div>\n\t\t\t\t\t\t<div class=\"tb-carousel-nav\">\n\t\t\t<div class=\"dots\">\n\t\t\t\t<div class=\"dot active\"><\/div>\n\t\t\t\t<div class=\"dot\"><\/div>\n\t\t\t\t<div class=\"dot\"><\/div>\n\t\t\t<\/div>\n\t\t\t<div class=\"arrows\">\n\t\t\t\t<div class=\"prev disabled\">\n\t\t\t\t\t<span><i class=\"fa fa-chevron-left\"><\/i><\/span>\n\t\t\t\t<\/div>\n\t\t\t\t<div class=\"next\">\n\t\t\t\t\t<span><i class=\"fa fa-chevron-right\"><\/i><\/span>\n\t\t\t\t<\/div>\n\t\t\t<\/div>\n\t\t<\/div>\n\t\t\t\t<\/div>\n\t\t<\/div>\n\t\t\t\t\t\t\t\t\t\t\t\t\t\t\t\t\t\t\t<div class=\"inner-block-full-width has-tb-carousel tb-section\" id=\"dayschedule-section-1\"style=\"display:none;\">\n\t\t\t<div class=\"tb-carousel-container\">\n\t\t\t\t<div class=\"entries tb-cards\" data-slider-first=\"1\">\n\t\t\t\t\t\t\t\t\t\t\t\t\t\t\t<div class=\"tb-card entry tb-popup-trigger tb-unfold-on-hover\">\n\t\t\t\t\t\t\t<div class=\"tb-image-part\">\n\t\t\t\t\t\t\t\t<div class=\"tag\">\n\t\t\t\t\t\t\t\t\t<div>Tag 1<\/div>\n\t\t\t\t\t\t\t\t<\/div>\n\n\t\t\t\t\t\t\t\t<img src='https:\/\/tkt.travelblox.eu\/wp-content\/uploads\/sites\/69\/2024\/11\/TKT23_MICHIELANNAERT_HR-8-768x512.jpg' width='768' height='512' alt='Wann nach Norwegen: beste Reisezeit, Jahreszeiten &amp; Klima' loading='lazy' image_size='medium_large'>\t\t\t\t\t\t\t<\/div>\n\t\t\t\t\t\t\t<div class=\"tb-card-bottom-wrapper\">\n\t\t\t\t\t\t\t\t<div class=\"tb-card-bottom\">\n\n\t\t\t\t\t\t\t\t\t<span class=\"tb-card-bottom__title\">\n\t\t\t\t\t\t\t\t\t\t<span class=\"tb-card-bottom__place\">\n\t\t\t\t\t\t\t\t\t\t\tBergen\t\t\t\t\t\t\t\t\t\t\t\t\t\t\t\t\t\t\t\t\t\t\t&#8211; Basecamp, Fresvik\t\t\t\t\t\t\t\t\t\t\t\t\t\t\t\t\t\t\t\t\t<\/span>\n\n\t\t\t\t\t\t\t\t\t<\/span>\n\t\t\t\t\t\t\t\t\t<div class=\"tb-card-bottom__content\">\n\t\t\t\t\t\t\t\t\t\t<div>\n\t\t\t\t\t\t\t\t\t\t\t\t\t\t\t\t\t\t\t\t\t<\/div>\n\t\t\t\t\t\t\t\t\t<\/div>\n\t\t\t\t\t\t\t\t\t<div class=\"tb-card-bottom__teaser tb-unfold-on-hover__content\" data-no-translation>\n\t\t\t\t\t\t\t\t\t\t\t\t\t\t\t\t\t\t\t\t\t\t\t\t\t\t\t\t\t\tAm ersten Tag fliegst du nach Bergen. Vom Flughafen Bergen geht es direkt mit unserem Shuttlebus zu &#8230; <span class=\"link\">Mehr lesen<\/span>\t\t\t\t\t\t\t\t\t<\/div>\n\t\t\t\t\t\t\t\t<\/div>\n\n\t\t\t\t\t\t\t<\/div>\n\t\t\t\t\t\t\t<dialog class=\"tb-popup tb-popup-with-padding tb-dayschedule-popup-wrapper\">\n\t\t\t\t\t\t\t\t<div class=\"tb-dayschedule-popup\">\n\t\t\t\t\t\t\t\t\t<h5>\n\t\t\t\t\t\t\t\t\t\t\t\t\t\t\t\t\t\t\t\t\t\t\t\t\t\t\t\t\t\t\t<div>\n\t\t\t\t\t\t\t\t\t\t\t\t\t\t\t\t\t\t\t\t\t\t\t\t\tBergen\t\t\t\t\t\t\t\t\t\t\t\t\t\t\t\t\t\t\t\t\t\t\t\t\t\t\t\t\t\t\t\t\t\t\t\t\t\t\t\t\t\t\t\t\t\t\t\t\t\t\t<i class=\"icon fa-solid fa-arrow-right\"><\/i> Basecamp, Fresvik\t\t\t\t\t\t\t\t\t\t\t\t\t\t\t\t\t\t\t\t\t\t\t\t\t\t\t\t\t\t\t\t\t\t\t\t<\/div>\n\t\t\t\t\t\t\t\t\t\t\t\t\t\t\t\t\t\t\t<\/h5>\n\t\t\t\t\t\t\t\t\t<div class=\"tb-columns\">\n\t\t\t\t\t\t\t\t\t\t<div class=\"tb-column tb-column--text\">\n\t\t\t\t\t\t\t\t\t\t\t<div class=\"text-part\">\n\t\t\t\t\t\t\t\t\t\t\t\t\n\t\t\t\t\t\t\t\t\t\t\t\t\n\t\t\t\t\t\t\t\t\t\t\t\t<div>\n\t\t\t\t\t\t\t\t\t\t\t\t\t<strong>Tag 1<\/strong>\n\t\t\t\t\t\t\t\t\t\t\t\t\t\t\t<div class=\"translation-block\"><p>Am ersten Tag fliegst du nach Bergen. Vom Flughafen Bergen geht es direkt mit unserem Shuttlebus zu den Fjorden.<\/p><p>Bei deiner Ankunft in Fresvik wirst du herzlich von unseren Guides empfangen. Genie\u00dfe zusammen mit den anderen Kajakfahrern dein erstes Abendessen und die Gem\u00fctlichkeit am Lagerfeuer in dieser neuen Umgebung.<\/p><\/div>\n\t\t\t\t\t\t\t\t\t\t\t\t\t<\/div>\n\n\n\t\t\t\t\t\t\t\t\t\t\t<\/div>\n\t\t\t\t\t\t\t\t\t\t<\/div>\n\t\t\t\t\t\t\t\t\t\t<div class=\"tb-column tb-column--image\">\n\n\t\t\t\t\t\t\t\t\t\t\t<div class=\"tb-image-part\">\n\t\t\t\t\t\t\t\t\t\t\t\t<img src='https:\/\/tkt.travelblox.eu\/wp-content\/uploads\/sites\/69\/2024\/11\/TKT23_MICHIELANNAERT_HR-8-1024x683.jpg' width='1024' height='683' alt='Wann nach Norwegen: beste Reisezeit, Jahreszeiten &amp; Klima' loading='lazy' image_size='large'>\t\t\t\t\t\t\t\t\t\t\t<\/div>\n\t\t\t\t\t\t\t\t\t\t<\/div>\n\t\t\t\t\t\t\t\t\t<\/div>\n\t\t\t\t\t\t\t\t\t\t\t<div class=\"tb-popup-nav\">\n\t\t\t<a href=\"#\" class=\"tb-buttonlink-with-icon tb-buttonlink-with-arrow icon-first tb-popup-previous\">\n\t\t\t\t<i class=\"icon fa fa-chevron-left\"><\/i>\n\t\t\t\t<span>Vorheriger Tag<\/span>\n\t\t\t<\/a>\n\t\t\t<a href=\"#\" class=\"tb-buttonlink-with-icon tb-buttonlink-with-arrow tb-popup-next\">\n\t\t\t\t<span>N\u00e4chster Tag<\/span>\n\t\t\t\t<i class=\"icon fa fa-chevron-right\"><\/i>\n\t\t\t<\/a>\n\t\t<\/div>\n\t\n\t\t\t\t\t\t\t\t<\/div>\n\t\t\t\t\t\t\t<\/dialog>\n\t\t\t\t\t\t<\/div>\n\t\t\t\t\t\t\t\t\t\t\t<div class=\"tb-card entry tb-popup-trigger tb-unfold-on-hover\">\n\t\t\t\t\t\t\t<div class=\"tb-image-part\">\n\t\t\t\t\t\t\t\t<div class=\"tag\">\n\t\t\t\t\t\t\t\t\t<div>Tag 2<\/div>\n\t\t\t\t\t\t\t\t<\/div>\n\n\t\t\t\t\t\t\t\t<img src='https:\/\/tkt.travelblox.eu\/wp-content\/uploads\/sites\/69\/2025\/03\/DJI_0501-768x1024.jpg' width='768' height='1024' alt='Entdecke die sch\u00f6nsten Fjorde Norwegens! Aktivit\u00e4ten, Must-Sees und Tipps von Experten: alles, was du wissen musst, bevor du in Norwegen Kajak f\u00e4hrst!' loading='lazy' image_size='medium_large'>\t\t\t\t\t\t\t<\/div>\n\t\t\t\t\t\t\t<div class=\"tb-card-bottom-wrapper\">\n\t\t\t\t\t\t\t\t<div class=\"tb-card-bottom\">\n\n\t\t\t\t\t\t\t\t\t<span class=\"tb-card-bottom__title\">\n\t\t\t\t\t\t\t\t\t\t<span class=\"tb-card-bottom__place\">\n\t\t\t\t\t\t\t\t\t\t\tFresvik \u2013 Holmo\t\t\t\t\t\t\t\t\t\t\t\t\t\t\t\t\t\t\t\t\t<\/span>\n\n\t\t\t\t\t\t\t\t\t<\/span>\n\t\t\t\t\t\t\t\t\t<div class=\"tb-card-bottom__content\">\n\t\t\t\t\t\t\t\t\t\t<div>\n\t\t\t\t\t\t\t\t\t\t\t\t\t\t\t\t\t\t\t\t\t<\/div>\n\t\t\t\t\t\t\t\t\t<\/div>\n\t\t\t\t\t\t\t\t\t<div class=\"tb-card-bottom__teaser tb-unfold-on-hover__content\" data-no-translation>\n\t\t\t\t\t\t\t\t\t\t\t\t\t\t\t\t\t\t\t\t\t\t\t\t\t\t\t\t\t\tDer spannende erste Tag im Aurlandsfjord mit deinem Kajak! Du stehst fr\u00fch auf und beginnst den Tag m&#8230; <span class=\"link\">Mehr lesen<\/span>\t\t\t\t\t\t\t\t\t<\/div>\n\t\t\t\t\t\t\t\t<\/div>\n\n\t\t\t\t\t\t\t<\/div>\n\t\t\t\t\t\t\t<dialog class=\"tb-popup tb-popup-with-padding tb-dayschedule-popup-wrapper\">\n\t\t\t\t\t\t\t\t<div class=\"tb-dayschedule-popup\">\n\t\t\t\t\t\t\t\t\t<h5>\n\t\t\t\t\t\t\t\t\t\t\t\t\t\t\t\t\t\t\t\t\t\t\t\t\t\t\t\t\t\t\t<div>\n\t\t\t\t\t\t\t\t\t\t\t\t\t\t\t\t\t\t\t\t\t\t\t\t\tFresvik\t\t\t\t\t\t\t\t\t\t\t\t\t\t\t\t\t\t\t\t\t\t\t\t\t\t\t\t\t\t\t\t\t\t\t\t\t\t\t\t\t\t\t\t\t\t\t\t\t\t\t<i class=\"icon fa-solid fa-arrow-right\"><\/i> Holmo\t\t\t\t\t\t\t\t\t\t\t\t\t\t\t\t\t\t\t\t\t\t\t\t\t\t\t\t\t\t\t\t\t\t\t\t<\/div>\n\t\t\t\t\t\t\t\t\t\t\t\t\t\t\t\t\t\t\t<\/h5>\n\t\t\t\t\t\t\t\t\t<div class=\"tb-columns\">\n\t\t\t\t\t\t\t\t\t\t<div class=\"tb-column tb-column--text\">\n\t\t\t\t\t\t\t\t\t\t\t<div class=\"text-part\">\n\t\t\t\t\t\t\t\t\t\t\t\t\n\t\t\t\t\t\t\t\t\t\t\t\t\n\t\t\t\t\t\t\t\t\t\t\t\t<div>\n\t\t\t\t\t\t\t\t\t\t\t\t\t<strong>Tag 2<\/strong>\n\t\t\t\t\t\t\t\t\t\t\t\t\t\t\t<div class=\"translation-block\"><p>Der spannende erste Tag im <b>Aurlandsfjord<\/b> mit deinem Kajak! Du stehst fr\u00fch auf und beginnst den Tag mit einem lehrreichen Briefing von den Guides. Sie bringen dir alles \u00fcber die richtige Paddeltechnik bei, wie du das Kajak am besten bel\u00e4dst und wohin dich diese Tour f\u00fchrt. Danach paddelst du bis nach Holmo (25 km), wo du deine erste Nacht mitten in den Fjorden verbringst.<\/p><\/div>\n\t\t\t\t\t\t\t\t\t\t\t\t\t<\/div>\n\n\n\t\t\t\t\t\t\t\t\t\t\t<\/div>\n\t\t\t\t\t\t\t\t\t\t<\/div>\n\t\t\t\t\t\t\t\t\t\t<div class=\"tb-column tb-column--image\">\n\n\t\t\t\t\t\t\t\t\t\t\t<div class=\"tb-image-part\">\n\t\t\t\t\t\t\t\t\t\t\t\t<img src='https:\/\/tkt.travelblox.eu\/wp-content\/uploads\/sites\/69\/2025\/03\/DJI_0501-768x1024.jpg' width='768' height='1024' alt='Entdecke die sch\u00f6nsten Fjorde Norwegens! Aktivit\u00e4ten, Must-Sees und Tipps von Experten: alles, was du wissen musst, bevor du in Norwegen Kajak f\u00e4hrst!' loading='lazy' image_size='large'>\t\t\t\t\t\t\t\t\t\t\t<\/div>\n\t\t\t\t\t\t\t\t\t\t<\/div>\n\t\t\t\t\t\t\t\t\t<\/div>\n\t\t\t\t\t\t\t\t\t\t\t<div class=\"tb-popup-nav\">\n\t\t\t<a href=\"#\" class=\"tb-buttonlink-with-icon tb-buttonlink-with-arrow icon-first tb-popup-previous\">\n\t\t\t\t<i class=\"icon fa fa-chevron-left\"><\/i>\n\t\t\t\t<span>Vorheriger Tag<\/span>\n\t\t\t<\/a>\n\t\t\t<a href=\"#\" class=\"tb-buttonlink-with-icon tb-buttonlink-with-arrow tb-popup-next\">\n\t\t\t\t<span>N\u00e4chster Tag<\/span>\n\t\t\t\t<i class=\"icon fa fa-chevron-right\"><\/i>\n\t\t\t<\/a>\n\t\t<\/div>\n\t\n\t\t\t\t\t\t\t\t<\/div>\n\t\t\t\t\t\t\t<\/dialog>\n\t\t\t\t\t\t<\/div>\n\t\t\t\t\t\t\t\t\t\t\t<div class=\"tb-card entry tb-popup-trigger tb-unfold-on-hover\">\n\t\t\t\t\t\t\t<div class=\"tb-image-part\">\n\t\t\t\t\t\t\t\t<div class=\"tag\">\n\t\t\t\t\t\t\t\t\t<div>Tag 3<\/div>\n\t\t\t\t\t\t\t\t<\/div>\n\n\t\t\t\t\t\t\t\t<img src='https:\/\/tkt.travelblox.eu\/wp-content\/uploads\/sites\/69\/2025\/09\/The-Kayak-Trip-Reizen-Rens-LR-259-768x512.jpg' width='768' height='512' loading='lazy' image_size='medium_large'>\t\t\t\t\t\t\t<\/div>\n\t\t\t\t\t\t\t<div class=\"tb-card-bottom-wrapper\">\n\t\t\t\t\t\t\t\t<div class=\"tb-card-bottom\">\n\n\t\t\t\t\t\t\t\t\t<span class=\"tb-card-bottom__title\">\n\t\t\t\t\t\t\t\t\t\t<span class=\"tb-card-bottom__place\">\n\t\t\t\t\t\t\t\t\t\t\tHolmo - Bakka - Holmo\t\t\t\t\t\t\t\t\t\t\t\t\t\t\t\t\t\t\t\t\t<\/span>\n\n\t\t\t\t\t\t\t\t\t<\/span>\n\t\t\t\t\t\t\t\t\t<div class=\"tb-card-bottom__content\">\n\t\t\t\t\t\t\t\t\t\t<div>\n\t\t\t\t\t\t\t\t\t\t\t\t\t\t\t\t\t\t\t\t\t<\/div>\n\t\t\t\t\t\t\t\t\t<\/div>\n\t\t\t\t\t\t\t\t\t<div class=\"tb-card-bottom__teaser tb-unfold-on-hover__content\" data-no-translation>\n\t\t\t\t\t\t\t\t\t\t\t\t\t\t\t\t\t\t\t\t\t\t\t\t\t\t\t\t\t\tNach einem intensiven ersten Tag beim Paddeln k\u00f6nnen deine Arme heute etwas ausruhen.\nDu beginnst de&#8230; <span class=\"link\">Mehr lesen<\/span>\t\t\t\t\t\t\t\t\t<\/div>\n\t\t\t\t\t\t\t\t<\/div>\n\n\t\t\t\t\t\t\t<\/div>\n\t\t\t\t\t\t\t<dialog class=\"tb-popup tb-popup-with-padding tb-dayschedule-popup-wrapper\">\n\t\t\t\t\t\t\t\t<div class=\"tb-dayschedule-popup\">\n\t\t\t\t\t\t\t\t\t<h5>\n\t\t\t\t\t\t\t\t\t\t\t\t\t\t\t\t\t\t\t\t\t\t\t\t\t\t\t\t\t\t\t<div>\n\t\t\t\t\t\t\t\t\t\t\t\t\t\t\t\t\t\t\t\t\t\t\t\t\tHolmo\t\t\t\t\t\t\t\t\t\t\t\t\t\t\t\t\t\t\t\t\t\t\t\t\t\t\t\t\t\t\t\t\t\t\t\t\t\t\t\t\t\t\t\t\t\t\t\t\t\t\t<i class=\"icon fa-solid fa-arrow-right\"><\/i> Bakka &#8211; Holmo\t\t\t\t\t\t\t\t\t\t\t\t\t\t\t\t\t\t\t\t\t\t\t\t\t\t\t\t\t\t\t\t\t\t\t\t<\/div>\n\t\t\t\t\t\t\t\t\t\t\t\t\t\t\t\t\t\t\t<\/h5>\n\t\t\t\t\t\t\t\t\t<div class=\"tb-columns\">\n\t\t\t\t\t\t\t\t\t\t<div class=\"tb-column tb-column--text\">\n\t\t\t\t\t\t\t\t\t\t\t<div class=\"text-part\">\n\t\t\t\t\t\t\t\t\t\t\t\t\n\t\t\t\t\t\t\t\t\t\t\t\t\n\t\t\t\t\t\t\t\t\t\t\t\t<div>\n\t\t\t\t\t\t\t\t\t\t\t\t\t<strong>Tag 3<\/strong>\n\t\t\t\t\t\t\t\t\t\t\t\t\t\t\t<div class=\"translation-block\"><p>Nach einem intensiven ersten Tag beim Paddeln k\u00f6nnen deine Arme heute etwas ausruhen.<\/p>\n<p>Du beginnst den Tag mit einer kurzen \u00dcberfahrt \u00fcber den N\u00e6r\u00f8yfjord und landest in Bakka. Hier l\u00e4sst du dein Kajak zur\u00fcck und machst eine atemberaubende, aber anspruchsvolle Wanderung zum Skarsvotni.<\/p>\n<p>Die Tour beginnt mit einem steilen Weg voller Haarnadelkurven. Nach etwa anderthalb Stunden erreichst du den Gipfel des Wasserfalls, von wo aus ein flacherer Weg dich zum kristallblauen Skarsvotni-See f\u00fchrt.<\/p>\n<p>Nach der Wanderung (15,5 km) \u00fcberquerst du erneut mit deinem Kajak und genie\u00dft einen gem\u00fctlichen Abend am Lagerfeuer.<\/p><\/div>\n\t\t\t\t\t\t\t\t\t\t\t\t\t<\/div>\n\n\n\t\t\t\t\t\t\t\t\t\t\t<\/div>\n\t\t\t\t\t\t\t\t\t\t<\/div>\n\t\t\t\t\t\t\t\t\t\t<div class=\"tb-column tb-column--image\">\n\n\t\t\t\t\t\t\t\t\t\t\t<div class=\"tb-image-part\">\n\t\t\t\t\t\t\t\t\t\t\t\t<img src='https:\/\/tkt.travelblox.eu\/wp-content\/uploads\/sites\/69\/2025\/09\/The-Kayak-Trip-Reizen-Rens-LR-259-1024x683.jpg' width='1024' height='683' loading='lazy' image_size='large'>\t\t\t\t\t\t\t\t\t\t\t<\/div>\n\t\t\t\t\t\t\t\t\t\t<\/div>\n\t\t\t\t\t\t\t\t\t<\/div>\n\t\t\t\t\t\t\t\t\t\t\t<div class=\"tb-popup-nav\">\n\t\t\t<a href=\"#\" class=\"tb-buttonlink-with-icon tb-buttonlink-with-arrow icon-first tb-popup-previous\">\n\t\t\t\t<i class=\"icon fa fa-chevron-left\"><\/i>\n\t\t\t\t<span>Vorheriger Tag<\/span>\n\t\t\t<\/a>\n\t\t\t<a href=\"#\" class=\"tb-buttonlink-with-icon tb-buttonlink-with-arrow tb-popup-next\">\n\t\t\t\t<span>N\u00e4chster Tag<\/span>\n\t\t\t\t<i class=\"icon fa fa-chevron-right\"><\/i>\n\t\t\t<\/a>\n\t\t<\/div>\n\t\n\t\t\t\t\t\t\t\t<\/div>\n\t\t\t\t\t\t\t<\/dialog>\n\t\t\t\t\t\t<\/div>\n\t\t\t\t\t\t\t\t\t\t\t<div class=\"tb-card entry tb-popup-trigger tb-unfold-on-hover\">\n\t\t\t\t\t\t\t<div class=\"tb-image-part\">\n\t\t\t\t\t\t\t\t<div class=\"tag\">\n\t\t\t\t\t\t\t\t\t<div>Tag 4<\/div>\n\t\t\t\t\t\t\t\t<\/div>\n\n\t\t\t\t\t\t\t\t<img src='https:\/\/tkt.travelblox.eu\/wp-content\/uploads\/sites\/69\/2023\/10\/TKT23_MICHIELANNAERT_HR-54-scaled-e1700562331458-768x1499.jpg' width='768' height='1499' alt='M\u00e4dchen paddelt in Fjorden - Kajakfahren - Norwegenfjord - Wandern in Norwegen - Kajakfahren - ab Flughafen Br\u00fcssel' loading='lazy' image_size='medium_large'>\t\t\t\t\t\t\t<\/div>\n\t\t\t\t\t\t\t<div class=\"tb-card-bottom-wrapper\">\n\t\t\t\t\t\t\t\t<div class=\"tb-card-bottom\">\n\n\t\t\t\t\t\t\t\t\t<span class=\"tb-card-bottom__title\">\n\t\t\t\t\t\t\t\t\t\t<span class=\"tb-card-bottom__place\">\n\t\t\t\t\t\t\t\t\t\t\tHolmo\t\t\t\t\t\t\t\t\t\t\t\t\t\t\t\t\t\t\t\t\t\t\t&#8211; Undredal\t\t\t\t\t\t\t\t\t\t\t\t\t\t\t\t\t\t\t\t\t<\/span>\n\n\t\t\t\t\t\t\t\t\t<\/span>\n\t\t\t\t\t\t\t\t\t<div class=\"tb-card-bottom__content\">\n\t\t\t\t\t\t\t\t\t\t<div>\n\t\t\t\t\t\t\t\t\t\t\t\t\t\t\t\t\t\t\t\t\t<\/div>\n\t\t\t\t\t\t\t\t\t<\/div>\n\t\t\t\t\t\t\t\t\t<div class=\"tb-card-bottom__teaser tb-unfold-on-hover__content\" data-no-translation>\n\t\t\t\t\t\t\t\t\t\t\t\t\t\t\t\t\t\t\t\t\t\t\t\t\t\t\t\t\t\tNach einem k\u00f6stlichen Fr\u00fchst\u00fcck l\u00e4dst du dein Kajak wieder voll und paddelst aus Holmo hinaus. Zuers&#8230; <span class=\"link\">Mehr lesen<\/span>\t\t\t\t\t\t\t\t\t<\/div>\n\t\t\t\t\t\t\t\t<\/div>\n\n\t\t\t\t\t\t\t<\/div>\n\t\t\t\t\t\t\t<dialog class=\"tb-popup tb-popup-with-padding tb-dayschedule-popup-wrapper\">\n\t\t\t\t\t\t\t\t<div class=\"tb-dayschedule-popup\">\n\t\t\t\t\t\t\t\t\t<h5>\n\t\t\t\t\t\t\t\t\t\t\t\t\t\t\t\t\t\t\t\t\t\t\t\t\t\t\t\t\t\t\t<div>\n\t\t\t\t\t\t\t\t\t\t\t\t\t\t\t\t\t\t\t\t\t\t\t\t\tHolmo\t\t\t\t\t\t\t\t\t\t\t\t\t\t\t\t\t\t\t\t\t\t\t\t\t\t\t\t\t\t\t\t\t\t\t\t\t\t\t\t\t\t\t\t\t\t\t\t\t\t\t<i class=\"icon fa-solid fa-arrow-right\"><\/i> Undredal\t\t\t\t\t\t\t\t\t\t\t\t\t\t\t\t\t\t\t\t\t\t\t\t\t\t\t\t\t\t\t\t\t\t\t\t<\/div>\n\t\t\t\t\t\t\t\t\t\t\t\t\t\t\t\t\t\t\t<\/h5>\n\t\t\t\t\t\t\t\t\t<div class=\"tb-columns\">\n\t\t\t\t\t\t\t\t\t\t<div class=\"tb-column tb-column--text\">\n\t\t\t\t\t\t\t\t\t\t\t<div class=\"text-part\">\n\t\t\t\t\t\t\t\t\t\t\t\t\n\t\t\t\t\t\t\t\t\t\t\t\t\n\t\t\t\t\t\t\t\t\t\t\t\t<div>\n\t\t\t\t\t\t\t\t\t\t\t\t\t<strong>Tag 4<\/strong>\n\t\t\t\t\t\t\t\t\t\t\t\t\t\t\t<div class=\"translation-block\"><p>Nach einem k\u00f6stlichen Fr\u00fchst\u00fcck l\u00e4dst du dein Kajak wieder voll und paddelst aus Holmo hinaus. Zuerst paddelst du entlang der Alten Postroute, vorbei am Odness-Wasserfall bis nach Styvi. Von dort aus geht es weiter in Richtung Aurlandsfjord, wo du die Abzweigung nach Undredal nimmst. Nach etwa 18 km legst du an einem kleinen Strand an und ziehst dein Kajak aus dem Wasser.<\/p><p>Nachdem du dein Zelt aufgestellt hast, kannst du eine k\u00f6stliche Pizza in der Pizzeria genie\u00dfen oder einen Spaziergang durch das Tal machen.<\/p><\/div>\n\t\t\t\t\t\t\t\t\t\t\t\t\t<\/div>\n\n\n\t\t\t\t\t\t\t\t\t\t\t<\/div>\n\t\t\t\t\t\t\t\t\t\t<\/div>\n\t\t\t\t\t\t\t\t\t\t<div class=\"tb-column tb-column--image\">\n\n\t\t\t\t\t\t\t\t\t\t\t<div class=\"tb-image-part\">\n\t\t\t\t\t\t\t\t\t\t\t\t<img src='https:\/\/tkt.travelblox.eu\/wp-content\/uploads\/sites\/69\/2023\/10\/TKT23_MICHIELANNAERT_HR-54-scaled-e1700562331458-525x1024.jpg' width='525' height='1024' alt='M\u00e4dchen paddelt in Fjorden - Kajakfahren - Norwegenfjord - Wandern in Norwegen - Kajakfahren - ab Flughafen Br\u00fcssel' loading='lazy' image_size='large'>\t\t\t\t\t\t\t\t\t\t\t<\/div>\n\t\t\t\t\t\t\t\t\t\t<\/div>\n\t\t\t\t\t\t\t\t\t<\/div>\n\t\t\t\t\t\t\t\t\t\t\t<div class=\"tb-popup-nav\">\n\t\t\t<a href=\"#\" class=\"tb-buttonlink-with-icon tb-buttonlink-with-arrow icon-first tb-popup-previous\">\n\t\t\t\t<i class=\"icon fa fa-chevron-left\"><\/i>\n\t\t\t\t<span>Vorheriger Tag<\/span>\n\t\t\t<\/a>\n\t\t\t<a href=\"#\" class=\"tb-buttonlink-with-icon tb-buttonlink-with-arrow tb-popup-next\">\n\t\t\t\t<span>N\u00e4chster Tag<\/span>\n\t\t\t\t<i class=\"icon fa fa-chevron-right\"><\/i>\n\t\t\t<\/a>\n\t\t<\/div>\n\t\n\t\t\t\t\t\t\t\t<\/div>\n\t\t\t\t\t\t\t<\/dialog>\n\t\t\t\t\t\t<\/div>\n\t\t\t\t\t\t\t\t\t\t\t<div class=\"tb-card entry tb-popup-trigger tb-unfold-on-hover\">\n\t\t\t\t\t\t\t<div class=\"tb-image-part\">\n\t\t\t\t\t\t\t\t<div class=\"tag\">\n\t\t\t\t\t\t\t\t\t<div>Tag 5<\/div>\n\t\t\t\t\t\t\t\t<\/div>\n\n\t\t\t\t\t\t\t\t<img src='https:\/\/tkt.travelblox.eu\/wp-content\/uploads\/sites\/69\/2024\/10\/DJI_20240905130526_0444_D-768x432.jpg' width='768' height='432' alt='Aussicht vom Fl\u00e5m-Wasserfall - Kajakfahren - Norwegenfjord - Wandern in Norwegen - Kayaking - ab Flughafen Br\u00fcssel' loading='lazy' image_size='medium_large'>\t\t\t\t\t\t\t<\/div>\n\t\t\t\t\t\t\t<div class=\"tb-card-bottom-wrapper\">\n\t\t\t\t\t\t\t\t<div class=\"tb-card-bottom\">\n\n\t\t\t\t\t\t\t\t\t<span class=\"tb-card-bottom__title\">\n\t\t\t\t\t\t\t\t\t\t<span class=\"tb-card-bottom__place\">\n\t\t\t\t\t\t\t\t\t\t\tUndredal \u2013 Fl\u00e5m\t\t\t\t\t\t\t\t\t\t\t\t\t\t\t\t\t\t\t\t\t<\/span>\n\n\t\t\t\t\t\t\t\t\t<\/span>\n\t\t\t\t\t\t\t\t\t<div class=\"tb-card-bottom__content\">\n\t\t\t\t\t\t\t\t\t\t<div>\n\t\t\t\t\t\t\t\t\t\t\t\t\t\t\t\t\t\t\t\t\t<\/div>\n\t\t\t\t\t\t\t\t\t<\/div>\n\t\t\t\t\t\t\t\t\t<div class=\"tb-card-bottom__teaser tb-unfold-on-hover__content\" data-no-translation>\n\t\t\t\t\t\t\t\t\t\t\t\t\t\t\t\t\t\t\t\t\t\t\t\t\t\t\t\t\t\tDu beginnst den Tag mit einem k\u00f6stlichen Fr\u00fchst\u00fcck, bevor du alles wieder in dein Kajak packst. Heut&#8230; <span class=\"link\">Mehr lesen<\/span>\t\t\t\t\t\t\t\t\t<\/div>\n\t\t\t\t\t\t\t\t<\/div>\n\n\t\t\t\t\t\t\t<\/div>\n\t\t\t\t\t\t\t<dialog class=\"tb-popup tb-popup-with-padding tb-dayschedule-popup-wrapper\">\n\t\t\t\t\t\t\t\t<div class=\"tb-dayschedule-popup\">\n\t\t\t\t\t\t\t\t\t<h5>\n\t\t\t\t\t\t\t\t\t\t\t\t\t\t\t\t\t\t\t\t\t\t\t\t\t\t\t\t\t\t\t<div>\n\t\t\t\t\t\t\t\t\t\t\t\t\t\t\t\t\t\t\t\t\t\t\t\t\tUndredal\t\t\t\t\t\t\t\t\t\t\t\t\t\t\t\t\t\t\t\t\t\t\t\t\t\t\t\t\t\t\t\t\t\t\t\t\t\t\t\t\t\t\t\t\t\t\t\t\t\t\t<i class=\"icon fa-solid fa-arrow-right\"><\/i> Fl\u00e5m\t\t\t\t\t\t\t\t\t\t\t\t\t\t\t\t\t\t\t\t\t\t\t\t\t\t\t\t\t\t\t\t\t\t\t\t<\/div>\n\t\t\t\t\t\t\t\t\t\t\t\t\t\t\t\t\t\t\t<\/h5>\n\t\t\t\t\t\t\t\t\t<div class=\"tb-columns\">\n\t\t\t\t\t\t\t\t\t\t<div class=\"tb-column tb-column--text\">\n\t\t\t\t\t\t\t\t\t\t\t<div class=\"text-part\">\n\t\t\t\t\t\t\t\t\t\t\t\t\n\t\t\t\t\t\t\t\t\t\t\t\t\n\t\t\t\t\t\t\t\t\t\t\t\t<div>\n\t\t\t\t\t\t\t\t\t\t\t\t\t<strong>Tag 5<\/strong>\n\t\t\t\t\t\t\t\t\t\t\t\t\t\t\t<div class=\"translation-block\"><p>Du beginnst den Tag mit einem k\u00f6stlichen Fr\u00fchst\u00fcck, bevor du alles wieder in dein Kajak packst. Heute paddelst du etwa 18 km durch den Fjord. Unterwegs legst du an einem der Str\u00e4nde an, um eine Mittagspause mit herrlichem Ausblick zu machen.<\/p>\n<p>Am Abend kommst du in Fl\u00e5m an, einem charmanten Touristenst\u00e4dtchen, umgeben von Bergen. Du hast die M\u00f6glichkeit, eine Wanderung zu dem Wasserfall in Fl\u00e5m zu machen (6 km), von wo aus du einen tollen Blick \u00fcber die Stadt und den Fjord hast. Du \u00fcbernachtest auf einem Campingplatz, wo du eine wohlverdiente Dusche genie\u00dfen kannst (gegen Geb\u00fchr).<\/p><\/div>\n\t\t\t\t\t\t\t\t\t\t\t\t\t<\/div>\n\n\n\t\t\t\t\t\t\t\t\t\t\t<\/div>\n\t\t\t\t\t\t\t\t\t\t<\/div>\n\t\t\t\t\t\t\t\t\t\t<div class=\"tb-column tb-column--image\">\n\n\t\t\t\t\t\t\t\t\t\t\t<div class=\"tb-image-part\">\n\t\t\t\t\t\t\t\t\t\t\t\t<img src='https:\/\/tkt.travelblox.eu\/wp-content\/uploads\/sites\/69\/2024\/10\/DJI_20240905130526_0444_D.jpg' width='1008' height='567' alt='Aussicht vom Fl\u00e5m-Wasserfall - Kajakfahren - Norwegenfjord - Wandern in Norwegen - Kayaking - ab Flughafen Br\u00fcssel' loading='lazy' image_size='large'>\t\t\t\t\t\t\t\t\t\t\t<\/div>\n\t\t\t\t\t\t\t\t\t\t<\/div>\n\t\t\t\t\t\t\t\t\t<\/div>\n\t\t\t\t\t\t\t\t\t\t\t<div class=\"tb-popup-nav\">\n\t\t\t<a href=\"#\" class=\"tb-buttonlink-with-icon tb-buttonlink-with-arrow icon-first tb-popup-previous\">\n\t\t\t\t<i class=\"icon fa fa-chevron-left\"><\/i>\n\t\t\t\t<span>Vorheriger Tag<\/span>\n\t\t\t<\/a>\n\t\t\t<a href=\"#\" class=\"tb-buttonlink-with-icon tb-buttonlink-with-arrow tb-popup-next\">\n\t\t\t\t<span>N\u00e4chster Tag<\/span>\n\t\t\t\t<i class=\"icon fa fa-chevron-right\"><\/i>\n\t\t\t<\/a>\n\t\t<\/div>\n\t\n\t\t\t\t\t\t\t\t<\/div>\n\t\t\t\t\t\t\t<\/dialog>\n\t\t\t\t\t\t<\/div>\n\t\t\t\t\t\t\t\t\t\t\t<div class=\"tb-card entry tb-popup-trigger tb-unfold-on-hover\">\n\t\t\t\t\t\t\t<div class=\"tb-image-part\">\n\t\t\t\t\t\t\t\t<div class=\"tag\">\n\t\t\t\t\t\t\t\t\t<div>Tag 6<\/div>\n\t\t\t\t\t\t\t\t<\/div>\n\n\t\t\t\t\t\t\t\t<img src='https:\/\/tkt.travelblox.eu\/wp-content\/uploads\/sites\/69\/2024\/11\/IMG_0398-768x1024.jpg' width='768' height='1024' alt='Lagerfeuer bei Breisnes in den norwegischen Fjorden - Kajakfahren - Norwegenfjord - Wandern in Norwegen - Kayaking - ab Flughafen Br\u00fcssel' loading='lazy' image_size='medium_large'>\t\t\t\t\t\t\t<\/div>\n\t\t\t\t\t\t\t<div class=\"tb-card-bottom-wrapper\">\n\t\t\t\t\t\t\t\t<div class=\"tb-card-bottom\">\n\n\t\t\t\t\t\t\t\t\t<span class=\"tb-card-bottom__title\">\n\t\t\t\t\t\t\t\t\t\t<span class=\"tb-card-bottom__place\">\n\t\t\t\t\t\t\t\t\t\t\tFl\u00e5m \u2013 Breisnes\t\t\t\t\t\t\t\t\t\t\t\t\t\t\t\t\t\t\t\t\t<\/span>\n\n\t\t\t\t\t\t\t\t\t<\/span>\n\t\t\t\t\t\t\t\t\t<div class=\"tb-card-bottom__content\">\n\t\t\t\t\t\t\t\t\t\t<div>\n\t\t\t\t\t\t\t\t\t\t\t\t\t\t\t\t\t\t\t\t\t<\/div>\n\t\t\t\t\t\t\t\t\t<\/div>\n\t\t\t\t\t\t\t\t\t<div class=\"tb-card-bottom__teaser tb-unfold-on-hover__content\" data-no-translation>\n\t\t\t\t\t\t\t\t\t\t\t\t\t\t\t\t\t\t\t\t\t\t\t\t\t\t\t\t\t\tFr\u00fch am Morgen l\u00e4sst du Fl\u00e5m hinter dir und paddelst weiter zum n\u00e4chsten Dorf: Aurlandsvangen. Hier &#8230; <span class=\"link\">Mehr lesen<\/span>\t\t\t\t\t\t\t\t\t<\/div>\n\t\t\t\t\t\t\t\t<\/div>\n\n\t\t\t\t\t\t\t<\/div>\n\t\t\t\t\t\t\t<dialog class=\"tb-popup tb-popup-with-padding tb-dayschedule-popup-wrapper\">\n\t\t\t\t\t\t\t\t<div class=\"tb-dayschedule-popup\">\n\t\t\t\t\t\t\t\t\t<h5>\n\t\t\t\t\t\t\t\t\t\t\t\t\t\t\t\t\t\t\t\t\t\t\t\t\t\t\t\t\t\t\t<div>\n\t\t\t\t\t\t\t\t\t\t\t\t\t\t\t\t\t\t\t\t\t\t\t\t\tFl\u00e5m\t\t\t\t\t\t\t\t\t\t\t\t\t\t\t\t\t\t\t\t\t\t\t\t\t\t\t\t\t\t\t\t\t\t\t\t\t\t\t\t\t\t\t\t\t\t\t\t\t\t\t<i class=\"icon fa-solid fa-arrow-right\"><\/i> Breisnes\t\t\t\t\t\t\t\t\t\t\t\t\t\t\t\t\t\t\t\t\t\t\t\t\t\t\t\t\t\t\t\t\t\t\t\t<\/div>\n\t\t\t\t\t\t\t\t\t\t\t\t\t\t\t\t\t\t\t<\/h5>\n\t\t\t\t\t\t\t\t\t<div class=\"tb-columns\">\n\t\t\t\t\t\t\t\t\t\t<div class=\"tb-column tb-column--text\">\n\t\t\t\t\t\t\t\t\t\t\t<div class=\"text-part\">\n\t\t\t\t\t\t\t\t\t\t\t\t\n\t\t\t\t\t\t\t\t\t\t\t\t\n\t\t\t\t\t\t\t\t\t\t\t\t<div>\n\t\t\t\t\t\t\t\t\t\t\t\t\t<strong>Tag 6<\/strong>\n\t\t\t\t\t\t\t\t\t\t\t\t\t\t\t<div class=\"translation-block\"><p>Fr\u00fch am Morgen l\u00e4sst du Fl\u00e5m hinter dir und paddelst weiter zum n\u00e4chsten Dorf: Aurlandsvangen. Hier legst du an und beginnst die ber\u00fchmte Wanderung nach Stegastein (10 km). \u00dcber kurvenreiche Wege und Haarnadelkurven f\u00fchrt dich die Route zum ikonischen Stegastein-Aussichtspunkt. Diese Plattform schwebt 650 Meter \u00fcber dem Meeresspiegel und bietet einen atemberaubenden Blick \u00fcber den Fjord und die umliegenden D\u00f6rfer.<\/p>\n<p>Nach der Wanderung steigst du wieder in dein Kajak und paddelst weiter nach Breisnes. Hier erwartet dich ein verlassenes Bauernhaus, wo mittlerweile die Ziegen das Sagen haben. Bis Ende Juli hei\u00dfen sie dich aus der Ferne willkommen, und du kannst mit ihnen einen der sch\u00f6nsten Schlafpl\u00e4tze in den Fjorden teilen. Perfekt f\u00fcr eine letzte Nacht in \u201eder Mitte von Nirgendwo\u201c!<\/p><\/div>\n\t\t\t\t\t\t\t\t\t\t\t\t\t<\/div>\n\n\n\t\t\t\t\t\t\t\t\t\t\t<\/div>\n\t\t\t\t\t\t\t\t\t\t<\/div>\n\t\t\t\t\t\t\t\t\t\t<div class=\"tb-column tb-column--image\">\n\n\t\t\t\t\t\t\t\t\t\t\t<div class=\"tb-image-part\">\n\t\t\t\t\t\t\t\t\t\t\t\t<img src='https:\/\/tkt.travelblox.eu\/wp-content\/uploads\/sites\/69\/2024\/11\/IMG_0398-768x1024.jpg' width='768' height='1024' alt='Lagerfeuer bei Breisnes in den norwegischen Fjorden - Kajakfahren - Norwegenfjord - Wandern in Norwegen - Kayaking - ab Flughafen Br\u00fcssel' loading='lazy' image_size='large'>\t\t\t\t\t\t\t\t\t\t\t<\/div>\n\t\t\t\t\t\t\t\t\t\t<\/div>\n\t\t\t\t\t\t\t\t\t<\/div>\n\t\t\t\t\t\t\t\t\t\t\t<div class=\"tb-popup-nav\">\n\t\t\t<a href=\"#\" class=\"tb-buttonlink-with-icon tb-buttonlink-with-arrow icon-first tb-popup-previous\">\n\t\t\t\t<i class=\"icon fa fa-chevron-left\"><\/i>\n\t\t\t\t<span>Vorheriger Tag<\/span>\n\t\t\t<\/a>\n\t\t\t<a href=\"#\" class=\"tb-buttonlink-with-icon tb-buttonlink-with-arrow tb-popup-next\">\n\t\t\t\t<span>N\u00e4chster Tag<\/span>\n\t\t\t\t<i class=\"icon fa fa-chevron-right\"><\/i>\n\t\t\t<\/a>\n\t\t<\/div>\n\t\n\t\t\t\t\t\t\t\t<\/div>\n\t\t\t\t\t\t\t<\/dialog>\n\t\t\t\t\t\t<\/div>\n\t\t\t\t\t\t\t\t\t\t\t<div class=\"tb-card entry tb-popup-trigger tb-unfold-on-hover\">\n\t\t\t\t\t\t\t<div class=\"tb-image-part\">\n\t\t\t\t\t\t\t\t<div class=\"tag\">\n\t\t\t\t\t\t\t\t\t<div>Tag 7<\/div>\n\t\t\t\t\t\t\t\t<\/div>\n\n\t\t\t\t\t\t\t\t<img src='https:\/\/tkt.travelblox.eu\/wp-content\/uploads\/sites\/69\/2025\/09\/The-Kayak-Trip-Reizen-Rens-LR-124-768x512.jpg' width='768' height='512' loading='lazy' image_size='medium_large'>\t\t\t\t\t\t\t<\/div>\n\t\t\t\t\t\t\t<div class=\"tb-card-bottom-wrapper\">\n\t\t\t\t\t\t\t\t<div class=\"tb-card-bottom\">\n\n\t\t\t\t\t\t\t\t\t<span class=\"tb-card-bottom__title\">\n\t\t\t\t\t\t\t\t\t\t<span class=\"tb-card-bottom__place\">\n\t\t\t\t\t\t\t\t\t\t\tBreisnes\t\t\t\t\t\t\t\t\t\t\t\t\t\t\t\t\t\t\t\t\t\t\t&#8211; Fresvik\t\t\t\t\t\t\t\t\t\t\t\t\t\t\t\t\t\t\t\t\t<\/span>\n\n\t\t\t\t\t\t\t\t\t<\/span>\n\t\t\t\t\t\t\t\t\t<div class=\"tb-card-bottom__content\">\n\t\t\t\t\t\t\t\t\t\t<div>\n\t\t\t\t\t\t\t\t\t\t\t\t\t\t\t\t\t\t\t\t\t<\/div>\n\t\t\t\t\t\t\t\t\t<\/div>\n\t\t\t\t\t\t\t\t\t<div class=\"tb-card-bottom__teaser tb-unfold-on-hover__content\" data-no-translation>\n\t\t\t\t\t\t\t\t\t\t\t\t\t\t\t\t\t\t\t\t\t\t\t\t\t\t\t\t\t\tGenie\u00dfe deinen letzten Paddeltag in den wundersch\u00f6nen Fjorden! Du startest mit einer \u00dcberquerung des&#8230; <span class=\"link\">Mehr lesen<\/span>\t\t\t\t\t\t\t\t\t<\/div>\n\t\t\t\t\t\t\t\t<\/div>\n\n\t\t\t\t\t\t\t<\/div>\n\t\t\t\t\t\t\t<dialog class=\"tb-popup tb-popup-with-padding tb-dayschedule-popup-wrapper\">\n\t\t\t\t\t\t\t\t<div class=\"tb-dayschedule-popup\">\n\t\t\t\t\t\t\t\t\t<h5>\n\t\t\t\t\t\t\t\t\t\t\t\t\t\t\t\t\t\t\t\t\t\t\t\t\t\t\t\t\t\t\t<div>\n\t\t\t\t\t\t\t\t\t\t\t\t\t\t\t\t\t\t\t\t\t\t\t\t\tBreisnes\t\t\t\t\t\t\t\t\t\t\t\t\t\t\t\t\t\t\t\t\t\t\t\t\t\t\t\t\t\t\t\t\t\t\t\t\t\t\t\t\t\t\t\t\t\t\t\t\t\t\t<i class=\"icon fa-solid fa-arrow-right\"><\/i> Fresvik\t\t\t\t\t\t\t\t\t\t\t\t\t\t\t\t\t\t\t\t\t\t\t\t\t\t\t\t\t\t\t\t\t\t\t\t<\/div>\n\t\t\t\t\t\t\t\t\t\t\t\t\t\t\t\t\t\t\t<\/h5>\n\t\t\t\t\t\t\t\t\t<div class=\"tb-columns\">\n\t\t\t\t\t\t\t\t\t\t<div class=\"tb-column tb-column--text\">\n\t\t\t\t\t\t\t\t\t\t\t<div class=\"text-part\">\n\t\t\t\t\t\t\t\t\t\t\t\t\n\t\t\t\t\t\t\t\t\t\t\t\t\n\t\t\t\t\t\t\t\t\t\t\t\t<div>\n\t\t\t\t\t\t\t\t\t\t\t\t\t<strong>Tag 7<\/strong>\n\t\t\t\t\t\t\t\t\t\t\t\t\t\t\t<div class=\"translation-block\"><p>Genie\u00dfe deinen letzten Paddeltag in den wundersch\u00f6nen Fjorden! Du startest mit einer \u00dcberquerung des Fjords, bevor du zur\u00fcck in Richtung Fresvik paddelst. Nach etwa 10 Kilometern kommst du wieder im Basislager an.<\/p><p>Nachdem du das Kajak gereinigt hast, kannst du einen ruhigen Nachmittag genie\u00dfen oder du entscheidest dich f\u00fcr eine letzte Wanderung zum Huldafossen-Wasserfall (13,5 km).<\/p><\/div>\n\t\t\t\t\t\t\t\t\t\t\t\t\t<\/div>\n\n\n\t\t\t\t\t\t\t\t\t\t\t<\/div>\n\t\t\t\t\t\t\t\t\t\t<\/div>\n\t\t\t\t\t\t\t\t\t\t<div class=\"tb-column tb-column--image\">\n\n\t\t\t\t\t\t\t\t\t\t\t<div class=\"tb-image-part\">\n\t\t\t\t\t\t\t\t\t\t\t\t<img src='https:\/\/tkt.travelblox.eu\/wp-content\/uploads\/sites\/69\/2025\/09\/The-Kayak-Trip-Reizen-Rens-LR-124-1024x683.jpg' width='1024' height='683' loading='lazy' image_size='large'>\t\t\t\t\t\t\t\t\t\t\t<\/div>\n\t\t\t\t\t\t\t\t\t\t<\/div>\n\t\t\t\t\t\t\t\t\t<\/div>\n\t\t\t\t\t\t\t\t\t\t\t<div class=\"tb-popup-nav\">\n\t\t\t<a href=\"#\" class=\"tb-buttonlink-with-icon tb-buttonlink-with-arrow icon-first tb-popup-previous\">\n\t\t\t\t<i class=\"icon fa fa-chevron-left\"><\/i>\n\t\t\t\t<span>Vorheriger Tag<\/span>\n\t\t\t<\/a>\n\t\t\t<a href=\"#\" class=\"tb-buttonlink-with-icon tb-buttonlink-with-arrow tb-popup-next\">\n\t\t\t\t<span>N\u00e4chster Tag<\/span>\n\t\t\t\t<i class=\"icon fa fa-chevron-right\"><\/i>\n\t\t\t<\/a>\n\t\t<\/div>\n\t\n\t\t\t\t\t\t\t\t<\/div>\n\t\t\t\t\t\t\t<\/dialog>\n\t\t\t\t\t\t<\/div>\n\t\t\t\t\t\t\t\t\t\t\t<div class=\"tb-card entry tb-popup-trigger tb-unfold-on-hover\">\n\t\t\t\t\t\t\t<div class=\"tb-image-part\">\n\t\t\t\t\t\t\t\t<div class=\"tag\">\n\t\t\t\t\t\t\t\t\t<div>Tag 8<\/div>\n\t\t\t\t\t\t\t\t<\/div>\n\n\t\t\t\t\t\t\t\t<img src='https:\/\/tkt.travelblox.eu\/wp-content\/uploads\/sites\/69\/2023\/10\/webisite-768x614.png' width='768' height='614' alt='Kajakfahren - Norwegen Fjord - Wandern in Norwegen - kayaking - ab Flughafen Br\u00fcssel' loading='lazy' image_size='medium_large'>\t\t\t\t\t\t\t<\/div>\n\t\t\t\t\t\t\t<div class=\"tb-card-bottom-wrapper\">\n\t\t\t\t\t\t\t\t<div class=\"tb-card-bottom\">\n\n\t\t\t\t\t\t\t\t\t<span class=\"tb-card-bottom__title\">\n\t\t\t\t\t\t\t\t\t\t<span class=\"tb-card-bottom__place\">\n\t\t\t\t\t\t\t\t\t\t\tBasecamp, Fresvik  &#8211; Bergen\t\t\t\t\t\t\t\t\t\t\t\t\t\t\t\t\t\t\t\t\t<\/span>\n\n\t\t\t\t\t\t\t\t\t<\/span>\n\t\t\t\t\t\t\t\t\t<div class=\"tb-card-bottom__content\">\n\t\t\t\t\t\t\t\t\t\t<div>\n\t\t\t\t\t\t\t\t\t\t\t\t\t\t\t\t\t\t\t\t\t<\/div>\n\t\t\t\t\t\t\t\t\t<\/div>\n\t\t\t\t\t\t\t\t\t<div class=\"tb-card-bottom__teaser tb-unfold-on-hover__content\" data-no-translation>\n\t\t\t\t\t\t\t\t\t\t\t\t\t\t\t\t\t\t\t\t\t\t\t\t\t\t\t\t\t\tNach sechs Tagen Abenteuer in der Wildnis f\u00e4hrt der Bus am Morgen vom Basislager zur\u00fcck zum Flughafe&#8230; <span class=\"link\">Mehr lesen<\/span>\t\t\t\t\t\t\t\t\t<\/div>\n\t\t\t\t\t\t\t\t<\/div>\n\n\t\t\t\t\t\t\t<\/div>\n\t\t\t\t\t\t\t<dialog class=\"tb-popup tb-popup-with-padding tb-dayschedule-popup-wrapper\">\n\t\t\t\t\t\t\t\t<div class=\"tb-dayschedule-popup\">\n\t\t\t\t\t\t\t\t\t<h5>\n\t\t\t\t\t\t\t\t\t\t\t\t\t\t\t\t\t\t\t\t\t\t\t\t\t\t\t\t\t\t\t<div>\n\t\t\t\t\t\t\t\t\t\t\t\t\t\t\t\t\t\t\t\t\t\t\t\t\tBasecamp, Fresvik\t\t\t\t\t\t\t\t\t\t\t\t\t\t\t\t\t\t\t\t\t\t\t\t\t\t\t\t\t\t\t\t\t\t\t\t\t\t\t\t\t\t\t\t\t\t\t\t\t\t\t<i class=\"icon fa-solid fa-arrow-right\"><\/i> Bergen\t\t\t\t\t\t\t\t\t\t\t\t\t\t\t\t\t\t\t\t\t\t\t\t\t\t\t\t\t\t\t\t\t\t\t\t<\/div>\n\t\t\t\t\t\t\t\t\t\t\t\t\t\t\t\t\t\t\t<\/h5>\n\t\t\t\t\t\t\t\t\t<div class=\"tb-columns\">\n\t\t\t\t\t\t\t\t\t\t<div class=\"tb-column tb-column--text\">\n\t\t\t\t\t\t\t\t\t\t\t<div class=\"text-part\">\n\t\t\t\t\t\t\t\t\t\t\t\t\n\t\t\t\t\t\t\t\t\t\t\t\t\n\t\t\t\t\t\t\t\t\t\t\t\t<div>\n\t\t\t\t\t\t\t\t\t\t\t\t\t<strong>Tag 8<\/strong>\n\t\t\t\t\t\t\t\t\t\t\t\t\t\t\t<div class=\"translation-block\"><p>Nach sechs Tagen Abenteuer in der Wildnis f\u00e4hrt der Bus am Morgen vom Basislager zur\u00fcck zum Flughafen <strong>Bj\u00f8rgvin (Bergen)<\/strong>. Du l\u00e4sst Norwegen hinter dir und fliegst zur\u00fcck nach Hause.<\/p><\/div>\n\t\t\t\t\t\t\t\t\t\t\t\t\t<\/div>\n\n\n\t\t\t\t\t\t\t\t\t\t\t<\/div>\n\t\t\t\t\t\t\t\t\t\t<\/div>\n\t\t\t\t\t\t\t\t\t\t<div class=\"tb-column tb-column--image\">\n\n\t\t\t\t\t\t\t\t\t\t\t<div class=\"tb-image-part\">\n\t\t\t\t\t\t\t\t\t\t\t\t<img src='https:\/\/tkt.travelblox.eu\/wp-content\/uploads\/sites\/69\/2023\/10\/webisite-1024x819.png' width='1024' height='819' alt='Kajakfahren - Norwegen Fjord - Wandern in Norwegen - kayaking - ab Flughafen Br\u00fcssel' loading='lazy' image_size='large'>\t\t\t\t\t\t\t\t\t\t\t<\/div>\n\t\t\t\t\t\t\t\t\t\t<\/div>\n\t\t\t\t\t\t\t\t\t<\/div>\n\t\t\t\t\t\t\t\t\t\t\t<div class=\"tb-popup-nav\">\n\t\t\t<a href=\"#\" class=\"tb-buttonlink-with-icon tb-buttonlink-with-arrow icon-first tb-popup-previous\">\n\t\t\t\t<i class=\"icon fa fa-chevron-left\"><\/i>\n\t\t\t\t<span>Vorheriger Tag<\/span>\n\t\t\t<\/a>\n\t\t\t<a href=\"#\" class=\"tb-buttonlink-with-icon tb-buttonlink-with-arrow tb-popup-next\">\n\t\t\t\t<span>N\u00e4chster Tag<\/span>\n\t\t\t\t<i class=\"icon fa fa-chevron-right\"><\/i>\n\t\t\t<\/a>\n\t\t<\/div>\n\t\n\t\t\t\t\t\t\t\t<\/div>\n\t\t\t\t\t\t\t<\/dialog>\n\t\t\t\t\t\t<\/div>\n\t\t\t\t\t\t\t\t\t\t\t\t\t\t<\/div>\n\t\t\t\t\t\t<div class=\"tb-carousel-nav\">\n\t\t\t<div class=\"dots\">\n\t\t\t\t<div class=\"dot active\"><\/div>\n\t\t\t\t<div class=\"dot\"><\/div>\n\t\t\t\t<div class=\"dot\"><\/div>\n\t\t\t<\/div>\n\t\t\t<div class=\"arrows\">\n\t\t\t\t<div class=\"prev disabled\">\n\t\t\t\t\t<span><i class=\"fa fa-chevron-left\"><\/i><\/span>\n\t\t\t\t<\/div>\n\t\t\t\t<div class=\"next\">\n\t\t\t\t\t<span><i class=\"fa fa-chevron-right\"><\/i><\/span>\n\t\t\t\t<\/div>\n\t\t\t<\/div>\n\t\t<\/div>\n\t\t\t\t<\/div>\n\t\t<\/div>\n\t\t\t\t\t\t\t\t\t\t<\/div>\n\t\n<\/div>\n\n\n<div class=\"tb-colcompare tb-block align-center background-light pattern-default variant-cards tb-collapsible-margins\" id=\"colcompare\">\n\t<div class=\"inner-block tb-fade-in tb-fade-in--subtle\">\n\t\t<div class=\"text-part\">\n\t\t\t<h2>WARUM F\u00dcR UNSEREN KAJAK TRIP ENTSCHEIDEN?<\/h2>\n\t\t\t\t\t<div class=\"translation-block\"><\/div>\n\t\t\t<\/div>\n\t<\/div>\n\t\t\t\t\t<div class=\"inner-block-full-width has-tb-carousel tb-justified\" >\n\t\t\t<div class=\"tb-carousel-container\">\n\t\t\t\t<div class=\"entries tb-cards\" data-slider-first=\"1\">\n\t\t\t\t\t\t\t\t\t<div class=\"tb-card entry tb-fade-in tb-fade-in--subtle\">\n\t\t\t\t<div class=\"tb-image-part\">\n\t\t\t\t\t<img src='https:\/\/tkt.travelblox.eu\/wp-content\/uploads\/sites\/69\/2023\/10\/TKT23_MICHIELANNAERT_HR-16-2-768x549.jpg' width='768' height='549' alt='Mann mit Karte des Aurlandsfjords - Kajakfahren - Norwegen Fjord - Wandern in Norwegen - Kajaking - ab Flughafen Br\u00fcssel' loading='lazy' image_size='medium_large'>\t\t\t\t<\/div>\n\t\t\t\t<div class=\"tb-card-content text-part\">\n\t\t\t\t\t<h5> Zug\u00e4nglich<\/h5>\n\t\t\t\t\t\t\t<div class=\"translation-block\"><p>Es ist nicht einfach, die norwegischen Fjorde alleine mit dem Kajak zu erkunden. Dank der <strong>Unterst\u00fctzung<\/strong> unserer <strong>erfahrenen Kajakguides<\/strong> und der <strong>Travelbase-App<\/strong> ist das Abenteuer jedoch zum Greifen nah.<\/p>\n<p>Au\u00dferdem kannst du dich entscheiden, auch ein <strong>Foodpack<\/strong> und <strong>Campingmaterial<\/strong> bei uns zu mieten. So musst du dich um nichts mehr k\u00fcmmern.<\/p><\/div>\n\t\t\t\t\t\t<div class=\"tb-buttons-part\">\n\t\t\t\t\t\t\t\t\t\t\t<\/div>\n\t\t\t\t<\/div>\n\t\t\t<\/div>\n\t\t\t\t\t<div class=\"tb-card entry tb-fade-in tb-fade-in--subtle\">\n\t\t\t\t<div class=\"tb-image-part\">\n\t\t\t\t\t<img src='https:\/\/tkt.travelblox.eu\/wp-content\/uploads\/sites\/69\/2024\/10\/TKT24_RoyMosterd_8290653_LR-768x576.jpg' width='768' height='576' alt='Kajakfahrer mit nebligem Blick auf die Fjorde in Norwegen - Kajakken - Norwegen Fjord - Wandern in Norwegen - Kayaking - ab Flughafen Br\u00fcssel' loading='lazy' image_size='medium_large'>\t\t\t\t<\/div>\n\t\t\t\t<div class=\"tb-card-content text-part\">\n\t\t\t\t\t<h5> Atemberaubend<\/h5>\n\t\t\t\t\t\t\t<div class=\"translation-block\"><p>In einer Woche wirst du die sch\u00f6nsten <strong>Highlights<\/strong> des <strong>N\u00e6r\u00f8yfjord<\/strong> sehen.<\/p>\n<p>Umgeben von steilen W\u00e4nden und <strong>kristallklarem Wasser<\/strong>, kannst du von deinem Kajak aus die majest\u00e4tische Sch\u00f6nheit der Fjorde genie\u00dfen. W\u00e4hrend der Wanderungen erlebst du <strong>atemberaubende Ausblicke<\/strong> auf unber\u00fchrte norwegische Natur.<\/p><\/div>\n\t\t\t\t\t\t<div class=\"tb-buttons-part\">\n\t\t\t\t\t\t\t\t\t\t\t<\/div>\n\t\t\t\t<\/div>\n\t\t\t<\/div>\n\t\t\t\t\t<div class=\"tb-card entry tb-fade-in tb-fade-in--subtle\">\n\t\t\t\t<div class=\"tb-image-part\">\n\t\t\t\t\t<img src='https:\/\/tkt.travelblox.eu\/wp-content\/uploads\/sites\/69\/2024\/10\/TKT24_RoyMosterd_8300921_LR-768x1024.jpg' width='768' height='1024' alt='2 Wanderer in Norwegen - Kajakfahren - Norwegen Fjord - Wandern in Norwegen - Kayaking - ab Flughafen Br\u00fcssel' loading='lazy' image_size='medium_large'>\t\t\t\t<\/div>\n\t\t\t\t<div class=\"tb-card-content text-part\">\n\t\t\t\t\t<h5> Ausgewogen<\/h5>\n\t\t\t\t\t\t\t<div class=\"translation-block\"><p>Da die Eigenplanung eines Kajak-Trips nicht gerade die einfachste Herausforderung ist, organisieren wir ein <strong>ausgewogenes Wochenprogramm<\/strong> f\u00fcr dich.<\/p><p>Wir stellen f\u00fcr beide Routen den idealen Zeitplan zusammen, mit gen\u00fcgend Abwechslung zwischen Wandern und Paddeln. Letztendlich entscheidest du selbst, wie viele Wanderungen du zu deiner Reise hinzuf\u00fcgst und wie anstrengend jeder Tag wird.<\/p><p>&nbsp;<\/p><\/div>\n\t\t\t\t\t\t<div class=\"tb-buttons-part\">\n\t\t\t\t\t\t\t\t\t\t\t<\/div>\n\t\t\t\t<\/div>\n\t\t\t<\/div>\n\t\t\t\t\t\t\t\t<\/div>\n\t\t\t\t\t\t<div class=\"tb-carousel-nav\">\n\t\t\t<div class=\"dots\">\n\t\t\t\t<div class=\"dot active\"><\/div>\n\t\t\t\t<div class=\"dot\"><\/div>\n\t\t\t\t<div class=\"dot\"><\/div>\n\t\t\t<\/div>\n\t\t\t<div class=\"arrows\">\n\t\t\t\t<div class=\"prev disabled\">\n\t\t\t\t\t<span><i class=\"fa fa-chevron-left\"><\/i><\/span>\n\t\t\t\t<\/div>\n\t\t\t\t<div class=\"next\">\n\t\t\t\t\t<span><i class=\"fa fa-chevron-right\"><\/i><\/span>\n\t\t\t\t<\/div>\n\t\t\t<\/div>\n\t\t<\/div>\n\t\t\t\t<\/div>\n\t\t<\/div>\n\t\t\t<\/div>\n\n\n\n<div class=\"tb-quoteparallax tb-block align-center background-dark pattern-none variant-text_on_image\" id=\"quoteparallax\" style=\"background-image: url('https:\/\/tkt.travelblox.eu\/wp-content\/uploads\/sites\/69\/2025\/01\/TKT23_MICHIELANNAERT_HR-46.jpg');\">\n\t\t<div class=\"inner-block tb-fade-in tb-fade-in--subtle\">\n\t\t\t\t\t<div class=\"text-part\">\n\t\t\t\t<h2>Keine Minibar, aber ein Millionensterne-Hotel<\/h2>\n\t\t\t\t\t\t<div class=\"translation-block\"><p>Schlaf mitten in der Natur, mit dem sanften Pl\u00e4tschern des Fjords als Hintergrundmusik. Bei Der Kayak Trip ist dein Zelt dein Hotelzimmer und der Sternenhimmel deine Aussicht.<\/p><\/div>\n\t\t\t\t\t\t\t\t\t\t<div class=\"tb-buttons-part\">\n\t\t\t\t\t\t\t\t<a href=\"#join\"  target=\"\" class=\"tb-button\">\n\t\t\tIch mache mit!\t\t<\/a>\n\t\t\t\t\t\t\t\t\t\t<a href=\"#camping\"  target=\"\" class=\"tb-buttonlink\">\n\t\t\tmehr Info\t\t<\/a>\n\t\t\t\t\t\t\t<\/div>\n\t\t\t\t\t\t\t<\/div>\n\t\t\t\t\t<\/div>\n<\/div>\n\n\n\n<div class=\"tb-textimage2 tb-block align-left background-light pattern-default variant-image_first tb-collapsible-margins\" id=\"camping\">\n\t<div class=\"inner-block tb-fade-in\">\n\n\t\t\n\t\t<div class=\"tb-columns\">\n\t\t\t<div class=\"tb-column\">\n\t\t\t\t<div class=\"tb-text-part\">\n\t\t\t\t\t<h2>ZELTEN IN NORWEGEN<\/h2>\n\t\t\t\t\t\t\t<div class=\"translation-block\"><p>W\u00e4hrend dem <strong>Kayak Trip<\/strong> \u00fcbernachtest du in einem <strong>Zelt<\/strong>: Die erste und letzte Nacht verbringst du auf dem Basecamp, wo du Zugang zu sanit\u00e4ren Einrichtungen hast. Die anderen N\u00e4chte verbringst du mitten in den Fjorden, <strong>umgeben von atemberaubender Natur<\/strong>.<\/p><p>In Norwegen gilt das Jedermannsrecht, das Wildcampen als Grundrecht erlaubt. Trotzdem kann es in den steilen T\u00e4lern der Fjorde manchmal eine Herausforderung sein, sch\u00f6ne und gut erreichbare Schlafpl\u00e4tze zu finden. Deshalb zeigt dir unser Guide jeden Tag einen <strong>Schlafplatz in der Natur<\/strong>, an dem du dich vollst\u00e4ndig entspannen und die <strong>atemberaubenden Ausblicke<\/strong> genie\u00dfen kannst.<\/p><\/div>\n\t\t\t\t\t\t\t\t\t\t\t<div class=\"tb-buttons-part\">\n\t\t\t\t\t\t\t\t<a href=\"#join\"  target=\"\" class=\"tb-button\">\n\t\t\tJetzt buchen\t\t<\/a>\n\t\t\t\t\t\t\t\t\t\t\t\t\t<\/div>\n\t\t\t\t<\/div>\n\t\t\t<\/div>\n\t\t\t<div class=\"tb-column\">\n\t\t\t\t\t\t\t\t\t\t\t\t\t\t\t<div class=\"tb-image-part\">\n\t\t\t\t\t\t\t\t\t\t\t<div class=\"inner-block-full-width has-tb-carousel tb-carousel-slider\" >\n\t\t\t<div class=\"tb-carousel-container\">\n\t\t\t\t<div class=\"entries tb-cards\" data-slider-first=\"0\">\n\t\t\t\t\t\t\t\t\t<div class=\"entry\">\n\t\t\t\t<div class=\"tb-image-part\">\n\t\t\t\t\t<figure>\n\t\t\t\t\t\t<img src='https:\/\/tkt.travelblox.eu\/wp-content\/uploads\/sites\/69\/2025\/09\/The-Kayak-Trip-Reizen-Rens-LR-168-e1758534737545-768x725.jpg' width='768' height='725' loading='lazy' image_size='medium_large'>\t\t\t\t\t\t\t\t\t\t\t\t\t\t\t\t\t\t\t\t\t\t\t\t\t\t\t\t\t\t\t<\/figure>\n\t\t\t\t<\/div>\n\t\t\t<\/div>\n\t\t\t\t\t<div class=\"entry\">\n\t\t\t\t<div class=\"tb-image-part\">\n\t\t\t\t\t<figure>\n\t\t\t\t\t\t<img src='https:\/\/tkt.travelblox.eu\/wp-content\/uploads\/sites\/69\/2023\/10\/TKT23_MICHIELANNAERT_HR-159-scaled-e1700476224577-768x718.jpg' width='768' height='718' alt='2 Personen, die Chips mit Ziegen essen - Kajakfahren - Norwegenfjord - Wandern in Norwegen - Kayaking - ab Flughafen Br\u00fcssel' loading='lazy' image_size='medium_large'>\t\t\t\t\t\t\t\t\t\t\t\t\t\t\t\t\t\t\t\t\t\t\t\t\t\t\t\t\t\t\t<\/figure>\n\t\t\t\t<\/div>\n\t\t\t<\/div>\n\t\t\t\t\t<div class=\"entry\">\n\t\t\t\t<div class=\"tb-image-part\">\n\t\t\t\t\t<figure>\n\t\t\t\t\t\t<img src='https:\/\/tkt.travelblox.eu\/wp-content\/uploads\/sites\/69\/2025\/09\/TKT25_MikeTesselaar_WEB-156-e1758534866381-768x730.jpg' width='768' height='730' style='object-position:50% 50%' loading='lazy' image_size='medium_large'>\t\t\t\t\t\t\t\t\t\t\t\t\t\t\t\t\t\t\t\t\t\t\t\t\t\t\t\t\t\t\t<\/figure>\n\t\t\t\t<\/div>\n\t\t\t<\/div>\n\t\t\t\t\t<div class=\"entry\">\n\t\t\t\t<div class=\"tb-image-part\">\n\t\t\t\t\t<figure>\n\t\t\t\t\t\t<img src='https:\/\/tkt.travelblox.eu\/wp-content\/uploads\/sites\/69\/2023\/10\/TKT23_MICHIELANNAERT_HR-166-768x555.jpg' width='768' height='555' alt='Camping Fjorde Norwegen - Kajakfahren - Norwegen Fjord - Wandern in Norwegen - Kayaking - ab Flughafen Br\u00fcssel' loading='lazy' image_size='medium_large'>\t\t\t\t\t\t\t\t\t\t\t\t\t\t\t\t\t\t\t\t\t\t\t\t\t\t\t\t\t\t\t<\/figure>\n\t\t\t\t<\/div>\n\t\t\t<\/div>\n\t\t\t\t\t<div class=\"entry\">\n\t\t\t\t<div class=\"tb-image-part\">\n\t\t\t\t\t<figure>\n\t\t\t\t\t\t<img src='https:\/\/tkt.travelblox.eu\/wp-content\/uploads\/sites\/69\/2023\/10\/TKT23_MICHIELANNAERT_HR-118-768x512.jpg' width='768' height='512' alt='2 M\u00e4nner entspannen auf einer Wiese mit Zelten - Kajakfahren - Norwegenfjord - Wandern in Norwegen - Kayaking - ab Flughafen Br\u00fcssel' loading='lazy' image_size='medium_large'>\t\t\t\t\t\t\t\t\t\t\t\t\t\t\t\t\t\t\t\t\t\t\t\t\t\t\t\t\t\t\t<\/figure>\n\t\t\t\t<\/div>\n\t\t\t<\/div>\n\t\t\t\t\t\t\t\t<\/div>\n\t\t\t\t\t\t<div class=\"tb-carousel-nav\">\n\t\t\t<div class=\"dots\">\n\t\t\t\t<div class=\"dot active\"><\/div>\n\t\t\t\t<div class=\"dot\"><\/div>\n\t\t\t\t<div class=\"dot\"><\/div>\n\t\t\t<\/div>\n\t\t\t<div class=\"arrows\">\n\t\t\t\t<div class=\"prev disabled\">\n\t\t\t\t\t<span><i class=\"fa fa-chevron-left\"><\/i><\/span>\n\t\t\t\t<\/div>\n\t\t\t\t<div class=\"next\">\n\t\t\t\t\t<span><i class=\"fa fa-chevron-right\"><\/i><\/span>\n\t\t\t\t<\/div>\n\t\t\t<\/div>\n\t\t<\/div>\n\t\t\t\t<\/div>\n\t\t<\/div>\n\t\t\t\t\t\t\t\t<\/div>\n\t\t\t\t\t\t\t\t\t\t\t\t<\/div>\n\t\t<\/div>\n\t<\/div>\n<\/div>\n\n<div class=\"tb-practical tb-block align-none background-light pattern-none variant-none tb-collapsible-margins\" id=\"practical\">\n\t<div class=\"inner-block tb-fade-in\">\n\t\t<div class=\"text-part\">\n\t\t\t<h2>Weitere Infos<\/h2>\n\t\t\t\t\t<div class=\"translation-block\"><\/div>\n\t\t\t<\/div>\n\t<\/div>\n\t<div class=\"inner-block tb-fade-in\">\n\t\t\t\t\t<div class=\"practical-cols\">\n\t\t\t\t<div class=\"practical-nav-container\">\n\t\t\t\t\t<ul class=\"practical-nav tb-style-block\">\n\t\t\t\t\t\t\t\t\t\t\t\t\t<li><a href=\"#practical-block-0\">Wann<\/a><\/li>\n\t\t\t\t\t\t\t\t\t\t\t\t\t<li><a href=\"#practical-block-1\">Inklusive<\/a><\/li>\n\t\t\t\t\t\t\t\t\t\t\t\t\t<li><a href=\"#practical-block-2\">Optional<\/a><\/li>\n\t\t\t\t\t\t\t\t\t\t\t\t\t<li><a href=\"#practical-block-3\">Wie komme ich dorthin?<\/a><\/li>\n\t\t\t\t\t\t\t\t\t\t\t<\/ul>\n\t\t\t\t<\/div>\n\t\t\t\t<div class=\"tb-accordion tb-accordion--animation tb-accordion-mobile-only text-part\">\n\t\t\t\t\t\t\t\t\t\t\t<div class=\"details\" id=\"practical-block-0\">\n\t\t\t\t\t\t\t<div class=\"summary\">\n\t\t\t\t\t\t\t\t\t\t\t\t<i class=\"icon fa-solid fa-calendar-week tb-style-block\" aria-hidden=\"true\"><\/i>\n\t\t\t Wann\t\t\t\t\t\t\t<\/div>\n\t\t\t\t\t\t\t<div class=\"content\">\n\t\t\t\t\t\t\t\t\t\t<div class=\"translation-block\"><p><strong>Der Kayak Trip<\/strong> dauert <strong>acht Tage<\/strong>. 2026 kannst du <strong>zwischen Juli und September<\/strong> die norwegischen Fjorde per Kajak entdecken.<\/p><p><a href=\"#join\">Entdecke hier die genauen Termine<\/a>.<\/p><\/div>\n\t\t\t\t\t\t\t\t<\/div>\n\t\t\t\t\t\t<\/div>\n\t\t\t\t\t\t\t\t\t\t\t<div class=\"details\" id=\"practical-block-1\">\n\t\t\t\t\t\t\t<div class=\"summary\">\n\t\t\t\t\t\t\t\t\t\t\t\t<i class=\"icon fa-solid fa-money-bills tb-style-block\" aria-hidden=\"true\"><\/i>\n\t\t\t Inklusive\t\t\t\t\t\t\t<\/div>\n\t\t\t\t\t\t\t<div class=\"content\">\n\t\t\t\t\t\t\t\t\t\t<div class=\"translation-block\"><ul><li>Kajak + Paddel<\/li><li>Schwimmweste<\/li><li>7 Camping\u00fcbernachtungen mitten in den norwegischen Fjorden (Campingmaterial optional)<\/li><li>Komplett ausgearbeitete Route entlang der besten Highlights<\/li><li>Die ganze Woche Kajak-Anweisungen von erfahrenen Guides<\/li><li>Interaktive App + Notrufknopf<\/li><\/ul><\/div>\n\t\t\t\t\t\t\t\t<\/div>\n\t\t\t\t\t\t<\/div>\n\t\t\t\t\t\t\t\t\t\t\t<div class=\"details\" id=\"practical-block-2\">\n\t\t\t\t\t\t\t<div class=\"summary\">\n\t\t\t\t\t\t\t\t\t\t\t\t<i class=\"icon fa-solid fa-plus tb-style-block\" aria-hidden=\"true\"><\/i>\n\t\t\t Optional\t\t\t\t\t\t\t<\/div>\n\t\t\t\t\t\t\t<div class=\"content\">\n\t\t\t\t\t\t\t\t\t\t<div class=\"translation-block\"><ul><li>Hin- und R\u00fcckflug nach Bergen, inkl. Shuttle von und zum Basecamp: ab 275 \u20ac<\/li><li>Aufgabegep\u00e4ck: 55 \u20ac<\/li><li>Campingausr\u00fcstung (Zelt, Schlafsack, Isomatte und Liner): 79 \u20ac<\/li><li>Shuttlebus von und zum Flughafen Bergen: 95 \u20ac<\/li><li>Kajakjacke: 45 \u20ac<\/li><li>Adventure Foodpack: ab 107 \u20ac<\/li><li><p><a href=\"https:\/\/derkayaktrip.de\/de\/travelinsurance\/\">Reiser\u00fccktrittsversicherung<\/a>: 69 \u20ac<br>&nbsp;<\/p><p><a href=\"#options\">Mehr Infos zu den zus\u00e4tzlichen Optionen findest du hier.<\/a><\/p><\/li><\/ul><\/div>\n\t\t\t\t\t\t\t\t<\/div>\n\t\t\t\t\t\t<\/div>\n\t\t\t\t\t\t\t\t\t\t\t<div class=\"details\" id=\"practical-block-3\">\n\t\t\t\t\t\t\t<div class=\"summary\">\n\t\t\t\t\t\t\t\t\t\t\t\t<i class=\"icon fa-solid fa-plane tb-style-block\" aria-hidden=\"true\"><\/i>\n\t\t\t Wie komme ich dorthin?\t\t\t\t\t\t\t<\/div>\n\t\t\t\t\t\t\t<div class=\"content\">\n\t\t\t\t\t\t\t\t\t\t<div class=\"translation-block\"><p>Unser Basislager befindet sich in Fresvik, einem kleinen Dorf im Nirgendwo. Der einfachste Weg, hierher zu kommen, ist mit dem Flugzeug und unserem Shuttle. <a href=\"#options\">Entdecke die verschiedenen M\u00f6glichkeiten<\/a>, um unser Basislager zu erreichen, und w\u00e4hle die Option, die am besten zu dir passt.<\/p><\/div>\n\t\t\t\t\t\t\t\t<\/div>\n\t\t\t\t\t\t<\/div>\n\t\t\t\t\t\t\t\t\t<\/div>\n\t\t\t<\/div>\n\t\t\t<\/div>\n<\/div>\n\n\n<div class=\"tb-magazine tb-block align-none background-light pattern-none variant-none tb-collapsible-margins\" id=\"magazine\">\n\t<div class=\"inner-block tb-image-orientation-landscape tb-fade-in tb-fade-in--subtle\">\n\t\t<div class=\"inner-inner-block tb-image-alignment--center\">\n\t\t\t<div class=\"tb-magazine-image\">\n\t\t\t\t<img src='https:\/\/tkt.travelblox.eu\/wp-content\/uploads\/sites\/69\/2024\/12\/mockup-featuring-an-open-magazine-lying-under-a-closed-one-3392-el1-e1733744892837.png' width='1556' height='1284' alt='Kajakfahren - Norwegen Fjord - Wandern in Norwegen - kayaking - ab Flughafen Br\u00fcssel' loading='lazy'>\t\t\t<\/div>\n\t\t\t<div class=\"text-part\">\n\t\t\t\t<h2>Erhalte das Magazin vom Kayak Trip.<\/h2>\n\t\t\t\t\t\t<div class=\"translation-block\"><p>Willst du zuerst mehr erfahren? Tauche ein in das brandneue Kayak Trip Magazin!<\/p>\n<p>Bekomme einen klaren Eindruck davon, was dich erwartet, lies Reiseberichte von anderen Abenteurern und bereite dich optimal mit der Packliste und weiteren Tipps vor, die du im Magazin findest. Dein Sommerabenteuer beginnt hier!<\/p><\/div>\n\t\t\t\t\t<div class=\"tb-buttons-part\">\n\t\t\t\t\t\t\t<a href=\"https:\/\/travelbase.typeform.com\/tktmagazineDE\"  target=\"_blank\" data-mode=\"popup\" data-url=\"https:\/\/travelbase.typeform.com\/tktmagazine\" class=\"tb-button typeform-share\">\n\t\t\tLade das Magazin herunter\t\t<\/a>\n\t\t\t\t\t<script>\n\t\t\t\t(function() {\n\t\t\t\t\tvar qs, js, q, s, d = document,\n\t\t\t\t\t\tgi = d.getElementById,\n\t\t\t\t\t\tce = d.createElement,\n\t\t\t\t\t\tgt = d.getElementsByTagName,\n\t\t\t\t\t\tid = \"typef_orm_share\",\n\t\t\t\t\t\tb = \"https:\/\/embed.typeform.com\/\";\n\t\t\t\t\tif (!gi.call(d, id)) {\n\t\t\t\t\t\tjs = ce.call(d, \"script\");\n\t\t\t\t\t\tjs.id = id;\n\t\t\t\t\t\tjs.src = b + \"embed.js\";\n\t\t\t\t\t\tq = gt.call(d, \"script\")[0];\n\t\t\t\t\t\tq.parentNode.insertBefore(js, q);\n\t\t\t\t\t}\n\t\t\t\t})();\n\t\t\t<\/script>\n\t\t\t\t\t\t\t\t\t\t\t<\/div>\n\t\t\t<\/div>\n\t\t<\/div>\n\t<\/div>\n<\/div>\n\n\n\n<div class=\"tb-gallery tb-block align-center background-light pattern-none variant-grid\" id=\"gallery-1\">\n\t<div>\n\t\t<div class=\"desktop tb-has-popup-content\">\n\t\t\t\t\t\t\t<ul class=\"tb-gallery-grid\">\n\t\t\t\t\t\t\t\t\t\t\t\t\t\t\t\t\t\t<li class=\"slide\">\n\t\t\t\t\t\t\t\t<div class=\"tb-popup-trigger\">\n\t\t\t\t\t\t\t\t\t<img src='https:\/\/tkt.travelblox.eu\/wp-content\/uploads\/sites\/69\/2025\/09\/The-Kayak-Trip-Reizen-Rens-LR-451.jpg' width='1250' height='834' loading='lazy'>\t\t\t\t\t\t\t\t<\/div>\n\t\t\t\t\t\t\t<\/li>\n\t\t\t\t\t\t\t\t\t\t\t\t\t<li class=\"slide\">\n\t\t\t\t\t\t\t\t<div class=\"tb-popup-trigger\">\n\t\t\t\t\t\t\t\t\t<img src='https:\/\/tkt.travelblox.eu\/wp-content\/uploads\/sites\/69\/2025\/09\/The-Kayak-Trip-Reizen-Rens-LR-435.jpg' width='1250' height='834' loading='lazy'>\t\t\t\t\t\t\t\t<\/div>\n\t\t\t\t\t\t\t<\/li>\n\t\t\t\t\t\t\t\t\t\t\t\t\t<li class=\"slide\">\n\t\t\t\t\t\t\t\t<div class=\"tb-popup-trigger\">\n\t\t\t\t\t\t\t\t\t<img src='https:\/\/tkt.travelblox.eu\/wp-content\/uploads\/sites\/69\/2025\/09\/The-Kayak-Trip-Reizen-Rens-LR-365-e1758288444578.jpg' width='1250' height='834' loading='lazy'>\t\t\t\t\t\t\t\t<\/div>\n\t\t\t\t\t\t\t<\/li>\n\t\t\t\t\t\t\t\t\t\t\t\t\t\t\t<\/ul>\n\t\t\t\t\t\t<div class=\"tb-popup tb-popup--open-clicked-image\">\n\t\t\t\t<div class=\"tb-gallery-popup\">\n\t\t\t\t\t<div class=\"tb-image-part\">\n\t\t\t\t\t\t\t\t\t\t<div class=\"inner-block-full-width has-tb-carousel tb-carousel-slider\" >\n\t\t\t<div class=\"tb-carousel-container\">\n\t\t\t\t<div class=\"entries tb-cards\" data-slider-first=\"2\">\n\t\t\t\t\t\t\t\t\t<div class=\"entry\">\n\t\t\t\t<div class=\"tb-image-part\">\n\t\t\t\t\t<figure>\n\t\t\t\t\t\t<img src='https:\/\/tkt.travelblox.eu\/wp-content\/uploads\/sites\/69\/2025\/09\/The-Kayak-Trip-Reizen-Rens-LR-451.jpg' width='1250' height='834' loading='lazy' image_size='full'>\t\t\t\t\t\t\t\t\t\t\t<\/figure>\n\t\t\t\t<\/div>\n\t\t\t<\/div>\n\t\t\t\t\t<div class=\"entry\">\n\t\t\t\t<div class=\"tb-image-part\">\n\t\t\t\t\t<figure>\n\t\t\t\t\t\t<img src='https:\/\/tkt.travelblox.eu\/wp-content\/uploads\/sites\/69\/2025\/09\/The-Kayak-Trip-Reizen-Rens-LR-435.jpg' width='1250' height='834' loading='lazy' image_size='full'>\t\t\t\t\t\t\t\t\t\t\t<\/figure>\n\t\t\t\t<\/div>\n\t\t\t<\/div>\n\t\t\t\t\t<div class=\"entry\">\n\t\t\t\t<div class=\"tb-image-part\">\n\t\t\t\t\t<figure>\n\t\t\t\t\t\t<img src='https:\/\/tkt.travelblox.eu\/wp-content\/uploads\/sites\/69\/2025\/09\/The-Kayak-Trip-Reizen-Rens-LR-365-e1758288444578.jpg' width='1250' height='834' loading='lazy' image_size='full'>\t\t\t\t\t\t\t\t\t\t\t<\/figure>\n\t\t\t\t<\/div>\n\t\t\t<\/div>\n\t\t\t\t\t\t\t\t<\/div>\n\t\t\t\t\t\t<div class=\"tb-carousel-nav\">\n\t\t\t<div class=\"dots\">\n\t\t\t\t<div class=\"dot active\"><\/div>\n\t\t\t\t<div class=\"dot\"><\/div>\n\t\t\t\t<div class=\"dot\"><\/div>\n\t\t\t<\/div>\n\t\t\t<div class=\"arrows\">\n\t\t\t\t<div class=\"prev disabled\">\n\t\t\t\t\t<span><i class=\"fa fa-chevron-left\"><\/i><\/span>\n\t\t\t\t<\/div>\n\t\t\t\t<div class=\"next\">\n\t\t\t\t\t<span><i class=\"fa fa-chevron-right\"><\/i><\/span>\n\t\t\t\t<\/div>\n\t\t\t<\/div>\n\t\t<\/div>\n\t\t\t\t<\/div>\n\t\t<\/div>\n\t\t\t\t\t\t\t<\/div>\n\t\t\t\t<\/div>\n\t\t\t<\/div>\n\t\t<\/div>\n\t\t<div class=\"mobile\">\n\t\t\t<div class=\"tb-image-part\">\n\t\t\t\t\t\t\t\t<div class=\"inner-block-full-width has-tb-carousel tb-carousel-slider\" >\n\t\t\t<div class=\"tb-carousel-container\">\n\t\t\t\t<div class=\"entries tb-cards\" data-slider-first=\"0\">\n\t\t\t\t\t\t\t\t\t<div class=\"entry\">\n\t\t\t\t<div class=\"tb-image-part\">\n\t\t\t\t\t<figure>\n\t\t\t\t\t\t<img src='https:\/\/tkt.travelblox.eu\/wp-content\/uploads\/sites\/69\/2025\/09\/The-Kayak-Trip-Reizen-Rens-LR-451-768x512.jpg' width='768' height='512' loading='lazy' image_size='medium_large'>\t\t\t\t\t\t\t\t\t\t\t<\/figure>\n\t\t\t\t<\/div>\n\t\t\t<\/div>\n\t\t\t\t\t<div class=\"entry\">\n\t\t\t\t<div class=\"tb-image-part\">\n\t\t\t\t\t<figure>\n\t\t\t\t\t\t<img src='https:\/\/tkt.travelblox.eu\/wp-content\/uploads\/sites\/69\/2025\/09\/The-Kayak-Trip-Reizen-Rens-LR-435-768x512.jpg' width='768' height='512' loading='lazy' image_size='medium_large'>\t\t\t\t\t\t\t\t\t\t\t<\/figure>\n\t\t\t\t<\/div>\n\t\t\t<\/div>\n\t\t\t\t\t<div class=\"entry\">\n\t\t\t\t<div class=\"tb-image-part\">\n\t\t\t\t\t<figure>\n\t\t\t\t\t\t<img src='https:\/\/tkt.travelblox.eu\/wp-content\/uploads\/sites\/69\/2025\/09\/The-Kayak-Trip-Reizen-Rens-LR-365-e1758288444578-768x512.jpg' width='768' height='512' loading='lazy' image_size='medium_large'>\t\t\t\t\t\t\t\t\t\t\t<\/figure>\n\t\t\t\t<\/div>\n\t\t\t<\/div>\n\t\t\t\t\t\t\t\t<\/div>\n\t\t\t\t\t\t<div class=\"tb-carousel-nav\">\n\t\t\t<div class=\"dots\">\n\t\t\t\t<div class=\"dot active\"><\/div>\n\t\t\t\t<div class=\"dot\"><\/div>\n\t\t\t\t<div class=\"dot\"><\/div>\n\t\t\t<\/div>\n\t\t\t<div class=\"arrows\">\n\t\t\t\t<div class=\"prev disabled\">\n\t\t\t\t\t<span><i class=\"fa fa-chevron-left\"><\/i><\/span>\n\t\t\t\t<\/div>\n\t\t\t\t<div class=\"next\">\n\t\t\t\t\t<span><i class=\"fa fa-chevron-right\"><\/i><\/span>\n\t\t\t\t<\/div>\n\t\t\t<\/div>\n\t\t<\/div>\n\t\t\t\t<\/div>\n\t\t<\/div>\n\t\t\t\t\t<\/div>\n\t\t<\/div>\n\t<\/div>\n<\/div>\n\n\n\n<div class=\"tb-highlights tb-block align-center background-light pattern-default variant-none tb-collapsible-margins\" id=\"options\">\n\t<div class=\"inner-block tb-fade-in tb-fade-in--subtle\">\n\t\t<div class=\"text-part\">\n\t\t\t<h2>EXTRA OPTIONEN<\/h2>\n\t\t\t\t\t<div class=\"translation-block\"><\/div>\n\t\t\t\t\t<div class=\"section-toggler\">\n\t\t<div class=\"section-toggler__inner\">\n\t\t\t<div class=\"section-toggler__toggles-wrapper\">\n\t\t\t\t<div class=\"section-toggler__toggles\">\n\t\t\t\t\t\t\t\t\t\t\t<input type=\"radio\" name=\"options-section\" value=\"options-section-0\" id=\"options-section-0-label\" checked class=\"\" \/>\n\t\t\t\t\t\t<label for=\"options-section-0-label\" data-target-id=\"options-section-0\" class=\"\">\n\t\t\t\t\t\t\tTransport\t\t\t\t\t\t\t\t\t\t\t\t\t<\/label>\n\t\t\t\t\t\t\t\t\t\t\t<input type=\"radio\" name=\"options-section\" value=\"options-section-1\" id=\"options-section-1-label\"  class=\"\" \/>\n\t\t\t\t\t\t<label for=\"options-section-1-label\" data-target-id=\"options-section-1\" class=\"\">\n\t\t\t\t\t\t\tZus\u00e4tzliches Material\t\t\t\t\t\t\t\t\t\t\t\t\t<\/label>\n\t\t\t\t\t\t\t\t\t\t\t<input type=\"radio\" name=\"options-section\" value=\"options-section-2\" id=\"options-section-2-label\"  class=\"\" \/>\n\t\t\t\t\t\t<label for=\"options-section-2-label\" data-target-id=\"options-section-2\" class=\"\">\n\t\t\t\t\t\t\tVersicherungen\t\t\t\t\t\t\t\t\t\t\t\t\t<\/label>\n\t\t\t\t\t\t\t\t\t<\/div>\n\t\t\t<\/div>\n\t\t<\/div>\n\t<\/div>\n\t\t\t<\/div>\n\t<\/div>\n\t\t\t<div class=\"tb-sections tb-fade-in tb-fade-in--subtle\">\n\t\t\t\t\t\t\t\t\t\t\t\t\t\t<div class=\"inner-block-full-width has-tb-carousel tb-section\" id=\"options-section-0\">\n\t\t\t<div class=\"tb-carousel-container\">\n\t\t\t\t<div class=\"entries tb-cards\" data-slider-first=\"1\">\n\t\t\t\t\t\t\t\t\t\t\t\t\t\t\t<div class=\"tb-card entry tb-popup-trigger desktop-only-popup\">\n\t\t\t\t\t\t\t<div class=\"tb-image-part desktop\">\n\t\t\t\t\t\t\t\t<img src='https:\/\/tkt.travelblox.eu\/wp-content\/uploads\/sites\/69\/2023\/10\/TKT23_MICHIELANNAERT_HR-109-scaled-e1710346936795.jpg' width='2048' height='1293' alt='2 M\u00e4nner tanzen im Wasserfall - Kajakfahren - Norwegen Fjord - Wandern in Norwegen - Kayaking - ab Flughafen Br\u00fcssel' loading='lazy'>\t\t\t\t\t\t\t\t\t\t\t\t\t\t\t\t\t\t\t\t\t\t\t\t\t<div class=\"price tiny-body-font desktop translation-block\"><p>Ab \u20ac275<\/p><\/div>\t\t\t\t\t\t\t<\/div>\n\t\t\t\t\t\t\t<div class=\"tb-image-part mobile\">\n\t\t\t\t\t\t\t\t<img src='https:\/\/tkt.travelblox.eu\/wp-content\/uploads\/sites\/69\/2023\/10\/TKT23_MICHIELANNAERT_HR-109-scaled-e1710346936795-768x485.jpg' width='768' height='485' alt='2 M\u00e4nner tanzen im Wasserfall - Kajakfahren - Norwegen Fjord - Wandern in Norwegen - Kayaking - ab Flughafen Br\u00fcssel' loading='lazy' image_size='medium_large'>\t\t\t\t\t\t\t\t\t\t\t\t\t\t\t<\/div>\n\t\t\t\t\t\t\t<div class=\"tb-card-content\">\n\t\t\t\t\t\t\t\t<h5>\n\t\t\t\t\t\t\t\t\t\t\t\t\t\t\t\t\t\t<span>Fl\u00fcge + Shuttle (+ Gep\u00e4ck)<\/span>\n\t\t\t\t\t\t\t\t<\/h5>\n\t\t\t\t\t\t\t\t\t\t\t\t\t\t\t\t\t<div class=\"price tiny-body-font mobile\"><p>Ab \u20ac275<\/p><\/div>\t\t\t\t\t\t\t\t<div class=\"content readmore-content content--clamped\">\t\t<div class=\"translation-block\"><p><strong>Option 1: Buche deine Fl\u00fcge \u00fcber Der Kajak Trip<\/strong><br>In diesem Sommer bieten wir Fl\u00fcge ab dem Flughafen <strong>Br\u00fcssel<\/strong> (Zaventem Airport) nach <strong>Norwegen<\/strong> (Bergen Airport) an. Die Fl\u00fcge passen perfekt in den Reiseplan und sind <strong>inklusive Airport-Shuttle<\/strong> zu und von dem Basecamp.Die Flugzeiten lauten:<br>&nbsp;<\/p><ul><li>Hinflug: Abflug am <strong>Montag um 14:00 Uhr<\/strong> ab <strong>Br\u00fcssel-Zaventem<\/strong>, Ankunft in <strong>Bergen<\/strong> um <strong>15:55 Uhr<\/strong>.<\/li><li>R\u00fcckflug: Abflug am <strong>Montag um 11:15 Uhr<\/strong> ab <strong>Bergen Airport<\/strong>, Ankunft in <strong>Br\u00fcssel-Zaventem<\/strong> um <strong>13:15 Uhr<\/strong>.<\/li><li><strong>Optional<\/strong> kannst du hier ein <strong>Aufgabegep\u00e4ck<\/strong> f\u00fcr 55 \u20ac dazubuchen.<\/li><\/ul><p><strong>Option 2: Buche deine eigenen Fl\u00fcge<\/strong><br>Du m\u00f6chtest lieber von einem anderen Flughafen aus abfliegen? Das ist \u00fcberhaupt kein Problem. Bei dieser Option gibt es 2 Dinge zu beachten:<br>&nbsp;<\/p><ol><li>Du musst den Flughafen-Shuttle zum Basecamp separat zu deiner Buchung hinzuf\u00fcgen<\/li><li>Achte bei der Buchung auf die Shuttle-Zeiten, sodass du diesen ohne Probleme nutzen kannst.<\/li><\/ol><p>M\u00f6chtest du sichergehen, dass die Flugzeiten passig sind? Dann kontaktiere uns gerne per E-Mail oder chatte mit unserem Chatbot Atlas.Weitere Infos findest du <a href=\"https:\/\/travelbase.de\/faq-haeufig-gestellte-fragen\/\" target=\"_blank\">hier<\/a>.<\/p><p>Sind unsere Fl\u00fcge ausverkauft? Kein Problem! Du kannst die Reise auch ohne Fl\u00fcge buchen und deinen <strong>eigenen Flug<\/strong> organisieren. Beachte: In diesem Fall musst du den <strong>Airport-Shuttle separat buchen.<\/strong><\/p><p><strong>Optional<\/strong> kannst du <strong>Aufgabegep\u00e4ck<\/strong> f\u00fcr 55 \u20ac dazubuchen.<br>&nbsp;<\/p><\/div>\n\t<\/div>\n\t\t\t\t\t\t\t\t\t\t\t\t\t\t\t\t<div class=\"readmore link js-readmore\">\n\t\t\t\t\t\t\t\t\t<span><i class=\"fa-solid fa-circle-plus\"><\/i><u>Mehr lesen<\/u><\/span>\n\t\t\t\t\t\t\t\t\t<span><i class=\"fa-solid fa-circle-minus\"><\/i><u>Weniger lesen<\/u><\/span>\n\t\t\t\t\t\t\t\t<\/div>\n\t\t\t\t\t\t\t\t\t\t\t\t\t\t\t\t<dialog class=\"tb-popup\">\n\t\t\t\t\t\t\t\t\t<div class=\"tb-highlights-popup\">\n\t\t\t\t\t\t\t\t\t\t<div class=\"tb-image-part\">\n\t\t\t\t\t\t\t\t\t\t\t<img src='https:\/\/tkt.travelblox.eu\/wp-content\/uploads\/sites\/69\/2023\/10\/TKT23_MICHIELANNAERT_HR-109-scaled-e1710346936795-768x485.jpg' width='768' height='485' alt='2 M\u00e4nner tanzen im Wasserfall - Kajakfahren - Norwegen Fjord - Wandern in Norwegen - Kayaking - ab Flughafen Br\u00fcssel' loading='lazy' image_size='medium_large'>\t\t\t\t\t\t\t\t\t\t<\/div>\n\t\t\t\t\t\t\t\t\t\t<div class=\"tb-popup-content\">\n\t\t\t\t\t\t\t\t\t\t\t<h5>Fl\u00fcge + Shuttle (+ Gep\u00e4ck)<\/h5>\n\t\t\t\t\t\t\t\t\t\t\t<div class=\"content\">\t\t<div class=\"translation-block\"><p><strong>Option 1: Buche deine Fl\u00fcge \u00fcber Der Kajak Trip<\/strong><br>In diesem Sommer bieten wir Fl\u00fcge ab dem Flughafen <strong>Br\u00fcssel<\/strong> (Zaventem Airport) nach <strong>Norwegen<\/strong> (Bergen Airport) an. Die Fl\u00fcge passen perfekt in den Reiseplan und sind <strong>inklusive Airport-Shuttle<\/strong> zu und von dem Basecamp.Die Flugzeiten lauten:<br>&nbsp;<\/p><ul><li>Hinflug: Abflug am <strong>Montag um 14:00 Uhr<\/strong> ab <strong>Br\u00fcssel-Zaventem<\/strong>, Ankunft in <strong>Bergen<\/strong> um <strong>15:55 Uhr<\/strong>.<\/li><li>R\u00fcckflug: Abflug am <strong>Montag um 11:15 Uhr<\/strong> ab <strong>Bergen Airport<\/strong>, Ankunft in <strong>Br\u00fcssel-Zaventem<\/strong> um <strong>13:15 Uhr<\/strong>.<\/li><li><strong>Optional<\/strong> kannst du hier ein <strong>Aufgabegep\u00e4ck<\/strong> f\u00fcr 55 \u20ac dazubuchen.<\/li><\/ul><p><strong>Option 2: Buche deine eigenen Fl\u00fcge<\/strong><br>Du m\u00f6chtest lieber von einem anderen Flughafen aus abfliegen? Das ist \u00fcberhaupt kein Problem. Bei dieser Option gibt es 2 Dinge zu beachten:<br>&nbsp;<\/p><ol><li>Du musst den Flughafen-Shuttle zum Basecamp separat zu deiner Buchung hinzuf\u00fcgen<\/li><li>Achte bei der Buchung auf die Shuttle-Zeiten, sodass du diesen ohne Probleme nutzen kannst.<\/li><\/ol><p>M\u00f6chtest du sichergehen, dass die Flugzeiten passig sind? Dann kontaktiere uns gerne per E-Mail oder chatte mit unserem Chatbot Atlas.Weitere Infos findest du <a href=\"https:\/\/travelbase.de\/faq-haeufig-gestellte-fragen\/\" target=\"_blank\">hier<\/a>.<\/p><p>Sind unsere Fl\u00fcge ausverkauft? Kein Problem! Du kannst die Reise auch ohne Fl\u00fcge buchen und deinen <strong>eigenen Flug<\/strong> organisieren. Beachte: In diesem Fall musst du den <strong>Airport-Shuttle separat buchen.<\/strong><\/p><p><strong>Optional<\/strong> kannst du <strong>Aufgabegep\u00e4ck<\/strong> f\u00fcr 55 \u20ac dazubuchen.<br>&nbsp;<\/p><\/div>\n\t<\/div>\n\t\t\t\t\t\t\t\t\t\t<\/div>\n\t\t\t\t\t\t\t\t\t<\/div>\n\t\t\t\t\t\t\t\t<\/dialog>\n\t\t\t\t\t\t\t<\/div>\n\t\t\t\t\t\t<\/div>\n\t\t\t\t\t\t\t\t\t\t\t<div class=\"tb-card entry tb-popup-trigger desktop-only-popup\">\n\t\t\t\t\t\t\t<div class=\"tb-image-part desktop\">\n\t\t\t\t\t\t\t\t<img src='https:\/\/tkt.travelblox.eu\/wp-content\/uploads\/sites\/69\/2023\/10\/TKT23_MICHIELANNAERT_LR_v2-6-scaled-e1728917941951.jpg' width='2048' height='1721' alt='Mann taucht in Fjorden - Kajakfahren - Norwegen Fjord - Wandern in Norwegen - Kayaking - ab Flughafen Br\u00fcssel' loading='lazy'>\t\t\t\t\t\t\t\t\t\t\t\t\t\t\t\t\t\t\t\t\t\t\t\t\t<div class=\"price tiny-body-font desktop translation-block\"><p>\u20ac95<\/p><\/div>\t\t\t\t\t\t\t<\/div>\n\t\t\t\t\t\t\t<div class=\"tb-image-part mobile\">\n\t\t\t\t\t\t\t\t<img src='https:\/\/tkt.travelblox.eu\/wp-content\/uploads\/sites\/69\/2023\/10\/TKT23_MICHIELANNAERT_LR_v2-6-scaled-e1728917941951-768x645.jpg' width='768' height='645' alt='Mann taucht in Fjorden - Kajakfahren - Norwegen Fjord - Wandern in Norwegen - Kayaking - ab Flughafen Br\u00fcssel' loading='lazy' image_size='medium_large'>\t\t\t\t\t\t\t\t\t\t\t\t\t\t\t<\/div>\n\t\t\t\t\t\t\t<div class=\"tb-card-content\">\n\t\t\t\t\t\t\t\t<h5>\n\t\t\t\t\t\t\t\t\t\t\t\t\t\t\t\t\t\t<span>Shuttle<\/span>\n\t\t\t\t\t\t\t\t<\/h5>\n\t\t\t\t\t\t\t\t\t\t\t\t\t\t\t\t\t<div class=\"price tiny-body-font mobile\"><p>\u20ac95<\/p><\/div>\t\t\t\t\t\t\t\t<div class=\"content readmore-content content--clamped\">\t\t<div class=\"translation-block\"><ul><li><strong>Abflug<\/strong> ab Flughafen Bergen am Montag: <strong>16:45 Uhr<\/strong><\/li><li><strong>R\u00fcckkehr<\/strong> am Flughafen Bergen am letzten Montag: <strong>09:15 Uhr<\/strong><\/li><\/ul><p>Das <strong>Kayak Trip Basecamp<\/strong> liegt in Fresvik, einem charmanten, aber abgelegenen Dorf. Fliegst du nach Norwegen, ist die einfachste Option, unseren Airport-Shuttle zu nutzen. Der Shuttle holt dich f\u00fcr <strong>95 \u20ac<\/strong> am <strong>Flughafen Bergen<\/strong> ab und bringt dich eine Woche sp\u00e4ter wieder zur\u00fcck.<\/p><p>Wenn du deine Fl\u00fcge selbst buchst, achte bitte darauf, dass die Flugzeiten mit den Shuttlezeiten \u00fcbereinstimmen, sonst musst du selbst f\u00fcr den Transport zum Basecamp sorgen.<\/p><\/div>\n\t<\/div>\n\t\t\t\t\t\t\t\t\t\t\t\t\t\t\t\t<div class=\"readmore link js-readmore\">\n\t\t\t\t\t\t\t\t\t<span><i class=\"fa-solid fa-circle-plus\"><\/i><u>Mehr lesen<\/u><\/span>\n\t\t\t\t\t\t\t\t\t<span><i class=\"fa-solid fa-circle-minus\"><\/i><u>Weniger lesen<\/u><\/span>\n\t\t\t\t\t\t\t\t<\/div>\n\t\t\t\t\t\t\t\t\t\t\t\t\t\t\t\t<dialog class=\"tb-popup\">\n\t\t\t\t\t\t\t\t\t<div class=\"tb-highlights-popup\">\n\t\t\t\t\t\t\t\t\t\t<div class=\"tb-image-part\">\n\t\t\t\t\t\t\t\t\t\t\t<img src='https:\/\/tkt.travelblox.eu\/wp-content\/uploads\/sites\/69\/2023\/10\/TKT23_MICHIELANNAERT_LR_v2-6-scaled-e1728917941951-768x645.jpg' width='768' height='645' alt='Mann taucht in Fjorden - Kajakfahren - Norwegen Fjord - Wandern in Norwegen - Kayaking - ab Flughafen Br\u00fcssel' loading='lazy' image_size='medium_large'>\t\t\t\t\t\t\t\t\t\t<\/div>\n\t\t\t\t\t\t\t\t\t\t<div class=\"tb-popup-content\">\n\t\t\t\t\t\t\t\t\t\t\t<h5>Shuttle<\/h5>\n\t\t\t\t\t\t\t\t\t\t\t<div class=\"content\">\t\t<div class=\"translation-block\"><ul><li><strong>Abflug<\/strong> ab Flughafen Bergen am Montag: <strong>16:45 Uhr<\/strong><\/li><li><strong>R\u00fcckkehr<\/strong> am Flughafen Bergen am letzten Montag: <strong>09:15 Uhr<\/strong><\/li><\/ul><p>Das <strong>Kayak Trip Basecamp<\/strong> liegt in Fresvik, einem charmanten, aber abgelegenen Dorf. Fliegst du nach Norwegen, ist die einfachste Option, unseren Airport-Shuttle zu nutzen. Der Shuttle holt dich f\u00fcr <strong>95 \u20ac<\/strong> am <strong>Flughafen Bergen<\/strong> ab und bringt dich eine Woche sp\u00e4ter wieder zur\u00fcck.<\/p><p>Wenn du deine Fl\u00fcge selbst buchst, achte bitte darauf, dass die Flugzeiten mit den Shuttlezeiten \u00fcbereinstimmen, sonst musst du selbst f\u00fcr den Transport zum Basecamp sorgen.<\/p><\/div>\n\t<\/div>\n\t\t\t\t\t\t\t\t\t\t<\/div>\n\t\t\t\t\t\t\t\t\t<\/div>\n\t\t\t\t\t\t\t\t<\/dialog>\n\t\t\t\t\t\t\t<\/div>\n\t\t\t\t\t\t<\/div>\n\t\t\t\t\t\t\t\t\t\t\t<div class=\"tb-card entry tb-popup-trigger desktop-only-popup\">\n\t\t\t\t\t\t\t<div class=\"tb-image-part desktop\">\n\t\t\t\t\t\t\t\t<img src='https:\/\/tkt.travelblox.eu\/wp-content\/uploads\/sites\/69\/2023\/10\/TKT23_MICHIELANNAERT_HR-159-scaled-e1700476224577.jpg' width='1426' height='1334' alt='2 Personen, die Chips mit Ziegen essen - Kajakfahren - Norwegenfjord - Wandern in Norwegen - Kayaking - ab Flughafen Br\u00fcssel' loading='lazy'>\t\t\t\t\t\t\t\t\t\t\t\t\t\t\t\t\t\t\t\t\t\t\t\t\t<div class=\"price tiny-body-font desktop translation-block\"><p>Gratis<\/p><\/div>\t\t\t\t\t\t\t<\/div>\n\t\t\t\t\t\t\t<div class=\"tb-image-part mobile\">\n\t\t\t\t\t\t\t\t<img src='https:\/\/tkt.travelblox.eu\/wp-content\/uploads\/sites\/69\/2023\/10\/TKT23_MICHIELANNAERT_HR-159-scaled-e1700476224577-768x718.jpg' width='768' height='718' alt='2 Personen, die Chips mit Ziegen essen - Kajakfahren - Norwegenfjord - Wandern in Norwegen - Kayaking - ab Flughafen Br\u00fcssel' loading='lazy' image_size='medium_large'>\t\t\t\t\t\t\t\t\t\t\t\t\t\t\t<\/div>\n\t\t\t\t\t\t\t<div class=\"tb-card-content\">\n\t\t\t\t\t\t\t\t<h5>\n\t\t\t\t\t\t\t\t\t\t\t\t\t\t\t\t\t\t<span>Eigenes Fahrzeug<\/span>\n\t\t\t\t\t\t\t\t<\/h5>\n\t\t\t\t\t\t\t\t\t\t\t\t\t\t\t\t\t<div class=\"price tiny-body-font mobile\"><p>Kostenlos<\/p><\/div>\t\t\t\t\t\t\t\t<div class=\"content readmore-content content--clamped\">\t\t<div class=\"translation-block\"><p>\u00dcberlegst du, mit dem Auto nach Norwegen zu fahren? Dann denke an <strong>Mautstra\u00dfen<\/strong> und m\u00f6gliche <strong>F\u00e4hrkosten<\/strong>. Die wundersch\u00f6ne, aber lange Strecke kann erm\u00fcdend sein, also plane gen\u00fcgend Pausen und \u00dcbernachtungen f\u00fcr eine sichere und angenehme Reise.<\/p><p>Es gibt verschiedene Routen, um nach Norwegen zu fahren. Du kannst \u00fcber Deutschland und D\u00e4nemark reisen und F\u00e4hren nutzen. Eine alternative Option ist, \u00fcber D\u00e4nemark nach Schweden zu fahren und dann der Westk\u00fcste weiter zu folgen.<\/p><p>Du kannst die ganze Woche <strong>kostenlos parken<\/strong> an der Kirche in Fresvik.<\/p><p><strong>Mitfahrgelegenheit mit anderen Teilnehmern<\/strong><br>Wenn du noch Platz in deinem Auto hast oder selbst nach einer M\u00f6glichkeit suchst, nach Norwegen zu kommen, kannst du ganz einfach mit anderen Teilnehmern \u00fcber unsere <a href=\"https:\/\/www.facebook.com\/groups\/thekayaktrippers\">Facebook-Gruppe<\/a> in Kontakt treten. So kannst du die Mitfahrgelegenheit konkret organisieren, zus\u00e4tzliche Kosten sparen und deinen CO2-Aussto\u00df reduzieren!<\/p><\/div>\n\t<\/div>\n\t\t\t\t\t\t\t\t\t\t\t\t\t\t\t\t<div class=\"readmore link js-readmore\">\n\t\t\t\t\t\t\t\t\t<span><i class=\"fa-solid fa-circle-plus\"><\/i><u>Mehr lesen<\/u><\/span>\n\t\t\t\t\t\t\t\t\t<span><i class=\"fa-solid fa-circle-minus\"><\/i><u>Weniger lesen<\/u><\/span>\n\t\t\t\t\t\t\t\t<\/div>\n\t\t\t\t\t\t\t\t\t\t\t\t\t\t\t\t<dialog class=\"tb-popup\">\n\t\t\t\t\t\t\t\t\t<div class=\"tb-highlights-popup\">\n\t\t\t\t\t\t\t\t\t\t<div class=\"tb-image-part\">\n\t\t\t\t\t\t\t\t\t\t\t<img src='https:\/\/tkt.travelblox.eu\/wp-content\/uploads\/sites\/69\/2023\/10\/TKT23_MICHIELANNAERT_HR-159-scaled-e1700476224577-768x718.jpg' width='768' height='718' alt='2 Personen, die Chips mit Ziegen essen - Kajakfahren - Norwegenfjord - Wandern in Norwegen - Kayaking - ab Flughafen Br\u00fcssel' loading='lazy' image_size='medium_large'>\t\t\t\t\t\t\t\t\t\t<\/div>\n\t\t\t\t\t\t\t\t\t\t<div class=\"tb-popup-content\">\n\t\t\t\t\t\t\t\t\t\t\t<h5>Eigenes Fahrzeug<\/h5>\n\t\t\t\t\t\t\t\t\t\t\t<div class=\"content\">\t\t<div class=\"translation-block\"><p>\u00dcberlegst du, mit dem Auto nach Norwegen zu fahren? Dann denke an <strong>Mautstra\u00dfen<\/strong> und m\u00f6gliche <strong>F\u00e4hrkosten<\/strong>. Die wundersch\u00f6ne, aber lange Strecke kann erm\u00fcdend sein, also plane gen\u00fcgend Pausen und \u00dcbernachtungen f\u00fcr eine sichere und angenehme Reise.<\/p><p>Es gibt verschiedene Routen, um nach Norwegen zu fahren. Du kannst \u00fcber Deutschland und D\u00e4nemark reisen und F\u00e4hren nutzen. Eine alternative Option ist, \u00fcber D\u00e4nemark nach Schweden zu fahren und dann der Westk\u00fcste weiter zu folgen.<\/p><p>Du kannst die ganze Woche <strong>kostenlos parken<\/strong> an der Kirche in Fresvik.<\/p><p><strong>Mitfahrgelegenheit mit anderen Teilnehmern<\/strong><br>Wenn du noch Platz in deinem Auto hast oder selbst nach einer M\u00f6glichkeit suchst, nach Norwegen zu kommen, kannst du ganz einfach mit anderen Teilnehmern \u00fcber unsere <a href=\"https:\/\/www.facebook.com\/groups\/thekayaktrippers\">Facebook-Gruppe<\/a> in Kontakt treten. So kannst du die Mitfahrgelegenheit konkret organisieren, zus\u00e4tzliche Kosten sparen und deinen CO2-Aussto\u00df reduzieren!<\/p><\/div>\n\t<\/div>\n\t\t\t\t\t\t\t\t\t\t<\/div>\n\t\t\t\t\t\t\t\t\t<\/div>\n\t\t\t\t\t\t\t\t<\/dialog>\n\t\t\t\t\t\t\t<\/div>\n\t\t\t\t\t\t<\/div>\n\t\t\t\t\t\t\t\t\t\t\t\t\t\t<\/div>\n\t\t\t\t\t\t<div class=\"tb-carousel-nav\">\n\t\t\t<div class=\"dots\">\n\t\t\t\t<div class=\"dot active\"><\/div>\n\t\t\t\t<div class=\"dot\"><\/div>\n\t\t\t\t<div class=\"dot\"><\/div>\n\t\t\t<\/div>\n\t\t\t<div class=\"arrows\">\n\t\t\t\t<div class=\"prev disabled\">\n\t\t\t\t\t<span><i class=\"fa fa-chevron-left\"><\/i><\/span>\n\t\t\t\t<\/div>\n\t\t\t\t<div class=\"next\">\n\t\t\t\t\t<span><i class=\"fa fa-chevron-right\"><\/i><\/span>\n\t\t\t\t<\/div>\n\t\t\t<\/div>\n\t\t<\/div>\n\t\t\t\t<\/div>\n\t\t<\/div>\n\t\t\t\t\t\t\t\t\t\t\t\t\t\t\t\t\t\t\t<div class=\"inner-block-full-width has-tb-carousel tb-section\" id=\"options-section-1\"style=\"display:none;\">\n\t\t\t<div class=\"tb-carousel-container\">\n\t\t\t\t<div class=\"entries tb-cards\" data-slider-first=\"1\">\n\t\t\t\t\t\t\t\t\t\t\t\t\t\t\t<div class=\"tb-card entry tb-popup-trigger desktop-only-popup\">\n\t\t\t\t\t\t\t<div class=\"tb-image-part desktop\">\n\t\t\t\t\t\t\t\t<img src='https:\/\/tkt.travelblox.eu\/wp-content\/uploads\/sites\/69\/2024\/11\/TKT24_RoyMosterd_8300746_LR-1-1-e1730725503899.jpg' width='1011' height='758' alt='Frau kocht Wasser f\u00fcr Kaffee und ein Essenspaket - Kajakfahren - Norwegenfjord - Wandern in Norwegen - Kayaking - ab Flughafen Br\u00fcssel' loading='lazy'>\t\t\t\t\t\t\t\t\t\t\t\t\t\t\t\t\t\t\t\t\t\t\t\t\t<div class=\"price tiny-body-font desktop translation-block\"><p>Ab \u20ac107<\/p><\/div>\t\t\t\t\t\t\t<\/div>\n\t\t\t\t\t\t\t<div class=\"tb-image-part mobile\">\n\t\t\t\t\t\t\t\t<img src='https:\/\/tkt.travelblox.eu\/wp-content\/uploads\/sites\/69\/2024\/11\/TKT24_RoyMosterd_8300746_LR-1-1-e1730725503899-768x576.jpg' width='768' height='576' alt='Frau kocht Wasser f\u00fcr Kaffee und ein Essenspaket - Kajakfahren - Norwegenfjord - Wandern in Norwegen - Kayaking - ab Flughafen Br\u00fcssel' loading='lazy' image_size='medium_large'>\t\t\t\t\t\t\t\t\t\t\t\t\t\t\t<\/div>\n\t\t\t\t\t\t\t<div class=\"tb-card-content\">\n\t\t\t\t\t\t\t\t<h5>\n\t\t\t\t\t\t\t\t\t\t\t\t\t\t\t\t\t\t<span>Foodpack<\/span>\n\t\t\t\t\t\t\t\t<\/h5>\n\t\t\t\t\t\t\t\t\t\t\t\t\t\t\t\t\t<div class=\"price tiny-body-font mobile\"><p>Ab \u20ac107<\/p><\/div>\t\t\t\t\t\t\t\t<div class=\"content readmore-content content--clamped\">\t\t<div class=\"translation-block\"><p>Eine gute Ern\u00e4hrung ist wichtig w\u00e4hrend eines aktiven Urlaubs! Wenn du das Foodpack bestellst, erh\u00e4ltst du 18 gefriergetrocknete Mahlzeiten (zwischen 600 kcal und 700 kcal pro Mahlzeit), 3 Desserts und eine k\u00f6stliche Mahlzeit im Basecamp. Au\u00dferdem stellen wir einen praktischen Kocher (inklusive Kochtopf, Gasbrenner, Gasflasche und Besteck) zur Verf\u00fcgung, sodass du nur noch ein Feuerzeug mitbringen musst.<\/p><p>Wir bieten sowohl eine <strong>vegetarische Version<\/strong> (\u20ac107) als auch eine Variante mit <strong>Fleisch<\/strong> (\u20ac111) an.<\/p><p>Es ist eine intensive und aktive Reise, also musst du nur noch leckere und nahrhafte Snacks f\u00fcr das Kajakfahren und Wandern mitbringen.<\/p><p>&nbsp;<\/p><\/div>\n\t<\/div>\n\t\t\t\t\t\t\t\t\t\t\t\t\t\t\t\t<div class=\"readmore link js-readmore\">\n\t\t\t\t\t\t\t\t\t<span><i class=\"fa-solid fa-circle-plus\"><\/i><u>Mehr lesen<\/u><\/span>\n\t\t\t\t\t\t\t\t\t<span><i class=\"fa-solid fa-circle-minus\"><\/i><u>Weniger lesen<\/u><\/span>\n\t\t\t\t\t\t\t\t<\/div>\n\t\t\t\t\t\t\t\t\t\t\t\t\t\t\t\t<dialog class=\"tb-popup\">\n\t\t\t\t\t\t\t\t\t<div class=\"tb-highlights-popup\">\n\t\t\t\t\t\t\t\t\t\t<div class=\"tb-image-part\">\n\t\t\t\t\t\t\t\t\t\t\t<img src='https:\/\/tkt.travelblox.eu\/wp-content\/uploads\/sites\/69\/2024\/11\/TKT24_RoyMosterd_8300746_LR-1-1-e1730725503899-768x576.jpg' width='768' height='576' alt='Frau kocht Wasser f\u00fcr Kaffee und ein Essenspaket - Kajakfahren - Norwegenfjord - Wandern in Norwegen - Kayaking - ab Flughafen Br\u00fcssel' loading='lazy' image_size='medium_large'>\t\t\t\t\t\t\t\t\t\t<\/div>\n\t\t\t\t\t\t\t\t\t\t<div class=\"tb-popup-content\">\n\t\t\t\t\t\t\t\t\t\t\t<h5>Foodpack<\/h5>\n\t\t\t\t\t\t\t\t\t\t\t<div class=\"content\">\t\t<div class=\"translation-block\"><p>Eine gute Ern\u00e4hrung ist wichtig w\u00e4hrend eines aktiven Urlaubs! Wenn du das Foodpack bestellst, erh\u00e4ltst du 18 gefriergetrocknete Mahlzeiten (zwischen 600 kcal und 700 kcal pro Mahlzeit), 3 Desserts und eine k\u00f6stliche Mahlzeit im Basecamp. Au\u00dferdem stellen wir einen praktischen Kocher (inklusive Kochtopf, Gasbrenner, Gasflasche und Besteck) zur Verf\u00fcgung, sodass du nur noch ein Feuerzeug mitbringen musst.<\/p><p>Wir bieten sowohl eine <strong>vegetarische Version<\/strong> (\u20ac107) als auch eine Variante mit <strong>Fleisch<\/strong> (\u20ac111) an.<\/p><p>Es ist eine intensive und aktive Reise, also musst du nur noch leckere und nahrhafte Snacks f\u00fcr das Kajakfahren und Wandern mitbringen.<\/p><p>&nbsp;<\/p><\/div>\n\t<\/div>\n\t\t\t\t\t\t\t\t\t\t<\/div>\n\t\t\t\t\t\t\t\t\t<\/div>\n\t\t\t\t\t\t\t\t<\/dialog>\n\t\t\t\t\t\t\t<\/div>\n\t\t\t\t\t\t<\/div>\n\t\t\t\t\t\t\t\t\t\t\t<div class=\"tb-card entry tb-popup-trigger desktop-only-popup\">\n\t\t\t\t\t\t\t<div class=\"tb-image-part desktop\">\n\t\t\t\t\t\t\t\t<img src='https:\/\/tkt.travelblox.eu\/wp-content\/uploads\/sites\/69\/2024\/11\/20240714_2120090-e1759918794811.jpg' width='1037' height='688' alt='2 Personen campen im N\u00e6r\u00f8yfjord - Kajakfahren - Norwegen Fjord - Wandern in Norwegen - Kayaking - ab Flughafen Br\u00fcssel' loading='lazy'>\t\t\t\t\t\t\t\t\t\t\t\t\t\t\t\t\t\t\t\t\t\t\t\t\t<div class=\"price tiny-body-font desktop translation-block\"><p>\u20ac79<\/p><\/div>\t\t\t\t\t\t\t<\/div>\n\t\t\t\t\t\t\t<div class=\"tb-image-part mobile\">\n\t\t\t\t\t\t\t\t<img src='https:\/\/tkt.travelblox.eu\/wp-content\/uploads\/sites\/69\/2024\/11\/20240714_2120090-e1759918794811-768x510.jpg' width='768' height='510' alt='2 Personen campen im N\u00e6r\u00f8yfjord - Kajakfahren - Norwegen Fjord - Wandern in Norwegen - Kayaking - ab Flughafen Br\u00fcssel' loading='lazy' image_size='medium_large'>\t\t\t\t\t\t\t\t\t\t\t\t\t\t\t<\/div>\n\t\t\t\t\t\t\t<div class=\"tb-card-content\">\n\t\t\t\t\t\t\t\t<h5>\n\t\t\t\t\t\t\t\t\t\t\t\t\t\t\t\t\t\t<span>Campingausr\u00fcstung<\/span>\n\t\t\t\t\t\t\t\t<\/h5>\n\t\t\t\t\t\t\t\t\t\t\t\t\t\t\t\t\t<div class=\"price tiny-body-font mobile\"><p>\u20ac79<\/p><\/div>\t\t\t\t\t\t\t\t<div class=\"content readmore-content content--clamped\">\t\t<div class=\"translation-block\"><p>Hast du keine Campingausr\u00fcstung oder m\u00f6chtest du nicht zu viel nach Norwegen mitnehmen? Kein Problem! Bei uns <strong>kannst du<\/strong>&nbsp;<strong>qualitativ hochwertige, schnell trocknende und kompakte Campingausr\u00fcstung<\/strong>&nbsp;f\u00fcr deine Reise mieten. Du bekommst von uns ein&nbsp;<strong>Zelt, einen Schlafsack<\/strong>&nbsp;mit&nbsp;<strong>Inlett<\/strong>&nbsp;und eine&nbsp;<strong>Matte,<\/strong>&nbsp;die du bequem in deinem Kajak mitnehmen kannst.<\/p><\/div>\n\t<\/div>\n\t\t\t\t\t\t\t\t\t\t\t\t\t\t\t\t<div class=\"readmore link js-readmore\">\n\t\t\t\t\t\t\t\t\t<span><i class=\"fa-solid fa-circle-plus\"><\/i><u>Mehr lesen<\/u><\/span>\n\t\t\t\t\t\t\t\t\t<span><i class=\"fa-solid fa-circle-minus\"><\/i><u>Weniger lesen<\/u><\/span>\n\t\t\t\t\t\t\t\t<\/div>\n\t\t\t\t\t\t\t\t\t\t\t\t\t\t\t\t<dialog class=\"tb-popup\">\n\t\t\t\t\t\t\t\t\t<div class=\"tb-highlights-popup\">\n\t\t\t\t\t\t\t\t\t\t<div class=\"tb-image-part\">\n\t\t\t\t\t\t\t\t\t\t\t<img src='https:\/\/tkt.travelblox.eu\/wp-content\/uploads\/sites\/69\/2024\/11\/20240714_2120090-e1759918794811-768x510.jpg' width='768' height='510' alt='2 Personen campen im N\u00e6r\u00f8yfjord - Kajakfahren - Norwegen Fjord - Wandern in Norwegen - Kayaking - ab Flughafen Br\u00fcssel' loading='lazy' image_size='medium_large'>\t\t\t\t\t\t\t\t\t\t<\/div>\n\t\t\t\t\t\t\t\t\t\t<div class=\"tb-popup-content\">\n\t\t\t\t\t\t\t\t\t\t\t<h5>Campingausr\u00fcstung<\/h5>\n\t\t\t\t\t\t\t\t\t\t\t<div class=\"content\">\t\t<div class=\"translation-block\"><p>Hast du keine Campingausr\u00fcstung oder m\u00f6chtest du nicht zu viel nach Norwegen mitnehmen? Kein Problem! Bei uns <strong>kannst du<\/strong>&nbsp;<strong>qualitativ hochwertige, schnell trocknende und kompakte Campingausr\u00fcstung<\/strong>&nbsp;f\u00fcr deine Reise mieten. Du bekommst von uns ein&nbsp;<strong>Zelt, einen Schlafsack<\/strong>&nbsp;mit&nbsp;<strong>Inlett<\/strong>&nbsp;und eine&nbsp;<strong>Matte,<\/strong>&nbsp;die du bequem in deinem Kajak mitnehmen kannst.<\/p><\/div>\n\t<\/div>\n\t\t\t\t\t\t\t\t\t\t<\/div>\n\t\t\t\t\t\t\t\t\t<\/div>\n\t\t\t\t\t\t\t\t<\/dialog>\n\t\t\t\t\t\t\t<\/div>\n\t\t\t\t\t\t<\/div>\n\t\t\t\t\t\t\t\t\t\t\t<div class=\"tb-card entry tb-popup-trigger desktop-only-popup\">\n\t\t\t\t\t\t\t<div class=\"tb-image-part desktop\">\n\t\t\t\t\t\t\t\t<img src='https:\/\/tkt.travelblox.eu\/wp-content\/uploads\/sites\/69\/2025\/09\/TKT25_MikeTesselaar_WEB-74-e1758281869445.jpg' width='1783' height='1140' loading='lazy'>\t\t\t\t\t\t\t\t\t\t\t\t\t\t\t\t\t\t\t\t\t\t\t\t\t<div class=\"price tiny-body-font desktop translation-block\"><p>\u20ac45<\/p><\/div>\t\t\t\t\t\t\t<\/div>\n\t\t\t\t\t\t\t<div class=\"tb-image-part mobile\">\n\t\t\t\t\t\t\t\t\t\t\t\t<div class=\"inner-block-full-width has-tb-carousel tb-carousel-slider\" >\n\t\t\t<div class=\"tb-carousel-container\">\n\t\t\t\t<div class=\"entries tb-cards\" data-slider-first=\"0\">\n\t\t\t\t\t\t\t\t\t<div class=\"entry\">\n\t\t\t\t<div class=\"tb-image-part\">\n\t\t\t\t\t<figure>\n\t\t\t\t\t\t<img src='https:\/\/tkt.travelblox.eu\/wp-content\/uploads\/sites\/69\/2025\/09\/TKT25_MikeTesselaar_WEB-74-e1758281869445-768x491.jpg' width='768' height='491' loading='lazy' image_size='medium_large'>\t\t\t\t\t\t\t\t\t\t\t<\/figure>\n\t\t\t\t<\/div>\n\t\t\t<\/div>\n\t\t\t\t\t<div class=\"entry\">\n\t\t\t\t<div class=\"tb-image-part\">\n\t\t\t\t\t<figure>\n\t\t\t\t\t\t<img src='https:\/\/tkt.travelblox.eu\/wp-content\/uploads\/sites\/69\/2024\/11\/TKT4_RoyMosterd_8270599_WEB-768x576.jpg' width='768' height='576' alt='Kajakfahren - Norwegen Fjord - Wandern in Norwegen - kayaking - ab Flughafen Br\u00fcssel' loading='lazy' image_size='medium_large'>\t\t\t\t\t\t\t\t\t\t\t<\/figure>\n\t\t\t\t<\/div>\n\t\t\t<\/div>\n\t\t\t\t\t\t\t\t<\/div>\n\t\t\t\t\t\t<div class=\"tb-carousel-nav\">\n\t\t\t<div class=\"dots\">\n\t\t\t\t<div class=\"dot active\"><\/div>\n\t\t\t\t<div class=\"dot\"><\/div>\n\t\t\t\t<div class=\"dot\"><\/div>\n\t\t\t<\/div>\n\t\t\t<div class=\"arrows\">\n\t\t\t\t<div class=\"prev disabled\">\n\t\t\t\t\t<span><i class=\"fa fa-chevron-left\"><\/i><\/span>\n\t\t\t\t<\/div>\n\t\t\t\t<div class=\"next\">\n\t\t\t\t\t<span><i class=\"fa fa-chevron-right\"><\/i><\/span>\n\t\t\t\t<\/div>\n\t\t\t<\/div>\n\t\t<\/div>\n\t\t\t\t<\/div>\n\t\t<\/div>\n\t\t\t\t\t\t\t\t\t\t\t\t\t\t\t\t\t<\/div>\n\t\t\t\t\t\t\t<div class=\"tb-card-content\">\n\t\t\t\t\t\t\t\t<h5>\n\t\t\t\t\t\t\t\t\t\t\t\t\t\t\t\t\t\t<span>Wasserdichter Kajak-Anorak<\/span>\n\t\t\t\t\t\t\t\t<\/h5>\n\t\t\t\t\t\t\t\t\t\t\t\t\t\t\t\t\t<div class=\"price tiny-body-font mobile\"><p>\u20ac45<\/p><\/div>\t\t\t\t\t\t\t\t<div class=\"content readmore-content content--clamped\">\t\t<div class=\"translation-block\"><p>Leider kann es in Norwegen manchmal stark regnen und windig werden. Auch wenn es dann wundersch\u00f6n ist und eine mythische Atmosph\u00e4re schafft, ist es wichtig, sich gut zu sch\u00fctzen.<\/p>\n<p>Um sicherzustellen, dass du bei allen Bedingungen w\u00e4hrend des Kajakfahrens gut gesch\u00fctzt bist, kannst du bei uns eine <strong>echte wasserdichte Kajak-Anorak<\/strong> mieten.<\/p>\n<p>Die Latex-Handgelenkdichtungen, der doppelte Taillengurt und der spezielle Kragen sorgen daf\u00fcr, dass kein Regen oder Wasser eindringen kann, was bei einer normalen Regenjacke der Fall sein kann. Diese Jacke kannst du im Falle von starkem Regen oder K\u00e4lte \u00fcber deiner eigenen Kleidung anziehen, um so trocken und gesch\u00fctzt wie m\u00f6glich beim Kajakfahren zu bleiben.<\/p>\n<p>Bitte beachte: Du solltest dir dennoch eine ordentliche Regenjacke f\u00fcr abends oder w\u00e4hrend der Wanderungen mitbringen.<\/p><\/div>\n\t<\/div>\n\t\t\t\t\t\t\t\t\t\t\t\t\t\t\t\t<div class=\"readmore link js-readmore\">\n\t\t\t\t\t\t\t\t\t<span><i class=\"fa-solid fa-circle-plus\"><\/i><u>Mehr lesen<\/u><\/span>\n\t\t\t\t\t\t\t\t\t<span><i class=\"fa-solid fa-circle-minus\"><\/i><u>Weniger lesen<\/u><\/span>\n\t\t\t\t\t\t\t\t<\/div>\n\t\t\t\t\t\t\t\t\t\t\t\t\t\t\t\t<dialog class=\"tb-popup\">\n\t\t\t\t\t\t\t\t\t<div class=\"tb-highlights-popup\">\n\t\t\t\t\t\t\t\t\t\t<div class=\"tb-image-part\">\n\t\t\t\t\t\t\t\t\t\t\t\t\t\t\t<div class=\"inner-block-full-width has-tb-carousel tb-carousel-slider\" >\n\t\t\t<div class=\"tb-carousel-container\">\n\t\t\t\t<div class=\"entries tb-cards\" data-slider-first=\"0\">\n\t\t\t\t\t\t\t\t\t<div class=\"entry\">\n\t\t\t\t<div class=\"tb-image-part\">\n\t\t\t\t\t<figure>\n\t\t\t\t\t\t<img src='https:\/\/tkt.travelblox.eu\/wp-content\/uploads\/sites\/69\/2025\/09\/TKT25_MikeTesselaar_WEB-74-e1758281869445-768x491.jpg' width='768' height='491' loading='lazy' image_size='medium_large'>\t\t\t\t\t\t\t\t\t\t\t<\/figure>\n\t\t\t\t<\/div>\n\t\t\t<\/div>\n\t\t\t\t\t<div class=\"entry\">\n\t\t\t\t<div class=\"tb-image-part\">\n\t\t\t\t\t<figure>\n\t\t\t\t\t\t<img src='https:\/\/tkt.travelblox.eu\/wp-content\/uploads\/sites\/69\/2024\/11\/TKT4_RoyMosterd_8270599_WEB-768x576.jpg' width='768' height='576' alt='Kajakfahren - Norwegen Fjord - Wandern in Norwegen - kayaking - ab Flughafen Br\u00fcssel' loading='lazy' image_size='medium_large'>\t\t\t\t\t\t\t\t\t\t\t<\/figure>\n\t\t\t\t<\/div>\n\t\t\t<\/div>\n\t\t\t\t\t\t\t\t<\/div>\n\t\t\t\t\t\t<div class=\"tb-carousel-nav\">\n\t\t\t<div class=\"dots\">\n\t\t\t\t<div class=\"dot active\"><\/div>\n\t\t\t\t<div class=\"dot\"><\/div>\n\t\t\t\t<div class=\"dot\"><\/div>\n\t\t\t<\/div>\n\t\t\t<div class=\"arrows\">\n\t\t\t\t<div class=\"prev disabled\">\n\t\t\t\t\t<span><i class=\"fa fa-chevron-left\"><\/i><\/span>\n\t\t\t\t<\/div>\n\t\t\t\t<div class=\"next\">\n\t\t\t\t\t<span><i class=\"fa fa-chevron-right\"><\/i><\/span>\n\t\t\t\t<\/div>\n\t\t\t<\/div>\n\t\t<\/div>\n\t\t\t\t<\/div>\n\t\t<\/div>\n\t\t\t\t\t\t\t\t\t\t\t\t<\/div>\n\t\t\t\t\t\t\t\t\t\t<div class=\"tb-popup-content\">\n\t\t\t\t\t\t\t\t\t\t\t<h5>Wasserdichter Kajak-Anorak<\/h5>\n\t\t\t\t\t\t\t\t\t\t\t<div class=\"content\">\t\t<div class=\"translation-block\"><p>Leider kann es in Norwegen manchmal stark regnen und windig werden. Auch wenn es dann wundersch\u00f6n ist und eine mythische Atmosph\u00e4re schafft, ist es wichtig, sich gut zu sch\u00fctzen.<\/p>\n<p>Um sicherzustellen, dass du bei allen Bedingungen w\u00e4hrend des Kajakfahrens gut gesch\u00fctzt bist, kannst du bei uns eine <strong>echte wasserdichte Kajak-Anorak<\/strong> mieten.<\/p>\n<p>Die Latex-Handgelenkdichtungen, der doppelte Taillengurt und der spezielle Kragen sorgen daf\u00fcr, dass kein Regen oder Wasser eindringen kann, was bei einer normalen Regenjacke der Fall sein kann. Diese Jacke kannst du im Falle von starkem Regen oder K\u00e4lte \u00fcber deiner eigenen Kleidung anziehen, um so trocken und gesch\u00fctzt wie m\u00f6glich beim Kajakfahren zu bleiben.<\/p>\n<p>Bitte beachte: Du solltest dir dennoch eine ordentliche Regenjacke f\u00fcr abends oder w\u00e4hrend der Wanderungen mitbringen.<\/p><\/div>\n\t<\/div>\n\t\t\t\t\t\t\t\t\t\t<\/div>\n\t\t\t\t\t\t\t\t\t<\/div>\n\t\t\t\t\t\t\t\t<\/dialog>\n\t\t\t\t\t\t\t<\/div>\n\t\t\t\t\t\t<\/div>\n\t\t\t\t\t\t\t\t\t\t\t\t\t\t<\/div>\n\t\t\t\t\t\t<div class=\"tb-carousel-nav\">\n\t\t\t<div class=\"dots\">\n\t\t\t\t<div class=\"dot active\"><\/div>\n\t\t\t\t<div class=\"dot\"><\/div>\n\t\t\t\t<div class=\"dot\"><\/div>\n\t\t\t<\/div>\n\t\t\t<div class=\"arrows\">\n\t\t\t\t<div class=\"prev disabled\">\n\t\t\t\t\t<span><i class=\"fa fa-chevron-left\"><\/i><\/span>\n\t\t\t\t<\/div>\n\t\t\t\t<div class=\"next\">\n\t\t\t\t\t<span><i class=\"fa fa-chevron-right\"><\/i><\/span>\n\t\t\t\t<\/div>\n\t\t\t<\/div>\n\t\t<\/div>\n\t\t\t\t<\/div>\n\t\t<\/div>\n\t\t\t\t\t\t\t\t\t\t\t\t\t\t\t\t\t\t\t<div class=\"inner-block-full-width has-tb-carousel tb-section\" id=\"options-section-2\"style=\"display:none;\">\n\t\t\t<div class=\"tb-carousel-container\">\n\t\t\t\t<div class=\"entries tb-cards\" data-slider-first=\"1\">\n\t\t\t\t\t\t\t\t\t\t\t\t\t\t\t<div class=\"tb-card entry tb-popup-trigger desktop-only-popup\">\n\t\t\t\t\t\t\t<div class=\"tb-image-part desktop\">\n\t\t\t\t\t\t\t\t<img src='https:\/\/tkt.travelblox.eu\/wp-content\/uploads\/sites\/69\/2024\/10\/unnamed-file.jpg' width='1198' height='898' alt='Mann, der neben einem Wasserfall steht - Kajakfahren - Norwegen Fjord - Wandern in Norwegen - Kayaking - ab Flughafen Br\u00fcssel' loading='lazy'>\t\t\t\t\t\t\t\t\t\t\t\t\t\t\t\t\t\t\t\t\t\t\t\t\t<div class=\"price tiny-body-font desktop translation-block\"><p>\u20ac49<\/p><\/div>\t\t\t\t\t\t\t<\/div>\n\t\t\t\t\t\t\t<div class=\"tb-image-part mobile\">\n\t\t\t\t\t\t\t\t<img src='https:\/\/tkt.travelblox.eu\/wp-content\/uploads\/sites\/69\/2024\/10\/unnamed-file-768x576.jpg' width='768' height='576' alt='Mann, der neben einem Wasserfall steht - Kajakfahren - Norwegen Fjord - Wandern in Norwegen - Kayaking - ab Flughafen Br\u00fcssel' loading='lazy' image_size='medium_large'>\t\t\t\t\t\t\t\t\t\t\t\t\t\t\t<\/div>\n\t\t\t\t\t\t\t<div class=\"tb-card-content\">\n\t\t\t\t\t\t\t\t<h5>\n\t\t\t\t\t\t\t\t\t\t\t\t\t\t\t\t\t\t<span>Reisehilfe<\/span>\n\t\t\t\t\t\t\t\t<\/h5>\n\t\t\t\t\t\t\t\t\t\t\t\t\t\t\t\t\t<div class=\"price tiny-body-font mobile\"><p>\u20ac49<\/p><\/div>\t\t\t\t\t\t\t\t<div class=\"content readmore-content content--clamped\">\t\t<div class=\"translation-block\"><p>Willst du unbeschwert reisen? Vergiss dann nicht, die <strong>Reiseversicherung<\/strong> zu deiner Buchung hinzuzuf\u00fcgen. Bei Krankheit, Panne oder Diebstahl hilft dir unsere Reiseversicherung weiter.<\/p><p>Die Versicherungsbedingungen findest du <a href=\"https:\/\/derkayaktrip.de\/de\/travelinsurance\/\" target=\"_blank\">hier<\/a> wieder.<\/p><\/div>\n\t<\/div>\n\t\t\t\t\t\t\t\t\t\t\t\t\t\t\t\t<div class=\"readmore link js-readmore\">\n\t\t\t\t\t\t\t\t\t<span><i class=\"fa-solid fa-circle-plus\"><\/i><u>Mehr lesen<\/u><\/span>\n\t\t\t\t\t\t\t\t\t<span><i class=\"fa-solid fa-circle-minus\"><\/i><u>Weniger lesen<\/u><\/span>\n\t\t\t\t\t\t\t\t<\/div>\n\t\t\t\t\t\t\t\t\t\t\t\t\t\t\t\t<dialog class=\"tb-popup\">\n\t\t\t\t\t\t\t\t\t<div class=\"tb-highlights-popup\">\n\t\t\t\t\t\t\t\t\t\t<div class=\"tb-image-part\">\n\t\t\t\t\t\t\t\t\t\t\t<img src='https:\/\/tkt.travelblox.eu\/wp-content\/uploads\/sites\/69\/2024\/10\/unnamed-file-768x576.jpg' width='768' height='576' alt='Mann, der neben einem Wasserfall steht - Kajakfahren - Norwegen Fjord - Wandern in Norwegen - Kayaking - ab Flughafen Br\u00fcssel' loading='lazy' image_size='medium_large'>\t\t\t\t\t\t\t\t\t\t<\/div>\n\t\t\t\t\t\t\t\t\t\t<div class=\"tb-popup-content\">\n\t\t\t\t\t\t\t\t\t\t\t<h5>Reisehilfe<\/h5>\n\t\t\t\t\t\t\t\t\t\t\t<div class=\"content\">\t\t<div class=\"translation-block\"><p>Willst du unbeschwert reisen? Vergiss dann nicht, die <strong>Reiseversicherung<\/strong> zu deiner Buchung hinzuzuf\u00fcgen. Bei Krankheit, Panne oder Diebstahl hilft dir unsere Reiseversicherung weiter.<\/p><p>Die Versicherungsbedingungen findest du <a href=\"https:\/\/derkayaktrip.de\/de\/travelinsurance\/\" target=\"_blank\">hier<\/a> wieder.<\/p><\/div>\n\t<\/div>\n\t\t\t\t\t\t\t\t\t\t<\/div>\n\t\t\t\t\t\t\t\t\t<\/div>\n\t\t\t\t\t\t\t\t<\/dialog>\n\t\t\t\t\t\t\t<\/div>\n\t\t\t\t\t\t<\/div>\n\t\t\t\t\t\t\t\t\t\t\t<div class=\"tb-card entry tb-popup-trigger desktop-only-popup\">\n\t\t\t\t\t\t\t<div class=\"tb-image-part desktop\">\n\t\t\t\t\t\t\t\t<img src='https:\/\/tkt.travelblox.eu\/wp-content\/uploads\/sites\/69\/2023\/10\/webisite-2.png' width='1350' height='1080' alt='Kajakfahrer in Norwegen - Kajakken - Norwegen Fjord - Wandern in Norwegen - Kayaking - ab Flughafen Br\u00fcssel' loading='lazy'>\t\t\t\t\t\t\t\t\t\t\t\t\t\t\t\t\t\t\t\t\t\t\t\t\t<div class=\"price tiny-body-font desktop translation-block\"><p>\u20ac69<\/p><\/div>\t\t\t\t\t\t\t<\/div>\n\t\t\t\t\t\t\t<div class=\"tb-image-part mobile\">\n\t\t\t\t\t\t\t\t<img src='https:\/\/tkt.travelblox.eu\/wp-content\/uploads\/sites\/69\/2023\/10\/webisite-2-768x614.png' width='768' height='614' alt='Kajakfahrer in Norwegen - Kajakken - Norwegen Fjord - Wandern in Norwegen - Kayaking - ab Flughafen Br\u00fcssel' loading='lazy' image_size='medium_large'>\t\t\t\t\t\t\t\t\t\t\t\t\t\t\t<\/div>\n\t\t\t\t\t\t\t<div class=\"tb-card-content\">\n\t\t\t\t\t\t\t\t<h5>\n\t\t\t\t\t\t\t\t\t\t\t\t\t\t\t\t\t\t<span>Stornierung<\/span>\n\t\t\t\t\t\t\t\t<\/h5>\n\t\t\t\t\t\t\t\t\t\t\t\t\t\t\t\t\t<div class=\"price tiny-body-font mobile\"><p>\u20ac69<\/p><\/div>\t\t\t\t\t\t\t\t<div class=\"content readmore-content content--clamped\">\t\t<div class=\"translation-block\"><p>Es kann immer vorkommen, dass du aufgrund unvorhergesehener Umst\u00e4nde deine Reise stornieren musst. Das ist nat\u00fcrlich nie sch\u00f6n, aber es hilft, wenn du gut versichert bist. M\u00f6chtest du bis zum Zeitpunkt der Abreise vollst\u00e4ndig abgesichert sein? W\u00e4hle w\u00e4hrend der Buchung unsere <strong>Stornoversicherung<\/strong>.<\/p><p>Finde alle Bedingungen unserer Stornoversicherung <a href=\"https:\/\/admin.travelbase.eu\/u\/source\/cancellation\/summer\/conditions-DE.pdf\" target=\"_blank\">hier<\/a> .<\/p><\/div>\n\t<\/div>\n\t\t\t\t\t\t\t\t\t\t\t\t\t\t\t\t<div class=\"readmore link js-readmore\">\n\t\t\t\t\t\t\t\t\t<span><i class=\"fa-solid fa-circle-plus\"><\/i><u>Mehr lesen<\/u><\/span>\n\t\t\t\t\t\t\t\t\t<span><i class=\"fa-solid fa-circle-minus\"><\/i><u>Weniger lesen<\/u><\/span>\n\t\t\t\t\t\t\t\t<\/div>\n\t\t\t\t\t\t\t\t\t\t\t\t\t\t\t\t<dialog class=\"tb-popup\">\n\t\t\t\t\t\t\t\t\t<div class=\"tb-highlights-popup\">\n\t\t\t\t\t\t\t\t\t\t<div class=\"tb-image-part\">\n\t\t\t\t\t\t\t\t\t\t\t<img src='https:\/\/tkt.travelblox.eu\/wp-content\/uploads\/sites\/69\/2023\/10\/webisite-2-768x614.png' width='768' height='614' alt='Kajakfahrer in Norwegen - Kajakken - Norwegen Fjord - Wandern in Norwegen - Kayaking - ab Flughafen Br\u00fcssel' loading='lazy' image_size='medium_large'>\t\t\t\t\t\t\t\t\t\t<\/div>\n\t\t\t\t\t\t\t\t\t\t<div class=\"tb-popup-content\">\n\t\t\t\t\t\t\t\t\t\t\t<h5>Stornierung<\/h5>\n\t\t\t\t\t\t\t\t\t\t\t<div class=\"content\">\t\t<div class=\"translation-block\"><p>Es kann immer vorkommen, dass du aufgrund unvorhergesehener Umst\u00e4nde deine Reise stornieren musst. Das ist nat\u00fcrlich nie sch\u00f6n, aber es hilft, wenn du gut versichert bist. M\u00f6chtest du bis zum Zeitpunkt der Abreise vollst\u00e4ndig abgesichert sein? W\u00e4hle w\u00e4hrend der Buchung unsere <strong>Stornoversicherung<\/strong>.<\/p><p>Finde alle Bedingungen unserer Stornoversicherung <a href=\"https:\/\/admin.travelbase.eu\/u\/source\/cancellation\/summer\/conditions-DE.pdf\" target=\"_blank\">hier<\/a> .<\/p><\/div>\n\t<\/div>\n\t\t\t\t\t\t\t\t\t\t<\/div>\n\t\t\t\t\t\t\t\t\t<\/div>\n\t\t\t\t\t\t\t\t<\/dialog>\n\t\t\t\t\t\t\t<\/div>\n\t\t\t\t\t\t<\/div>\n\t\t\t\t\t\t\t\t\t\t\t<div class=\"tb-card entry tb-popup-trigger desktop-only-popup\">\n\t\t\t\t\t\t\t<div class=\"tb-image-part desktop\">\n\t\t\t\t\t\t\t\t<img src='https:\/\/tkt.travelblox.eu\/wp-content\/uploads\/sites\/69\/2023\/10\/TKT23_MICHIELANNAERT_HR-52-scaled.jpg' width='1289' height='2048' alt='kayak + Wasser - Kajakfahren - Norwegenfjord - Wandern in Norwegen - Kayaking - ab Flughafen Br\u00fcssel' loading='lazy'>\t\t\t\t\t\t\t\t\t\t\t\t\t\t\t\t\t\t\t\t\t\t\t\t\t<div class=\"price tiny-body-font desktop translation-block\"><p>Vor\u00fcbergehend kostenlos<\/p><\/div>\t\t\t\t\t\t\t<\/div>\n\t\t\t\t\t\t\t<div class=\"tb-image-part mobile\">\n\t\t\t\t\t\t\t\t<img src='https:\/\/tkt.travelblox.eu\/wp-content\/uploads\/sites\/69\/2023\/10\/TKT23_MICHIELANNAERT_HR-52-768x1220.jpg' width='768' height='1220' alt='kayak + Wasser - Kajakfahren - Norwegenfjord - Wandern in Norwegen - Kayaking - ab Flughafen Br\u00fcssel' loading='lazy' image_size='medium_large'>\t\t\t\t\t\t\t\t\t\t\t\t\t\t\t<\/div>\n\t\t\t\t\t\t\t<div class=\"tb-card-content\">\n\t\t\t\t\t\t\t\t<h5>\n\t\t\t\t\t\t\t\t\t\t\t\t\t\t\t\t\t\t<span>Superflex Buchungsbedingungen<\/span>\n\t\t\t\t\t\t\t\t<\/h5>\n\t\t\t\t\t\t\t\t\t\t\t\t\t\t\t\t\t<div class=\"price tiny-body-font mobile\"><p>Vor\u00fcbergehend kostenlos<\/p><\/div>\t\t\t\t\t\t\t\t<div class=\"content readmore-content content--clamped\">\t\t<div class=\"translation-block\"><p>Wenn du fr\u00fch buchst, erh\u00e4ltst du vor\u00fcbergehend unsere kostenlosen Superflex-Buchungsbedingungen. Damit kannst du deine Reise bis zum 1. April 2026 stornieren oder auf eine andere Woche (je nach Verf\u00fcgbarkeit) verschieben, ohne einen Grund angeben zu m\u00fcssen. So buchst du komplett risikofrei.<\/p>\n<p>Gehe&nbsp;<strong>kein Risiko<\/strong>&nbsp;ein und sichere dich auch nach dem 1. April ab, indem du eine&nbsp;<strong>normale Stornoversicherung<\/strong>&nbsp;zu deiner Buchung hinzuf\u00fcgst.<\/p><\/div>\n\t<\/div>\n\t\t\t\t\t\t\t\t\t\t\t\t\t\t\t\t<div class=\"readmore link js-readmore\">\n\t\t\t\t\t\t\t\t\t<span><i class=\"fa-solid fa-circle-plus\"><\/i><u>Mehr lesen<\/u><\/span>\n\t\t\t\t\t\t\t\t\t<span><i class=\"fa-solid fa-circle-minus\"><\/i><u>Weniger lesen<\/u><\/span>\n\t\t\t\t\t\t\t\t<\/div>\n\t\t\t\t\t\t\t\t\t\t\t\t\t\t\t\t<dialog class=\"tb-popup\">\n\t\t\t\t\t\t\t\t\t<div class=\"tb-highlights-popup\">\n\t\t\t\t\t\t\t\t\t\t<div class=\"tb-image-part\">\n\t\t\t\t\t\t\t\t\t\t\t<img src='https:\/\/tkt.travelblox.eu\/wp-content\/uploads\/sites\/69\/2023\/10\/TKT23_MICHIELANNAERT_HR-52-768x1220.jpg' width='768' height='1220' alt='kayak + Wasser - Kajakfahren - Norwegenfjord - Wandern in Norwegen - Kayaking - ab Flughafen Br\u00fcssel' loading='lazy' image_size='medium_large'>\t\t\t\t\t\t\t\t\t\t<\/div>\n\t\t\t\t\t\t\t\t\t\t<div class=\"tb-popup-content\">\n\t\t\t\t\t\t\t\t\t\t\t<h5>Superflex Buchungsbedingungen<\/h5>\n\t\t\t\t\t\t\t\t\t\t\t<div class=\"content\">\t\t<div class=\"translation-block\"><p>Wenn du fr\u00fch buchst, erh\u00e4ltst du vor\u00fcbergehend unsere kostenlosen Superflex-Buchungsbedingungen. Damit kannst du deine Reise bis zum 1. April 2026 stornieren oder auf eine andere Woche (je nach Verf\u00fcgbarkeit) verschieben, ohne einen Grund angeben zu m\u00fcssen. So buchst du komplett risikofrei.<\/p>\n<p>Gehe&nbsp;<strong>kein Risiko<\/strong>&nbsp;ein und sichere dich auch nach dem 1. April ab, indem du eine&nbsp;<strong>normale Stornoversicherung<\/strong>&nbsp;zu deiner Buchung hinzuf\u00fcgst.<\/p><\/div>\n\t<\/div>\n\t\t\t\t\t\t\t\t\t\t<\/div>\n\t\t\t\t\t\t\t\t\t<\/div>\n\t\t\t\t\t\t\t\t<\/dialog>\n\t\t\t\t\t\t\t<\/div>\n\t\t\t\t\t\t<\/div>\n\t\t\t\t\t\t\t\t\t\t\t\t\t\t<\/div>\n\t\t\t\t\t\t<div class=\"tb-carousel-nav\">\n\t\t\t<div class=\"dots\">\n\t\t\t\t<div class=\"dot active\"><\/div>\n\t\t\t\t<div class=\"dot\"><\/div>\n\t\t\t\t<div class=\"dot\"><\/div>\n\t\t\t<\/div>\n\t\t\t<div class=\"arrows\">\n\t\t\t\t<div class=\"prev disabled\">\n\t\t\t\t\t<span><i class=\"fa fa-chevron-left\"><\/i><\/span>\n\t\t\t\t<\/div>\n\t\t\t\t<div class=\"next\">\n\t\t\t\t\t<span><i class=\"fa fa-chevron-right\"><\/i><\/span>\n\t\t\t\t<\/div>\n\t\t\t<\/div>\n\t\t<\/div>\n\t\t\t\t<\/div>\n\t\t<\/div>\n\t\t\t\t\t\t\t\t\t\t<\/div>\n\t\t<\/div>\n\n\n    <div class=\"tb-calendarv2 tb-block align-center background-light pattern-none variant-none tb-collapsible-margins\" id=\"join\" data-field-packages='[{&quot;package_id&quot;:&quot;TKT-TKT&quot;,&quot;prereg_url&quot;:&quot;https:\\\/\\\/travelbase.pro.typeform.com\\\/tkt26nl&quot;,&quot;package_summary_content&quot;:&quot;Om je inschrijving te bevestigen, vragen we je binnen 5 dagen een voorschot van 30% te betalen.&quot;,&quot;package_summary_inclusive&quot;:false,&quot;rowid&quot;:&quot;67cffb95ec713&quot;}]' data-package-ids='[\"TKT-TKT\"]' data-brands='[{&quot;type&quot;:&quot;brands&quot;,&quot;id&quot;:&quot;27&quot;,&quot;attributes&quot;:{&quot;name&quot;:&quot;Kayak Trip&quot;,&quot;translatableName&quot;:{&quot;nl&quot;:&quot;The Kayak Trip&quot;,&quot;en&quot;:&quot;The Kayak Trip&quot;,&quot;fr&quot;:&quot;Le Kayak Trip&quot;,&quot;de&quot;:&quot;Der Kayak Trip&quot;}}}]' data-language='de' data-allow-collapse-consecutive-sold-out-items='1' data-show-prereg-items='1' data-show-participants='0' data-show-departure-hours='0' data-no-participants-title=\"0 Teilnehmer\" data-no-participants-text=\"Es sind noch keine Teilnehmer bekannt.\" data-sold-out-cta=\"&lt;p&gt;Deze trip is volgeboekt.&lt;\/p&gt;\" data-show-months-toggle=\"1\" data-show-waiting-list-buttons=\"1\" data-show-price-toggle=\"0\" data-show-quote-request=\"1\" data-sort-filter-options-by-az-order='0' data-launch-unfiltered='0' data-merge-duplicate-filters='0'>\n        <div class=\"inner-block tb-fade-in tb-fade-in--subtle\">\n            <div class=\"text-part tb-fade-in tb-fade-in--subtle\">\n                                    <h2>Sei dabei!<\/h2>\n                                                    \t\t<div class=\"translation-block\"><p>Willst du 2026 in Norwegen kajaken? Dann ist jetzt der perfekte Zeitpunkt, deine Tour zu buchen!<\/p><p>M\u00f6chtest du an einer anderen Woche kajaken, dann schau unbedingt auf unserer <a href=\"https:\/\/thekayaktrip.com\/en\/#join\">englischsprachigen Website<\/a> vorbei.<\/p><p>Verpasse nicht die Gelegenheit und mach dich bereit f\u00fcr ein unvergessliches Abenteuer!<\/p><\/div>\n\t                                                    <div class=\"tb-buttons-part\">\n                                                                            \t\t<a href=\"https:\/\/travelbase.typeform.com\/TKT26DEprereg\"  target=\"\" class=\"tb-button\">\n\t\t\tHier buchen\t\t<\/a>\n\t\t                                                                                                                                        <a href=\"https:\/\/booking.travelbase.eu\/tkt26\/offer?lang=de\" class=\"tb-buttonlink tb-quote-request\" target=\"_blank\"><span>Ein Angebot anfordern<\/span><\/a>\n                                                                                                                                                        <\/div>\n                            <\/div>\n\n            \n            \n<div class=\"tb-skeleton tb-skeleton--calendar-v2 tb-skeleton--inactive\">\n    <!-- <div class=\"section-toggler section-toggler--small tb-skeleton__border tb-skeleton__disabled\">\n        <div class=\"section-toggler__inner\">\n            <div class=\"section-toggler__toggle-wrapper\">\n                <div class=\"section-toggler__toggles\">\n                    <input type=\"radio\" name=\"2025\" checked>\n                    <label class=\"tb-skeleton__background tb-skeleton__border\" for=\"\"><span class=\"tb-skeleton__bone\"><span class=\"tb-skeleton__invisible-text\">2025<\/span><\/span><\/label>\n                    <input type=\"radio\" name=\"2026\">\n                    <label class=\"tb-skeleton__border\" for=\"\"><span class=\"tb-skeleton__bone\"><span class=\"tb-skeleton__invisible-text\">2026<\/span><\/span><\/label>\n                <\/div>\n            <\/div>\n        <\/div>\n    <\/div> -->\n    <div class=\"tb-calendar-v2__year\" id=\"year-section-0\">\n        <div class=\"tb-block\">\n            <div class=\"section-toggler section-toggler--fake section-toggler--blocks tb-skeleton__border tb-skeleton__disabled\">\n                <div class=\"section-toggler__inner\">\n                    <div class=\"section-toggler__toggle-wrapper\">\n                        <div class=\"section-toggler__toggles\">\n                            <input type=\"radio\" name=\"Jan\" checked>\n                            <label class=\"tb-skeleton__background tb-skeleton__border\" for=\"\"><span class=\"tb-skeleton__bone\"><span class=\"tb-skeleton__invisible-text\">Jan<\/span><\/span><\/label>\n                            <input type=\"radio\" name=\"Feb\">\n                            <label class=\"tb-skeleton__border\" for=\"\"><span class=\"tb-skeleton__bone\"><span class=\"tb-skeleton__invisible-text\">Feb<\/span><\/span><\/label>\n                            <input type=\"radio\" name=\"Mar\">\n                            <label class=\"tb-skeleton__border\" for=\"\"><span class=\"tb-skeleton__bone\"><span class=\"tb-skeleton__invisible-text\">Mar<\/span><\/span><\/label>\n                            <input type=\"radio\" name=\"Apr\">\n                            <label class=\"tb-skeleton__border\" for=\"\"><span class=\"tb-skeleton__bone\"><span class=\"tb-skeleton__invisible-text\">Apr<\/span><\/span><\/label>\n                            <input type=\"radio\" name=\"May\">\n                            <label class=\"tb-skeleton__border\" for=\"\"><span class=\"tb-skeleton__bone\"><span class=\"tb-skeleton__invisible-text\">May<\/span><\/span><\/label>\n                        <\/div>\n                    <\/div>\n                <\/div>\n            <\/div>\n            <div class=\"tb-calendar-v2__month\" id=\"year-0-month-section-0\">\n                <ul class=\"tb-calendar-v2__departures\">\n                                            <li class=\"tb-calendar-v2__departure tb-calendar-v2-departure tb-skeleton__border\" data-availability=\"free\">\n                            <div class=\"tb-calendar-v2-departure__essential\">\n                                <div class=\"tb-calendar-v2-departure__first-part\">\n                                    <div class=\"tb-calendar-v2-departure__destination desktop-only\">\n                                        <span class=\"tb-skeleton__bone\"><span class=\"tb-skeleton__invisible-text\"><strong>Beispielreise<\/strong><\/span><\/span>\n                                    <\/div>\n                                    <div class=\"tb-calendar-v2-departure__dates\">\n                                        <div class=\"tb-calendar-v2-departure__startdate\">\n                                            <span class=\"tb-skeleton__bone\"><span class=\"tb-skeleton__invisible-text\">Montag<\/span><\/span>\n                                            <span class=\"tb-skeleton__bone\"><span class=\"tb-skeleton__invisible-text\"><strong>20. Jan 2025<\/strong><\/span><\/span>\n                                        <\/div>\n                                        <span class=\"tb-skeleton__bone\"><span class=\"tb-skeleton__invisible-text\"><i class=\"fa-solid fa-arrow-right\"><\/i><\/span><\/span>\n                                        <div class=\"tb-calendar-v2-departure__enddate\">\n                                            <span class=\"tb-skeleton__bone\"><span class=\"tb-skeleton__invisible-text\">Sonntag<\/span><\/span>\n                                            <span class=\"tb-skeleton__bone\"><span class=\"tb-skeleton__invisible-text\"><strong>26. Jan 2025<\/strong><\/span><\/span>\n                                        <\/div>\n                                    <\/div>\n                                    <div class=\"tb-calendar-v2-departure__divider desktop-only tb-skeleton__bone\"><\/div>\n                                    <div class=\"tb-calendar-v2-departure__availability desktop-only\" data-availability=\"free\"><strong>\n                                            <span class=\"tb-skeleton__bone\"><span class=\"tb-skeleton__invisible-text\">Verf\u00fcgbar<\/span><\/span>\n                                        <\/strong><\/div>\n                                    <div class=\"tb-calendar-v2-departure__spots desktop-only\">\n                                        <span class=\"tb-skeleton__bone\"><span class=\"tb-skeleton__invisible-text\">\n                                                                                             <\/span><\/span>\n                                    <\/div>\n                                <\/div>\n                                <div class=\"tb-calendar-v2-departure__last-part\">\n                                    <div class=\"tb-calendar-v2-departure__price\"><span class=\"tb-skeleton__bone\"><span class=\"tb-skeleton__invisible-text\"><strong>\u20ac 1450<\/strong><\/span><\/span><\/div>\n                                    <div class=\"tb-calendar-v2-departure__availability mobile-only\" data-availability=\"free\">\n                                        <strong>\n                                            <span class=\"tb-skeleton__bone\"><span class=\"tb-skeleton__invisible-text\">Verf\u00fcgbar<\/span><\/span>\n                                        <\/strong>\n                                    <\/div>\n                                    <div class=\"tb-calendar-v2-departure__expand-button tb-skeleton__disabled desktop-only\" disabled>\n                                        <span class=\"tb-skeleton__bone\"><span class=\"tb-skeleton__invisible-text\"><i class=\"fa-solid fa-chevron-down\"><\/i><\/span><\/span>\n                                    <\/div>\n                                <\/div>\n                            <\/div>\n                            <div class=\"tb-calendar-v2-departure__divider mobile-only tb-skeleton__bone\"><\/div>\n                            <div class=\"tb-calendar-v2-departure__expand-button mobile-only tb-skeleton__disabled\" disabled>\n                                <span class=\"tb-skeleton__bone\"><span class=\"tb-skeleton__invisible-text\"><span class=\"more-info\">Mehr Infos<\/span> <span class=\"less-info\">Weniger Infos<\/span> <i class=\"fa-solid fa-chevron-down\"><\/i><\/span><\/span>\n                            <\/div>\n                        <\/li>\n                                            <li class=\"tb-calendar-v2__departure tb-calendar-v2-departure tb-skeleton__border\" data-availability=\"free\">\n                            <div class=\"tb-calendar-v2-departure__essential\">\n                                <div class=\"tb-calendar-v2-departure__first-part\">\n                                    <div class=\"tb-calendar-v2-departure__destination desktop-only\">\n                                        <span class=\"tb-skeleton__bone\"><span class=\"tb-skeleton__invisible-text\"><strong>Beispielreise<\/strong><\/span><\/span>\n                                    <\/div>\n                                    <div class=\"tb-calendar-v2-departure__dates\">\n                                        <div class=\"tb-calendar-v2-departure__startdate\">\n                                            <span class=\"tb-skeleton__bone\"><span class=\"tb-skeleton__invisible-text\">Montag<\/span><\/span>\n                                            <span class=\"tb-skeleton__bone\"><span class=\"tb-skeleton__invisible-text\"><strong>20. Jan 2025<\/strong><\/span><\/span>\n                                        <\/div>\n                                        <span class=\"tb-skeleton__bone\"><span class=\"tb-skeleton__invisible-text\"><i class=\"fa-solid fa-arrow-right\"><\/i><\/span><\/span>\n                                        <div class=\"tb-calendar-v2-departure__enddate\">\n                                            <span class=\"tb-skeleton__bone\"><span class=\"tb-skeleton__invisible-text\">Sonntag<\/span><\/span>\n                                            <span class=\"tb-skeleton__bone\"><span class=\"tb-skeleton__invisible-text\"><strong>26. Jan 2025<\/strong><\/span><\/span>\n                                        <\/div>\n                                    <\/div>\n                                    <div class=\"tb-calendar-v2-departure__divider desktop-only tb-skeleton__bone\"><\/div>\n                                    <div class=\"tb-calendar-v2-departure__availability desktop-only\" data-availability=\"free\"><strong>\n                                            <span class=\"tb-skeleton__bone\"><span class=\"tb-skeleton__invisible-text\">Verf\u00fcgbar<\/span><\/span>\n                                        <\/strong><\/div>\n                                    <div class=\"tb-calendar-v2-departure__spots desktop-only\">\n                                        <span class=\"tb-skeleton__bone\"><span class=\"tb-skeleton__invisible-text\">\n                                                                                             <\/span><\/span>\n                                    <\/div>\n                                <\/div>\n                                <div class=\"tb-calendar-v2-departure__last-part\">\n                                    <div class=\"tb-calendar-v2-departure__price\"><span class=\"tb-skeleton__bone\"><span class=\"tb-skeleton__invisible-text\"><strong>\u20ac 1450<\/strong><\/span><\/span><\/div>\n                                    <div class=\"tb-calendar-v2-departure__availability mobile-only\" data-availability=\"free\">\n                                        <strong>\n                                            <span class=\"tb-skeleton__bone\"><span class=\"tb-skeleton__invisible-text\">Verf\u00fcgbar<\/span><\/span>\n                                        <\/strong>\n                                    <\/div>\n                                    <div class=\"tb-calendar-v2-departure__expand-button tb-skeleton__disabled desktop-only\" disabled>\n                                        <span class=\"tb-skeleton__bone\"><span class=\"tb-skeleton__invisible-text\"><i class=\"fa-solid fa-chevron-down\"><\/i><\/span><\/span>\n                                    <\/div>\n                                <\/div>\n                            <\/div>\n                            <div class=\"tb-calendar-v2-departure__divider mobile-only tb-skeleton__bone\"><\/div>\n                            <div class=\"tb-calendar-v2-departure__expand-button mobile-only tb-skeleton__disabled\" disabled>\n                                <span class=\"tb-skeleton__bone\"><span class=\"tb-skeleton__invisible-text\"><span class=\"more-info\">Mehr Infos<\/span> <span class=\"less-info\">Weniger Infos<\/span> <i class=\"fa-solid fa-chevron-down\"><\/i><\/span><\/span>\n                            <\/div>\n                        <\/li>\n                                            <li class=\"tb-calendar-v2__departure tb-calendar-v2-departure tb-skeleton__border\" data-availability=\"free\">\n                            <div class=\"tb-calendar-v2-departure__essential\">\n                                <div class=\"tb-calendar-v2-departure__first-part\">\n                                    <div class=\"tb-calendar-v2-departure__destination desktop-only\">\n                                        <span class=\"tb-skeleton__bone\"><span class=\"tb-skeleton__invisible-text\"><strong>Beispielreise<\/strong><\/span><\/span>\n                                    <\/div>\n                                    <div class=\"tb-calendar-v2-departure__dates\">\n                                        <div class=\"tb-calendar-v2-departure__startdate\">\n                                            <span class=\"tb-skeleton__bone\"><span class=\"tb-skeleton__invisible-text\">Montag<\/span><\/span>\n                                            <span class=\"tb-skeleton__bone\"><span class=\"tb-skeleton__invisible-text\"><strong>20. Jan 2025<\/strong><\/span><\/span>\n                                        <\/div>\n                                        <span class=\"tb-skeleton__bone\"><span class=\"tb-skeleton__invisible-text\"><i class=\"fa-solid fa-arrow-right\"><\/i><\/span><\/span>\n                                        <div class=\"tb-calendar-v2-departure__enddate\">\n                                            <span class=\"tb-skeleton__bone\"><span class=\"tb-skeleton__invisible-text\">Sonntag<\/span><\/span>\n                                            <span class=\"tb-skeleton__bone\"><span class=\"tb-skeleton__invisible-text\"><strong>26. Jan 2025<\/strong><\/span><\/span>\n                                        <\/div>\n                                    <\/div>\n                                    <div class=\"tb-calendar-v2-departure__divider desktop-only tb-skeleton__bone\"><\/div>\n                                    <div class=\"tb-calendar-v2-departure__availability desktop-only\" data-availability=\"free\"><strong>\n                                            <span class=\"tb-skeleton__bone\"><span class=\"tb-skeleton__invisible-text\">Verf\u00fcgbar<\/span><\/span>\n                                        <\/strong><\/div>\n                                    <div class=\"tb-calendar-v2-departure__spots desktop-only\">\n                                        <span class=\"tb-skeleton__bone\"><span class=\"tb-skeleton__invisible-text\">\n                                                                                             <\/span><\/span>\n                                    <\/div>\n                                <\/div>\n                                <div class=\"tb-calendar-v2-departure__last-part\">\n                                    <div class=\"tb-calendar-v2-departure__price\"><span class=\"tb-skeleton__bone\"><span class=\"tb-skeleton__invisible-text\"><strong>\u20ac 1450<\/strong><\/span><\/span><\/div>\n                                    <div class=\"tb-calendar-v2-departure__availability mobile-only\" data-availability=\"free\">\n                                        <strong>\n                                            <span class=\"tb-skeleton__bone\"><span class=\"tb-skeleton__invisible-text\">Verf\u00fcgbar<\/span><\/span>\n                                        <\/strong>\n                                    <\/div>\n                                    <div class=\"tb-calendar-v2-departure__expand-button tb-skeleton__disabled desktop-only\" disabled>\n                                        <span class=\"tb-skeleton__bone\"><span class=\"tb-skeleton__invisible-text\"><i class=\"fa-solid fa-chevron-down\"><\/i><\/span><\/span>\n                                    <\/div>\n                                <\/div>\n                            <\/div>\n                            <div class=\"tb-calendar-v2-departure__divider mobile-only tb-skeleton__bone\"><\/div>\n                            <div class=\"tb-calendar-v2-departure__expand-button mobile-only tb-skeleton__disabled\" disabled>\n                                <span class=\"tb-skeleton__bone\"><span class=\"tb-skeleton__invisible-text\"><span class=\"more-info\">Mehr Infos<\/span> <span class=\"less-info\">Weniger Infos<\/span> <i class=\"fa-solid fa-chevron-down\"><\/i><\/span><\/span>\n                            <\/div>\n                        <\/li>\n                                            <li class=\"tb-calendar-v2__departure tb-calendar-v2-departure tb-skeleton__border\" data-availability=\"free\">\n                            <div class=\"tb-calendar-v2-departure__essential\">\n                                <div class=\"tb-calendar-v2-departure__first-part\">\n                                    <div class=\"tb-calendar-v2-departure__destination desktop-only\">\n                                        <span class=\"tb-skeleton__bone\"><span class=\"tb-skeleton__invisible-text\"><strong>Beispielreise<\/strong><\/span><\/span>\n                                    <\/div>\n                                    <div class=\"tb-calendar-v2-departure__dates\">\n                                        <div class=\"tb-calendar-v2-departure__startdate\">\n                                            <span class=\"tb-skeleton__bone\"><span class=\"tb-skeleton__invisible-text\">Montag<\/span><\/span>\n                                            <span class=\"tb-skeleton__bone\"><span class=\"tb-skeleton__invisible-text\"><strong>20. Jan 2025<\/strong><\/span><\/span>\n                                        <\/div>\n                                        <span class=\"tb-skeleton__bone\"><span class=\"tb-skeleton__invisible-text\"><i class=\"fa-solid fa-arrow-right\"><\/i><\/span><\/span>\n                                        <div class=\"tb-calendar-v2-departure__enddate\">\n                                            <span class=\"tb-skeleton__bone\"><span class=\"tb-skeleton__invisible-text\">Sonntag<\/span><\/span>\n                                            <span class=\"tb-skeleton__bone\"><span class=\"tb-skeleton__invisible-text\"><strong>26. Jan 2025<\/strong><\/span><\/span>\n                                        <\/div>\n                                    <\/div>\n                                    <div class=\"tb-calendar-v2-departure__divider desktop-only tb-skeleton__bone\"><\/div>\n                                    <div class=\"tb-calendar-v2-departure__availability desktop-only\" data-availability=\"free\"><strong>\n                                            <span class=\"tb-skeleton__bone\"><span class=\"tb-skeleton__invisible-text\">Verf\u00fcgbar<\/span><\/span>\n                                        <\/strong><\/div>\n                                    <div class=\"tb-calendar-v2-departure__spots desktop-only\">\n                                        <span class=\"tb-skeleton__bone\"><span class=\"tb-skeleton__invisible-text\">\n                                                                                             <\/span><\/span>\n                                    <\/div>\n                                <\/div>\n                                <div class=\"tb-calendar-v2-departure__last-part\">\n                                    <div class=\"tb-calendar-v2-departure__price\"><span class=\"tb-skeleton__bone\"><span class=\"tb-skeleton__invisible-text\"><strong>\u20ac 1450<\/strong><\/span><\/span><\/div>\n                                    <div class=\"tb-calendar-v2-departure__availability mobile-only\" data-availability=\"free\">\n                                        <strong>\n                                            <span class=\"tb-skeleton__bone\"><span class=\"tb-skeleton__invisible-text\">Verf\u00fcgbar<\/span><\/span>\n                                        <\/strong>\n                                    <\/div>\n                                    <div class=\"tb-calendar-v2-departure__expand-button tb-skeleton__disabled desktop-only\" disabled>\n                                        <span class=\"tb-skeleton__bone\"><span class=\"tb-skeleton__invisible-text\"><i class=\"fa-solid fa-chevron-down\"><\/i><\/span><\/span>\n                                    <\/div>\n                                <\/div>\n                            <\/div>\n                            <div class=\"tb-calendar-v2-departure__divider mobile-only tb-skeleton__bone\"><\/div>\n                            <div class=\"tb-calendar-v2-departure__expand-button mobile-only tb-skeleton__disabled\" disabled>\n                                <span class=\"tb-skeleton__bone\"><span class=\"tb-skeleton__invisible-text\"><span class=\"more-info\">Mehr Infos<\/span> <span class=\"less-info\">Weniger Infos<\/span> <i class=\"fa-solid fa-chevron-down\"><\/i><\/span><\/span>\n                            <\/div>\n                        <\/li>\n                                            <li class=\"tb-calendar-v2__departure tb-calendar-v2-departure tb-skeleton__border\" data-availability=\"free\">\n                            <div class=\"tb-calendar-v2-departure__essential\">\n                                <div class=\"tb-calendar-v2-departure__first-part\">\n                                    <div class=\"tb-calendar-v2-departure__destination desktop-only\">\n                                        <span class=\"tb-skeleton__bone\"><span class=\"tb-skeleton__invisible-text\"><strong>Beispielreise<\/strong><\/span><\/span>\n                                    <\/div>\n                                    <div class=\"tb-calendar-v2-departure__dates\">\n                                        <div class=\"tb-calendar-v2-departure__startdate\">\n                                            <span class=\"tb-skeleton__bone\"><span class=\"tb-skeleton__invisible-text\">Montag<\/span><\/span>\n                                            <span class=\"tb-skeleton__bone\"><span class=\"tb-skeleton__invisible-text\"><strong>20. Jan 2025<\/strong><\/span><\/span>\n                                        <\/div>\n                                        <span class=\"tb-skeleton__bone\"><span class=\"tb-skeleton__invisible-text\"><i class=\"fa-solid fa-arrow-right\"><\/i><\/span><\/span>\n                                        <div class=\"tb-calendar-v2-departure__enddate\">\n                                            <span class=\"tb-skeleton__bone\"><span class=\"tb-skeleton__invisible-text\">Sonntag<\/span><\/span>\n                                            <span class=\"tb-skeleton__bone\"><span class=\"tb-skeleton__invisible-text\"><strong>26. Jan 2025<\/strong><\/span><\/span>\n                                        <\/div>\n                                    <\/div>\n                                    <div class=\"tb-calendar-v2-departure__divider desktop-only tb-skeleton__bone\"><\/div>\n                                    <div class=\"tb-calendar-v2-departure__availability desktop-only\" data-availability=\"free\"><strong>\n                                            <span class=\"tb-skeleton__bone\"><span class=\"tb-skeleton__invisible-text\">Verf\u00fcgbar<\/span><\/span>\n                                        <\/strong><\/div>\n                                    <div class=\"tb-calendar-v2-departure__spots desktop-only\">\n                                        <span class=\"tb-skeleton__bone\"><span class=\"tb-skeleton__invisible-text\">\n                                                                                             <\/span><\/span>\n                                    <\/div>\n                                <\/div>\n                                <div class=\"tb-calendar-v2-departure__last-part\">\n                                    <div class=\"tb-calendar-v2-departure__price\"><span class=\"tb-skeleton__bone\"><span class=\"tb-skeleton__invisible-text\"><strong>\u20ac 1450<\/strong><\/span><\/span><\/div>\n                                    <div class=\"tb-calendar-v2-departure__availability mobile-only\" data-availability=\"free\">\n                                        <strong>\n                                            <span class=\"tb-skeleton__bone\"><span class=\"tb-skeleton__invisible-text\">Verf\u00fcgbar<\/span><\/span>\n                                        <\/strong>\n                                    <\/div>\n                                    <div class=\"tb-calendar-v2-departure__expand-button tb-skeleton__disabled desktop-only\" disabled>\n                                        <span class=\"tb-skeleton__bone\"><span class=\"tb-skeleton__invisible-text\"><i class=\"fa-solid fa-chevron-down\"><\/i><\/span><\/span>\n                                    <\/div>\n                                <\/div>\n                            <\/div>\n                            <div class=\"tb-calendar-v2-departure__divider mobile-only tb-skeleton__bone\"><\/div>\n                            <div class=\"tb-calendar-v2-departure__expand-button mobile-only tb-skeleton__disabled\" disabled>\n                                <span class=\"tb-skeleton__bone\"><span class=\"tb-skeleton__invisible-text\"><span class=\"more-info\">Mehr Infos<\/span> <span class=\"less-info\">Weniger Infos<\/span> <i class=\"fa-solid fa-chevron-down\"><\/i><\/span><\/span>\n                            <\/div>\n                        <\/li>\n                                            <li class=\"tb-calendar-v2__departure tb-calendar-v2-departure tb-skeleton__border\" data-availability=\"free\">\n                            <div class=\"tb-calendar-v2-departure__essential\">\n                                <div class=\"tb-calendar-v2-departure__first-part\">\n                                    <div class=\"tb-calendar-v2-departure__destination desktop-only\">\n                                        <span class=\"tb-skeleton__bone\"><span class=\"tb-skeleton__invisible-text\"><strong>Beispielreise<\/strong><\/span><\/span>\n                                    <\/div>\n                                    <div class=\"tb-calendar-v2-departure__dates\">\n                                        <div class=\"tb-calendar-v2-departure__startdate\">\n                                            <span class=\"tb-skeleton__bone\"><span class=\"tb-skeleton__invisible-text\">Montag<\/span><\/span>\n                                            <span class=\"tb-skeleton__bone\"><span class=\"tb-skeleton__invisible-text\"><strong>20. Jan 2025<\/strong><\/span><\/span>\n                                        <\/div>\n                                        <span class=\"tb-skeleton__bone\"><span class=\"tb-skeleton__invisible-text\"><i class=\"fa-solid fa-arrow-right\"><\/i><\/span><\/span>\n                                        <div class=\"tb-calendar-v2-departure__enddate\">\n                                            <span class=\"tb-skeleton__bone\"><span class=\"tb-skeleton__invisible-text\">Sonntag<\/span><\/span>\n                                            <span class=\"tb-skeleton__bone\"><span class=\"tb-skeleton__invisible-text\"><strong>26. Jan 2025<\/strong><\/span><\/span>\n                                        <\/div>\n                                    <\/div>\n                                    <div class=\"tb-calendar-v2-departure__divider desktop-only tb-skeleton__bone\"><\/div>\n                                    <div class=\"tb-calendar-v2-departure__availability desktop-only\" data-availability=\"free\"><strong>\n                                            <span class=\"tb-skeleton__bone\"><span class=\"tb-skeleton__invisible-text\">Verf\u00fcgbar<\/span><\/span>\n                                        <\/strong><\/div>\n                                    <div class=\"tb-calendar-v2-departure__spots desktop-only\">\n                                        <span class=\"tb-skeleton__bone\"><span class=\"tb-skeleton__invisible-text\">\n                                                                                             <\/span><\/span>\n                                    <\/div>\n                                <\/div>\n                                <div class=\"tb-calendar-v2-departure__last-part\">\n                                    <div class=\"tb-calendar-v2-departure__price\"><span class=\"tb-skeleton__bone\"><span class=\"tb-skeleton__invisible-text\"><strong>\u20ac 1450<\/strong><\/span><\/span><\/div>\n                                    <div class=\"tb-calendar-v2-departure__availability mobile-only\" data-availability=\"free\">\n                                        <strong>\n                                            <span class=\"tb-skeleton__bone\"><span class=\"tb-skeleton__invisible-text\">Verf\u00fcgbar<\/span><\/span>\n                                        <\/strong>\n                                    <\/div>\n                                    <div class=\"tb-calendar-v2-departure__expand-button tb-skeleton__disabled desktop-only\" disabled>\n                                        <span class=\"tb-skeleton__bone\"><span class=\"tb-skeleton__invisible-text\"><i class=\"fa-solid fa-chevron-down\"><\/i><\/span><\/span>\n                                    <\/div>\n                                <\/div>\n                            <\/div>\n                            <div class=\"tb-calendar-v2-departure__divider mobile-only tb-skeleton__bone\"><\/div>\n                            <div class=\"tb-calendar-v2-departure__expand-button mobile-only tb-skeleton__disabled\" disabled>\n                                <span class=\"tb-skeleton__bone\"><span class=\"tb-skeleton__invisible-text\"><span class=\"more-info\">Mehr Infos<\/span> <span class=\"less-info\">Weniger Infos<\/span> <i class=\"fa-solid fa-chevron-down\"><\/i><\/span><\/span>\n                            <\/div>\n                        <\/li>\n                                    <\/ul>\n            <\/div>\n        <\/div>\n    <\/div>\n<\/div>            <div class=\"tb-calendar-v2 tb-sections\" data-calendar-data=\"{&quot;brands&quot;:[{&quot;type&quot;:&quot;brands&quot;,&quot;id&quot;:&quot;27&quot;,&quot;attributes&quot;:{&quot;name&quot;:&quot;Kayak Trip&quot;,&quot;translatableName&quot;:{&quot;nl&quot;:&quot;The Kayak Trip&quot;,&quot;en&quot;:&quot;The Kayak Trip&quot;,&quot;fr&quot;:&quot;Le Kayak Trip&quot;,&quot;de&quot;:&quot;Der Kayak Trip&quot;}}}],&quot;packages&quot;:[{&quot;type&quot;:&quot;packages&quot;,&quot;id&quot;:&quot;TKT-TKT&quot;,&quot;attributes&quot;:{&quot;name&quot;:&quot;Kayak Trip - The Kayak Trip&quot;,&quot;destinationName&quot;:&quot;N\\u00e6r\\u00f8yfjord&quot;,&quot;destinationCountry&quot;:null,&quot;destinationTitle&quot;:{&quot;nl&quot;:&quot;N\\u00e6r\\u00f8yfjord&quot;,&quot;en&quot;:&quot;N\\u00e6r\\u00f8yfjord&quot;,&quot;fr&quot;:&quot;N\\u00e6r\\u00f8yfjord&quot;,&quot;de&quot;:&quot;N\\u00e6r\\u00f8yfjord&quot;},&quot;status&quot;:&quot;active&quot;,&quot;updatedAt&quot;:&quot;2026-04-24T19:09:16.000000Z&quot;},&quot;relationships&quot;:{&quot;brand&quot;:{&quot;data&quot;:{&quot;type&quot;:&quot;brands&quot;,&quot;id&quot;:&quot;27&quot;}}}}],&quot;departures&quot;:[{&quot;type&quot;:&quot;departures&quot;,&quot;id&quot;:&quot;t9794&quot;,&quot;attributes&quot;:{&quot;name&quot;:&quot;TKT-W31MON&quot;,&quot;start&quot;:&quot;2026-07-27T10:00:00.000000Z&quot;,&quot;end&quot;:&quot;2026-08-03T12:00:00.000000Z&quot;,&quot;cheapestPrice&quot;:750,&quot;languages&quot;:[&quot;nl&quot;,&quot;en&quot;,&quot;de&quot;],&quot;availableSpots&quot;:1,&quot;bookedSpots&quot;:29,&quot;fakeLabel&quot;:&quot;last stock&quot;,&quot;availabilityLabel&quot;:&quot;last spots&quot;,&quot;promoLabel&quot;:&quot;&quot;,&quot;calendarToggles&quot;:[{&quot;value&quot;:&quot;shuttle&quot;,&quot;label&quot;:{&quot;en&quot;:&quot;Shuttle (round trip)&quot;,&quot;nl&quot;:&quot;Shuttle (retour)&quot;,&quot;fr&quot;:&quot;Navette &quot;,&quot;de&quot;:&quot;Shuttle (Hin- und R\\u00fcckfahrt)&quot;},&quot;price&quot;:95,&quot;status&quot;:&quot;available&quot;,&quot;language_hidden&quot;:[],&quot;startIncrement&quot;:0,&quot;endIncrement&quot;:0,&quot;var_name&quot;:&quot;Shuttle&quot;,&quot;category_label&quot;:{&quot;en&quot;:&quot;Flights&quot;,&quot;nl&quot;:&quot;Shuttle&quot;,&quot;fr&quot;:&quot;Navette&quot;,&quot;de&quot;:&quot;Shuttle&quot;}},{&quot;value&quot;:&quot;no shuttle&quot;,&quot;label&quot;:{&quot;en&quot;:&quot;No shuttle&quot;,&quot;nl&quot;:&quot;Geen shuttle&quot;,&quot;fr&quot;:&quot;Pas de navette&quot;,&quot;de&quot;:&quot;Kein Shuttle&quot;},&quot;price&quot;:0,&quot;status&quot;:&quot;available&quot;,&quot;language_hidden&quot;:[],&quot;startIncrement&quot;:0,&quot;endIncrement&quot;:0,&quot;var_name&quot;:&quot;Shuttle&quot;,&quot;category_label&quot;:{&quot;en&quot;:&quot;Flights&quot;,&quot;nl&quot;:&quot;Shuttle&quot;,&quot;fr&quot;:&quot;Navette&quot;,&quot;de&quot;:&quot;Shuttle&quot;}}],&quot;bookable&quot;:true,&quot;bookingUrl&quot;:&quot;https:\\\/\\\/booking.travelbase.eu\\\/tkt26\\\/book?trip=9794&quot;,&quot;packageId&quot;:&quot;TKT-TKT&quot;}},{&quot;type&quot;:&quot;departures&quot;,&quot;id&quot;:&quot;t9795&quot;,&quot;attributes&quot;:{&quot;name&quot;:&quot;TKT-W32MON&quot;,&quot;start&quot;:&quot;2026-08-03T10:00:00.000000Z&quot;,&quot;end&quot;:&quot;2026-08-10T12:00:00.000000Z&quot;,&quot;cheapestPrice&quot;:760,&quot;languages&quot;:[&quot;nl&quot;,&quot;en&quot;,&quot;de&quot;],&quot;availableSpots&quot;:3,&quot;bookedSpots&quot;:27,&quot;fakeLabel&quot;:&quot;last stock&quot;,&quot;availabilityLabel&quot;:&quot;last spots&quot;,&quot;promoLabel&quot;:&quot;&quot;,&quot;calendarToggles&quot;:[{&quot;value&quot;:&quot;shuttle&quot;,&quot;label&quot;:{&quot;en&quot;:&quot;Shuttle (round trip)&quot;,&quot;nl&quot;:&quot;Shuttle (retour)&quot;,&quot;fr&quot;:&quot;Navette &quot;,&quot;de&quot;:&quot;Shuttle (Hin- und R\\u00fcckfahrt)&quot;},&quot;price&quot;:95,&quot;status&quot;:&quot;available&quot;,&quot;language_hidden&quot;:[],&quot;startIncrement&quot;:0,&quot;endIncrement&quot;:0,&quot;var_name&quot;:&quot;Shuttle&quot;,&quot;category_label&quot;:{&quot;en&quot;:&quot;Flights&quot;,&quot;nl&quot;:&quot;Shuttle&quot;,&quot;fr&quot;:&quot;Navette&quot;,&quot;de&quot;:&quot;Shuttle&quot;}},{&quot;value&quot;:&quot;no shuttle&quot;,&quot;label&quot;:{&quot;en&quot;:&quot;No shuttle&quot;,&quot;nl&quot;:&quot;Geen shuttle&quot;,&quot;fr&quot;:&quot;Pas de navette&quot;,&quot;de&quot;:&quot;Kein Shuttle&quot;},&quot;price&quot;:0,&quot;status&quot;:&quot;available&quot;,&quot;language_hidden&quot;:[],&quot;startIncrement&quot;:0,&quot;endIncrement&quot;:0,&quot;var_name&quot;:&quot;Shuttle&quot;,&quot;category_label&quot;:{&quot;en&quot;:&quot;Flights&quot;,&quot;nl&quot;:&quot;Shuttle&quot;,&quot;fr&quot;:&quot;Navette&quot;,&quot;de&quot;:&quot;Shuttle&quot;}}],&quot;bookable&quot;:true,&quot;bookingUrl&quot;:&quot;https:\\\/\\\/booking.travelbase.eu\\\/tkt26\\\/book?trip=9795&quot;,&quot;packageId&quot;:&quot;TKT-TKT&quot;}},{&quot;type&quot;:&quot;departures&quot;,&quot;id&quot;:&quot;t9796&quot;,&quot;attributes&quot;:{&quot;name&quot;:&quot;TKT-W33MON&quot;,&quot;start&quot;:&quot;2026-08-10T10:00:00.000000Z&quot;,&quot;end&quot;:&quot;2026-08-17T12:00:00.000000Z&quot;,&quot;cheapestPrice&quot;:740,&quot;languages&quot;:[&quot;nl&quot;,&quot;en&quot;,&quot;de&quot;],&quot;availableSpots&quot;:10,&quot;bookedSpots&quot;:20,&quot;fakeLabel&quot;:&quot;last stock&quot;,&quot;availabilityLabel&quot;:&quot;last spots&quot;,&quot;promoLabel&quot;:&quot;&quot;,&quot;calendarToggles&quot;:[{&quot;value&quot;:&quot;shuttle&quot;,&quot;label&quot;:{&quot;en&quot;:&quot;Shuttle (round trip)&quot;,&quot;nl&quot;:&quot;Shuttle (retour)&quot;,&quot;fr&quot;:&quot;Navette &quot;,&quot;de&quot;:&quot;Shuttle (Hin- und R\\u00fcckfahrt)&quot;},&quot;price&quot;:95,&quot;status&quot;:&quot;available&quot;,&quot;language_hidden&quot;:[],&quot;startIncrement&quot;:0,&quot;endIncrement&quot;:0,&quot;var_name&quot;:&quot;Shuttle&quot;,&quot;category_label&quot;:{&quot;en&quot;:&quot;Flights&quot;,&quot;nl&quot;:&quot;Shuttle&quot;,&quot;fr&quot;:&quot;Navette&quot;,&quot;de&quot;:&quot;Shuttle&quot;}},{&quot;value&quot;:&quot;no shuttle&quot;,&quot;label&quot;:{&quot;en&quot;:&quot;No shuttle&quot;,&quot;nl&quot;:&quot;Geen shuttle&quot;,&quot;fr&quot;:&quot;Pas de navette&quot;,&quot;de&quot;:&quot;Kein Shuttle&quot;},&quot;price&quot;:0,&quot;status&quot;:&quot;available&quot;,&quot;language_hidden&quot;:[],&quot;startIncrement&quot;:0,&quot;endIncrement&quot;:0,&quot;var_name&quot;:&quot;Shuttle&quot;,&quot;category_label&quot;:{&quot;en&quot;:&quot;Flights&quot;,&quot;nl&quot;:&quot;Shuttle&quot;,&quot;fr&quot;:&quot;Navette&quot;,&quot;de&quot;:&quot;Shuttle&quot;}}],&quot;bookable&quot;:true,&quot;bookingUrl&quot;:&quot;https:\\\/\\\/booking.travelbase.eu\\\/tkt26\\\/book?trip=9796&quot;,&quot;packageId&quot;:&quot;TKT-TKT&quot;}},{&quot;type&quot;:&quot;departures&quot;,&quot;id&quot;:&quot;t9799&quot;,&quot;attributes&quot;:{&quot;name&quot;:&quot;TKT-W34MON&quot;,&quot;start&quot;:&quot;2026-08-17T10:00:00.000000Z&quot;,&quot;end&quot;:&quot;2026-08-24T12:00:00.000000Z&quot;,&quot;cheapestPrice&quot;:750,&quot;languages&quot;:[&quot;en&quot;,&quot;nl&quot;,&quot;de&quot;,&quot;fr&quot;],&quot;availableSpots&quot;:7,&quot;bookedSpots&quot;:23,&quot;fakeLabel&quot;:&quot;last stock&quot;,&quot;availabilityLabel&quot;:&quot;last spots&quot;,&quot;promoLabel&quot;:&quot;&quot;,&quot;calendarToggles&quot;:[{&quot;value&quot;:&quot;shuttle&quot;,&quot;label&quot;:{&quot;en&quot;:&quot;Shuttle (round trip)&quot;,&quot;nl&quot;:&quot;Shuttle (retour)&quot;,&quot;fr&quot;:&quot;Navette &quot;,&quot;de&quot;:&quot;Shuttle (Hin- und R\\u00fcckfahrt)&quot;},&quot;price&quot;:95,&quot;status&quot;:&quot;available&quot;,&quot;language_hidden&quot;:[],&quot;startIncrement&quot;:0,&quot;endIncrement&quot;:0,&quot;var_name&quot;:&quot;Shuttle&quot;,&quot;category_label&quot;:{&quot;en&quot;:&quot;Flights&quot;,&quot;nl&quot;:&quot;Shuttle&quot;,&quot;fr&quot;:&quot;Navette&quot;,&quot;de&quot;:&quot;Shuttle&quot;}},{&quot;value&quot;:&quot;no shuttle&quot;,&quot;label&quot;:{&quot;en&quot;:&quot;No shuttle&quot;,&quot;nl&quot;:&quot;Geen shuttle&quot;,&quot;fr&quot;:&quot;Pas de navette&quot;,&quot;de&quot;:&quot;Kein Shuttle&quot;},&quot;price&quot;:0,&quot;status&quot;:&quot;available&quot;,&quot;language_hidden&quot;:[],&quot;startIncrement&quot;:0,&quot;endIncrement&quot;:0,&quot;var_name&quot;:&quot;Shuttle&quot;,&quot;category_label&quot;:{&quot;en&quot;:&quot;Flights&quot;,&quot;nl&quot;:&quot;Shuttle&quot;,&quot;fr&quot;:&quot;Navette&quot;,&quot;de&quot;:&quot;Shuttle&quot;}}],&quot;bookable&quot;:true,&quot;bookingUrl&quot;:&quot;https:\\\/\\\/booking.travelbase.eu\\\/tkt26\\\/book?trip=9799&quot;,&quot;packageId&quot;:&quot;TKT-TKT&quot;}},{&quot;type&quot;:&quot;departures&quot;,&quot;id&quot;:&quot;t9797&quot;,&quot;attributes&quot;:{&quot;name&quot;:&quot;TKT-W35MON&quot;,&quot;start&quot;:&quot;2026-08-24T10:00:00.000000Z&quot;,&quot;end&quot;:&quot;2026-08-31T12:00:00.000000Z&quot;,&quot;cheapestPrice&quot;:730,&quot;languages&quot;:[&quot;de&quot;,&quot;en&quot;,&quot;nl&quot;,&quot;fr&quot;],&quot;availableSpots&quot;:19,&quot;bookedSpots&quot;:11,&quot;fakeLabel&quot;:&quot;&quot;,&quot;availabilityLabel&quot;:&quot;&quot;,&quot;promoLabel&quot;:&quot;&quot;,&quot;calendarToggles&quot;:[{&quot;value&quot;:&quot;shuttle&quot;,&quot;label&quot;:{&quot;en&quot;:&quot;Shuttle (round trip)&quot;,&quot;nl&quot;:&quot;Shuttle (retour)&quot;,&quot;fr&quot;:&quot;Navette &quot;,&quot;de&quot;:&quot;Shuttle (Hin- und R\\u00fcckfahrt)&quot;},&quot;price&quot;:95,&quot;status&quot;:&quot;available&quot;,&quot;language_hidden&quot;:[],&quot;startIncrement&quot;:0,&quot;endIncrement&quot;:0,&quot;var_name&quot;:&quot;Shuttle&quot;,&quot;category_label&quot;:{&quot;en&quot;:&quot;Flights&quot;,&quot;nl&quot;:&quot;Shuttle&quot;,&quot;fr&quot;:&quot;Navette&quot;,&quot;de&quot;:&quot;Shuttle&quot;}},{&quot;value&quot;:&quot;no shuttle&quot;,&quot;label&quot;:{&quot;en&quot;:&quot;No shuttle&quot;,&quot;nl&quot;:&quot;Geen shuttle&quot;,&quot;fr&quot;:&quot;Pas de navette&quot;,&quot;de&quot;:&quot;Kein Shuttle&quot;},&quot;price&quot;:0,&quot;status&quot;:&quot;available&quot;,&quot;language_hidden&quot;:[],&quot;startIncrement&quot;:0,&quot;endIncrement&quot;:0,&quot;var_name&quot;:&quot;Shuttle&quot;,&quot;category_label&quot;:{&quot;en&quot;:&quot;Flights&quot;,&quot;nl&quot;:&quot;Shuttle&quot;,&quot;fr&quot;:&quot;Navette&quot;,&quot;de&quot;:&quot;Shuttle&quot;}}],&quot;bookable&quot;:true,&quot;bookingUrl&quot;:&quot;https:\\\/\\\/booking.travelbase.eu\\\/tkt26\\\/book?trip=9797&quot;,&quot;packageId&quot;:&quot;TKT-TKT&quot;}},{&quot;type&quot;:&quot;departures&quot;,&quot;id&quot;:&quot;t9798&quot;,&quot;attributes&quot;:{&quot;name&quot;:&quot;TKT-W36MON&quot;,&quot;start&quot;:&quot;2026-08-31T10:00:00.000000Z&quot;,&quot;end&quot;:&quot;2026-09-07T12:00:00.000000Z&quot;,&quot;cheapestPrice&quot;:730,&quot;languages&quot;:[&quot;de&quot;,&quot;en&quot;,&quot;nl&quot;,&quot;fr&quot;],&quot;availableSpots&quot;:24,&quot;bookedSpots&quot;:6,&quot;fakeLabel&quot;:&quot;&quot;,&quot;availabilityLabel&quot;:&quot;&quot;,&quot;promoLabel&quot;:&quot;&quot;,&quot;calendarToggles&quot;:[{&quot;value&quot;:&quot;shuttle&quot;,&quot;label&quot;:{&quot;en&quot;:&quot;Shuttle (round trip)&quot;,&quot;nl&quot;:&quot;Shuttle (retour)&quot;,&quot;fr&quot;:&quot;Navette &quot;,&quot;de&quot;:&quot;Shuttle (Hin- und R\\u00fcckfahrt)&quot;},&quot;price&quot;:95,&quot;status&quot;:&quot;available&quot;,&quot;language_hidden&quot;:[],&quot;startIncrement&quot;:0,&quot;endIncrement&quot;:0,&quot;var_name&quot;:&quot;Shuttle&quot;,&quot;category_label&quot;:{&quot;en&quot;:&quot;Flights&quot;,&quot;nl&quot;:&quot;Shuttle&quot;,&quot;fr&quot;:&quot;Navette&quot;,&quot;de&quot;:&quot;Shuttle&quot;}},{&quot;value&quot;:&quot;no shuttle&quot;,&quot;label&quot;:{&quot;en&quot;:&quot;No shuttle&quot;,&quot;nl&quot;:&quot;Geen shuttle&quot;,&quot;fr&quot;:&quot;Pas de navette&quot;,&quot;de&quot;:&quot;Kein Shuttle&quot;},&quot;price&quot;:0,&quot;status&quot;:&quot;available&quot;,&quot;language_hidden&quot;:[],&quot;startIncrement&quot;:0,&quot;endIncrement&quot;:0,&quot;var_name&quot;:&quot;Shuttle&quot;,&quot;category_label&quot;:{&quot;en&quot;:&quot;Flights&quot;,&quot;nl&quot;:&quot;Shuttle&quot;,&quot;fr&quot;:&quot;Navette&quot;,&quot;de&quot;:&quot;Shuttle&quot;}}],&quot;bookable&quot;:true,&quot;bookingUrl&quot;:&quot;https:\\\/\\\/booking.travelbase.eu\\\/tkt26\\\/book?trip=9798&quot;,&quot;packageId&quot;:&quot;TKT-TKT&quot;}}]}\" data-summary-content=\"Om je inschrijving te bevestigen, vragen we je binnen 5 dagen een voorschot van 30% te betalen.\" data-summary-inclusive='[{&quot;remark&quot;:&quot;Kajak + bijhorend materiaal&quot;,&quot;rowid&quot;:&quot;67cffb95ec669&quot;},{&quot;remark&quot;:&quot;7 overnachtingen in de Noorse Fjorden&quot;,&quot;rowid&quot;:&quot;67cffb95ec689&quot;},{&quot;remark&quot;:&quot;Interactieve kaarten in de Kayak Trip app&quot;,&quot;rowid&quot;:&quot;67cffb95ec6a5&quot;},{&quot;remark&quot;:&quot;Begeleiding door ervaren kajakgidsen&quot;,&quot;rowid&quot;:&quot;67cffb95ec6c1&quot;}]'><\/div>\n        <\/div>\n    <\/div>\n\n\n\n<div class=\"tb-reviewroll tb-block align-center background-light pattern-default variant-none tb-collapsible-margins\" id=\"reviewroll\">\n\t\t<div class=\"inner-block tb-fade-in tb-fade-in--subtle\">\n\t\t<div class=\"text-part\">\n\t\t\t<h2>SIE HATTEN DAS ABENTEUER IHRES LEBENS<\/h2>\n\t\t<\/div>\n\n\t\t<div class=\"average-reviews-wrapper\" data-embed-social-id=\"f381de44aa35df366023c496d8fe2f1fc437d9d4\" data-reviews-redirect-url=\"\">\n\t\t<\/div>\n\t<\/div>\n\t<div class=\"inner-block-full-width has-tb-carousel\">\n\t\t<!-- <div class=\"inner-block tb-fade-in tb-fade-in--subtle\"> -->\n\n\t\t<div class=\"reviews-wrapper\" data-embed-social-id=\"f381de44aa35df366023c496d8fe2f1fc437d9d4\" data-per-page=\"10\" data-type-code=\"modern\"\">\n\t\t\t<div class=\"tb-ajax-loader\">\n\t\t<\/div>\n\t<\/div>\n\n\t<!-- <\/div> -->\n<\/div>\n<\/div>\n\n\n<div class=\"hide-some tb-faq tb-block align-center background-dark pattern-none variant-none tb-collapsible-margins\" id=\"FAQ\">\n\t<div class=\"inner-block tb-fade-in tb-fade-in--subtle\">\n\t\t<div class=\"text-part\">\n\t\t\t<h2>H\u00e4ufig gestellte Fragen<\/h2>\n\t\t\t\t\t<div class=\"translation-block\"><\/div>\n\t\t\t<\/div>\n\t<\/div>\n\t<div class=\"inner-block\">\n\n\t\t\t\t\t<div class=\"faq-list tb-accordion tb-accordion--animation two-col\">\n\t\t\t\t\t\t\t\t\t<details class=\"details\">\n\t\t\t\t\t\t<summary class=\"summary\"><div>Unterkunft &amp; Sanit\u00e4ranlagen<\/div><\/summary>\n\t\t\t\t\t\t<div class=\"content text-part\">\n\t\t\t\t\t\t\t\t\t<div class=\"translation-block\"><p>W\u00e4hrend dieser Reise schl\u00e4fst du sieben N\u00e4chte in einem <strong>Zelt<\/strong>, das du selbst mitbringst oder bei uns mietest. In der ersten und letzten Nacht der Reise \u00fcbernachtest du im Kayak Trip Basislager in Fresvik, wo du Zugang zu sanit\u00e4ren Einrichtungen hast. An allen anderen N\u00e4chten schl\u00e4fst du an den sch\u00f6nsten Pl\u00e4tzen des N\u00e6r\u00f8yfjords.<\/p>\n<p>Auf dem Wasser &#8220;<strong>in der Mitte der Natur<\/strong>&#8221; gibt es keine Duschen und Toiletten. In der Mitte der Woche \u00fcbernachtest du jedoch auf einem Campingplatz, wo es sanit\u00e4re Einrichtungen gibt. Unterwegs findest du gen\u00fcgend Gelegenheiten, um die notwendigen Pausen einzulegen und deine Wasserflasche aufzuf\u00fcllen.<\/p><\/div>\n\t\t\t\t\t\t\t<\/div>\n\t\t\t\t\t<\/details>\n\t\t\t\t\t\t\t\t\t<details class=\"details\">\n\t\t\t\t\t\t<summary class=\"summary\"><div>Essen &amp; Trinken<\/div><\/summary>\n\t\t\t\t\t\t<div class=\"content text-part\">\n\t\t\t\t\t\t\t\t\t<div class=\"translation-block\"><p>Beim Kayak Trip kannst du ein <strong>Adventure Foodpack<\/strong> dazu bestellen. Das ist auf jeden Fall empfehlenswert, sowohl f\u00fcr Vegetarier <strong>(\u20ac107)<\/strong> als auch f\u00fcr Fleischesser <strong>(\u20ac111)<\/strong>, und besteht aus <strong>kompakten Mahlzeiten.<\/strong><\/p><p>Wer das Foodpack bestellt, erh\u00e4lt zu Beginn der Tour 1 frische Mahlzeit im Basecamp, 18 gefriergetrocknete Mahlzeiten und 3 Desserts, um Fr\u00fchst\u00fcck, Mittagessen und Abendessen in der Natur zuzubereiten. Au\u00dferdem bekommst du ein praktisches Kochset (inklusive Kochtopf, Gaskocher, Gasflasche und Besteck).<\/p><p>Das Foodpack deckt alle Mahlzeiten ab, du musst nur noch ein Feuerzeug und leckere, <strong>n\u00e4hrstoffreiche Snacks<\/strong> als Zwischenmahlzeit f\u00fcr w\u00e4hrend des Paddelns oder Wanderns mitnehmen.<\/p><p>Das salzige Fjordwasser ist nat\u00fcrlich nicht trinkbar, aber unterwegs kommst du an unz\u00e4hligen <strong>Wasserf\u00e4llen<\/strong> vorbei, wo du deine Flasche mit k\u00f6stlichem, frischem Trinkwasser f\u00fcllen kannst. Ein Wasserfilter oder Hadex ist wirklich nicht n\u00f6tig, aber du kannst es nat\u00fcrlich immer mitnehmen, wenn du dich damit wohler f\u00fchlst.<\/p><\/div>\n\t\t\t\t\t\t\t<\/div>\n\t\t\t\t\t<\/details>\n\t\t\t\t\t\t\t\t\t<details class=\"details\">\n\t\t\t\t\t\t<summary class=\"summary\"><div>Campingausr\u00fcstung<\/div><\/summary>\n\t\t\t\t\t\t<div class=\"content text-part\">\n\t\t\t\t\t\t\t\t\t<div class=\"translation-block\"><p>Du kannst all dein Campingmaterial (robustes Zelt, isolierende Matte und warmen Schlafsack) bei uns <strong>mieten<\/strong> f\u00fcr <strong>\u20ac79<\/strong> pro Person. So bist du sicher, dass du gutes Material hast, das in den Trocknungsraum des Kajaks passt, und musst es nicht selbst im Flugzeug mitnehmen.<\/p>\n<p>Nat\u00fcrlich kannst du auch selbst dein Campingmaterial mitbringen. Achte darauf, dass dein Zelt robust, leicht und kompakt ist und dass es <strong>gegen alle Wetterbedingungen best\u00e4ndig<\/strong> ist. Auch deine Matte und dein Schlafsack sollten an die nassen und manchmal kalten N\u00e4chte in den Fjorden angepasst sein.<\/p><\/div>\n\t\t\t\t\t\t\t<\/div>\n\t\t\t\t\t<\/details>\n\t\t\t\t\t\t\t\t\t<details class=\"details\">\n\t\t\t\t\t\t<summary class=\"summary\"><div>Guides<\/div><\/summary>\n\t\t\t\t\t\t<div class=\"content text-part\">\n\t\t\t\t\t\t\t\t\t<div class=\"translation-block\"><p>Ein Team von <strong>erfahrenen englischsprachigen Kajakguides<\/strong> steht vor Ort immer f\u00fcr dich bereit. Sie kennen alle Routen und haben die sch\u00f6nsten Wanderungen und Schlafpl\u00e4tze f\u00fcr dich und deine Mitreisenden ausgew\u00e4hlt. Au\u00dferdem f\u00fchren sie dich m\u00fchelos und sicher durch die manchmal hohen Wellen und herausfordernden Wetterbedingungen in den Fjorden.<\/p><p>Dank des <strong>SOS-Buttons<\/strong> in unserer eigenen Kayak Trip App ist im Notfall schnell Hilfe verf\u00fcgbar.<\/p><\/div>\n\t\t\t\t\t\t\t<\/div>\n\t\t\t\t\t<\/details>\n\t\t\t\t\t\t\t\t\t<details class=\"details\">\n\t\t\t\t\t\t<summary class=\"summary\"><div>Gep\u00e4ck im Flugzeug<\/div><\/summary>\n\t\t\t\t\t\t<div class=\"content text-part\">\n\t\t\t\t\t\t\t\t\t<div class=\"translation-block\"><p>Wenn du bei uns einen Flug buchst, ist das inklusive eines St\u00fccks <strong>Handgep\u00e4ck<\/strong> (max. 55 x 35 x 25 cm) und einem Accessoire (z.B. einer Handtasche oder einem Laptop, max. 40 x 30 x 15 cm) mit einem Gesamtgewicht von maximal 12 kg.<\/p><p><strong>F\u00fcr 55 \u20ac<\/strong> kannst du sowohl f\u00fcr den Hin- als auch f\u00fcr den R\u00fcckflug ein St\u00fcck <strong>Aufgabegep\u00e4ck<\/strong> (max. 23 kg und max. 158 cm L+B+H) dazubuchen. Wir empfehlen jedoch, unter 15 kg zu bleiben, da der Platz im Kajak begrenzt ist.<\/p><p>Hast du noch weitere Fragen zu den Fl\u00fcgen? Schau dir die <a href=\"https:\/\/travelbase.de\/faq-haeufig-gestellte-fragen\/\" target=\"_blank\" rel=\"noopener\">Travelbase Transport FAQs<\/a> an.<\/p><\/div>\n\t\t\t\t\t\t\t<\/div>\n\t\t\t\t\t<\/details>\n\t\t\t\t\t\t\t\t\t<details class=\"details\">\n\t\t\t\t\t\t<summary class=\"summary\"><div>F\u00fcr wen ist diese Reise gedacht?<\/div><\/summary>\n\t\t\t\t\t\t<div class=\"content text-part\">\n\t\t\t\t\t\t\t\t\t<div class=\"translation-block\"><p>Diese Reise ist perfekt f\u00fcr sportliche Paare, Freundesgruppen und Alleinreisende. Auch Familien sind willkommen, aber wir raten von dieser Reise f\u00fcr Kinder unter 16 Jahren ab. Es gibt keinen Rabatt f\u00fcr Minderj\u00e4hrige.<\/p><p>Bist du ein abenteuerlustiger Alleinreisender? Bei Der Kayak Trip hei\u00dfen wir Solo-Entdecker mit offenen Armen willkommen! W\u00f6chentlich empfangen wir begeisterte Einzelreisende, die gerne neue Freunde finden m\u00f6chten.<\/p><\/div>\n\t\t\t\t\t\t\t<\/div>\n\t\t\t\t\t<\/details>\n\t\t\t\t\t\t\t\t\t<details class=\"details\">\n\t\t\t\t\t\t<summary class=\"summary\"><div>Wie sportlich muss ich sein?<\/div><\/summary>\n\t\t\t\t\t\t<div class=\"content text-part\">\n\t\t\t\t\t\t\t\t\t<div class=\"translation-block\"><p>Die Kajak-Tour ist eine <strong>sportliche Herausforderung<\/strong>: Du paddelst 6 Tage lang \u00fcber das Wasser und machst dabei verschiedene Wanderungen. Daher ist diese Tour ideal f\u00fcr Abenteurer mit <strong>guter Kondition<\/strong> und einer <strong>Leidenschaft f\u00fcr das Leben im Freien<\/strong>, unabh\u00e4ngig vom Wetter.<\/p><p>Du ben\u00f6tigst keine Kajak-Erfahrung: Dein Guide gibt dir umfassende Anweisungen und ein Sicherheitsbriefing. F\u00fcr die Sicherheit ist es jedoch erforderlich, dass du mindestens \u00fcber ein Schwimmabzeichen A verf\u00fcgst.<\/p><p>Du entscheidest selbst, wie viele Wanderungen du machst und wie viele Kilometer du dabei zur\u00fccklegst. Die steilen W\u00e4nde der Fjorde machen einige Wanderungen ganz sch\u00f6n herausfordernd, wenn du nicht daran gew\u00f6hnt bist, regelm\u00e4\u00dfig zu wandern. Daher empfehlen wir, vor deiner Reise ein wenig zu trainieren, um das Beste aus dieser Kayak-Tour in Norwegen herauszuholen.<\/p><p>Suchst du eher ein entspanntes Paddelabenteuer in einer weniger rauen Landschaft? Dann ist <a href=\"https:\/\/derkanutrip.com\/\" target=\"_blank\">Der Kanu Trip<\/a> vielleicht genau das Richtige f\u00fcr dich!<\/p><\/div>\n\t\t\t\t\t\t\t<\/div>\n\t\t\t\t\t<\/details>\n\t\t\t\t\t\t\t\t\t<details class=\"details\">\n\t\t\t\t\t\t<summary class=\"summary\"><div>Welche Route sollte ich am besten w\u00e4hlen? <\/div><\/summary>\n\t\t\t\t\t\t<div class=\"content text-part\">\n\t\t\t\t\t\t\t\t\t<div class=\"translation-block\"><p>Du kannst zwischen zwei verschiedenen Routen w\u00e4hlen.<\/p>\n<p>Unsere Standardroute: die N\u00e6r\u00f8yroute&nbsp;ist ideal f\u00fcr alle, die das Abenteuer in der norwegischen Natur erleben m\u00f6chten. Neben dem Kajakfahren bleibt gen\u00fcgend Zeit, um in aller Ruhe die Fjorde zu genie\u00dfen und Energie in die wundersch\u00f6nen Wanderungen zu stecken, die du unterwegs machen kannst.<\/p>\n<p>Suchst du nach mehr Herausforderung? M\u00f6chtest du gerne einen Schritt weiter gehen und deine Grenzen erweitern? Dann ist die l\u00e4ngere <strong>Aurlandsroute<\/strong> genau das Richtige f\u00fcr dich. Du paddelst etwa 35 Kilometer mehr und entdeckst dadurch auch einen neuen Teil des Fjords. Die Tour f\u00fchrt dich bis nach Fl\u00e5m, einem charmanten Dorf mit einem atemberaubenden Aussichtspunkt \u00fcber das Aurlandsfjord.<\/p><\/div>\n\t\t\t\t\t\t\t<\/div>\n\t\t\t\t\t<\/details>\n\t\t\t\t\t\t\t\t\t<details class=\"details\">\n\t\t\t\t\t\t<summary class=\"summary\"><div>Muss ich w\u00e4hrend der Buchung bereits eine Route w\u00e4hlen?<\/div><\/summary>\n\t\t\t\t\t\t<div class=\"content text-part\">\n\t\t\t\t\t\t\t\t\t<div class=\"translation-block\"><p>F\u00fcr deine Kajak-Tour kannst du zwischen 2 Routen w\u00e4hlen: <strong>&#8220;N\u00e6r\u00f8yroute<\/strong><strong>&#8220;<\/strong> &amp; <strong>&#8221; Aurlandsroute&#8221;.<\/strong> Du kannst deine Pr\u00e4ferenz bereits bei der Buchung angeben, aber das ist nicht verpflichtend.<\/p><\/div>\n\t\t\t\t\t\t\t<\/div>\n\t\t\t\t\t<\/details>\n\t\t\t\t\t\t\t\t\t<details class=\"details\">\n\t\t\t\t\t\t<summary class=\"summary\"><div>Ist das eine Gruppenreise?<\/div><\/summary>\n\t\t\t\t\t\t<div class=\"content text-part\">\n\t\t\t\t\t\t\t\t\t<div class=\"translation-block\"><p>Zu Beginn der Reise wird die Gruppe in kleinere Teams aufgeteilt, jedes mit einem eigenen Guide. So erh\u00e4ltst du immer die richtige Anleitung und kannst dein Abenteuer in aller Sicherheit genie\u00dfen. Wenn das Wetter und die Bedingungen es zulassen, gibt es die M\u00f6glichkeit, ein St\u00fcck allein zu kajaken. Bei Gewitter, Sturm oder hohen Wellen entscheidet der Guide, dass alle zusammenbleiben, um die Sicherheit stets zu gew\u00e4hrleisten.<\/p>\n<p>Da alle Wanderungen in unserer praktischen Travelbase-App stehen, kannst du jeden Tag selbst auf Entdeckungsreise gehen. So kannst du selbst entscheiden, wie du die Fjorde zu Fu\u00df erkunden m\u00f6chtest: allein, mit deinen Reisepartnern oder zusammen mit neuen Freunden.<\/p><\/div>\n\t\t\t\t\t\t\t<\/div>\n\t\t\t\t\t<\/details>\n\t\t\t\t\t\t\t\t\t<details class=\"details\">\n\t\t\t\t\t\t<summary class=\"summary\"><div>Was passiert, wenn ich nicht mehr an meiner gebuchten Reise teilnehmen kann?<\/div><\/summary>\n\t\t\t\t\t\t<div class=\"content text-part\">\n\t\t\t\t\t\t\t\t\t<div class=\"translation-block\"><p>Willst du bis zum Abflug vollst\u00e4ndig abgesichert sein? W\u00e4hle w\u00e4hrend der Buchung unsere&nbsp;<strong>regul\u00e4re Reiseversicherung (59 \u20ac)<\/strong>.<\/p>\n<p>Finde alle Bedingungen unserer Reiseversicherung&nbsp;<a href=\"https:\/\/travelbase.eu\/u\/source\/cancellation\/summer\/conditions-nl.pdf\" target=\"_blank\" rel=\"noopener\">hier<\/a>.<\/p>\n<p>Hast du fr\u00fch gebucht und unsere&nbsp;<strong>Superflex Buchungsbedingungen<\/strong>&nbsp;kostenlos erhalten? Dann kannst du deine Buchung bis zum&nbsp;<strong>1. April 2026<\/strong>&nbsp;kostenlos&nbsp;<strong>umbuchen<\/strong>&nbsp;oder&nbsp;<strong>stornieren<\/strong>&nbsp;ohne einen Grund angeben zu m\u00fcssen.<\/p><\/div>\n\t\t\t\t\t\t\t<\/div>\n\t\t\t\t\t<\/details>\n\t\t\t\t\t\t\t\t\t<details class=\"details\">\n\t\t\t\t\t\t<summary class=\"summary\"><div>Was sollte ich mitnehmen?<\/div><\/summary>\n\t\t\t\t\t\t<div class=\"content text-part\">\n\t\t\t\t\t\t\t\t\t<div class=\"translation-block\"><p>Pack nur das ein, was du wirklich brauchst. Setze auf <strong>kompakte, qualitativ hochwertige und wasserdichte Sachen<\/strong>. Du kannst unsere praktische <a href=\"https:\/\/admin.travelbase.eu\/u\/source\/TKT\/TKT25\/TKT25-NL-Packlist-H.pdf\" target=\"_blank\">Packliste<\/a> verwenden, um abzuhaken. So stellst du sicher, dass alles mitkommt und du die Tour nicht schwieriger machst als n\u00f6tig.<\/p><p>Au\u00dferdem ist der Stauraum im Kajak in mehrere kleinere F\u00e4cher unterteilt. W\u00e4hle daher <strong>kleinere Duffelbags und Drybags<\/strong> mit max. 30 Litern statt eines gro\u00dfen Trekkingrucksacks.<\/p><p>Nimmst du trotzdem einen gro\u00dfen Trekkingrucksack oder Koffer mit ins Flugzeug? Kein Problem! Du kannst ihn sicher im Basecamp zur\u00fccklassen.<\/p><\/div>\n\t\t\t\t\t\t\t<\/div>\n\t\t\t\t\t<\/details>\n\t\t\t\t\t\t\t\t\t<details class=\"details\">\n\t\t\t\t\t\t<summary class=\"summary\"><div>Gib der Natur etwas zur\u00fcck \u00fcber Greentripper.<\/div><\/summary>\n\t\t\t\t\t\t<div class=\"content text-part\">\n\t\t\t\t\t\t\t\t\t<div class=\"translation-block\"><p>Der Planet bietet uns so viele sch\u00f6ne Dinge zum Bewundern, aber wenn wir das auch in Zukunft tun wollen, m\u00fcssen wir ihn heute sch\u00fctzen. Deshalb setzen wir uns verst\u00e4rkt daf\u00fcr ein, die Auswirkungen unserer Reisen zu minimieren, und du kannst <strong>im Buchungsformular auf zuverl\u00e4ssige Weise zu einem Klimaprojekt von Greentripper beitragen, das die CO2-Emissionen deines Transports ins Gleichgewicht bringt<\/strong>. Indem du zu ihrem zertifizierten Projekt \u201eWildlife Cambodia\u201c beitr\u00e4gst, hilfst du, wundersch\u00f6ne W\u00e4lder und die darin lebende Tierwelt zu sch\u00fctzen, lokale Gemeinschaften zu unterst\u00fctzen und so die CO2-Emissionen deines Transports zu reduzieren. Wenn du dich entscheidest, einen Beitrag zur Emission deines Transports zu leisten, wird <strong>Travelbase selbst zus\u00e4tzlich zur Emission vor Ort beitragen.<\/strong> Nach deiner Reise erh\u00e4ltst du ein offizielles Kohlenstoffgutschrift-Zertifikat.<\/p>\n<p>Erfahre mehr \u00fcber unsere Bem\u00fchungen auf <a href=\"http:\/\/travelbase.eu\/impact\" target=\"_blank\" rel=\"noopener\">travelbase.eu\/impact<\/a>.<\/p><\/div>\n\t\t\t\t\t\t\t<\/div>\n\t\t\t\t\t<\/details>\n\t\t\t\t\t\t\t\t\t<details class=\"details\">\n\t\t\t\t\t\t<summary class=\"summary\"><div>Kann ich einen Geschenkgutschein kaufen?<\/div><\/summary>\n\t\t\t\t\t\t<div class=\"content text-part\">\n\t\t\t\t\t\t\t\t\t<div class=\"translation-block\"><p>Ja, klar! Mit dem Travelbase-Geschenkgutschein kannst du jemandem ein unvergessliches Erlebnis und eine lebenslange Erinnerung schenken!<\/p>\n<p><a href=\"https:\/\/thekayaktrip.com\/nl\/about-us\/#voucher-entry-point\">Bestelle deinen Gutschein hier.<\/a><\/p><\/div>\n\t\t\t\t\t\t\t<\/div>\n\t\t\t\t\t<\/details>\n\t\t\t\t\t\t\t\t\t<details class=\"details\">\n\t\t\t\t\t\t<summary class=\"summary\"><div>Was ist, wenn ich Bergtrolle treffe?<\/div><\/summary>\n\t\t\t\t\t\t<div class=\"content text-part\">\n\t\t\t\t\t\t\t\t\t<div class=\"translation-block\"><p>Trolle sind riesige Kreaturen aus der skandinavischen Folklore. Sie k\u00f6nnen den Klang von Kirchenglocken nicht ausstehen und leben deshalb weit weg von der Zivilisation in hohen Bergen und tiefen W\u00e4ldern.<\/p>\n<p>Da du w\u00e4hrend The Kayak Trip in der Natur campst, kann es sein, dass du ihre Echos in der Ferne h\u00f6rst, die durch die Fjorde kurz nach Sonnenuntergang hallen. Trolle versteinern im Sonnenlicht, daher leben sie nur nachts. Da sie so h\u00e4ufig in der norwegischen Mythologie vorkommen, solltest du besser auf der Hut sein \u2026<\/p><\/div>\n\t\t\t\t\t\t\t<\/div>\n\t\t\t\t\t<\/details>\n\t\t\t\t\t\t\t<\/div>\n\t\t\t\t<div class=\"load-more-faqs-container\">\n\t\t\t<div class=\"load-more-faqs-link\">\n\t\t\t\t<a href=\"#\" class=\"tb-buttonlink-with-icon load-more\">\n\t\t\t\t\t<span>Mehr FAQs laden<\/span>\n\t\t\t\t\t<i class=\"icon fa fa-plus\"><\/i>\n\t\t\t\t<\/a>\n\t\t\t\t<a href=\"#\" class=\"tb-buttonlink-with-icon load-less\">\n\t\t\t\t\t<span>Weniger FAQs laden<\/span>\n\t\t\t\t\t<i class=\"icon fa fa-minus\"><\/i>\n\t\t\t\t<\/a>\n\t\t\t<\/div>\n\t\t<\/div>\n\t<\/div>\n\t\t\t<div class=\"inner-block tb-fade-in tb-fade-in--subtle\">\n\t\t\t<div class=\"faq-footer text-part\">\n\t\t\t\t<h3>Die Antwort auf deine Frage nicht gefunden?<\/h3>\t\t\t\t\n\t\t\t\t\t<div class=\"contact-team\">\n\t\t\t\t\t\t\t\t\t\t\t\t\t<span style=\"background-image:url('https:\/\/tkt.travelblox.eu\/wp-content\/uploads\/sites\/69\/2025\/07\/IMG_3197-150x150.jpg');\"><\/span>\n\t\t\t\t\t\t\t\t\t\t\t\t\t<span style=\"background-image:url('https:\/\/tkt.travelblox.eu\/wp-content\/uploads\/sites\/69\/2024\/12\/HannaV-1-scaled-e1733237403310-150x150.jpg');\"><\/span>\n\t\t\t\t\t\t\t\t\t\t\t<\/div>\n\t\t\t\t\t\t\t\t\t\t\t\t\t\t\t\t\t<a href=\"https:\/\/thekayaktrip.com\/nl\/contact\/\" class=\"tb-buttonlink-with-icon\">\n\t\t\t\t\t\t<span>Kontaktiere uns<\/span>\n\t\t\t\t\t\t<i class=\"icon fa fa-arrow-right\"><\/i>\n\t\t\t\t\t<\/a>\n\t\t\t\t\t\t\t<\/div>\n\t\t<\/div>\n\t<\/div>\n\n\n<div class=\"tb-instagramroll tb-block align-center background-light pattern-none variant-none tb-collapsible-margins\" id=\"instagramroll\">\n\n\t\n\t<div class=\"inner-block tb-fade-in tb-fade-in--subtle\">\n\t\t<div class=\"text-part\">\n\t\t\t<h2>The Kayak Trip auf Instagram<\/h2>\n\t\t<\/div>\n\t\t\t\t\t<div class=\"embedsocial-hashtag\" data-ref=\"5a8ef319c6b100edc10d461870cb259eb675ff26\"><\/div> <script> (function(d, s, id) { var js; if (d.getElementById(id)) {return;} js = d.createElement(s); js.id = id; js.src = \"https:\/\/embedsocial.com\/cdn\/ht.js\"; d.getElementsByTagName(\"head\")[0].appendChild(js); }(document, \"script\", \"EmbedSocialHashtagScript\")); <\/script>\n\t\t\t<\/div>\n\t\n<\/div>\n\n\n\n\n<div class=\"tb-similartrips tb-block align-center background-light pattern-default variant-none tb-collapsible-margins\" id=\"similartrips\">\n\t\t\t<div class=\"inner-block tb-fade-in tb-fade-in--subtle\">\n\t\t\t<div class=\"text-part\">\n\t\t\t\t\t\t\t\t\t<h2>Andere Abenteurer haben sich ebenfalls angeschaut<\/h2>\n\t\t\t\t\t\t\t\t\t\t\t<\/div>\n\t\t<\/div>\n\t\t\t\t\t\t<div class=\"inner-block-full-width has-tb-carousel\" >\n\t\t\t<div class=\"tb-carousel-container\">\n\t\t\t\t<div class=\"entries tb-cards\" data-slider-first=\"1\">\n\t\t\t\t\t\t\t\t\t<a href=\"https:\/\/derkanutrip.com\/\"  target=\"\" class=\"tb-card entry\">\n\t\t\t\t<div class=\"tb-image-part\">\n\t\t\t\t\t\t\t\t\t\t\t<img src='https:\/\/tkt.travelblox.eu\/wp-content\/uploads\/sites\/69\/2024\/10\/TCT24_MichielAnnaert_WEB-75-768x614.jpg' width='768' height='614' alt='Kanu fahren in Schweden - Kajakfahren - Fjorde in Norwegen - Wandern in Norwegen - Kajaking - ab Flughafen Br\u00fcssel' loading='lazy' image_size='medium_large'>\t\t\t\t\t\t\t\t\t\t\t\t\t\t\t\t\t\t\t\t\t\t\t\t<\/div>\n\t\t\t\t<div class=\"tb-card-content\">\n\t\t\t\t\t<h4>\n\t\t\t\t\t\t<span>Der Kanu Trip<\/span>\n\t\t\t\t\t\t\t\t\t\t<i class=\"icon fa-kit fa-tb-icon-paddle\" aria-hidden=\"true\"><\/i>\n\t\t\t\t\t\t\t\t<\/h4>\n\t\t\t\t\t\t\t\t\t\t\t<div class=\"line\">\n\t\t\t\t\t\t\t\t\t\t\t\t\t\t\t<span class=\"location tb-text-with-icon icon-first\">\n\t\t\t\t\t\t\t\t\t<i class=\"icon fa fa-map-marker\"><\/i>\n\t\t\t\t\t\t\t\t\t<span>Schweden<\/span>\n\t\t\t\t\t\t\t\t<\/span>\n\t\t\t\t\t\t\t\t\t\t\t\t\t\t\t\t\t\t\t\t\t\t<span class=\"duration tb-text-with-icon icon-first\">\n\t\t\t\t\t\t\t\t\t<i class=\"icon fa fa-clock\"><\/i>\n\t\t\t\t\t\t\t\t\t<span>8 Tage<\/span>\n\t\t\t\t\t\t\t\t<\/span>\n\t\t\t\t\t\t\t\t\t\t\t\t\t<\/div>\n\t\t\t\t\t\t\t\t\t\t\t\t\t\t<\/div>\n\t\t\t<\/a>\n\t\t\t\t\t<a href=\"https:\/\/travelbase.eu\/trip\/montblanc-trail-frankrijk\/\"  target=\"\" class=\"tb-card entry\">\n\t\t\t\t<div class=\"tb-image-part\">\n\t\t\t\t\t\t\t\t\t\t\t<img src='https:\/\/tkt.travelblox.eu\/wp-content\/uploads\/sites\/69\/2024\/10\/MBT24_RoyMosterd_WR-7250436-1-1-768x1023.jpg' width='768' height='1023' alt='2 Personen wandern rund um den Mont Blanc - Kajakfahren - Norwegen Fjord - Wandern in Norwegen - Kajakfahren - ab Flughafen Br\u00fcssel' loading='lazy' image_size='medium_large'>\t\t\t\t\t\t\t\t\t\t\t\t\t\t\t\t\t\t\t\t\t\t\t\t<\/div>\n\t\t\t\t<div class=\"tb-card-content\">\n\t\t\t\t\t<h4>\n\t\t\t\t\t\t<span>mont blanc trail<\/span>\n\t\t\t\t\t\t\t\t\t\t<i class=\"icon fa-solid fa-person-hiking\" aria-hidden=\"true\"><\/i>\n\t\t\t\t\t\t\t\t<\/h4>\n\t\t\t\t\t\t\t\t\t\t\t<div class=\"line\">\n\t\t\t\t\t\t\t\t\t\t\t\t\t\t\t<span class=\"location tb-text-with-icon icon-first\">\n\t\t\t\t\t\t\t\t\t<i class=\"icon fa fa-map-marker\"><\/i>\n\t\t\t\t\t\t\t\t\t<span>Frankreich<\/span>\n\t\t\t\t\t\t\t\t<\/span>\n\t\t\t\t\t\t\t\t\t\t\t\t\t\t\t\t\t\t\t\t\t\t<span class=\"duration tb-text-with-icon icon-first\">\n\t\t\t\t\t\t\t\t\t<i class=\"icon fa fa-clock\"><\/i>\n\t\t\t\t\t\t\t\t\t<span>8 Tage<\/span>\n\t\t\t\t\t\t\t\t<\/span>\n\t\t\t\t\t\t\t\t\t\t\t\t\t<\/div>\n\t\t\t\t\t\t\t\t\t\t\t\t\t\t<\/div>\n\t\t\t<\/a>\n\t\t\t\t\t<a href=\"https:\/\/travelbase.eu\/trip\/the-packraft-trail-slovenie\/\"  target=\"\" class=\"tb-card entry\">\n\t\t\t\t<div class=\"tb-image-part\">\n\t\t\t\t\t\t\t\t\t\t\t<img src='https:\/\/tkt.travelblox.eu\/wp-content\/uploads\/sites\/69\/2025\/03\/TKT-3-1-e1768491277730-768x700.jpg' width='768' height='700' alt='The Packraft Trail' loading='lazy' image_size='medium_large'>\t\t\t\t\t\t\t\t\t\t\t\t\t\t\t\t\t\t\t\t\t\t\t\t<\/div>\n\t\t\t\t<div class=\"tb-card-content\">\n\t\t\t\t\t<h4>\n\t\t\t\t\t\t<span>Der Packraft Trail Slowenien<\/span>\n\t\t\t\t\t\t\t\t\t\t<i class=\"icon fa-kit fa-tb-icon-paddle\" aria-hidden=\"true\"><\/i>\n\t\t\t\t\t\t\t\t<\/h4>\n\t\t\t\t\t\t\t\t\t\t\t<div class=\"line\">\n\t\t\t\t\t\t\t\t\t\t\t\t\t\t\t<span class=\"location tb-text-with-icon icon-first\">\n\t\t\t\t\t\t\t\t\t<i class=\"icon fa fa-map-marker\"><\/i>\n\t\t\t\t\t\t\t\t\t<span>Slowenien<\/span>\n\t\t\t\t\t\t\t\t<\/span>\n\t\t\t\t\t\t\t\t\t\t\t\t\t\t\t\t\t\t\t\t\t\t<span class=\"duration tb-text-with-icon icon-first\">\n\t\t\t\t\t\t\t\t\t<i class=\"icon fa fa-clock\"><\/i>\n\t\t\t\t\t\t\t\t\t<span>8 Tage<\/span>\n\t\t\t\t\t\t\t\t<\/span>\n\t\t\t\t\t\t\t\t\t\t\t\t\t<\/div>\n\t\t\t\t\t\t\t\t\t\t\t\t\t\t<\/div>\n\t\t\t<\/a>\n\t\t\t\t\t\t\t\t<\/div>\n\t\t\t\t\t\t<div class=\"tb-carousel-nav\">\n\t\t\t<div class=\"dots\">\n\t\t\t\t<div class=\"dot active\"><\/div>\n\t\t\t\t<div class=\"dot\"><\/div>\n\t\t\t\t<div class=\"dot\"><\/div>\n\t\t\t<\/div>\n\t\t\t<div class=\"arrows\">\n\t\t\t\t<div class=\"prev disabled\">\n\t\t\t\t\t<span><i class=\"fa fa-chevron-left\"><\/i><\/span>\n\t\t\t\t<\/div>\n\t\t\t\t<div class=\"next\">\n\t\t\t\t\t<span><i class=\"fa fa-chevron-right\"><\/i><\/span>\n\t\t\t\t<\/div>\n\t\t\t<\/div>\n\t\t<\/div>\n\t\t\t\t<\/div>\n\t\t<\/div>\n\t\t\t<\/div>","protected":false},"excerpt":{"rendered":"","protected":false},"author":57,"featured_media":324,"parent":0,"menu_order":0,"comment_status":"closed","ping_status":"closed","template":"","meta":{"_acf_changed":false,"inline_featured_image":false,"footnotes":""},"class_list":["post-1425","page","type-page","status-publish","has-post-thumbnail","hentry"],"acf":{"page_package_ids":"TKT-TKT","is_main_package_page":true,"additional_linked_packages":[],"feed_page_to_atlas":true},"_links":{"self":[{"href":"https:\/\/tkt.travelblox.eu\/de\/wp-json\/wp\/v2\/pages\/1425","targetHints":{"allow":["GET"]}}],"collection":[{"href":"https:\/\/tkt.travelblox.eu\/de\/wp-json\/wp\/v2\/pages"}],"about":[{"href":"https:\/\/tkt.travelblox.eu\/de\/wp-json\/wp\/v2\/types\/page"}],"author":[{"embeddable":true,"href":"https:\/\/tkt.travelblox.eu\/de\/wp-json\/wp\/v2\/users\/57"}],"replies":[{"embeddable":true,"href":"https:\/\/tkt.travelblox.eu\/de\/wp-json\/wp\/v2\/comments?post=1425"}],"version-history":[{"count":49,"href":"https:\/\/tkt.travelblox.eu\/de\/wp-json\/wp\/v2\/pages\/1425\/revisions"}],"predecessor-version":[{"id":1867,"href":"https:\/\/tkt.travelblox.eu\/de\/wp-json\/wp\/v2\/pages\/1425\/revisions\/1867"}],"wp:featuredmedia":[{"embeddable":true,"href":"https:\/\/tkt.travelblox.eu\/de\/wp-json\/wp\/v2\/media\/324"}],"wp:attachment":[{"href":"https:\/\/tkt.travelblox.eu\/de\/wp-json\/wp\/v2\/media?parent=1425"}],"curies":[{"name":"wp","href":"https:\/\/api.w.org\/{rel}","templated":true}]}}