{"id":1425,"date":"2025-09-19T08:31:31","date_gmt":"2025-09-19T08:31:31","guid":{"rendered":"https:\/\/tkt.travelblox.eu\/?page_id=1425"},"modified":"2026-04-24T14:23:59","modified_gmt":"2026-04-24T14:23:59","slug":"tkt26","status":"publish","type":"page","link":"https:\/\/tkt.travelblox.eu\/fr\/","title":{"rendered":"TKT26"},"content":{"rendered":"<div class=\"tb-header tb-block align-center background-dark pattern-none variant-none\" id=\"header\" data-fallback-background=\"https:\/\/vz-2d98b19f-729.b-cdn.net\/4521872c-f37e-4f91-b599-90ec1fb77684\/thumbnail.jpg\" style=\"background-image: url('https:\/\/vz-2d98b19f-729.b-cdn.net\/4521872c-f37e-4f91-b599-90ec1fb77684\/thumbnail.jpg'); background-position:center;\">\n    <div class=\"tb-header-foreground\">\n        <div class=\"inner-block\">\n\n            <div class=\"main-part\">\n                <div class=\"text-part\">\n                                                                                            <h1>\t<span class=\"tb-logo\"  style=\"-webkit-mask-image: url(https:\/\/tkt.travelblox.eu\/wp-content\/uploads\/sites\/69\/2025\/08\/THEkayak_White-1024x997.png); mask-image: url(https:\/\/tkt.travelblox.eu\/wp-content\/uploads\/sites\/69\/2025\/08\/THEkayak_White-1024x997.png)\">\n\t\t<img src='https:\/\/tkt.travelblox.eu\/wp-content\/uploads\/sites\/69\/2025\/08\/THEkayak_White-1024x997.png' width='1024' height='997' alt='Le logo de The Kayak Trip' title='Le Kayak Trip' loading='lazy'>\n\t<\/span>\n<\/h1>\n                                                                                        <h2 class=\"tb-subtitle\">\t\t<div class=\"translation-block\"><p>Kayak et randonn\u00e9e \u00e0 travers les majestueux fjords norv\u00e9giens<\/p><\/div>\n\t<\/h2>\n                                                                                            <div class=\"tb-properties\">\n                                                                    <div class=\"tb-property\">\n                                                                                    <div class=\"tb-property__icon\">\n                                                \t\t\t\t<i class=\"icon fa-solid fa-calendar\" aria-hidden=\"true\"><\/i>\n\t\t\t                                            <\/div>\n                                                                                <div class=\"tb-property__label\">\n                                            8 jours                                        <\/div>\n                                    <\/div>\n                                    <div class=\"tb-properties__divider\"><\/div>\n                                                                                                    <div class=\"tb-property\">\n                                                                                    <div class=\"tb-property__icon\">\n                                                \t\t\t\t<i class=\"icon fa-solid fa-campground\" aria-hidden=\"true\"><\/i>\n\t\t\t                                            <\/div>\n                                                                                <div class=\"tb-property__label\">\n                                            Camping sauvage et campings                                        <\/div>\n                                    <\/div>\n                                    <div class=\"tb-properties__divider\"><\/div>\n                                                                                                    <div class=\"tb-property\">\n                                                                                    <div class=\"tb-property__icon\">\n                                                \t\t\t\t<i class=\"icon fa-solid fa-person-simple\" aria-hidden=\"true\"><\/i>\n\t\t\t                                            <\/div>\n                                                                                <div class=\"tb-property__label\">\n                                            Solo ou \u00e0 plusieurs                                        <\/div>\n                                    <\/div>\n                                                            <\/div>\n                                                                                        <div class=\"tb-buttons-part\">\n                                                            \t\t<a href=\"#join\"  target=\"\" class=\"tb-button\">\n\t\t\tR\u00e9servez maintenant !\t\t<\/a>\n\t\t                                                                                        \t\t<a href=\"#thekayaktrip\"  target=\"\" class=\"tb-buttonlink\">\n\t\t\tPlus d'infos\t\t<\/a>\n\t\t                                                    <\/div>\n                                                                <div class=\"average-reviews-wrapper\" data-reviews-redirect-url=\"https:\/\/maps.app.goo.gl\/z4ZtHvSeqK1RVoX89\" data-embed-social-id=\"5a8ef319c6b100edc10d461870cb259eb675ff26\"><\/div>\n                                    <\/div>\n            <\/div>\n            \n                    <\/div>\n    <\/div>\n\n                        <div class=\"tb-header-background tb-header-background--has-iframe\">\n                        <iframe src=\"https:\/\/iframe.mediadelivery.net\/embed\/306445\/4521872c-f37e-4f91-b599-90ec1fb77684?autoplay=true&#038;preload=true&#038;loop=true&#038;responsive=true&#038;muted=true\" allow=\"accelerometer;gyroscope;encrypted-media;picture-in-picture;autoplay;muted;\" allowfullscreen=\"true\" style=\"border: none;\" loading=\"lazy\"><\/iframe>                    <\/div>\n    \n    \n        <nav class=\"tb-header__subnav\">\n            <div class=\"inner-block\">\n                <div class=\"tb-header__pagename\">\n                                            \t<span class=\"tb-logo\"  style=\"-webkit-mask-image: url(https:\/\/tkt.travelblox.eu\/wp-content\/uploads\/sites\/69\/2025\/08\/THEkayak_White-1024x997.png); mask-image: url(https:\/\/tkt.travelblox.eu\/wp-content\/uploads\/sites\/69\/2025\/08\/THEkayak_White-1024x997.png)\">\n\t\t<img src='https:\/\/tkt.travelblox.eu\/wp-content\/uploads\/sites\/69\/2025\/08\/THEkayak_White-1024x997.png' width='1024' height='997' alt='Le logo de The Kayak Trip' title='Le Kayak Trip' loading='lazy'>\n\t<\/span>\n                                    <\/div>\n\n                <ul>\n                                            <li>\n                            <a href=\"#thekayaktrip\">Concept<\/a>\n                        <\/li>\n\n                                            <li>\n                            <a href=\"#route\">Itin\u00e9raires<\/a>\n                        <\/li>\n\n                                            <li>\n                            <a href=\"#practical\">Infos pratiques<\/a>\n                        <\/li>\n\n                                            <li>\n                            <a href=\"#options\">Options<\/a>\n                        <\/li>\n\n                                            <li>\n                            <a href=\"#FAQ\">FAQ<\/a>\n                        <\/li>\n\n                    \n                                                <li class=\"tb-header__subnav_cta\">\n                                <a href=\"#join\" class=\"tb-button\" >R\u00e9servez maintenant !<\/a>\n                            <\/li>\n                                    <\/ul>\n            <\/div>\n        <\/nav>\n\n    \n<\/div>\n\n\n\n\n<div class=\"tb-intro tb-block align-none background-middle pattern-none variant-none tb-collapsible-margins\" id=\"intro\">\n    <div class=\"inner-block tb-fade-in tb-fade-in--subtle\">\n\n        \n\n        <div class=\"text-part content-part\">\n            <div class=\"title-meta-inclusive\">\n                <div class=\"title-and-meta\">\n                                            <div class=\"title-part\">\n                                                            <h3>Le Kayak Trip<\/h3>\n                                                                                                                            <h4>\t\t<div class=\"translation-block\">Explorez les fjords norv\u00e9giens en 8 jours et alternez entre kayak et randonn\u00e9e<\/div>\n\t<\/h4>\n                                                                                    <\/div>\n                                        <ul class=\"meta-data\">\n                                                    <li>\n                                <i class=\"fa fa-regular fa-tag\"><\/i>\n                                <span>\u00c0 partir de 690 \u20ac<\/span>\n                            <\/li>\n                                                                            <li>\n                                <i class=\"fa fa-regular fa-calendar\"><\/i>\n                                <span><p>juillet 2026<\/p>\n<\/span>\n                            <\/li>\n                                            <\/ul>\n                <\/div>\n                                    <div class=\"inclusive\">\n                                                    <h6>Activit\u00e9s<\/h6>\n                                                <ul class=\"\">\n                                                            <li class=\"visible\">\n                                                                            \t\t\t\t<i class=\"icon fa-kit fa-tb-icon-paddle\" aria-hidden=\"true\"><\/i>\n\t\t\t                                                                                                                <span>Pagayez sur les eaux cristallines du N\u00e6r\u00f8yfjord<\/span>\n                                                                    <\/li>\n                                                            <li class=\"visible\">\n                                                                            \t\t\t\t<i class=\"icon fa-regular fa-shoe-prints\" aria-hidden=\"true\"><\/i>\n\t\t\t                                                                                                                <span>Randonnez vers des vues panoramiques sur les fjords<\/span>\n                                                                    <\/li>\n                                                            <li class=\"visible\">\n                                                                            \t\t\t\t<i class=\"icon fa-regular fa-tent\" aria-hidden=\"true\"><\/i>\n\t\t\t                                                                                                                <span>Dormez dans les plus beaux spots au bord de l'eau<\/span>\n                                                                    <\/li>\n                                                            <li class=\"visible\">\n                                                                            \t\t\t\t<i class=\"icon fa-brands fa-pagelines\" aria-hidden=\"true\"><\/i>\n\t\t\t                                                                                                                <span>Laissez-vous guider par des guides kayak exp\u00e9riment\u00e9s<\/span>\n                                                                    <\/li>\n                                                            <li class=\"visible\">\n                                                                            \t\t\t\t<i class=\"icon fa-solid fa-handshake-simple\" aria-hidden=\"true\"><\/i>\n\t\t\t                                                                                                                <span>Accessible aux d\u00e9butants et aux kayakistes exp\u00e9riment\u00e9s<\/span>\n                                                                    <\/li>\n                                                    <\/ul>\n                                            <\/div>\n                            <\/div>\n\n                            <div class=\"tb-buttons desktop-only\">\n                                            <a href=\"#join\" class=\"tb-button\">\n                                                            R\u00e9servez maintenant !                                                    <\/a>\n                                                                <a href=\"#thekayaktrip\" class=\"tb-buttonlink\">\n                                                            D\u00e9couvrez Le Kayak Trip                                                    <\/a>\n                                    <\/div>\n                    <\/div>\n                                    <div class=\"image-part\">\n                    \t\t\t\t<div class=\"inner-block-full-width has-tb-carousel tb-carousel-slider\" >\n\t\t\t<div class=\"tb-carousel-container\">\n\t\t\t\t<div class=\"entries tb-cards\" data-slider-first=\"0\">\n\t\t\t\t\t\t\t\t\t<div class=\"entry\">\n\t\t\t\t<div class=\"tb-image-part\">\n\t\t\t\t\t<figure>\n\t\t\t\t\t\t<img src='https:\/\/tkt.travelblox.eu\/wp-content\/uploads\/sites\/69\/2025\/09\/The-Kayak-Trip-Reizen-Rens-LR-426-768x512.jpg' width='768' height='512' loading='lazy' image_size='medium_large'>\t\t\t\t\t\t\t\t\t\t\t\t\t\t\t\t\t\t\t\t\t\t\t\t\t\t\t\t\t\t\t<\/figure>\n\t\t\t\t<\/div>\n\t\t\t<\/div>\n\t\t\t\t\t<div class=\"entry\">\n\t\t\t\t<div class=\"tb-image-part\">\n\t\t\t\t\t<figure>\n\t\t\t\t\t\t<img src='https:\/\/tkt.travelblox.eu\/wp-content\/uploads\/sites\/69\/2023\/10\/TKT23_MICHIELANNAERT_HR-30-scaled-e1758534355720-768x663.jpg' width='768' height='663' alt='2 kayaks dans l&#039;eau, vue drone - Kayak - fjord de Norv\u00e8ge - randonn\u00e9e en Norv\u00e8ge - kayaking - depuis l&#039;a\u00e9roport de Bruxelles' loading='lazy' image_size='medium_large'>\t\t\t\t\t\t\t\t\t\t\t\t\t\t\t\t\t\t\t\t\t\t\t\t\t\t\t\t\t\t\t<\/figure>\n\t\t\t\t<\/div>\n\t\t\t<\/div>\n\t\t\t\t\t<div class=\"entry\">\n\t\t\t\t<div class=\"tb-image-part\">\n\t\t\t\t\t<figure>\n\t\t\t\t\t\t<img src='https:\/\/tkt.travelblox.eu\/wp-content\/uploads\/sites\/69\/2025\/09\/TKT25_MikeTesselaar_WEB-204-768x512.jpg' width='768' height='512' loading='lazy' image_size='medium_large'>\t\t\t\t\t\t\t\t\t\t\t\t\t\t\t\t\t\t\t\t\t\t\t\t\t\t\t\t\t\t\t<\/figure>\n\t\t\t\t<\/div>\n\t\t\t<\/div>\n\t\t\t\t\t<div class=\"entry\">\n\t\t\t\t<div class=\"tb-image-part\">\n\t\t\t\t\t<figure>\n\t\t\t\t\t\t<img src='https:\/\/tkt.travelblox.eu\/wp-content\/uploads\/sites\/69\/2025\/07\/TKT24_RoyMosterd_8290212_HR-1-768x576.jpg' width='768' height='576' loading='lazy' image_size='medium_large'>\t\t\t\t\t\t\t\t\t\t\t\t\t\t\t\t\t\t\t\t\t\t\t\t\t\t\t\t\t\t\t<\/figure>\n\t\t\t\t<\/div>\n\t\t\t<\/div>\n\t\t\t\t\t<div class=\"entry\">\n\t\t\t\t<div class=\"tb-image-part\">\n\t\t\t\t\t<figure>\n\t\t\t\t\t\t<img src='https:\/\/tkt.travelblox.eu\/wp-content\/uploads\/sites\/69\/2023\/10\/TKT23_MICHIELANNAERT_HR-138-768x970.jpg' width='768' height='970' alt='3 moutons - Kayak - fjord de Norv\u00e8ge - randonn\u00e9e en Norv\u00e8ge - kayaking - depuis l&#039;a\u00e9roport de Bruxelles' loading='lazy' image_size='medium_large'>\t\t\t\t\t\t\t\t\t\t\t\t\t\t\t\t\t\t\t\t\t\t\t\t\t\t\t\t\t\t\t<\/figure>\n\t\t\t\t<\/div>\n\t\t\t<\/div>\n\t\t\t\t\t\t\t\t<\/div>\n\t\t\t\t\t\t<div class=\"tb-carousel-nav\">\n\t\t\t<div class=\"dots\">\n\t\t\t\t<div class=\"dot active\"><\/div>\n\t\t\t\t<div class=\"dot\"><\/div>\n\t\t\t\t<div class=\"dot\"><\/div>\n\t\t\t<\/div>\n\t\t\t<div class=\"arrows\">\n\t\t\t\t<div class=\"prev disabled\">\n\t\t\t\t\t<span><i class=\"fa fa-chevron-left\"><\/i><\/span>\n\t\t\t\t<\/div>\n\t\t\t\t<div class=\"next\">\n\t\t\t\t\t<span><i class=\"fa fa-chevron-right\"><\/i><\/span>\n\t\t\t\t<\/div>\n\t\t\t<\/div>\n\t\t<\/div>\n\t\t\t\t<\/div>\n\t\t<\/div>\n\t\t                <\/div>\n                                        <div class=\"tb-buttons mobile-only\">\n                                    <a href=\"#join\" class=\"tb-button\">\n                                                    R\u00e9servez maintenant !                                            <\/a>\n                                                    <a href=\"#thekayaktrip\" class=\"tb-buttonlink\">\n                                                    D\u00e9couvrez Le Kayak Trip                                            <\/a>\n                            <\/div>\n            <\/div>\n<\/div>\n\n\n\n\n<div class=\"tb-textimage2 tb-block align-left background-light pattern-none variant-image_first tb-collapsible-margins\" id=\"thekayaktrip\">\n\t<div class=\"inner-block tb-fade-in\">\n\n\t\t\n\t\t<div class=\"tb-columns\">\n\t\t\t<div class=\"tb-column\">\n\t\t\t\t<div class=\"tb-text-part\">\n\t\t\t\t\t<h2>Une aventure dans les fjords<\/h2>\n\t\t\t\t\t\t\t<div class=\"translation-block\"><p>Participez \u00e0 une aventure inoubliable en kayak et d\u00e9couvrez le <strong>N\u00e6r\u00f8yfjord<\/strong>, le <strong>fjord le plus profond et le plus c\u00e9l\u00e8bre de Norv\u00e8ge<\/strong>. Alors que vous glissez sur des eaux <strong>cristallines<\/strong>, les <strong>falaises abruptes<\/strong> s'\u00e9l\u00e8vent haut au-dessus de vous et vous ressentez la grandeur de la nature qui vous entoure.<\/p><p>En chemin, vous pagayez le long de falaises imposantes et de <strong>charmants<\/strong> <strong>villages<\/strong> et vous d\u00e9couvrez la <strong>riche<\/strong> <strong>histoire<\/strong> de cette r\u00e9gion, o\u00f9 les <strong>Vikings<\/strong> ont laiss\u00e9 leur empreinte.<\/p><p>Lors de la r\u00e9servation, vous pouvez choisir \u00e0 la fois un <strong>kayak<\/strong> (simple ou double) et un <strong>itin\u00e9raire<\/strong>. Gr\u00e2ce \u00e0 un briefing du guide, o\u00f9 vous apprendrez tout sur le kayak afin de commencer votre aventure compl\u00e8tement pr\u00e9par\u00e9.<\/p><\/div>\n\t\t\t\t\t\t\t\t\t\t\t<div class=\"tb-buttons-part\">\n\t\t\t\t\t\t\t\t<a href=\"#join\"  target=\"\" class=\"tb-button\">\n\t\t\tD\u00e9couvrez les dates\t\t<\/a>\n\t\t\t\t\t\t\t\t\t\t<a href=\"#route\"  target=\"\" class=\"tb-buttonlink\">\n\t\t\tD\u00e9couvrez les itin\u00e9raires\t\t<\/a>\n\t\t\t\t\t\t\t<\/div>\n\t\t\t\t<\/div>\n\t\t\t<\/div>\n\t\t\t<div class=\"tb-column\">\n\t\t\t\t\t\t\t\t\t\t\t\t\t\t\t<div class=\"tb-image-part\">\n\t\t\t\t\t\t\t\t\t\t\t<div class=\"inner-block-full-width has-tb-carousel tb-carousel-slider\" >\n\t\t\t<div class=\"tb-carousel-container\">\n\t\t\t\t<div class=\"entries tb-cards\" data-slider-first=\"0\">\n\t\t\t\t\t\t\t\t\t<div class=\"entry\">\n\t\t\t\t<div class=\"tb-image-part\">\n\t\t\t\t\t<figure>\n\t\t\t\t\t\t<img src='https:\/\/tkt.travelblox.eu\/wp-content\/uploads\/sites\/69\/2023\/10\/TKT23_MICHIELANNAERT_LR_v2-12-768x1152.jpg' width='768' height='1152' alt='2 personnes en kayak - Kayak - Fjord de Norv\u00e8ge - Randonn\u00e9e en Norv\u00e8ge - kayak - depuis l&#039;a\u00e9roport de Bruxelles' loading='lazy' image_size='medium_large'>\t\t\t\t\t\t\t\t\t\t\t\t\t\t\t\t\t\t\t\t\t\t\t\t\t\t\t\t\t\t\t<\/figure>\n\t\t\t\t<\/div>\n\t\t\t<\/div>\n\t\t\t\t\t<div class=\"entry\">\n\t\t\t\t<div class=\"tb-image-part\">\n\t\t\t\t\t<figure>\n\t\t\t\t\t\t<img src='https:\/\/tkt.travelblox.eu\/wp-content\/uploads\/sites\/69\/2025\/09\/The-Kayak-Trip-Reizen-Rens-LR-494-768x512.jpg' width='768' height='512' loading='lazy' image_size='medium_large'>\t\t\t\t\t\t\t\t\t\t\t\t\t\t\t\t\t\t\t\t\t\t\t\t\t\t\t\t\t\t\t<\/figure>\n\t\t\t\t<\/div>\n\t\t\t<\/div>\n\t\t\t\t\t<div class=\"entry\">\n\t\t\t\t<div class=\"tb-image-part\">\n\t\t\t\t\t<figure>\n\t\t\t\t\t\t<img src='https:\/\/tkt.travelblox.eu\/wp-content\/uploads\/sites\/69\/2024\/10\/TKT24_RoyMosterd_8250040_LR-768x576.jpg' width='768' height='576' alt='Kayak heureux - Kayak - fjord norv\u00e9gien - randonn\u00e9e en Norv\u00e8ge - kayaking - depuis l&#039;a\u00e9roport de Bruxelles' loading='lazy' image_size='medium_large'>\t\t\t\t\t\t\t\t\t\t\t\t\t\t\t\t\t\t\t\t\t\t\t\t\t\t\t\t\t\t\t<\/figure>\n\t\t\t\t<\/div>\n\t\t\t<\/div>\n\t\t\t\t\t<div class=\"entry\">\n\t\t\t\t<div class=\"tb-image-part\">\n\t\t\t\t\t<figure>\n\t\t\t\t\t\t<img src='https:\/\/tkt.travelblox.eu\/wp-content\/uploads\/sites\/69\/2025\/09\/The-Kayak-Trip-Reizen-Rens-LR-DJI-27-768x512.jpg' width='768' height='512' loading='lazy' image_size='medium_large'>\t\t\t\t\t\t\t\t\t\t\t\t\t\t\t\t\t\t\t\t\t\t\t\t\t\t\t\t\t\t\t<\/figure>\n\t\t\t\t<\/div>\n\t\t\t<\/div>\n\t\t\t\t\t<div class=\"entry\">\n\t\t\t\t<div class=\"tb-image-part\">\n\t\t\t\t\t<figure>\n\t\t\t\t\t\t<img src='https:\/\/tkt.travelblox.eu\/wp-content\/uploads\/sites\/69\/2023\/10\/TKT23_MICHIELANNAERT_HR-109-scaled-e1710346936795-768x485.jpg' width='768' height='485' alt='2 hommes dansant sous une cascade - Kayak - fjord de Norv\u00e8ge - randonn\u00e9e en Norv\u00e8ge - kayaking - depuis l&#039;a\u00e9roport de Bruxelles' loading='lazy' image_size='medium_large'>\t\t\t\t\t\t\t\t\t\t\t\t\t\t\t\t\t\t\t\t\t\t\t\t\t\t\t\t\t\t\t<\/figure>\n\t\t\t\t<\/div>\n\t\t\t<\/div>\n\t\t\t\t\t\t\t\t<\/div>\n\t\t\t\t\t\t<div class=\"tb-carousel-nav\">\n\t\t\t<div class=\"dots\">\n\t\t\t\t<div class=\"dot active\"><\/div>\n\t\t\t\t<div class=\"dot\"><\/div>\n\t\t\t\t<div class=\"dot\"><\/div>\n\t\t\t<\/div>\n\t\t\t<div class=\"arrows\">\n\t\t\t\t<div class=\"prev disabled\">\n\t\t\t\t\t<span><i class=\"fa fa-chevron-left\"><\/i><\/span>\n\t\t\t\t<\/div>\n\t\t\t\t<div class=\"next\">\n\t\t\t\t\t<span><i class=\"fa fa-chevron-right\"><\/i><\/span>\n\t\t\t\t<\/div>\n\t\t\t<\/div>\n\t\t<\/div>\n\t\t\t\t<\/div>\n\t\t<\/div>\n\t\t\t\t\t\t\t\t<\/div>\n\t\t\t\t\t\t\t\t\t\t\t\t<\/div>\n\t\t<\/div>\n\t<\/div>\n<\/div>\n\n\n\n\n<div class=\"hide-some tb-Story Highlights tb-block align-center background-light pattern-none variant-none tb-collapsible-margins\" id=\"storyhighlights\">\n        <div class=\"inner-block tb-fade-in tb-fade-in--subtle\">\n        <div class=\"text-part\">\n            <h2>Le Kayak Trip en vid\u00e9o<\/h2>\n            \t\t<div class=\"translation-block\"><\/div>\n\t        <\/div>\n    <\/div>\n    <div class=\"inner-block\">\n        <div class='embedsocial-story-gallery' data-ref=\"6d787d44a2a612dff6d3c9b610f881a71e41498c\"><\/div>\n        <script>\n            (function(d, s, id) {\n                var js;\n                if (d.getElementById(id)) {\n                    return;\n                }\n                js = d.createElement(s);\n                js.id = id;\n                js.src = \"https:\/\/embedsocial.com\/embedscript\/stg.js\";\n                d.getElementsByTagName(\"head\")[0].appendChild(js);\n            }(document, \"script\", \"EmbedSocialStoryGalleryScript\"));\n        <\/script>\n    <\/div>\n    <\/div>\n\n\n<div class=\"tb-gallery tb-block align-center background-light pattern-none variant-grid\" id=\"gallery\">\n\t<div>\n\t\t<div class=\"desktop tb-has-popup-content\">\n\t\t\t\t\t\t\t<ul class=\"tb-gallery-grid\">\n\t\t\t\t\t\t\t\t\t\t\t\t\t\t\t\t\t\t<li class=\"slide\">\n\t\t\t\t\t\t\t\t<div class=\"tb-popup-trigger\">\n\t\t\t\t\t\t\t\t\t<img src='https:\/\/tkt.travelblox.eu\/wp-content\/uploads\/sites\/69\/2025\/09\/TKT25_MikeTesselaar_WEB-221.jpg' width='2000' height='1334' loading='lazy'>\t\t\t\t\t\t\t\t<\/div>\n\t\t\t\t\t\t\t<\/li>\n\t\t\t\t\t\t\t\t\t\t\t\t\t<li class=\"slide\">\n\t\t\t\t\t\t\t\t<div class=\"tb-popup-trigger\">\n\t\t\t\t\t\t\t\t\t<img src='https:\/\/tkt.travelblox.eu\/wp-content\/uploads\/sites\/69\/2025\/09\/TKT25_MikeTesselaar_WEB-192.jpg' width='2000' height='1125' loading='lazy'>\t\t\t\t\t\t\t\t<\/div>\n\t\t\t\t\t\t\t<\/li>\n\t\t\t\t\t\t\t\t\t\t\t\t\t<li class=\"slide\">\n\t\t\t\t\t\t\t\t<div class=\"tb-popup-trigger\">\n\t\t\t\t\t\t\t\t\t<img src='https:\/\/tkt.travelblox.eu\/wp-content\/uploads\/sites\/69\/2025\/09\/TKT25_MikeTesselaar_WEB-74-e1758281869445.jpg' width='1783' height='1140' loading='lazy'>\t\t\t\t\t\t\t\t<\/div>\n\t\t\t\t\t\t\t<\/li>\n\t\t\t\t\t\t\t\t\t\t\t\t\t\t\t<\/ul>\n\t\t\t\t\t\t<div class=\"tb-popup tb-popup--open-clicked-image\">\n\t\t\t\t<div class=\"tb-gallery-popup\">\n\t\t\t\t\t<div class=\"tb-image-part\">\n\t\t\t\t\t\t\t\t\t\t<div class=\"inner-block-full-width has-tb-carousel tb-carousel-slider\" >\n\t\t\t<div class=\"tb-carousel-container\">\n\t\t\t\t<div class=\"entries tb-cards\" data-slider-first=\"2\">\n\t\t\t\t\t\t\t\t\t<div class=\"entry\">\n\t\t\t\t<div class=\"tb-image-part\">\n\t\t\t\t\t<figure>\n\t\t\t\t\t\t<img src='https:\/\/tkt.travelblox.eu\/wp-content\/uploads\/sites\/69\/2025\/09\/TKT25_MikeTesselaar_WEB-221.jpg' width='2000' height='1334' loading='lazy' image_size='full'>\t\t\t\t\t\t\t\t\t\t\t<\/figure>\n\t\t\t\t<\/div>\n\t\t\t<\/div>\n\t\t\t\t\t<div class=\"entry\">\n\t\t\t\t<div class=\"tb-image-part\">\n\t\t\t\t\t<figure>\n\t\t\t\t\t\t<img src='https:\/\/tkt.travelblox.eu\/wp-content\/uploads\/sites\/69\/2025\/09\/TKT25_MikeTesselaar_WEB-192.jpg' width='2000' height='1125' loading='lazy' image_size='full'>\t\t\t\t\t\t\t\t\t\t\t<\/figure>\n\t\t\t\t<\/div>\n\t\t\t<\/div>\n\t\t\t\t\t<div class=\"entry\">\n\t\t\t\t<div class=\"tb-image-part\">\n\t\t\t\t\t<figure>\n\t\t\t\t\t\t<img src='https:\/\/tkt.travelblox.eu\/wp-content\/uploads\/sites\/69\/2025\/09\/TKT25_MikeTesselaar_WEB-74-e1758281869445.jpg' width='1783' height='1140' loading='lazy' image_size='full'>\t\t\t\t\t\t\t\t\t\t\t<\/figure>\n\t\t\t\t<\/div>\n\t\t\t<\/div>\n\t\t\t\t\t\t\t\t<\/div>\n\t\t\t\t\t\t<div class=\"tb-carousel-nav\">\n\t\t\t<div class=\"dots\">\n\t\t\t\t<div class=\"dot active\"><\/div>\n\t\t\t\t<div class=\"dot\"><\/div>\n\t\t\t\t<div class=\"dot\"><\/div>\n\t\t\t<\/div>\n\t\t\t<div class=\"arrows\">\n\t\t\t\t<div class=\"prev disabled\">\n\t\t\t\t\t<span><i class=\"fa fa-chevron-left\"><\/i><\/span>\n\t\t\t\t<\/div>\n\t\t\t\t<div class=\"next\">\n\t\t\t\t\t<span><i class=\"fa fa-chevron-right\"><\/i><\/span>\n\t\t\t\t<\/div>\n\t\t\t<\/div>\n\t\t<\/div>\n\t\t\t\t<\/div>\n\t\t<\/div>\n\t\t\t\t\t\t\t<\/div>\n\t\t\t\t<\/div>\n\t\t\t<\/div>\n\t\t<\/div>\n\t\t<div class=\"mobile\">\n\t\t\t<div class=\"tb-image-part\">\n\t\t\t\t\t\t\t\t<div class=\"inner-block-full-width has-tb-carousel tb-carousel-slider\" >\n\t\t\t<div class=\"tb-carousel-container\">\n\t\t\t\t<div class=\"entries tb-cards\" data-slider-first=\"0\">\n\t\t\t\t\t\t\t\t\t<div class=\"entry\">\n\t\t\t\t<div class=\"tb-image-part\">\n\t\t\t\t\t<figure>\n\t\t\t\t\t\t<img src='https:\/\/tkt.travelblox.eu\/wp-content\/uploads\/sites\/69\/2025\/09\/TKT25_MikeTesselaar_WEB-221-768x512.jpg' width='768' height='512' loading='lazy' image_size='medium_large'>\t\t\t\t\t\t\t\t\t\t\t<\/figure>\n\t\t\t\t<\/div>\n\t\t\t<\/div>\n\t\t\t\t\t<div class=\"entry\">\n\t\t\t\t<div class=\"tb-image-part\">\n\t\t\t\t\t<figure>\n\t\t\t\t\t\t<img src='https:\/\/tkt.travelblox.eu\/wp-content\/uploads\/sites\/69\/2025\/09\/TKT25_MikeTesselaar_WEB-192-768x432.jpg' width='768' height='432' loading='lazy' image_size='medium_large'>\t\t\t\t\t\t\t\t\t\t\t<\/figure>\n\t\t\t\t<\/div>\n\t\t\t<\/div>\n\t\t\t\t\t<div class=\"entry\">\n\t\t\t\t<div class=\"tb-image-part\">\n\t\t\t\t\t<figure>\n\t\t\t\t\t\t<img src='https:\/\/tkt.travelblox.eu\/wp-content\/uploads\/sites\/69\/2025\/09\/TKT25_MikeTesselaar_WEB-74-e1758281869445-768x491.jpg' width='768' height='491' loading='lazy' image_size='medium_large'>\t\t\t\t\t\t\t\t\t\t\t<\/figure>\n\t\t\t\t<\/div>\n\t\t\t<\/div>\n\t\t\t\t\t\t\t\t<\/div>\n\t\t\t\t\t\t<div class=\"tb-carousel-nav\">\n\t\t\t<div class=\"dots\">\n\t\t\t\t<div class=\"dot active\"><\/div>\n\t\t\t\t<div class=\"dot\"><\/div>\n\t\t\t\t<div class=\"dot\"><\/div>\n\t\t\t<\/div>\n\t\t\t<div class=\"arrows\">\n\t\t\t\t<div class=\"prev disabled\">\n\t\t\t\t\t<span><i class=\"fa fa-chevron-left\"><\/i><\/span>\n\t\t\t\t<\/div>\n\t\t\t\t<div class=\"next\">\n\t\t\t\t\t<span><i class=\"fa fa-chevron-right\"><\/i><\/span>\n\t\t\t\t<\/div>\n\t\t\t<\/div>\n\t\t<\/div>\n\t\t\t\t<\/div>\n\t\t<\/div>\n\t\t\t\t\t<\/div>\n\t\t<\/div>\n\t<\/div>\n<\/div>\n\n\n\n<div class=\"tb-textimage2 tb-block align-left background-light pattern-none variant-text_first tb-collapsible-margins\" id=\"route\">\n\t<div class=\"inner-block tb-fade-in\">\n\n\t\t\n\t\t<div class=\"tb-columns\">\n\t\t\t<div class=\"tb-column\">\n\t\t\t\t<div class=\"tb-text-part\">\n\t\t\t\t\t<h2>Les itin\u00e9raires<\/h2>\n\t\t\t\t\t\t\t<div class=\"translation-block\"><p>Vous avez le choix entre <strong>2 itin\u00e9raires diff\u00e9rents<\/strong>, chacun offrant la possibilit\u00e9 de d\u00e9couvrir les fjords depuis l\u2019eau et les sommets. Toutes les <strong>randonn\u00e9es<\/strong> sont <strong>optionnelles<\/strong>, ce qui vous permet d\u2019adapter la difficult\u00e9 de votre aventure selon vos envies.<\/p><p>Avec <strong>l'itin\u00e9raire N\u00e6r\u00f8y<\/strong>, vous parcourrez environ <strong>65 km<\/strong> en <strong>kayak<\/strong>, en atteignant Undredal comme point le plus \u00e9loign\u00e9. Vous pouvez ajouter jusqu\u2019\u00e0 60 kilom\u00e8tres de randonn\u00e9e pour enrichir l'exp\u00e9rience.<\/p><p><strong>L'itin\u00e9raire Aurlands<\/strong> vous m\u00e8nera jusqu\u2019\u00e0 la fameuse Fl\u00e5m. Au total, vous pagayerez environ <strong>100 km<\/strong> en <strong>kayak<\/strong> et pouvez ajouter environ 60 kilom\u00e8tres de randonn\u00e9e \u00e0 votre aventure.<\/p><p>*<i>Note : ces itin\u00e9raires peuvent \u00eatre modifi\u00e9s selon les conditions m\u00e9t\u00e9orologiques.<\/i><\/p><\/div>\n\t\t\t\t\t\t\t\t\t\t\t<div class=\"tb-buttons-part\">\n\t\t\t\t\t\t\t\t\t\t\t\t\t\t\t\t\t<\/div>\n\t\t\t\t<\/div>\n\t\t\t<\/div>\n\t\t\t<div class=\"tb-column\">\n\t\t\t\t\t\t\t\t\t\t\t\t\t\t\t<div class=\"tb-image-part\">\n\t\t\t\t\t\t\t<img src='https:\/\/tkt.travelblox.eu\/wp-content\/uploads\/sites\/69\/2024\/11\/TKT25.svg' width='768' height='1' alt='TKT carte routi\u00e8re' loading='lazy' image_size='medium_large'>\t\t\t\t\t\t<\/div>\n\t\t\t\t\t\t\t\t\t\t\t\t<\/div>\n\t\t<\/div>\n\t<\/div>\n<\/div>\n\n\n<div class=\"tb-dayschedule tb-block align-center background-dark pattern-none variant-none tb-collapsible-margins\" id=\"dayschedule\">\n\n\t<div class=\"inner-block tb-fade-in tb-fade-in--subtle\">\n\t\t<div class=\"text-part\">\n\t\t\t<h2>Choisissez votre itin\u00e9raire<\/h2>\n\t\t\t\t\t<div class=\"translation-block\"><p>Lors de la r\u00e9servation, vous pouvez d\u00e9j\u00e0 nous indiquer l'itin\u00e9raire que vous souhaitez faire, mais vous aurez la possibilit\u00e9 de le <strong>changer plus tard<\/strong> (et m\u00eame sur place). Ne vous inqui\u00e9tez pas si vous n'\u00eates pas encore s\u00fbr(e) de votre choix.<\/p><p>Ci-dessous, vous trouverez un exemple de programme \u00e9quilibr\u00e9 pour une semaine sur les deux itin\u00e9raires. Il vous permettra de d\u00e9couvrir les plus beaux sites tout en alternant judicieusement entre moments de kayak et de randonn\u00e9e.<\/p><p>*<i>Remarque : ces itin\u00e9raires peuvent \u00eatre modifi\u00e9s en raison des conditions m\u00e9t\u00e9orologiques.<\/i><\/p><\/div>\n\t\t\t\t\t\t\t\t\t<div class=\"section-toggler\">\n\t\t<div class=\"section-toggler__inner\">\n\t\t\t<div class=\"section-toggler__toggles-wrapper\">\n\t\t\t\t<div class=\"section-toggler__toggles\">\n\t\t\t\t\t\t\t\t\t\t\t<input type=\"radio\" name=\"dayschedule-section\" value=\"dayschedule-section-0\" id=\"dayschedule-section-0-label\" checked class=\"\" \/>\n\t\t\t\t\t\t<label for=\"dayschedule-section-0-label\" data-target-id=\"dayschedule-section-0\" class=\"\">\n\t\t\t\t\t\t\tRoute de N\u00e6r\u00f8y\t\t\t\t\t\t\t\t\t\t\t\t\t<\/label>\n\t\t\t\t\t\t\t\t\t\t\t<input type=\"radio\" name=\"dayschedule-section\" value=\"dayschedule-section-1\" id=\"dayschedule-section-1-label\"  class=\"\" \/>\n\t\t\t\t\t\t<label for=\"dayschedule-section-1-label\" data-target-id=\"dayschedule-section-1\" class=\"\">\n\t\t\t\t\t\t\tRoute d'Aurlands\t\t\t\t\t\t\t\t\t\t\t\t\t<\/label>\n\t\t\t\t\t\t\t\t\t<\/div>\n\t\t\t<\/div>\n\t\t<\/div>\n\t<\/div>\n\t\t\t\t\t\t<\/div>\n\t<\/div>\n\t\t\t<div class=\"tb-sections\">\n\t\t\t\t\t\t\t\t\t\t\t\t\t\t<div class=\"inner-block-full-width has-tb-carousel tb-section\" id=\"dayschedule-section-0\">\n\t\t\t<div class=\"tb-carousel-container\">\n\t\t\t\t<div class=\"entries tb-cards\" data-slider-first=\"1\">\n\t\t\t\t\t\t\t\t\t\t\t\t\t\t\t<div class=\"tb-card entry tb-popup-trigger tb-unfold-on-hover\">\n\t\t\t\t\t\t\t<div class=\"tb-image-part\">\n\t\t\t\t\t\t\t\t<div class=\"tag\">\n\t\t\t\t\t\t\t\t\t<div>Jour 1<\/div>\n\t\t\t\t\t\t\t\t<\/div>\n\n\t\t\t\t\t\t\t\t<img src='https:\/\/tkt.travelblox.eu\/wp-content\/uploads\/sites\/69\/2024\/10\/DJI_20240831191101_0258_D-768x432.jpg' width='768' height='432' alt='Vue a\u00e9rienne de Fresvik, Norv\u00e8ge - Kayak - fjord norv\u00e9gien - randonn\u00e9e en Norv\u00e8ge - kayaking - depuis l&#039;a\u00e9roport de Bruxelles' loading='lazy' image_size='medium_large'>\t\t\t\t\t\t\t<\/div>\n\t\t\t\t\t\t\t<div class=\"tb-card-bottom-wrapper\">\n\t\t\t\t\t\t\t\t<div class=\"tb-card-bottom\">\n\n\t\t\t\t\t\t\t\t\t<span class=\"tb-card-bottom__title\">\n\t\t\t\t\t\t\t\t\t\t<span class=\"tb-card-bottom__place\">\n\t\t\t\t\t\t\t\t\t\t\tBergen\t\t\t\t\t\t\t\t\t\t\t\t\t\t\t\t\t\t\t\t\t\t\t&#8211; Basecamp, Fresvik\t\t\t\t\t\t\t\t\t\t\t\t\t\t\t\t\t\t\t\t\t<\/span>\n\n\t\t\t\t\t\t\t\t\t<\/span>\n\t\t\t\t\t\t\t\t\t<div class=\"tb-card-bottom__content\">\n\t\t\t\t\t\t\t\t\t\t<div>\n\t\t\t\t\t\t\t\t\t\t\t\t\t\t\t\t\t\t\t\t\t<\/div>\n\t\t\t\t\t\t\t\t\t<\/div>\n\t\t\t\t\t\t\t\t\t<div class=\"tb-card-bottom__teaser tb-unfold-on-hover__content\" data-no-translation>\n\t\t\t\t\t\t\t\t\t\t\t\t\t\t\t\t\t\t\t\t\t\t\t\t\t\t\t\t\t\tLe premier jour, votre vol partira de Bruxelles en direction de Bergen. De l&#8217;a\u00e9roport de Bergen, vou&#8230; <span class=\"link\">Lire la suite<\/span>\t\t\t\t\t\t\t\t\t<\/div>\n\t\t\t\t\t\t\t\t<\/div>\n\n\t\t\t\t\t\t\t<\/div>\n\t\t\t\t\t\t\t<dialog class=\"tb-popup tb-popup-with-padding tb-dayschedule-popup-wrapper\">\n\t\t\t\t\t\t\t\t<div class=\"tb-dayschedule-popup\">\n\t\t\t\t\t\t\t\t\t<h5>\n\t\t\t\t\t\t\t\t\t\t\t\t\t\t\t\t\t\t\t\t\t\t\t\t\t\t\t\t\t\t\t<div>\n\t\t\t\t\t\t\t\t\t\t\t\t\t\t\t\t\t\t\t\t\t\t\t\t\tBergen\t\t\t\t\t\t\t\t\t\t\t\t\t\t\t\t\t\t\t\t\t\t\t\t\t\t\t\t\t\t\t\t\t\t\t\t\t\t\t\t\t\t\t\t\t\t\t\t\t\t\t<i class=\"icon fa-solid fa-arrow-right\"><\/i> Basecamp, Fresvik\t\t\t\t\t\t\t\t\t\t\t\t\t\t\t\t\t\t\t\t\t\t\t\t\t\t\t\t\t\t\t\t\t\t\t\t<\/div>\n\t\t\t\t\t\t\t\t\t\t\t\t\t\t\t\t\t\t\t<\/h5>\n\t\t\t\t\t\t\t\t\t<div class=\"tb-columns\">\n\t\t\t\t\t\t\t\t\t\t<div class=\"tb-column tb-column--text\">\n\t\t\t\t\t\t\t\t\t\t\t<div class=\"text-part\">\n\t\t\t\t\t\t\t\t\t\t\t\t\n\t\t\t\t\t\t\t\t\t\t\t\t\n\t\t\t\t\t\t\t\t\t\t\t\t<div>\n\t\t\t\t\t\t\t\t\t\t\t\t\t<strong>Jour 1<\/strong>\n\t\t\t\t\t\t\t\t\t\t\t\t\t\t\t<div class=\"translation-block\"><p>Le premier jour, votre vol partira de Bruxelles en direction de Bergen. De l'a\u00e9roport de Bergen, vous prendrez notre navette qui vous emm\u00e8nera directement vers les fjords.<\/p><p>Une fois arriv\u00e9 \u00e0 Fresvik, nos guides vous accueilleront chaleureusement. Profitez avec les autres kayakistes de votre premier repas du soir et de la convivialit\u00e9 autour du feu de camp dans ce nouvel environnement.<\/p><\/div>\n\t\t\t\t\t\t\t\t\t\t\t\t\t<\/div>\n\n\n\t\t\t\t\t\t\t\t\t\t\t<\/div>\n\t\t\t\t\t\t\t\t\t\t<\/div>\n\t\t\t\t\t\t\t\t\t\t<div class=\"tb-column tb-column--image\">\n\n\t\t\t\t\t\t\t\t\t\t\t<div class=\"tb-image-part\">\n\t\t\t\t\t\t\t\t\t\t\t\t<img src='https:\/\/tkt.travelblox.eu\/wp-content\/uploads\/sites\/69\/2024\/10\/DJI_20240831191101_0258_D.jpg' width='1008' height='567' alt='Vue a\u00e9rienne de Fresvik, Norv\u00e8ge - Kayak - fjord norv\u00e9gien - randonn\u00e9e en Norv\u00e8ge - kayaking - depuis l&#039;a\u00e9roport de Bruxelles' loading='lazy' image_size='large'>\t\t\t\t\t\t\t\t\t\t\t<\/div>\n\t\t\t\t\t\t\t\t\t\t<\/div>\n\t\t\t\t\t\t\t\t\t<\/div>\n\t\t\t\t\t\t\t\t\t\t\t<div class=\"tb-popup-nav\">\n\t\t\t<a href=\"#\" class=\"tb-buttonlink-with-icon tb-buttonlink-with-arrow icon-first tb-popup-previous\">\n\t\t\t\t<i class=\"icon fa fa-chevron-left\"><\/i>\n\t\t\t\t<span>Jour pr\u00e9c\u00e9dent<\/span>\n\t\t\t<\/a>\n\t\t\t<a href=\"#\" class=\"tb-buttonlink-with-icon tb-buttonlink-with-arrow tb-popup-next\">\n\t\t\t\t<span>Jour suivant<\/span>\n\t\t\t\t<i class=\"icon fa fa-chevron-right\"><\/i>\n\t\t\t<\/a>\n\t\t<\/div>\n\t\n\t\t\t\t\t\t\t\t<\/div>\n\t\t\t\t\t\t\t<\/dialog>\n\t\t\t\t\t\t<\/div>\n\t\t\t\t\t\t\t\t\t\t\t<div class=\"tb-card entry tb-popup-trigger tb-unfold-on-hover\">\n\t\t\t\t\t\t\t<div class=\"tb-image-part\">\n\t\t\t\t\t\t\t\t<div class=\"tag\">\n\t\t\t\t\t\t\t\t\t<div>Jour 2<\/div>\n\t\t\t\t\t\t\t\t<\/div>\n\n\t\t\t\t\t\t\t\t<img src='https:\/\/tkt.travelblox.eu\/wp-content\/uploads\/sites\/69\/2024\/10\/DJI_20240901130619_0290_D-768x432.jpg' width='768' height='432' alt='Femme faisant du kayak dans les fjords en Norv\u00e8ge - Kayak - fjord norv\u00e9gien - randonn\u00e9e en Norv\u00e8ge - kayak - depuis l&#039;a\u00e9roport de Bruxelles.' loading='lazy' image_size='medium_large'>\t\t\t\t\t\t\t<\/div>\n\t\t\t\t\t\t\t<div class=\"tb-card-bottom-wrapper\">\n\t\t\t\t\t\t\t\t<div class=\"tb-card-bottom\">\n\n\t\t\t\t\t\t\t\t\t<span class=\"tb-card-bottom__title\">\n\t\t\t\t\t\t\t\t\t\t<span class=\"tb-card-bottom__place\">\n\t\t\t\t\t\t\t\t\t\t\tFresvik\t\t\t\t\t\t\t\t\t\t\t\t\t\t\t\t\t\t\t\t\t\t\t&#8211; Breisnes\t\t\t\t\t\t\t\t\t\t\t\t\t\t\t\t\t\t\t\t\t<\/span>\n\n\t\t\t\t\t\t\t\t\t<\/span>\n\t\t\t\t\t\t\t\t\t<div class=\"tb-card-bottom__content\">\n\t\t\t\t\t\t\t\t\t\t<div>\n\t\t\t\t\t\t\t\t\t\t\t\t\t\t\t\t\t\t\t\t\t<\/div>\n\t\t\t\t\t\t\t\t\t<\/div>\n\t\t\t\t\t\t\t\t\t<div class=\"tb-card-bottom__teaser tb-unfold-on-hover__content\" data-no-translation>\n\t\t\t\t\t\t\t\t\t\t\t\t\t\t\t\t\t\t\t\t\t\t\t\t\t\t\t\t\t\tVotre premi\u00e8re journ\u00e9e dans le fjord commence avec une aventure en kayak de mer ! Apr\u00e8s un r\u00e9veil ma&#8230; <span class=\"link\">Lire la suite<\/span>\t\t\t\t\t\t\t\t\t<\/div>\n\t\t\t\t\t\t\t\t<\/div>\n\n\t\t\t\t\t\t\t<\/div>\n\t\t\t\t\t\t\t<dialog class=\"tb-popup tb-popup-with-padding tb-dayschedule-popup-wrapper\">\n\t\t\t\t\t\t\t\t<div class=\"tb-dayschedule-popup\">\n\t\t\t\t\t\t\t\t\t<h5>\n\t\t\t\t\t\t\t\t\t\t\t\t\t\t\t\t\t\t\t\t\t\t\t\t\t\t\t\t\t\t\t<div>\n\t\t\t\t\t\t\t\t\t\t\t\t\t\t\t\t\t\t\t\t\t\t\t\t\tFresvik\t\t\t\t\t\t\t\t\t\t\t\t\t\t\t\t\t\t\t\t\t\t\t\t\t\t\t\t\t\t\t\t\t\t\t\t\t\t\t\t\t\t\t\t\t\t\t\t\t\t\t<i class=\"icon fa-solid fa-arrow-right\"><\/i> Breisnes\t\t\t\t\t\t\t\t\t\t\t\t\t\t\t\t\t\t\t\t\t\t\t\t\t\t\t\t\t\t\t\t\t\t\t\t<\/div>\n\t\t\t\t\t\t\t\t\t\t\t\t\t\t\t\t\t\t\t<\/h5>\n\t\t\t\t\t\t\t\t\t<div class=\"tb-columns\">\n\t\t\t\t\t\t\t\t\t\t<div class=\"tb-column tb-column--text\">\n\t\t\t\t\t\t\t\t\t\t\t<div class=\"text-part\">\n\t\t\t\t\t\t\t\t\t\t\t\t\n\t\t\t\t\t\t\t\t\t\t\t\t\n\t\t\t\t\t\t\t\t\t\t\t\t<div>\n\t\t\t\t\t\t\t\t\t\t\t\t\t<strong>Jour 2<\/strong>\n\t\t\t\t\t\t\t\t\t\t\t\t\t\t\t<div class=\"translation-block\"><p>Votre premi\u00e8re journ\u00e9e dans le fjord commence avec une aventure en kayak de mer ! Apr\u00e8s un r\u00e9veil matinal, vous d\u00e9buterez par une pr\u00e9sentation d\u00e9taill\u00e9e donn\u00e9e par les guides. Ils vous enseigneront la bonne technique de pagaie, la mani\u00e8re id\u00e9ale de pr\u00e9parer votre kayak, et vous expliqueront le d\u00e9roulement de cette belle aventure.<\/p><p>Avant de prendre le large, vous ferez une premi\u00e8re randonn\u00e9e de 7 km, avec une vue imprenable sur le village de Fresvik. Ensuite, vous embarquerez pour une pagay\u00e9e de 10 km jusqu'\u00e0 Breisnes, o\u00f9 vous serez accueillis par les ch\u00e8vres qui vivent dans cette r\u00e9gion.<\/p><\/div>\n\t\t\t\t\t\t\t\t\t\t\t\t\t<\/div>\n\n\n\t\t\t\t\t\t\t\t\t\t\t<\/div>\n\t\t\t\t\t\t\t\t\t\t<\/div>\n\t\t\t\t\t\t\t\t\t\t<div class=\"tb-column tb-column--image\">\n\n\t\t\t\t\t\t\t\t\t\t\t<div class=\"tb-image-part\">\n\t\t\t\t\t\t\t\t\t\t\t\t<img src='https:\/\/tkt.travelblox.eu\/wp-content\/uploads\/sites\/69\/2024\/10\/DJI_20240901130619_0290_D.jpg' width='1008' height='567' alt='Femme faisant du kayak dans les fjords en Norv\u00e8ge - Kayak - fjord norv\u00e9gien - randonn\u00e9e en Norv\u00e8ge - kayak - depuis l&#039;a\u00e9roport de Bruxelles.' loading='lazy' image_size='large'>\t\t\t\t\t\t\t\t\t\t\t<\/div>\n\t\t\t\t\t\t\t\t\t\t<\/div>\n\t\t\t\t\t\t\t\t\t<\/div>\n\t\t\t\t\t\t\t\t\t\t\t<div class=\"tb-popup-nav\">\n\t\t\t<a href=\"#\" class=\"tb-buttonlink-with-icon tb-buttonlink-with-arrow icon-first tb-popup-previous\">\n\t\t\t\t<i class=\"icon fa fa-chevron-left\"><\/i>\n\t\t\t\t<span>Jour pr\u00e9c\u00e9dent<\/span>\n\t\t\t<\/a>\n\t\t\t<a href=\"#\" class=\"tb-buttonlink-with-icon tb-buttonlink-with-arrow tb-popup-next\">\n\t\t\t\t<span>Jour suivant<\/span>\n\t\t\t\t<i class=\"icon fa fa-chevron-right\"><\/i>\n\t\t\t<\/a>\n\t\t<\/div>\n\t\n\t\t\t\t\t\t\t\t<\/div>\n\t\t\t\t\t\t\t<\/dialog>\n\t\t\t\t\t\t<\/div>\n\t\t\t\t\t\t\t\t\t\t\t<div class=\"tb-card entry tb-popup-trigger tb-unfold-on-hover\">\n\t\t\t\t\t\t\t<div class=\"tb-image-part\">\n\t\t\t\t\t\t\t\t<div class=\"tag\">\n\t\t\t\t\t\t\t\t\t<div>Jour 3<\/div>\n\t\t\t\t\t\t\t\t<\/div>\n\n\t\t\t\t\t\t\t\t<img src='https:\/\/tkt.travelblox.eu\/wp-content\/uploads\/sites\/69\/2024\/10\/TKT24_RoyMosterd_8290212_LR-768x576.jpg' width='768' height='576' alt='D\u00e9couvrez les plus beaux fjords de Norv\u00e8ge ! Activit\u00e9s, incontournables et conseils d&#039;experts : tout ce que vous devez savoir avant d&#039;aller faire du kayak en Norv\u00e8ge.' loading='lazy' image_size='medium_large'>\t\t\t\t\t\t\t<\/div>\n\t\t\t\t\t\t\t<div class=\"tb-card-bottom-wrapper\">\n\t\t\t\t\t\t\t\t<div class=\"tb-card-bottom\">\n\n\t\t\t\t\t\t\t\t\t<span class=\"tb-card-bottom__title\">\n\t\t\t\t\t\t\t\t\t\t<span class=\"tb-card-bottom__place\">\n\t\t\t\t\t\t\t\t\t\t\tBreisnes \u2013 Holmo\t\t\t\t\t\t\t\t\t\t\t\t\t\t\t\t\t\t\t\t\t<\/span>\n\n\t\t\t\t\t\t\t\t\t<\/span>\n\t\t\t\t\t\t\t\t\t<div class=\"tb-card-bottom__content\">\n\t\t\t\t\t\t\t\t\t\t<div>\n\t\t\t\t\t\t\t\t\t\t\t\t\t\t\t\t\t\t\t\t\t<\/div>\n\t\t\t\t\t\t\t\t\t<\/div>\n\t\t\t\t\t\t\t\t\t<div class=\"tb-card-bottom__teaser tb-unfold-on-hover__content\" data-no-translation>\n\t\t\t\t\t\t\t\t\t\t\t\t\t\t\t\t\t\t\t\t\t\t\t\t\t\t\t\t\t\tApr\u00e8s un d\u00e9licieux petit-d\u00e9jeuner, gr\u00e2ce notamment au Foodpack, vous \u00eates pr\u00eat(e) \u00e0 commencer votre &#8230; <span class=\"link\">Lire la suite<\/span>\t\t\t\t\t\t\t\t\t<\/div>\n\t\t\t\t\t\t\t\t<\/div>\n\n\t\t\t\t\t\t\t<\/div>\n\t\t\t\t\t\t\t<dialog class=\"tb-popup tb-popup-with-padding tb-dayschedule-popup-wrapper\">\n\t\t\t\t\t\t\t\t<div class=\"tb-dayschedule-popup\">\n\t\t\t\t\t\t\t\t\t<h5>\n\t\t\t\t\t\t\t\t\t\t\t\t\t\t\t\t\t\t\t\t\t\t\t\t\t\t\t\t\t\t\t<div>\n\t\t\t\t\t\t\t\t\t\t\t\t\t\t\t\t\t\t\t\t\t\t\t\t\tBreisnes\t\t\t\t\t\t\t\t\t\t\t\t\t\t\t\t\t\t\t\t\t\t\t\t\t\t\t\t\t\t\t\t\t\t\t\t\t\t\t\t\t\t\t\t\t\t\t\t\t\t\t<i class=\"icon fa-solid fa-arrow-right\"><\/i> Holmo\t\t\t\t\t\t\t\t\t\t\t\t\t\t\t\t\t\t\t\t\t\t\t\t\t\t\t\t\t\t\t\t\t\t\t\t<\/div>\n\t\t\t\t\t\t\t\t\t\t\t\t\t\t\t\t\t\t\t<\/h5>\n\t\t\t\t\t\t\t\t\t<div class=\"tb-columns\">\n\t\t\t\t\t\t\t\t\t\t<div class=\"tb-column tb-column--text\">\n\t\t\t\t\t\t\t\t\t\t\t<div class=\"text-part\">\n\t\t\t\t\t\t\t\t\t\t\t\t\n\t\t\t\t\t\t\t\t\t\t\t\t\n\t\t\t\t\t\t\t\t\t\t\t\t<div>\n\t\t\t\t\t\t\t\t\t\t\t\t\t<strong>Jour 3<\/strong>\n\t\t\t\t\t\t\t\t\t\t\t\t\t\t\t<div class=\"translation-block\"><p>Apr\u00e8s un d\u00e9licieux petit-d\u00e9jeuner, gr\u00e2ce notamment au Foodpack, vous \u00eates pr\u00eat(e) \u00e0 commencer votre deuxi\u00e8me journ\u00e9e sur l'eau. Vous quittez Breisnes t\u00f4t le matin et, apr\u00e8s quelques kilom\u00e8tres, vous prenez un tournant dans le magnifique N\u00e6r\u00f8yfjord. Vous comprendrez imm\u00e9diatement pourquoi ce fjord est l'un des plus spectaculaires de Norv\u00e8ge.<\/p><p>Apr\u00e8s environ 17 km de kayak, vous ferez escale \u00e0 Holmo. Ce site class\u00e9 au patrimoine mondial de l'UNESCO fait partie de l'ancienne route postale. Le soir, vous suivrez ce sentier jusqu'\u00e0 Styvi (9 km) et passerez par la magnifique cascade d'Odnes, o\u00f9 vous pourrez remplir vos gourdes d'eau fra\u00eeche.<\/p><\/div>\n\t\t\t\t\t\t\t\t\t\t\t\t\t<\/div>\n\n\n\t\t\t\t\t\t\t\t\t\t\t<\/div>\n\t\t\t\t\t\t\t\t\t\t<\/div>\n\t\t\t\t\t\t\t\t\t\t<div class=\"tb-column tb-column--image\">\n\n\t\t\t\t\t\t\t\t\t\t\t<div class=\"tb-image-part\">\n\t\t\t\t\t\t\t\t\t\t\t\t<img src='https:\/\/tkt.travelblox.eu\/wp-content\/uploads\/sites\/69\/2024\/10\/TKT24_RoyMosterd_8290212_LR-1024x768.jpg' width='1024' height='768' alt='D\u00e9couvrez les plus beaux fjords de Norv\u00e8ge ! Activit\u00e9s, incontournables et conseils d&#039;experts : tout ce que vous devez savoir avant d&#039;aller faire du kayak en Norv\u00e8ge.' loading='lazy' image_size='large'>\t\t\t\t\t\t\t\t\t\t\t<\/div>\n\t\t\t\t\t\t\t\t\t\t<\/div>\n\t\t\t\t\t\t\t\t\t<\/div>\n\t\t\t\t\t\t\t\t\t\t\t<div class=\"tb-popup-nav\">\n\t\t\t<a href=\"#\" class=\"tb-buttonlink-with-icon tb-buttonlink-with-arrow icon-first tb-popup-previous\">\n\t\t\t\t<i class=\"icon fa fa-chevron-left\"><\/i>\n\t\t\t\t<span>Jour pr\u00e9c\u00e9dent<\/span>\n\t\t\t<\/a>\n\t\t\t<a href=\"#\" class=\"tb-buttonlink-with-icon tb-buttonlink-with-arrow tb-popup-next\">\n\t\t\t\t<span>Jour suivant<\/span>\n\t\t\t\t<i class=\"icon fa fa-chevron-right\"><\/i>\n\t\t\t<\/a>\n\t\t<\/div>\n\t\n\t\t\t\t\t\t\t\t<\/div>\n\t\t\t\t\t\t\t<\/dialog>\n\t\t\t\t\t\t<\/div>\n\t\t\t\t\t\t\t\t\t\t\t<div class=\"tb-card entry tb-popup-trigger tb-unfold-on-hover\">\n\t\t\t\t\t\t\t<div class=\"tb-image-part\">\n\t\t\t\t\t\t\t\t<div class=\"tag\">\n\t\t\t\t\t\t\t\t\t<div>Jour 4<\/div>\n\t\t\t\t\t\t\t\t<\/div>\n\n\t\t\t\t\t\t\t\t<img src='https:\/\/tkt.travelblox.eu\/wp-content\/uploads\/sites\/69\/2024\/10\/DSC06265-768x1152.jpg' width='768' height='1152' alt='Explorez la Norv\u00e8ge en kayak dans les fjords : meilleurs itin\u00e9raires, conseils pratiques et informations importantes pour une aventure aquatique r\u00e9ussie.' style='object-position:50% 50%' loading='lazy' image_size='medium_large'>\t\t\t\t\t\t\t<\/div>\n\t\t\t\t\t\t\t<div class=\"tb-card-bottom-wrapper\">\n\t\t\t\t\t\t\t\t<div class=\"tb-card-bottom\">\n\n\t\t\t\t\t\t\t\t\t<span class=\"tb-card-bottom__title\">\n\t\t\t\t\t\t\t\t\t\t<span class=\"tb-card-bottom__place\">\n\t\t\t\t\t\t\t\t\t\t\tHolmo\t\t\t\t\t\t\t\t\t\t\t\t\t\t\t\t\t\t\t\t\t\t\t&#8211; Bakka &#8211; Holmo\t\t\t\t\t\t\t\t\t\t\t\t\t\t\t\t\t\t\t\t\t<\/span>\n\n\t\t\t\t\t\t\t\t\t<\/span>\n\t\t\t\t\t\t\t\t\t<div class=\"tb-card-bottom__content\">\n\t\t\t\t\t\t\t\t\t\t<div>\n\t\t\t\t\t\t\t\t\t\t\t\t\t\t\t\t\t\t\t\t\t<\/div>\n\t\t\t\t\t\t\t\t\t<\/div>\n\t\t\t\t\t\t\t\t\t<div class=\"tb-card-bottom__teaser tb-unfold-on-hover__content\" data-no-translation>\n\t\t\t\t\t\t\t\t\t\t\t\t\t\t\t\t\t\t\t\t\t\t\t\t\t\t\t\t\t\tApr\u00e8s deux jours de pagaie, vos bras peuvent enfin se d\u00e9tendre aujourd&#8217;hui.Vous d\u00e9butez la journ\u00e9e p&#8230; <span class=\"link\">Lire la suite<\/span>\t\t\t\t\t\t\t\t\t<\/div>\n\t\t\t\t\t\t\t\t<\/div>\n\n\t\t\t\t\t\t\t<\/div>\n\t\t\t\t\t\t\t<dialog class=\"tb-popup tb-popup-with-padding tb-dayschedule-popup-wrapper\">\n\t\t\t\t\t\t\t\t<div class=\"tb-dayschedule-popup\">\n\t\t\t\t\t\t\t\t\t<h5>\n\t\t\t\t\t\t\t\t\t\t\t\t\t\t\t\t\t\t\t\t\t\t\t\t\t\t\t\t\t\t\t<div>\n\t\t\t\t\t\t\t\t\t\t\t\t\t\t\t\t\t\t\t\t\t\t\t\t\tHolmo\t\t\t\t\t\t\t\t\t\t\t\t\t\t\t\t\t\t\t\t\t\t\t\t\t\t\t\t\t\t\t\t\t\t\t\t\t\t\t\t\t\t\t\t\t\t\t\t\t\t\t<i class=\"icon fa-solid fa-arrow-right\"><\/i> Bakka - Holmo\t\t\t\t\t\t\t\t\t\t\t\t\t\t\t\t\t\t\t\t\t\t\t\t\t\t\t\t\t\t\t\t\t\t\t\t<\/div>\n\t\t\t\t\t\t\t\t\t\t\t\t\t\t\t\t\t\t\t<\/h5>\n\t\t\t\t\t\t\t\t\t<div class=\"tb-columns\">\n\t\t\t\t\t\t\t\t\t\t<div class=\"tb-column tb-column--text\">\n\t\t\t\t\t\t\t\t\t\t\t<div class=\"text-part\">\n\t\t\t\t\t\t\t\t\t\t\t\t\n\t\t\t\t\t\t\t\t\t\t\t\t\n\t\t\t\t\t\t\t\t\t\t\t\t<div>\n\t\t\t\t\t\t\t\t\t\t\t\t\t<strong>Jour 4<\/strong>\n\t\t\t\t\t\t\t\t\t\t\t\t\t\t\t<div class=\"translation-block\"><p>Apr\u00e8s deux jours de pagaie, vos bras peuvent enfin se d\u00e9tendre aujourd'hui.<\/p><p>Vous d\u00e9butez la journ\u00e9e par une courte travers\u00e9e du N\u00e6r\u00f8yfjord, avant d'accoster \u00e0 Bakka. L\u00e0, vous laissez votre kayak pour entreprendre une randonn\u00e9e \u00e0 couper le souffle, mais assez exigeante, jusqu'\u00e0 Skarsvotni.<\/p><p>Le parcours commence par une mont\u00e9e raide, avec de nombreux virages serr\u00e9s. Apr\u00e8s environ une heure et demie de marche, vous atteignez le sommet de la cascade, d'o\u00f9 un sentier plus facile vous m\u00e8ne jusqu'au lac Skarsvotni, aux eaux d'un bleu cristallin.<\/p><p>Apr\u00e8s cette randonn\u00e9e (15,5 km), vous reprenez votre kayak pour traverser \u00e0 nouveau le fjord, puis vous profitez d'une soir\u00e9e conviviale autour du feu de camp.<\/p><\/div>\n\t\t\t\t\t\t\t\t\t\t\t\t\t<\/div>\n\n\n\t\t\t\t\t\t\t\t\t\t\t<\/div>\n\t\t\t\t\t\t\t\t\t\t<\/div>\n\t\t\t\t\t\t\t\t\t\t<div class=\"tb-column tb-column--image\">\n\n\t\t\t\t\t\t\t\t\t\t\t<div class=\"tb-image-part\">\n\t\t\t\t\t\t\t\t\t\t\t\t<img src='https:\/\/tkt.travelblox.eu\/wp-content\/uploads\/sites\/69\/2024\/10\/DSC06265-683x1024.jpg' width='683' height='1024' alt='Explorez la Norv\u00e8ge en kayak dans les fjords : meilleurs itin\u00e9raires, conseils pratiques et informations importantes pour une aventure aquatique r\u00e9ussie.' style='object-position:50% 50%' loading='lazy' image_size='large'>\t\t\t\t\t\t\t\t\t\t\t<\/div>\n\t\t\t\t\t\t\t\t\t\t<\/div>\n\t\t\t\t\t\t\t\t\t<\/div>\n\t\t\t\t\t\t\t\t\t\t\t<div class=\"tb-popup-nav\">\n\t\t\t<a href=\"#\" class=\"tb-buttonlink-with-icon tb-buttonlink-with-arrow icon-first tb-popup-previous\">\n\t\t\t\t<i class=\"icon fa fa-chevron-left\"><\/i>\n\t\t\t\t<span>Jour pr\u00e9c\u00e9dent<\/span>\n\t\t\t<\/a>\n\t\t\t<a href=\"#\" class=\"tb-buttonlink-with-icon tb-buttonlink-with-arrow tb-popup-next\">\n\t\t\t\t<span>Jour suivant<\/span>\n\t\t\t\t<i class=\"icon fa fa-chevron-right\"><\/i>\n\t\t\t<\/a>\n\t\t<\/div>\n\t\n\t\t\t\t\t\t\t\t<\/div>\n\t\t\t\t\t\t\t<\/dialog>\n\t\t\t\t\t\t<\/div>\n\t\t\t\t\t\t\t\t\t\t\t<div class=\"tb-card entry tb-popup-trigger tb-unfold-on-hover\">\n\t\t\t\t\t\t\t<div class=\"tb-image-part\">\n\t\t\t\t\t\t\t\t<div class=\"tag\">\n\t\t\t\t\t\t\t\t\t<div>Jour 5<\/div>\n\t\t\t\t\t\t\t\t<\/div>\n\n\t\t\t\t\t\t\t\t<img src='https:\/\/tkt.travelblox.eu\/wp-content\/uploads\/sites\/69\/2023\/10\/6-768x614.png' width='768' height='614' alt='2 kayakistes heureux - Kayak - Fjord de Norv\u00e8ge - Randonn\u00e9e en Norv\u00e8ge - kayaking - depuis l&#039;a\u00e9roport de Bruxelles' loading='lazy' image_size='medium_large'>\t\t\t\t\t\t\t<\/div>\n\t\t\t\t\t\t\t<div class=\"tb-card-bottom-wrapper\">\n\t\t\t\t\t\t\t\t<div class=\"tb-card-bottom\">\n\n\t\t\t\t\t\t\t\t\t<span class=\"tb-card-bottom__title\">\n\t\t\t\t\t\t\t\t\t\t<span class=\"tb-card-bottom__place\">\n\t\t\t\t\t\t\t\t\t\t\tHolmo\t\t\t\t\t\t\t\t\t\t\t\t\t\t\t\t\t\t\t\t\t\t\t&#8211; Undredal\t\t\t\t\t\t\t\t\t\t\t\t\t\t\t\t\t\t\t\t\t<\/span>\n\n\t\t\t\t\t\t\t\t\t<\/span>\n\t\t\t\t\t\t\t\t\t<div class=\"tb-card-bottom__content\">\n\t\t\t\t\t\t\t\t\t\t<div>\n\t\t\t\t\t\t\t\t\t\t\t\t\t\t\t\t\t\t\t\t\t<\/div>\n\t\t\t\t\t\t\t\t\t<\/div>\n\t\t\t\t\t\t\t\t\t<div class=\"tb-card-bottom__teaser tb-unfold-on-hover__content\" data-no-translation>\n\t\t\t\t\t\t\t\t\t\t\t\t\t\t\t\t\t\t\t\t\t\t\t\t\t\t\t\t\t\tApr\u00e8s un d\u00e9licieux petit-d\u00e9jeuner, vous chargez de nouveau votre kayak et quittez Holmo en pagayant&#8230;. <span class=\"link\">Lire la suite<\/span>\t\t\t\t\t\t\t\t\t<\/div>\n\t\t\t\t\t\t\t\t<\/div>\n\n\t\t\t\t\t\t\t<\/div>\n\t\t\t\t\t\t\t<dialog class=\"tb-popup tb-popup-with-padding tb-dayschedule-popup-wrapper\">\n\t\t\t\t\t\t\t\t<div class=\"tb-dayschedule-popup\">\n\t\t\t\t\t\t\t\t\t<h5>\n\t\t\t\t\t\t\t\t\t\t\t\t\t\t\t\t\t\t\t\t\t\t\t\t\t\t\t\t\t\t\t<div>\n\t\t\t\t\t\t\t\t\t\t\t\t\t\t\t\t\t\t\t\t\t\t\t\t\tHolmo\t\t\t\t\t\t\t\t\t\t\t\t\t\t\t\t\t\t\t\t\t\t\t\t\t\t\t\t\t\t\t\t\t\t\t\t\t\t\t\t\t\t\t\t\t\t\t\t\t\t\t<i class=\"icon fa-solid fa-arrow-right\"><\/i> Undredal\t\t\t\t\t\t\t\t\t\t\t\t\t\t\t\t\t\t\t\t\t\t\t\t\t\t\t\t\t\t\t\t\t\t\t\t<\/div>\n\t\t\t\t\t\t\t\t\t\t\t\t\t\t\t\t\t\t\t<\/h5>\n\t\t\t\t\t\t\t\t\t<div class=\"tb-columns\">\n\t\t\t\t\t\t\t\t\t\t<div class=\"tb-column tb-column--text\">\n\t\t\t\t\t\t\t\t\t\t\t<div class=\"text-part\">\n\t\t\t\t\t\t\t\t\t\t\t\t\n\t\t\t\t\t\t\t\t\t\t\t\t\n\t\t\t\t\t\t\t\t\t\t\t\t<div>\n\t\t\t\t\t\t\t\t\t\t\t\t\t<strong>Jour 5<\/strong>\n\t\t\t\t\t\t\t\t\t\t\t\t\t\t\t<div class=\"translation-block\"><p>Apr\u00e8s un d\u00e9licieux petit-d\u00e9jeuner, vous chargez de nouveau votre kayak et quittez Holmo en pagayant. Vous longez d'abord l'ancienne route postale, passez devant la cascade d'Odness, puis atteignez Styvi. De l\u00e0, vous prenez la direction de l'Aurlandsfjord, et vous bifurquez ensuite vers Stokko. Apr\u00e8s environ 17 km de pagaiement, vous arrivez sur une petite plage et sortez votre kayak de l'eau.<\/p><p>Une fois votre tente mont\u00e9e, vous pouvez partir pour une randonn\u00e9e de 3 km le long de l'eau, jusqu'\u00e0 la pizzeria d'Undredal.<\/p><\/div>\n\t\t\t\t\t\t\t\t\t\t\t\t\t<\/div>\n\n\n\t\t\t\t\t\t\t\t\t\t\t<\/div>\n\t\t\t\t\t\t\t\t\t\t<\/div>\n\t\t\t\t\t\t\t\t\t\t<div class=\"tb-column tb-column--image\">\n\n\t\t\t\t\t\t\t\t\t\t\t<div class=\"tb-image-part\">\n\t\t\t\t\t\t\t\t\t\t\t\t<img src='https:\/\/tkt.travelblox.eu\/wp-content\/uploads\/sites\/69\/2023\/10\/6-1024x819.png' width='1024' height='819' alt='2 kayakistes heureux - Kayak - Fjord de Norv\u00e8ge - Randonn\u00e9e en Norv\u00e8ge - kayaking - depuis l&#039;a\u00e9roport de Bruxelles' loading='lazy' image_size='large'>\t\t\t\t\t\t\t\t\t\t\t<\/div>\n\t\t\t\t\t\t\t\t\t\t<\/div>\n\t\t\t\t\t\t\t\t\t<\/div>\n\t\t\t\t\t\t\t\t\t\t\t<div class=\"tb-popup-nav\">\n\t\t\t<a href=\"#\" class=\"tb-buttonlink-with-icon tb-buttonlink-with-arrow icon-first tb-popup-previous\">\n\t\t\t\t<i class=\"icon fa fa-chevron-left\"><\/i>\n\t\t\t\t<span>Jour pr\u00e9c\u00e9dent<\/span>\n\t\t\t<\/a>\n\t\t\t<a href=\"#\" class=\"tb-buttonlink-with-icon tb-buttonlink-with-arrow tb-popup-next\">\n\t\t\t\t<span>Jour suivant<\/span>\n\t\t\t\t<i class=\"icon fa fa-chevron-right\"><\/i>\n\t\t\t<\/a>\n\t\t<\/div>\n\t\n\t\t\t\t\t\t\t\t<\/div>\n\t\t\t\t\t\t\t<\/dialog>\n\t\t\t\t\t\t<\/div>\n\t\t\t\t\t\t\t\t\t\t\t<div class=\"tb-card entry tb-popup-trigger tb-unfold-on-hover\">\n\t\t\t\t\t\t\t<div class=\"tb-image-part\">\n\t\t\t\t\t\t\t\t<div class=\"tag\">\n\t\t\t\t\t\t\t\t\t<div>Jour 6<\/div>\n\t\t\t\t\t\t\t\t<\/div>\n\n\t\t\t\t\t\t\t\t<img src='https:\/\/tkt.travelblox.eu\/wp-content\/uploads\/sites\/69\/2023\/10\/TKT23_MICHIELANNAERT_HR-156-768x648.jpg' width='768' height='648' alt='ch\u00e8vre - Kayak - fjord de Norv\u00e8ge - randonn\u00e9e en Norv\u00e8ge - kayaking - depuis l&#039;a\u00e9roport de Bruxelles' loading='lazy' image_size='medium_large'>\t\t\t\t\t\t\t<\/div>\n\t\t\t\t\t\t\t<div class=\"tb-card-bottom-wrapper\">\n\t\t\t\t\t\t\t\t<div class=\"tb-card-bottom\">\n\n\t\t\t\t\t\t\t\t\t<span class=\"tb-card-bottom__title\">\n\t\t\t\t\t\t\t\t\t\t<span class=\"tb-card-bottom__place\">\n\t\t\t\t\t\t\t\t\t\t\tUndredal\t\t\t\t\t\t\t\t\t\t\t\t\t\t\t\t\t\t\t\t\t\t\t&#8211; Breisnes\t\t\t\t\t\t\t\t\t\t\t\t\t\t\t\t\t\t\t\t\t<\/span>\n\n\t\t\t\t\t\t\t\t\t<\/span>\n\t\t\t\t\t\t\t\t\t<div class=\"tb-card-bottom__content\">\n\t\t\t\t\t\t\t\t\t\t<div>\n\t\t\t\t\t\t\t\t\t\t\t\t\t\t\t\t\t\t\t\t\t<\/div>\n\t\t\t\t\t\t\t\t\t<\/div>\n\t\t\t\t\t\t\t\t\t<div class=\"tb-card-bottom__teaser tb-unfold-on-hover__content\" data-no-translation>\n\t\t\t\t\t\t\t\t\t\t\t\t\t\t\t\t\t\t\t\t\t\t\t\t\t\t\t\t\t\tLa journ\u00e9e commence par une randonn\u00e9e dans la vall\u00e9e derri\u00e8re Undredal (12 km). Apr\u00e8s un bon \u00e9chauff&#8230; <span class=\"link\">Lire la suite<\/span>\t\t\t\t\t\t\t\t\t<\/div>\n\t\t\t\t\t\t\t\t<\/div>\n\n\t\t\t\t\t\t\t<\/div>\n\t\t\t\t\t\t\t<dialog class=\"tb-popup tb-popup-with-padding tb-dayschedule-popup-wrapper\">\n\t\t\t\t\t\t\t\t<div class=\"tb-dayschedule-popup\">\n\t\t\t\t\t\t\t\t\t<h5>\n\t\t\t\t\t\t\t\t\t\t\t\t\t\t\t\t\t\t\t\t\t\t\t\t\t\t\t\t\t\t\t<div>\n\t\t\t\t\t\t\t\t\t\t\t\t\t\t\t\t\t\t\t\t\t\t\t\t\tUndredal\t\t\t\t\t\t\t\t\t\t\t\t\t\t\t\t\t\t\t\t\t\t\t\t\t\t\t\t\t\t\t\t\t\t\t\t\t\t\t\t\t\t\t\t\t\t\t\t\t\t\t<i class=\"icon fa-solid fa-arrow-right\"><\/i> Breisnes\t\t\t\t\t\t\t\t\t\t\t\t\t\t\t\t\t\t\t\t\t\t\t\t\t\t\t\t\t\t\t\t\t\t\t\t<\/div>\n\t\t\t\t\t\t\t\t\t\t\t\t\t\t\t\t\t\t\t<\/h5>\n\t\t\t\t\t\t\t\t\t<div class=\"tb-columns\">\n\t\t\t\t\t\t\t\t\t\t<div class=\"tb-column tb-column--text\">\n\t\t\t\t\t\t\t\t\t\t\t<div class=\"text-part\">\n\t\t\t\t\t\t\t\t\t\t\t\t\n\t\t\t\t\t\t\t\t\t\t\t\t\n\t\t\t\t\t\t\t\t\t\t\t\t<div>\n\t\t\t\t\t\t\t\t\t\t\t\t\t<strong>Jour 6<\/strong>\n\t\t\t\t\t\t\t\t\t\t\t\t\t\t\t<div class=\"translation-block\"><p>La journ\u00e9e commence par une randonn\u00e9e dans la vall\u00e9e derri\u00e8re Undredal (12 km). Apr\u00e8s un bon \u00e9chauffement, vous pagayez dans l'Aurlandsfjord en direction de Fresvik. Mais pas de panique, vous passerez la nuit \u00e0 Breisnes (8 km) avant.<\/p><p>\u00c0 Breisnes, vous d\u00e9couvrirez une ferme abandonn\u00e9e o\u00f9 des ch\u00e8vres ont pris possession des lieux. Jusqu'\u00e0 fin juillet, elles vous saluent \u00e0 distance et vous permettent de profiter d'un des plus beaux endroits pour passer la nuit, au c\u0153ur des fjords. Id\u00e9al pour une derni\u00e8re nuit au \"milieu de nulle part\" !<\/p><\/div>\n\t\t\t\t\t\t\t\t\t\t\t\t\t<\/div>\n\n\n\t\t\t\t\t\t\t\t\t\t\t<\/div>\n\t\t\t\t\t\t\t\t\t\t<\/div>\n\t\t\t\t\t\t\t\t\t\t<div class=\"tb-column tb-column--image\">\n\n\t\t\t\t\t\t\t\t\t\t\t<div class=\"tb-image-part\">\n\t\t\t\t\t\t\t\t\t\t\t\t<img src='https:\/\/tkt.travelblox.eu\/wp-content\/uploads\/sites\/69\/2023\/10\/TKT23_MICHIELANNAERT_HR-156-1024x864.jpg' width='1024' height='864' alt='ch\u00e8vre - Kayak - fjord de Norv\u00e8ge - randonn\u00e9e en Norv\u00e8ge - kayaking - depuis l&#039;a\u00e9roport de Bruxelles' loading='lazy' image_size='large'>\t\t\t\t\t\t\t\t\t\t\t<\/div>\n\t\t\t\t\t\t\t\t\t\t<\/div>\n\t\t\t\t\t\t\t\t\t<\/div>\n\t\t\t\t\t\t\t\t\t\t\t<div class=\"tb-popup-nav\">\n\t\t\t<a href=\"#\" class=\"tb-buttonlink-with-icon tb-buttonlink-with-arrow icon-first tb-popup-previous\">\n\t\t\t\t<i class=\"icon fa fa-chevron-left\"><\/i>\n\t\t\t\t<span>Jour pr\u00e9c\u00e9dent<\/span>\n\t\t\t<\/a>\n\t\t\t<a href=\"#\" class=\"tb-buttonlink-with-icon tb-buttonlink-with-arrow tb-popup-next\">\n\t\t\t\t<span>Jour suivant<\/span>\n\t\t\t\t<i class=\"icon fa fa-chevron-right\"><\/i>\n\t\t\t<\/a>\n\t\t<\/div>\n\t\n\t\t\t\t\t\t\t\t<\/div>\n\t\t\t\t\t\t\t<\/dialog>\n\t\t\t\t\t\t<\/div>\n\t\t\t\t\t\t\t\t\t\t\t<div class=\"tb-card entry tb-popup-trigger tb-unfold-on-hover\">\n\t\t\t\t\t\t\t<div class=\"tb-image-part\">\n\t\t\t\t\t\t\t\t<div class=\"tag\">\n\t\t\t\t\t\t\t\t\t<div>Jour 7<\/div>\n\t\t\t\t\t\t\t\t<\/div>\n\n\t\t\t\t\t\t\t\t<img src='https:\/\/tkt.travelblox.eu\/wp-content\/uploads\/sites\/69\/2024\/10\/DSC06451-768x512.jpg' width='768' height='512' alt='Fjords de Norv\u00e8ge : Incontournables, activit\u00e9s &amp; conseils pratiques' loading='lazy' image_size='medium_large'>\t\t\t\t\t\t\t<\/div>\n\t\t\t\t\t\t\t<div class=\"tb-card-bottom-wrapper\">\n\t\t\t\t\t\t\t\t<div class=\"tb-card-bottom\">\n\n\t\t\t\t\t\t\t\t\t<span class=\"tb-card-bottom__title\">\n\t\t\t\t\t\t\t\t\t\t<span class=\"tb-card-bottom__place\">\n\t\t\t\t\t\t\t\t\t\t\tBreisnes\t\t\t\t\t\t\t\t\t\t\t\t\t\t\t\t\t\t\t\t\t\t\t&#8211; Fresvik\t\t\t\t\t\t\t\t\t\t\t\t\t\t\t\t\t\t\t\t\t<\/span>\n\n\t\t\t\t\t\t\t\t\t<\/span>\n\t\t\t\t\t\t\t\t\t<div class=\"tb-card-bottom__content\">\n\t\t\t\t\t\t\t\t\t\t<div>\n\t\t\t\t\t\t\t\t\t\t\t\t\t\t\t\t\t\t\t\t\t<\/div>\n\t\t\t\t\t\t\t\t\t<\/div>\n\t\t\t\t\t\t\t\t\t<div class=\"tb-card-bottom__teaser tb-unfold-on-hover__content\" data-no-translation>\n\t\t\t\t\t\t\t\t\t\t\t\t\t\t\t\t\t\t\t\t\t\t\t\t\t\t\t\t\t\tProfitez de votre derni\u00e8re journ\u00e9e au c\u0153ur des magnifiques fjords ! Vous commencez par une travers\u00e9e&#8230; <span class=\"link\">Lire la suite<\/span>\t\t\t\t\t\t\t\t\t<\/div>\n\t\t\t\t\t\t\t\t<\/div>\n\n\t\t\t\t\t\t\t<\/div>\n\t\t\t\t\t\t\t<dialog class=\"tb-popup tb-popup-with-padding tb-dayschedule-popup-wrapper\">\n\t\t\t\t\t\t\t\t<div class=\"tb-dayschedule-popup\">\n\t\t\t\t\t\t\t\t\t<h5>\n\t\t\t\t\t\t\t\t\t\t\t\t\t\t\t\t\t\t\t\t\t\t\t\t\t\t\t\t\t\t\t<div>\n\t\t\t\t\t\t\t\t\t\t\t\t\t\t\t\t\t\t\t\t\t\t\t\t\tBreisnes\t\t\t\t\t\t\t\t\t\t\t\t\t\t\t\t\t\t\t\t\t\t\t\t\t\t\t\t\t\t\t\t\t\t\t\t\t\t\t\t\t\t\t\t\t\t\t\t\t\t\t<i class=\"icon fa-solid fa-arrow-right\"><\/i> Fresvik\t\t\t\t\t\t\t\t\t\t\t\t\t\t\t\t\t\t\t\t\t\t\t\t\t\t\t\t\t\t\t\t\t\t\t\t<\/div>\n\t\t\t\t\t\t\t\t\t\t\t\t\t\t\t\t\t\t\t<\/h5>\n\t\t\t\t\t\t\t\t\t<div class=\"tb-columns\">\n\t\t\t\t\t\t\t\t\t\t<div class=\"tb-column tb-column--text\">\n\t\t\t\t\t\t\t\t\t\t\t<div class=\"text-part\">\n\t\t\t\t\t\t\t\t\t\t\t\t\n\t\t\t\t\t\t\t\t\t\t\t\t\n\t\t\t\t\t\t\t\t\t\t\t\t<div>\n\t\t\t\t\t\t\t\t\t\t\t\t\t<strong>Jour 7<\/strong>\n\t\t\t\t\t\t\t\t\t\t\t\t\t\t\t<div class=\"translation-block\"><p>Profitez de votre derni\u00e8re journ\u00e9e au c\u0153ur des magnifiques fjords ! Vous commencez par une travers\u00e9e du fjord avant de pagayer en direction de Fresvik. Apr\u00e8s environ 10 kilom\u00e8tres, vous revenez au camp de base.<\/p><p>Une fois votre kayak nettoy\u00e9, vous pourrez vous d\u00e9tendre lors d'un apr\u00e8s-midi paisible, ou bien opter pour une derni\u00e8re randonn\u00e9e jusqu'\u00e0 la cascade Huldafossen (13,5 km).<\/p><\/div>\n\t\t\t\t\t\t\t\t\t\t\t\t\t<\/div>\n\n\n\t\t\t\t\t\t\t\t\t\t\t<\/div>\n\t\t\t\t\t\t\t\t\t\t<\/div>\n\t\t\t\t\t\t\t\t\t\t<div class=\"tb-column tb-column--image\">\n\n\t\t\t\t\t\t\t\t\t\t\t<div class=\"tb-image-part\">\n\t\t\t\t\t\t\t\t\t\t\t\t<img src='https:\/\/tkt.travelblox.eu\/wp-content\/uploads\/sites\/69\/2024\/10\/DSC06451-1024x683.jpg' width='1024' height='683' alt='Fjords de Norv\u00e8ge : Incontournables, activit\u00e9s &amp; conseils pratiques' loading='lazy' image_size='large'>\t\t\t\t\t\t\t\t\t\t\t<\/div>\n\t\t\t\t\t\t\t\t\t\t<\/div>\n\t\t\t\t\t\t\t\t\t<\/div>\n\t\t\t\t\t\t\t\t\t\t\t<div class=\"tb-popup-nav\">\n\t\t\t<a href=\"#\" class=\"tb-buttonlink-with-icon tb-buttonlink-with-arrow icon-first tb-popup-previous\">\n\t\t\t\t<i class=\"icon fa fa-chevron-left\"><\/i>\n\t\t\t\t<span>Jour pr\u00e9c\u00e9dent<\/span>\n\t\t\t<\/a>\n\t\t\t<a href=\"#\" class=\"tb-buttonlink-with-icon tb-buttonlink-with-arrow tb-popup-next\">\n\t\t\t\t<span>Jour suivant<\/span>\n\t\t\t\t<i class=\"icon fa fa-chevron-right\"><\/i>\n\t\t\t<\/a>\n\t\t<\/div>\n\t\n\t\t\t\t\t\t\t\t<\/div>\n\t\t\t\t\t\t\t<\/dialog>\n\t\t\t\t\t\t<\/div>\n\t\t\t\t\t\t\t\t\t\t\t<div class=\"tb-card entry tb-popup-trigger tb-unfold-on-hover\">\n\t\t\t\t\t\t\t<div class=\"tb-image-part\">\n\t\t\t\t\t\t\t\t<div class=\"tag\">\n\t\t\t\t\t\t\t\t\t<div>Jour 8<\/div>\n\t\t\t\t\t\t\t\t<\/div>\n\n\t\t\t\t\t\t\t\t<img src='https:\/\/tkt.travelblox.eu\/wp-content\/uploads\/sites\/69\/2024\/11\/IMG_0461-768x1024.jpg' width='768' height='1024' alt='Fjords de Norv\u00e8ge : Incontournables, activit\u00e9s &amp; conseils pratiques' loading='lazy' image_size='medium_large'>\t\t\t\t\t\t\t<\/div>\n\t\t\t\t\t\t\t<div class=\"tb-card-bottom-wrapper\">\n\t\t\t\t\t\t\t\t<div class=\"tb-card-bottom\">\n\n\t\t\t\t\t\t\t\t\t<span class=\"tb-card-bottom__title\">\n\t\t\t\t\t\t\t\t\t\t<span class=\"tb-card-bottom__place\">\n\t\t\t\t\t\t\t\t\t\t\tBasecamp, Fresvik\t\t\t\t\t\t\t\t\t\t\t\t\t\t\t\t\t\t\t\t\t\t\t&#8211; Bergen\t\t\t\t\t\t\t\t\t\t\t\t\t\t\t\t\t\t\t\t\t<\/span>\n\n\t\t\t\t\t\t\t\t\t<\/span>\n\t\t\t\t\t\t\t\t\t<div class=\"tb-card-bottom__content\">\n\t\t\t\t\t\t\t\t\t\t<div>\n\t\t\t\t\t\t\t\t\t\t\t\t\t\t\t\t\t\t\t\t\t<\/div>\n\t\t\t\t\t\t\t\t\t<\/div>\n\t\t\t\t\t\t\t\t\t<div class=\"tb-card-bottom__teaser tb-unfold-on-hover__content\" data-no-translation>\n\t\t\t\t\t\t\t\t\t\t\t\t\t\t\t\t\t\t\t\t\t\t\t\t\t\t\t\t\t\tApr\u00e8s six jours d&#8217;aventure au c\u0153ur de la nature sauvage, la navette part le matin du camp de base po&#8230; <span class=\"link\">Lire la suite<\/span>\t\t\t\t\t\t\t\t\t<\/div>\n\t\t\t\t\t\t\t\t<\/div>\n\n\t\t\t\t\t\t\t<\/div>\n\t\t\t\t\t\t\t<dialog class=\"tb-popup tb-popup-with-padding tb-dayschedule-popup-wrapper\">\n\t\t\t\t\t\t\t\t<div class=\"tb-dayschedule-popup\">\n\t\t\t\t\t\t\t\t\t<h5>\n\t\t\t\t\t\t\t\t\t\t\t\t\t\t\t\t\t\t\t\t\t\t\t\t\t\t\t\t\t\t\t<div>\n\t\t\t\t\t\t\t\t\t\t\t\t\t\t\t\t\t\t\t\t\t\t\t\t\tBasecamp, Fresvik\t\t\t\t\t\t\t\t\t\t\t\t\t\t\t\t\t\t\t\t\t\t\t\t\t\t\t\t\t\t\t\t\t\t\t\t\t\t\t\t\t\t\t\t\t\t\t\t\t\t\t<i class=\"icon fa-solid fa-arrow-right\"><\/i> Bergen\t\t\t\t\t\t\t\t\t\t\t\t\t\t\t\t\t\t\t\t\t\t\t\t\t\t\t\t\t\t\t\t\t\t\t\t<\/div>\n\t\t\t\t\t\t\t\t\t\t\t\t\t\t\t\t\t\t\t<\/h5>\n\t\t\t\t\t\t\t\t\t<div class=\"tb-columns\">\n\t\t\t\t\t\t\t\t\t\t<div class=\"tb-column tb-column--text\">\n\t\t\t\t\t\t\t\t\t\t\t<div class=\"text-part\">\n\t\t\t\t\t\t\t\t\t\t\t\t\n\t\t\t\t\t\t\t\t\t\t\t\t\n\t\t\t\t\t\t\t\t\t\t\t\t<div>\n\t\t\t\t\t\t\t\t\t\t\t\t\t<strong>Jour 8<\/strong>\n\t\t\t\t\t\t\t\t\t\t\t\t\t\t\t<div class=\"translation-block\"><p>Apr\u00e8s six jours d'aventure au c\u0153ur de la nature sauvage, la navette part le matin du camp de base pour vous emmener \u00e0 l'a\u00e9roport <strong>Bj\u00f8rgvin (Bergen)<\/strong>. Il est temps de dire au revoir \u00e0 la Norv\u00e8ge et de prendre votre vol de retour chez vous.<\/p><\/div>\n\t\t\t\t\t\t\t\t\t\t\t\t\t<\/div>\n\n\n\t\t\t\t\t\t\t\t\t\t\t<\/div>\n\t\t\t\t\t\t\t\t\t\t<\/div>\n\t\t\t\t\t\t\t\t\t\t<div class=\"tb-column tb-column--image\">\n\n\t\t\t\t\t\t\t\t\t\t\t<div class=\"tb-image-part\">\n\t\t\t\t\t\t\t\t\t\t\t\t<img src='https:\/\/tkt.travelblox.eu\/wp-content\/uploads\/sites\/69\/2024\/11\/IMG_0461-768x1024.jpg' width='768' height='1024' alt='Fjords de Norv\u00e8ge : Incontournables, activit\u00e9s &amp; conseils pratiques' loading='lazy' image_size='large'>\t\t\t\t\t\t\t\t\t\t\t<\/div>\n\t\t\t\t\t\t\t\t\t\t<\/div>\n\t\t\t\t\t\t\t\t\t<\/div>\n\t\t\t\t\t\t\t\t\t\t\t<div class=\"tb-popup-nav\">\n\t\t\t<a href=\"#\" class=\"tb-buttonlink-with-icon tb-buttonlink-with-arrow icon-first tb-popup-previous\">\n\t\t\t\t<i class=\"icon fa fa-chevron-left\"><\/i>\n\t\t\t\t<span>Jour pr\u00e9c\u00e9dent<\/span>\n\t\t\t<\/a>\n\t\t\t<a href=\"#\" class=\"tb-buttonlink-with-icon tb-buttonlink-with-arrow tb-popup-next\">\n\t\t\t\t<span>Jour suivant<\/span>\n\t\t\t\t<i class=\"icon fa fa-chevron-right\"><\/i>\n\t\t\t<\/a>\n\t\t<\/div>\n\t\n\t\t\t\t\t\t\t\t<\/div>\n\t\t\t\t\t\t\t<\/dialog>\n\t\t\t\t\t\t<\/div>\n\t\t\t\t\t\t\t\t\t\t\t\t\t\t<\/div>\n\t\t\t\t\t\t<div class=\"tb-carousel-nav\">\n\t\t\t<div class=\"dots\">\n\t\t\t\t<div class=\"dot active\"><\/div>\n\t\t\t\t<div class=\"dot\"><\/div>\n\t\t\t\t<div class=\"dot\"><\/div>\n\t\t\t<\/div>\n\t\t\t<div class=\"arrows\">\n\t\t\t\t<div class=\"prev disabled\">\n\t\t\t\t\t<span><i class=\"fa fa-chevron-left\"><\/i><\/span>\n\t\t\t\t<\/div>\n\t\t\t\t<div class=\"next\">\n\t\t\t\t\t<span><i class=\"fa fa-chevron-right\"><\/i><\/span>\n\t\t\t\t<\/div>\n\t\t\t<\/div>\n\t\t<\/div>\n\t\t\t\t<\/div>\n\t\t<\/div>\n\t\t\t\t\t\t\t\t\t\t\t\t\t\t\t\t\t\t\t<div class=\"inner-block-full-width has-tb-carousel tb-section\" id=\"dayschedule-section-1\"style=\"display:none;\">\n\t\t\t<div class=\"tb-carousel-container\">\n\t\t\t\t<div class=\"entries tb-cards\" data-slider-first=\"1\">\n\t\t\t\t\t\t\t\t\t\t\t\t\t\t\t<div class=\"tb-card entry tb-popup-trigger tb-unfold-on-hover\">\n\t\t\t\t\t\t\t<div class=\"tb-image-part\">\n\t\t\t\t\t\t\t\t<div class=\"tag\">\n\t\t\t\t\t\t\t\t\t<div>Jour 1<\/div>\n\t\t\t\t\t\t\t\t<\/div>\n\n\t\t\t\t\t\t\t\t<img src='https:\/\/tkt.travelblox.eu\/wp-content\/uploads\/sites\/69\/2024\/11\/TKT23_MICHIELANNAERT_HR-8-768x512.jpg' width='768' height='512' alt='Quand aller en Norv\u00e8ge : meilleure p\u00e9riode, saisons &amp; climat' loading='lazy' image_size='medium_large'>\t\t\t\t\t\t\t<\/div>\n\t\t\t\t\t\t\t<div class=\"tb-card-bottom-wrapper\">\n\t\t\t\t\t\t\t\t<div class=\"tb-card-bottom\">\n\n\t\t\t\t\t\t\t\t\t<span class=\"tb-card-bottom__title\">\n\t\t\t\t\t\t\t\t\t\t<span class=\"tb-card-bottom__place\">\n\t\t\t\t\t\t\t\t\t\t\tBergen\t\t\t\t\t\t\t\t\t\t\t\t\t\t\t\t\t\t\t\t\t\t\t&#8211; Basecamp, Fresvik\t\t\t\t\t\t\t\t\t\t\t\t\t\t\t\t\t\t\t\t\t<\/span>\n\n\t\t\t\t\t\t\t\t\t<\/span>\n\t\t\t\t\t\t\t\t\t<div class=\"tb-card-bottom__content\">\n\t\t\t\t\t\t\t\t\t\t<div>\n\t\t\t\t\t\t\t\t\t\t\t\t\t\t\t\t\t\t\t\t\t<\/div>\n\t\t\t\t\t\t\t\t\t<\/div>\n\t\t\t\t\t\t\t\t\t<div class=\"tb-card-bottom__teaser tb-unfold-on-hover__content\" data-no-translation>\n\t\t\t\t\t\t\t\t\t\t\t\t\t\t\t\t\t\t\t\t\t\t\t\t\t\t\t\t\t\tLe premier jour, votre vol part de Bruxelles en direction de Bergen. De l&#8217;a\u00e9roport de Bergen, vous p&#8230; <span class=\"link\">Lire la suite<\/span>\t\t\t\t\t\t\t\t\t<\/div>\n\t\t\t\t\t\t\t\t<\/div>\n\n\t\t\t\t\t\t\t<\/div>\n\t\t\t\t\t\t\t<dialog class=\"tb-popup tb-popup-with-padding tb-dayschedule-popup-wrapper\">\n\t\t\t\t\t\t\t\t<div class=\"tb-dayschedule-popup\">\n\t\t\t\t\t\t\t\t\t<h5>\n\t\t\t\t\t\t\t\t\t\t\t\t\t\t\t\t\t\t\t\t\t\t\t\t\t\t\t\t\t\t\t<div>\n\t\t\t\t\t\t\t\t\t\t\t\t\t\t\t\t\t\t\t\t\t\t\t\t\tBergen\t\t\t\t\t\t\t\t\t\t\t\t\t\t\t\t\t\t\t\t\t\t\t\t\t\t\t\t\t\t\t\t\t\t\t\t\t\t\t\t\t\t\t\t\t\t\t\t\t\t\t<i class=\"icon fa-solid fa-arrow-right\"><\/i> Basecamp, Fresvik\t\t\t\t\t\t\t\t\t\t\t\t\t\t\t\t\t\t\t\t\t\t\t\t\t\t\t\t\t\t\t\t\t\t\t\t<\/div>\n\t\t\t\t\t\t\t\t\t\t\t\t\t\t\t\t\t\t\t<\/h5>\n\t\t\t\t\t\t\t\t\t<div class=\"tb-columns\">\n\t\t\t\t\t\t\t\t\t\t<div class=\"tb-column tb-column--text\">\n\t\t\t\t\t\t\t\t\t\t\t<div class=\"text-part\">\n\t\t\t\t\t\t\t\t\t\t\t\t\n\t\t\t\t\t\t\t\t\t\t\t\t\n\t\t\t\t\t\t\t\t\t\t\t\t<div>\n\t\t\t\t\t\t\t\t\t\t\t\t\t<strong>Jour 1<\/strong>\n\t\t\t\t\t\t\t\t\t\t\t\t\t\t\t<div class=\"translation-block\"><p>Le premier jour, votre vol part de Bruxelles en direction de Bergen. De l'a\u00e9roport de Bergen, vous prendrez notre navette directement vers les fjords.<\/p><p>\u00c0 votre arriv\u00e9e \u00e0 Fresvik, vous serez chaleureusement accueilli par nos guides. Profitez de votre premier d\u00eener avec les autres kayakistes et de la convivialit\u00e9 autour du feu de camp dans ce nouvel environnement.<\/p><\/div>\n\t\t\t\t\t\t\t\t\t\t\t\t\t<\/div>\n\n\n\t\t\t\t\t\t\t\t\t\t\t<\/div>\n\t\t\t\t\t\t\t\t\t\t<\/div>\n\t\t\t\t\t\t\t\t\t\t<div class=\"tb-column tb-column--image\">\n\n\t\t\t\t\t\t\t\t\t\t\t<div class=\"tb-image-part\">\n\t\t\t\t\t\t\t\t\t\t\t\t<img src='https:\/\/tkt.travelblox.eu\/wp-content\/uploads\/sites\/69\/2024\/11\/TKT23_MICHIELANNAERT_HR-8-1024x683.jpg' width='1024' height='683' alt='Quand aller en Norv\u00e8ge : meilleure p\u00e9riode, saisons &amp; climat' loading='lazy' image_size='large'>\t\t\t\t\t\t\t\t\t\t\t<\/div>\n\t\t\t\t\t\t\t\t\t\t<\/div>\n\t\t\t\t\t\t\t\t\t<\/div>\n\t\t\t\t\t\t\t\t\t\t\t<div class=\"tb-popup-nav\">\n\t\t\t<a href=\"#\" class=\"tb-buttonlink-with-icon tb-buttonlink-with-arrow icon-first tb-popup-previous\">\n\t\t\t\t<i class=\"icon fa fa-chevron-left\"><\/i>\n\t\t\t\t<span>Jour pr\u00e9c\u00e9dent<\/span>\n\t\t\t<\/a>\n\t\t\t<a href=\"#\" class=\"tb-buttonlink-with-icon tb-buttonlink-with-arrow tb-popup-next\">\n\t\t\t\t<span>Jour suivant<\/span>\n\t\t\t\t<i class=\"icon fa fa-chevron-right\"><\/i>\n\t\t\t<\/a>\n\t\t<\/div>\n\t\n\t\t\t\t\t\t\t\t<\/div>\n\t\t\t\t\t\t\t<\/dialog>\n\t\t\t\t\t\t<\/div>\n\t\t\t\t\t\t\t\t\t\t\t<div class=\"tb-card entry tb-popup-trigger tb-unfold-on-hover\">\n\t\t\t\t\t\t\t<div class=\"tb-image-part\">\n\t\t\t\t\t\t\t\t<div class=\"tag\">\n\t\t\t\t\t\t\t\t\t<div>Jour 2<\/div>\n\t\t\t\t\t\t\t\t<\/div>\n\n\t\t\t\t\t\t\t\t<img src='https:\/\/tkt.travelblox.eu\/wp-content\/uploads\/sites\/69\/2025\/03\/DJI_0501-768x1024.jpg' width='768' height='1024' alt='D\u00e9couvrez les plus beaux fjords de Norv\u00e8ge ! Activit\u00e9s, incontournables et conseils d&#039;experts : tout ce que vous devez savoir avant de partir faire du kayak en Norv\u00e8ge !' loading='lazy' image_size='medium_large'>\t\t\t\t\t\t\t<\/div>\n\t\t\t\t\t\t\t<div class=\"tb-card-bottom-wrapper\">\n\t\t\t\t\t\t\t\t<div class=\"tb-card-bottom\">\n\n\t\t\t\t\t\t\t\t\t<span class=\"tb-card-bottom__title\">\n\t\t\t\t\t\t\t\t\t\t<span class=\"tb-card-bottom__place\">\n\t\t\t\t\t\t\t\t\t\t\tFresvik\t\t\t\t\t\t\t\t\t\t\t\t\t\t\t\t\t\t\t\t\t\t\t&#8211; Holmo\t\t\t\t\t\t\t\t\t\t\t\t\t\t\t\t\t\t\t\t\t<\/span>\n\n\t\t\t\t\t\t\t\t\t<\/span>\n\t\t\t\t\t\t\t\t\t<div class=\"tb-card-bottom__content\">\n\t\t\t\t\t\t\t\t\t\t<div>\n\t\t\t\t\t\t\t\t\t\t\t\t\t\t\t\t\t\t\t\t\t<\/div>\n\t\t\t\t\t\t\t\t\t<\/div>\n\t\t\t\t\t\t\t\t\t<div class=\"tb-card-bottom__teaser tb-unfold-on-hover__content\" data-no-translation>\n\t\t\t\t\t\t\t\t\t\t\t\t\t\t\t\t\t\t\t\t\t\t\t\t\t\t\t\t\t\tVotre premi\u00e8re journ\u00e9e dans le fjord d&#8217;Aurland commence avec une aventure en kayak de mer ! Apr\u00e8s un&#8230; <span class=\"link\">Lire la suite<\/span>\t\t\t\t\t\t\t\t\t<\/div>\n\t\t\t\t\t\t\t\t<\/div>\n\n\t\t\t\t\t\t\t<\/div>\n\t\t\t\t\t\t\t<dialog class=\"tb-popup tb-popup-with-padding tb-dayschedule-popup-wrapper\">\n\t\t\t\t\t\t\t\t<div class=\"tb-dayschedule-popup\">\n\t\t\t\t\t\t\t\t\t<h5>\n\t\t\t\t\t\t\t\t\t\t\t\t\t\t\t\t\t\t\t\t\t\t\t\t\t\t\t\t\t\t\t<div>\n\t\t\t\t\t\t\t\t\t\t\t\t\t\t\t\t\t\t\t\t\t\t\t\t\tFresvik\t\t\t\t\t\t\t\t\t\t\t\t\t\t\t\t\t\t\t\t\t\t\t\t\t\t\t\t\t\t\t\t\t\t\t\t\t\t\t\t\t\t\t\t\t\t\t\t\t\t\t<i class=\"icon fa-solid fa-arrow-right\"><\/i> Holmo\t\t\t\t\t\t\t\t\t\t\t\t\t\t\t\t\t\t\t\t\t\t\t\t\t\t\t\t\t\t\t\t\t\t\t\t<\/div>\n\t\t\t\t\t\t\t\t\t\t\t\t\t\t\t\t\t\t\t<\/h5>\n\t\t\t\t\t\t\t\t\t<div class=\"tb-columns\">\n\t\t\t\t\t\t\t\t\t\t<div class=\"tb-column tb-column--text\">\n\t\t\t\t\t\t\t\t\t\t\t<div class=\"text-part\">\n\t\t\t\t\t\t\t\t\t\t\t\t\n\t\t\t\t\t\t\t\t\t\t\t\t\n\t\t\t\t\t\t\t\t\t\t\t\t<div>\n\t\t\t\t\t\t\t\t\t\t\t\t\t<strong>Jour 2<\/strong>\n\t\t\t\t\t\t\t\t\t\t\t\t\t\t\t<div class=\"translation-block\"><p>Votre premi\u00e8re journ\u00e9e dans le <b>fjord d'Aurland<\/b> commence avec une aventure en kayak de mer ! Apr\u00e8s un r\u00e9veil matinal, vous commencerez par un briefing complet donn\u00e9 par les guides. Ils vous apprendront la technique de pagaie id\u00e9ale, comment bien pr\u00e9parer votre kayak, et vous expliqueront tout ce que cette belle aventure vous r\u00e9serve.<\/p><p>Avant de vous lancer sur l'eau, vous ferez une randonn\u00e9e de 7 km, avec une vue imprenable sur le village de Fresvik. Ensuite, vous pagaierez pendant 17 km jusqu'\u00e0 Stokko, o\u00f9 vous passerez votre premi\u00e8re nuit au c\u0153ur des fjords, entour\u00e9 par la nature spectaculaire.<\/p><\/div>\n\t\t\t\t\t\t\t\t\t\t\t\t\t<\/div>\n\n\n\t\t\t\t\t\t\t\t\t\t\t<\/div>\n\t\t\t\t\t\t\t\t\t\t<\/div>\n\t\t\t\t\t\t\t\t\t\t<div class=\"tb-column tb-column--image\">\n\n\t\t\t\t\t\t\t\t\t\t\t<div class=\"tb-image-part\">\n\t\t\t\t\t\t\t\t\t\t\t\t<img src='https:\/\/tkt.travelblox.eu\/wp-content\/uploads\/sites\/69\/2025\/03\/DJI_0501-768x1024.jpg' width='768' height='1024' alt='D\u00e9couvrez les plus beaux fjords de Norv\u00e8ge ! Activit\u00e9s, incontournables et conseils d&#039;experts : tout ce que vous devez savoir avant de partir faire du kayak en Norv\u00e8ge !' loading='lazy' image_size='large'>\t\t\t\t\t\t\t\t\t\t\t<\/div>\n\t\t\t\t\t\t\t\t\t\t<\/div>\n\t\t\t\t\t\t\t\t\t<\/div>\n\t\t\t\t\t\t\t\t\t\t\t<div class=\"tb-popup-nav\">\n\t\t\t<a href=\"#\" class=\"tb-buttonlink-with-icon tb-buttonlink-with-arrow icon-first tb-popup-previous\">\n\t\t\t\t<i class=\"icon fa fa-chevron-left\"><\/i>\n\t\t\t\t<span>Jour pr\u00e9c\u00e9dent<\/span>\n\t\t\t<\/a>\n\t\t\t<a href=\"#\" class=\"tb-buttonlink-with-icon tb-buttonlink-with-arrow tb-popup-next\">\n\t\t\t\t<span>Jour suivant<\/span>\n\t\t\t\t<i class=\"icon fa fa-chevron-right\"><\/i>\n\t\t\t<\/a>\n\t\t<\/div>\n\t\n\t\t\t\t\t\t\t\t<\/div>\n\t\t\t\t\t\t\t<\/dialog>\n\t\t\t\t\t\t<\/div>\n\t\t\t\t\t\t\t\t\t\t\t<div class=\"tb-card entry tb-popup-trigger tb-unfold-on-hover\">\n\t\t\t\t\t\t\t<div class=\"tb-image-part\">\n\t\t\t\t\t\t\t\t<div class=\"tag\">\n\t\t\t\t\t\t\t\t\t<div>Jour 3<\/div>\n\t\t\t\t\t\t\t\t<\/div>\n\n\t\t\t\t\t\t\t\t<img src='https:\/\/tkt.travelblox.eu\/wp-content\/uploads\/sites\/69\/2025\/09\/The-Kayak-Trip-Reizen-Rens-LR-259-768x512.jpg' width='768' height='512' loading='lazy' image_size='medium_large'>\t\t\t\t\t\t\t<\/div>\n\t\t\t\t\t\t\t<div class=\"tb-card-bottom-wrapper\">\n\t\t\t\t\t\t\t\t<div class=\"tb-card-bottom\">\n\n\t\t\t\t\t\t\t\t\t<span class=\"tb-card-bottom__title\">\n\t\t\t\t\t\t\t\t\t\t<span class=\"tb-card-bottom__place\">\n\t\t\t\t\t\t\t\t\t\t\tHolmo\t\t\t\t\t\t\t\t\t\t\t\t\t\t\t\t\t\t\t\t\t\t\t&#8211; Bakka &#8211; Holmo\t\t\t\t\t\t\t\t\t\t\t\t\t\t\t\t\t\t\t\t\t<\/span>\n\n\t\t\t\t\t\t\t\t\t<\/span>\n\t\t\t\t\t\t\t\t\t<div class=\"tb-card-bottom__content\">\n\t\t\t\t\t\t\t\t\t\t<div>\n\t\t\t\t\t\t\t\t\t\t\t\t\t\t\t\t\t\t\t\t\t<\/div>\n\t\t\t\t\t\t\t\t\t<\/div>\n\t\t\t\t\t\t\t\t\t<div class=\"tb-card-bottom__teaser tb-unfold-on-hover__content\" data-no-translation>\n\t\t\t\t\t\t\t\t\t\t\t\t\t\t\t\t\t\t\t\t\t\t\t\t\t\t\t\t\t\tApr\u00e8s plusieurs jours \u00e0 pagayer, vous pouvez enfin laisser vos bras se reposer un peu.La journ\u00e9e com&#8230; <span class=\"link\">Lire la suite<\/span>\t\t\t\t\t\t\t\t\t<\/div>\n\t\t\t\t\t\t\t\t<\/div>\n\n\t\t\t\t\t\t\t<\/div>\n\t\t\t\t\t\t\t<dialog class=\"tb-popup tb-popup-with-padding tb-dayschedule-popup-wrapper\">\n\t\t\t\t\t\t\t\t<div class=\"tb-dayschedule-popup\">\n\t\t\t\t\t\t\t\t\t<h5>\n\t\t\t\t\t\t\t\t\t\t\t\t\t\t\t\t\t\t\t\t\t\t\t\t\t\t\t\t\t\t\t<div>\n\t\t\t\t\t\t\t\t\t\t\t\t\t\t\t\t\t\t\t\t\t\t\t\t\tHolmo\t\t\t\t\t\t\t\t\t\t\t\t\t\t\t\t\t\t\t\t\t\t\t\t\t\t\t\t\t\t\t\t\t\t\t\t\t\t\t\t\t\t\t\t\t\t\t\t\t\t\t<i class=\"icon fa-solid fa-arrow-right\"><\/i> Bakka - Holmo\t\t\t\t\t\t\t\t\t\t\t\t\t\t\t\t\t\t\t\t\t\t\t\t\t\t\t\t\t\t\t\t\t\t\t\t<\/div>\n\t\t\t\t\t\t\t\t\t\t\t\t\t\t\t\t\t\t\t<\/h5>\n\t\t\t\t\t\t\t\t\t<div class=\"tb-columns\">\n\t\t\t\t\t\t\t\t\t\t<div class=\"tb-column tb-column--text\">\n\t\t\t\t\t\t\t\t\t\t\t<div class=\"text-part\">\n\t\t\t\t\t\t\t\t\t\t\t\t\n\t\t\t\t\t\t\t\t\t\t\t\t\n\t\t\t\t\t\t\t\t\t\t\t\t<div>\n\t\t\t\t\t\t\t\t\t\t\t\t\t<strong>Jour 3<\/strong>\n\t\t\t\t\t\t\t\t\t\t\t\t\t\t\t<div class=\"translation-block\"><p>Apr\u00e8s plusieurs jours \u00e0 pagayer, vous pouvez enfin laisser vos bras se reposer un peu.<\/p><p>La journ\u00e9e commence par une courte travers\u00e9e du N\u00e6r\u00f8yfjord, pour accoster \u00e0 Bakka. Vous y laissez votre kayak et entamez une randonn\u00e9e impressionnante, bien qu\u2019assez exigeante, jusqu'au lac Skarsvotni.<\/p><p>Le parcours d\u00e9bute sur un sentier escarp\u00e9 et sinueux. Apr\u00e8s environ une heure et demie, vous atteignez le sommet de la cascade, o\u00f9 un sentier plus plat vous guide jusqu\u2019au lac Skarsvotni, c\u00e9l\u00e8bre pour son eau d\u2019un bleu \u00e9clatant.<\/p><\/div>\n\t\t\t\t\t\t\t\t\t\t\t\t\t<\/div>\n\n\n\t\t\t\t\t\t\t\t\t\t\t<\/div>\n\t\t\t\t\t\t\t\t\t\t<\/div>\n\t\t\t\t\t\t\t\t\t\t<div class=\"tb-column tb-column--image\">\n\n\t\t\t\t\t\t\t\t\t\t\t<div class=\"tb-image-part\">\n\t\t\t\t\t\t\t\t\t\t\t\t<img src='https:\/\/tkt.travelblox.eu\/wp-content\/uploads\/sites\/69\/2025\/09\/The-Kayak-Trip-Reizen-Rens-LR-259-1024x683.jpg' width='1024' height='683' loading='lazy' image_size='large'>\t\t\t\t\t\t\t\t\t\t\t<\/div>\n\t\t\t\t\t\t\t\t\t\t<\/div>\n\t\t\t\t\t\t\t\t\t<\/div>\n\t\t\t\t\t\t\t\t\t\t\t<div class=\"tb-popup-nav\">\n\t\t\t<a href=\"#\" class=\"tb-buttonlink-with-icon tb-buttonlink-with-arrow icon-first tb-popup-previous\">\n\t\t\t\t<i class=\"icon fa fa-chevron-left\"><\/i>\n\t\t\t\t<span>Jour pr\u00e9c\u00e9dent<\/span>\n\t\t\t<\/a>\n\t\t\t<a href=\"#\" class=\"tb-buttonlink-with-icon tb-buttonlink-with-arrow tb-popup-next\">\n\t\t\t\t<span>Jour suivant<\/span>\n\t\t\t\t<i class=\"icon fa fa-chevron-right\"><\/i>\n\t\t\t<\/a>\n\t\t<\/div>\n\t\n\t\t\t\t\t\t\t\t<\/div>\n\t\t\t\t\t\t\t<\/dialog>\n\t\t\t\t\t\t<\/div>\n\t\t\t\t\t\t\t\t\t\t\t<div class=\"tb-card entry tb-popup-trigger tb-unfold-on-hover\">\n\t\t\t\t\t\t\t<div class=\"tb-image-part\">\n\t\t\t\t\t\t\t\t<div class=\"tag\">\n\t\t\t\t\t\t\t\t\t<div>Jour 4<\/div>\n\t\t\t\t\t\t\t\t<\/div>\n\n\t\t\t\t\t\t\t\t<img src='https:\/\/tkt.travelblox.eu\/wp-content\/uploads\/sites\/69\/2023\/10\/TKT23_MICHIELANNAERT_HR-54-scaled-e1700562331458-768x1499.jpg' width='768' height='1499' alt='fille faisant du kayak dans les fjords - Kayak - fjord norv\u00e9gien - randonn\u00e9e en Norv\u00e8ge - kayak - depuis l&#039;a\u00e9roport de Bruxelles' loading='lazy' image_size='medium_large'>\t\t\t\t\t\t\t<\/div>\n\t\t\t\t\t\t\t<div class=\"tb-card-bottom-wrapper\">\n\t\t\t\t\t\t\t\t<div class=\"tb-card-bottom\">\n\n\t\t\t\t\t\t\t\t\t<span class=\"tb-card-bottom__title\">\n\t\t\t\t\t\t\t\t\t\t<span class=\"tb-card-bottom__place\">\n\t\t\t\t\t\t\t\t\t\t\tHolmo\t\t\t\t\t\t\t\t\t\t\t\t\t\t\t\t\t\t\t\t\t\t\t&#8211; Undredal\t\t\t\t\t\t\t\t\t\t\t\t\t\t\t\t\t\t\t\t\t<\/span>\n\n\t\t\t\t\t\t\t\t\t<\/span>\n\t\t\t\t\t\t\t\t\t<div class=\"tb-card-bottom__content\">\n\t\t\t\t\t\t\t\t\t\t<div>\n\t\t\t\t\t\t\t\t\t\t\t\t\t\t\t\t\t\t\t\t\t<\/div>\n\t\t\t\t\t\t\t\t\t<\/div>\n\t\t\t\t\t\t\t\t\t<div class=\"tb-card-bottom__teaser tb-unfold-on-hover__content\" data-no-translation>\n\t\t\t\t\t\t\t\t\t\t\t\t\t\t\t\t\t\t\t\t\t\t\t\t\t\t\t\t\t\tProfitez de votre derni\u00e8re journ\u00e9e dans les superbes fjords ! Vous d\u00e9butez par une travers\u00e9e du fjor&#8230; <span class=\"link\">Lire la suite<\/span>\t\t\t\t\t\t\t\t\t<\/div>\n\t\t\t\t\t\t\t\t<\/div>\n\n\t\t\t\t\t\t\t<\/div>\n\t\t\t\t\t\t\t<dialog class=\"tb-popup tb-popup-with-padding tb-dayschedule-popup-wrapper\">\n\t\t\t\t\t\t\t\t<div class=\"tb-dayschedule-popup\">\n\t\t\t\t\t\t\t\t\t<h5>\n\t\t\t\t\t\t\t\t\t\t\t\t\t\t\t\t\t\t\t\t\t\t\t\t\t\t\t\t\t\t\t<div>\n\t\t\t\t\t\t\t\t\t\t\t\t\t\t\t\t\t\t\t\t\t\t\t\t\tHolmo\t\t\t\t\t\t\t\t\t\t\t\t\t\t\t\t\t\t\t\t\t\t\t\t\t\t\t\t\t\t\t\t\t\t\t\t\t\t\t\t\t\t\t\t\t\t\t\t\t\t\t<i class=\"icon fa-solid fa-arrow-right\"><\/i> Undredal\t\t\t\t\t\t\t\t\t\t\t\t\t\t\t\t\t\t\t\t\t\t\t\t\t\t\t\t\t\t\t\t\t\t\t\t<\/div>\n\t\t\t\t\t\t\t\t\t\t\t\t\t\t\t\t\t\t\t<\/h5>\n\t\t\t\t\t\t\t\t\t<div class=\"tb-columns\">\n\t\t\t\t\t\t\t\t\t\t<div class=\"tb-column tb-column--text\">\n\t\t\t\t\t\t\t\t\t\t\t<div class=\"text-part\">\n\t\t\t\t\t\t\t\t\t\t\t\t\n\t\t\t\t\t\t\t\t\t\t\t\t\n\t\t\t\t\t\t\t\t\t\t\t\t<div>\n\t\t\t\t\t\t\t\t\t\t\t\t\t<strong>Jour 4<\/strong>\n\t\t\t\t\t\t\t\t\t\t\t\t\t\t\t<div class=\"translation-block\"><p>Profitez de votre derni\u00e8re journ\u00e9e dans les superbes fjords ! Vous d\u00e9butez par une travers\u00e9e du fjord avant de pagayer de retour vers Fresvik. Apr\u00e8s environ 20 kilom\u00e8tres, vous arrivez au camp de base.<\/p><p>Une fois votre kayak nettoy\u00e9, vous pourrez savourer un apr\u00e8s-midi de d\u00e9tente, ou choisir de faire une derni\u00e8re randonn\u00e9e jusqu'\u00e0 la cascade Huldafossen (13,5 km).<\/p><\/div>\n\t\t\t\t\t\t\t\t\t\t\t\t\t<\/div>\n\n\n\t\t\t\t\t\t\t\t\t\t\t<\/div>\n\t\t\t\t\t\t\t\t\t\t<\/div>\n\t\t\t\t\t\t\t\t\t\t<div class=\"tb-column tb-column--image\">\n\n\t\t\t\t\t\t\t\t\t\t\t<div class=\"tb-image-part\">\n\t\t\t\t\t\t\t\t\t\t\t\t<img src='https:\/\/tkt.travelblox.eu\/wp-content\/uploads\/sites\/69\/2023\/10\/TKT23_MICHIELANNAERT_HR-54-scaled-e1700562331458-525x1024.jpg' width='525' height='1024' alt='fille faisant du kayak dans les fjords - Kayak - fjord norv\u00e9gien - randonn\u00e9e en Norv\u00e8ge - kayak - depuis l&#039;a\u00e9roport de Bruxelles' loading='lazy' image_size='large'>\t\t\t\t\t\t\t\t\t\t\t<\/div>\n\t\t\t\t\t\t\t\t\t\t<\/div>\n\t\t\t\t\t\t\t\t\t<\/div>\n\t\t\t\t\t\t\t\t\t\t\t<div class=\"tb-popup-nav\">\n\t\t\t<a href=\"#\" class=\"tb-buttonlink-with-icon tb-buttonlink-with-arrow icon-first tb-popup-previous\">\n\t\t\t\t<i class=\"icon fa fa-chevron-left\"><\/i>\n\t\t\t\t<span>Jour pr\u00e9c\u00e9dent<\/span>\n\t\t\t<\/a>\n\t\t\t<a href=\"#\" class=\"tb-buttonlink-with-icon tb-buttonlink-with-arrow tb-popup-next\">\n\t\t\t\t<span>Jour suivant<\/span>\n\t\t\t\t<i class=\"icon fa fa-chevron-right\"><\/i>\n\t\t\t<\/a>\n\t\t<\/div>\n\t\n\t\t\t\t\t\t\t\t<\/div>\n\t\t\t\t\t\t\t<\/dialog>\n\t\t\t\t\t\t<\/div>\n\t\t\t\t\t\t\t\t\t\t\t<div class=\"tb-card entry tb-popup-trigger tb-unfold-on-hover\">\n\t\t\t\t\t\t\t<div class=\"tb-image-part\">\n\t\t\t\t\t\t\t\t<div class=\"tag\">\n\t\t\t\t\t\t\t\t\t<div>Jour 5<\/div>\n\t\t\t\t\t\t\t\t<\/div>\n\n\t\t\t\t\t\t\t\t<img src='https:\/\/tkt.travelblox.eu\/wp-content\/uploads\/sites\/69\/2024\/10\/DJI_20240905130526_0444_D-768x432.jpg' width='768' height='432' alt='Vue de la cascade de Fl\u00e5m - Kayak - fjord de Norv\u00e8ge - randonn\u00e9e en Norv\u00e8ge - kayaking - depuis l&#039;a\u00e9roport de Bruxelles' loading='lazy' image_size='medium_large'>\t\t\t\t\t\t\t<\/div>\n\t\t\t\t\t\t\t<div class=\"tb-card-bottom-wrapper\">\n\t\t\t\t\t\t\t\t<div class=\"tb-card-bottom\">\n\n\t\t\t\t\t\t\t\t\t<span class=\"tb-card-bottom__title\">\n\t\t\t\t\t\t\t\t\t\t<span class=\"tb-card-bottom__place\">\n\t\t\t\t\t\t\t\t\t\t\tUndredal\t\t\t\t\t\t\t\t\t\t\t\t\t\t\t\t\t\t\t\t\t\t\t&#8211; Fl\u00e5m\t\t\t\t\t\t\t\t\t\t\t\t\t\t\t\t\t\t\t\t\t<\/span>\n\n\t\t\t\t\t\t\t\t\t<\/span>\n\t\t\t\t\t\t\t\t\t<div class=\"tb-card-bottom__content\">\n\t\t\t\t\t\t\t\t\t\t<div>\n\t\t\t\t\t\t\t\t\t\t\t\t\t\t\t\t\t\t\t\t\t<\/div>\n\t\t\t\t\t\t\t\t\t<\/div>\n\t\t\t\t\t\t\t\t\t<div class=\"tb-card-bottom__teaser tb-unfold-on-hover__content\" data-no-translation>\n\t\t\t\t\t\t\t\t\t\t\t\t\t\t\t\t\t\t\t\t\t\t\t\t\t\t\t\t\t\tCommencez la journ\u00e9e par un d\u00e9licieux petit-d\u00e9jeuner avant de tout recharger dans votre kayak. Aujou&#8230; <span class=\"link\">Lire la suite<\/span>\t\t\t\t\t\t\t\t\t<\/div>\n\t\t\t\t\t\t\t\t<\/div>\n\n\t\t\t\t\t\t\t<\/div>\n\t\t\t\t\t\t\t<dialog class=\"tb-popup tb-popup-with-padding tb-dayschedule-popup-wrapper\">\n\t\t\t\t\t\t\t\t<div class=\"tb-dayschedule-popup\">\n\t\t\t\t\t\t\t\t\t<h5>\n\t\t\t\t\t\t\t\t\t\t\t\t\t\t\t\t\t\t\t\t\t\t\t\t\t\t\t\t\t\t\t<div>\n\t\t\t\t\t\t\t\t\t\t\t\t\t\t\t\t\t\t\t\t\t\t\t\t\tUndredal\t\t\t\t\t\t\t\t\t\t\t\t\t\t\t\t\t\t\t\t\t\t\t\t\t\t\t\t\t\t\t\t\t\t\t\t\t\t\t\t\t\t\t\t\t\t\t\t\t\t\t<i class=\"icon fa-solid fa-arrow-right\"><\/i> Fl\u00e5m\t\t\t\t\t\t\t\t\t\t\t\t\t\t\t\t\t\t\t\t\t\t\t\t\t\t\t\t\t\t\t\t\t\t\t\t<\/div>\n\t\t\t\t\t\t\t\t\t\t\t\t\t\t\t\t\t\t\t<\/h5>\n\t\t\t\t\t\t\t\t\t<div class=\"tb-columns\">\n\t\t\t\t\t\t\t\t\t\t<div class=\"tb-column tb-column--text\">\n\t\t\t\t\t\t\t\t\t\t\t<div class=\"text-part\">\n\t\t\t\t\t\t\t\t\t\t\t\t\n\t\t\t\t\t\t\t\t\t\t\t\t\n\t\t\t\t\t\t\t\t\t\t\t\t<div>\n\t\t\t\t\t\t\t\t\t\t\t\t\t<strong>Jour 5<\/strong>\n\t\t\t\t\t\t\t\t\t\t\t\t\t\t\t<div class=\"translation-block\"><p>Commencez la journ\u00e9e par un d\u00e9licieux petit-d\u00e9jeuner avant de tout recharger dans votre kayak. Aujourd'hui, vous parcourez environ 18 km en pagayant \u00e0 travers le fjord. En chemin, faites une pause sur une petite plage pour un d\u00e9jeuner avec une vue imprenable.<\/p><p>En soir\u00e9e, vous arrivez \u00e0 Fl\u00e5m, un charmant village touristique entour\u00e9 de montagnes. Vous pouvez choisir de randonner jusqu'\u00e0 la cascade de Fl\u00e5m (6 km), o\u00f9 vous aurez une vue splendide sur la ville et le fjord. La nuit se passe en camping, o\u00f9 vous profiterez d'une douche bien m\u00e9rit\u00e9e (payante).<\/p><\/div>\n\t\t\t\t\t\t\t\t\t\t\t\t\t<\/div>\n\n\n\t\t\t\t\t\t\t\t\t\t\t<\/div>\n\t\t\t\t\t\t\t\t\t\t<\/div>\n\t\t\t\t\t\t\t\t\t\t<div class=\"tb-column tb-column--image\">\n\n\t\t\t\t\t\t\t\t\t\t\t<div class=\"tb-image-part\">\n\t\t\t\t\t\t\t\t\t\t\t\t<img src='https:\/\/tkt.travelblox.eu\/wp-content\/uploads\/sites\/69\/2024\/10\/DJI_20240905130526_0444_D.jpg' width='1008' height='567' alt='Vue de la cascade de Fl\u00e5m - Kayak - fjord de Norv\u00e8ge - randonn\u00e9e en Norv\u00e8ge - kayaking - depuis l&#039;a\u00e9roport de Bruxelles' loading='lazy' image_size='large'>\t\t\t\t\t\t\t\t\t\t\t<\/div>\n\t\t\t\t\t\t\t\t\t\t<\/div>\n\t\t\t\t\t\t\t\t\t<\/div>\n\t\t\t\t\t\t\t\t\t\t\t<div class=\"tb-popup-nav\">\n\t\t\t<a href=\"#\" class=\"tb-buttonlink-with-icon tb-buttonlink-with-arrow icon-first tb-popup-previous\">\n\t\t\t\t<i class=\"icon fa fa-chevron-left\"><\/i>\n\t\t\t\t<span>Jour pr\u00e9c\u00e9dent<\/span>\n\t\t\t<\/a>\n\t\t\t<a href=\"#\" class=\"tb-buttonlink-with-icon tb-buttonlink-with-arrow tb-popup-next\">\n\t\t\t\t<span>Jour suivant<\/span>\n\t\t\t\t<i class=\"icon fa fa-chevron-right\"><\/i>\n\t\t\t<\/a>\n\t\t<\/div>\n\t\n\t\t\t\t\t\t\t\t<\/div>\n\t\t\t\t\t\t\t<\/dialog>\n\t\t\t\t\t\t<\/div>\n\t\t\t\t\t\t\t\t\t\t\t<div class=\"tb-card entry tb-popup-trigger tb-unfold-on-hover\">\n\t\t\t\t\t\t\t<div class=\"tb-image-part\">\n\t\t\t\t\t\t\t\t<div class=\"tag\">\n\t\t\t\t\t\t\t\t\t<div>Jour 6<\/div>\n\t\t\t\t\t\t\t\t<\/div>\n\n\t\t\t\t\t\t\t\t<img src='https:\/\/tkt.travelblox.eu\/wp-content\/uploads\/sites\/69\/2024\/11\/IMG_0398-768x1024.jpg' width='768' height='1024' alt='feu de camp pr\u00e8s de Breisnes dans les fjords norv\u00e9giens - Kayak - fjord de Norv\u00e8ge - randonn\u00e9e en Norv\u00e8ge - kayaking - depuis l&#039;a\u00e9roport de Bruxelles' loading='lazy' image_size='medium_large'>\t\t\t\t\t\t\t<\/div>\n\t\t\t\t\t\t\t<div class=\"tb-card-bottom-wrapper\">\n\t\t\t\t\t\t\t\t<div class=\"tb-card-bottom\">\n\n\t\t\t\t\t\t\t\t\t<span class=\"tb-card-bottom__title\">\n\t\t\t\t\t\t\t\t\t\t<span class=\"tb-card-bottom__place\">\n\t\t\t\t\t\t\t\t\t\t\tFl\u00e5m \u2013 Breisnes\t\t\t\t\t\t\t\t\t\t\t\t\t\t\t\t\t\t\t\t\t<\/span>\n\n\t\t\t\t\t\t\t\t\t<\/span>\n\t\t\t\t\t\t\t\t\t<div class=\"tb-card-bottom__content\">\n\t\t\t\t\t\t\t\t\t\t<div>\n\t\t\t\t\t\t\t\t\t\t\t\t\t\t\t\t\t\t\t\t\t<\/div>\n\t\t\t\t\t\t\t\t\t<\/div>\n\t\t\t\t\t\t\t\t\t<div class=\"tb-card-bottom__teaser tb-unfold-on-hover__content\" data-no-translation>\n\t\t\t\t\t\t\t\t\t\t\t\t\t\t\t\t\t\t\t\t\t\t\t\t\t\t\t\t\t\tT\u00f4t le matin, vous quittez Fl\u00e5m pour pagayer vers le prochain village : Aurlandsvangen. L\u00e0, vous acc&#8230; <span class=\"link\">Lire la suite<\/span>\t\t\t\t\t\t\t\t\t<\/div>\n\t\t\t\t\t\t\t\t<\/div>\n\n\t\t\t\t\t\t\t<\/div>\n\t\t\t\t\t\t\t<dialog class=\"tb-popup tb-popup-with-padding tb-dayschedule-popup-wrapper\">\n\t\t\t\t\t\t\t\t<div class=\"tb-dayschedule-popup\">\n\t\t\t\t\t\t\t\t\t<h5>\n\t\t\t\t\t\t\t\t\t\t\t\t\t\t\t\t\t\t\t\t\t\t\t\t\t\t\t\t\t\t\t<div>\n\t\t\t\t\t\t\t\t\t\t\t\t\t\t\t\t\t\t\t\t\t\t\t\t\tFl\u00e5m\t\t\t\t\t\t\t\t\t\t\t\t\t\t\t\t\t\t\t\t\t\t\t\t\t\t\t\t\t\t\t\t\t\t\t\t\t\t\t\t\t\t\t\t\t\t\t\t\t\t\t<i class=\"icon fa-solid fa-arrow-right\"><\/i> Breisnes\t\t\t\t\t\t\t\t\t\t\t\t\t\t\t\t\t\t\t\t\t\t\t\t\t\t\t\t\t\t\t\t\t\t\t\t<\/div>\n\t\t\t\t\t\t\t\t\t\t\t\t\t\t\t\t\t\t\t<\/h5>\n\t\t\t\t\t\t\t\t\t<div class=\"tb-columns\">\n\t\t\t\t\t\t\t\t\t\t<div class=\"tb-column tb-column--text\">\n\t\t\t\t\t\t\t\t\t\t\t<div class=\"text-part\">\n\t\t\t\t\t\t\t\t\t\t\t\t\n\t\t\t\t\t\t\t\t\t\t\t\t\n\t\t\t\t\t\t\t\t\t\t\t\t<div>\n\t\t\t\t\t\t\t\t\t\t\t\t\t<strong>Jour 6<\/strong>\n\t\t\t\t\t\t\t\t\t\t\t\t\t\t\t<div class=\"translation-block\"><p>T\u00f4t le matin, vous quittez Fl\u00e5m pour pagayer vers le prochain village : Aurlandsvangen. L\u00e0, vous accostez et entamez l\u2019ascension vers le c\u00e9l\u00e8bre point de vue de Stegastein (10 km). Ce sentier sinueux et ponctu\u00e9 de lacets vous m\u00e8ne jusqu'\u00e0 la plateforme de Stegastein, suspendue \u00e0 650 m\u00e8tres d\u2019altitude et offrant un panorama spectaculaire sur le fjord et les villages alentours.<\/p><p>Apr\u00e8s la randonn\u00e9e, vous reprenez votre kayak pour rejoindre Breisnes. Une ancienne ferme abandonn\u00e9e, aujourd\u2019hui habit\u00e9e par des ch\u00e8vres, vous y attend. Jusqu'\u00e0 fin juillet, elles vous accueillent de loin, et vous partagerez avec elles l'un des plus beaux bivouacs des fjords. Id\u00e9al pour une derni\u00e8re nuit au c\u0153ur de la nature !<\/p><\/div>\n\t\t\t\t\t\t\t\t\t\t\t\t\t<\/div>\n\n\n\t\t\t\t\t\t\t\t\t\t\t<\/div>\n\t\t\t\t\t\t\t\t\t\t<\/div>\n\t\t\t\t\t\t\t\t\t\t<div class=\"tb-column tb-column--image\">\n\n\t\t\t\t\t\t\t\t\t\t\t<div class=\"tb-image-part\">\n\t\t\t\t\t\t\t\t\t\t\t\t<img src='https:\/\/tkt.travelblox.eu\/wp-content\/uploads\/sites\/69\/2024\/11\/IMG_0398-768x1024.jpg' width='768' height='1024' alt='feu de camp pr\u00e8s de Breisnes dans les fjords norv\u00e9giens - Kayak - fjord de Norv\u00e8ge - randonn\u00e9e en Norv\u00e8ge - kayaking - depuis l&#039;a\u00e9roport de Bruxelles' loading='lazy' image_size='large'>\t\t\t\t\t\t\t\t\t\t\t<\/div>\n\t\t\t\t\t\t\t\t\t\t<\/div>\n\t\t\t\t\t\t\t\t\t<\/div>\n\t\t\t\t\t\t\t\t\t\t\t<div class=\"tb-popup-nav\">\n\t\t\t<a href=\"#\" class=\"tb-buttonlink-with-icon tb-buttonlink-with-arrow icon-first tb-popup-previous\">\n\t\t\t\t<i class=\"icon fa fa-chevron-left\"><\/i>\n\t\t\t\t<span>Jour pr\u00e9c\u00e9dent<\/span>\n\t\t\t<\/a>\n\t\t\t<a href=\"#\" class=\"tb-buttonlink-with-icon tb-buttonlink-with-arrow tb-popup-next\">\n\t\t\t\t<span>Jour suivant<\/span>\n\t\t\t\t<i class=\"icon fa fa-chevron-right\"><\/i>\n\t\t\t<\/a>\n\t\t<\/div>\n\t\n\t\t\t\t\t\t\t\t<\/div>\n\t\t\t\t\t\t\t<\/dialog>\n\t\t\t\t\t\t<\/div>\n\t\t\t\t\t\t\t\t\t\t\t<div class=\"tb-card entry tb-popup-trigger tb-unfold-on-hover\">\n\t\t\t\t\t\t\t<div class=\"tb-image-part\">\n\t\t\t\t\t\t\t\t<div class=\"tag\">\n\t\t\t\t\t\t\t\t\t<div>Jour 7<\/div>\n\t\t\t\t\t\t\t\t<\/div>\n\n\t\t\t\t\t\t\t\t<img src='https:\/\/tkt.travelblox.eu\/wp-content\/uploads\/sites\/69\/2025\/09\/The-Kayak-Trip-Reizen-Rens-LR-124-768x512.jpg' width='768' height='512' loading='lazy' image_size='medium_large'>\t\t\t\t\t\t\t<\/div>\n\t\t\t\t\t\t\t<div class=\"tb-card-bottom-wrapper\">\n\t\t\t\t\t\t\t\t<div class=\"tb-card-bottom\">\n\n\t\t\t\t\t\t\t\t\t<span class=\"tb-card-bottom__title\">\n\t\t\t\t\t\t\t\t\t\t<span class=\"tb-card-bottom__place\">\n\t\t\t\t\t\t\t\t\t\t\tBreisnes\t\t\t\t\t\t\t\t\t\t\t\t\t\t\t\t\t\t\t\t\t\t\t&#8211; Fresvik\t\t\t\t\t\t\t\t\t\t\t\t\t\t\t\t\t\t\t\t\t<\/span>\n\n\t\t\t\t\t\t\t\t\t<\/span>\n\t\t\t\t\t\t\t\t\t<div class=\"tb-card-bottom__content\">\n\t\t\t\t\t\t\t\t\t\t<div>\n\t\t\t\t\t\t\t\t\t\t\t\t\t\t\t\t\t\t\t\t\t<\/div>\n\t\t\t\t\t\t\t\t\t<\/div>\n\t\t\t\t\t\t\t\t\t<div class=\"tb-card-bottom__teaser tb-unfold-on-hover__content\" data-no-translation>\n\t\t\t\t\t\t\t\t\t\t\t\t\t\t\t\t\t\t\t\t\t\t\t\t\t\t\t\t\t\tProfitez de votre derni\u00e8re journ\u00e9e au c\u0153ur des magnifiques fjords ! Vous commencez par une travers\u00e9e&#8230; <span class=\"link\">Lire la suite<\/span>\t\t\t\t\t\t\t\t\t<\/div>\n\t\t\t\t\t\t\t\t<\/div>\n\n\t\t\t\t\t\t\t<\/div>\n\t\t\t\t\t\t\t<dialog class=\"tb-popup tb-popup-with-padding tb-dayschedule-popup-wrapper\">\n\t\t\t\t\t\t\t\t<div class=\"tb-dayschedule-popup\">\n\t\t\t\t\t\t\t\t\t<h5>\n\t\t\t\t\t\t\t\t\t\t\t\t\t\t\t\t\t\t\t\t\t\t\t\t\t\t\t\t\t\t\t<div>\n\t\t\t\t\t\t\t\t\t\t\t\t\t\t\t\t\t\t\t\t\t\t\t\t\tBreisnes\t\t\t\t\t\t\t\t\t\t\t\t\t\t\t\t\t\t\t\t\t\t\t\t\t\t\t\t\t\t\t\t\t\t\t\t\t\t\t\t\t\t\t\t\t\t\t\t\t\t\t<i class=\"icon fa-solid fa-arrow-right\"><\/i> Fresvik\t\t\t\t\t\t\t\t\t\t\t\t\t\t\t\t\t\t\t\t\t\t\t\t\t\t\t\t\t\t\t\t\t\t\t\t<\/div>\n\t\t\t\t\t\t\t\t\t\t\t\t\t\t\t\t\t\t\t<\/h5>\n\t\t\t\t\t\t\t\t\t<div class=\"tb-columns\">\n\t\t\t\t\t\t\t\t\t\t<div class=\"tb-column tb-column--text\">\n\t\t\t\t\t\t\t\t\t\t\t<div class=\"text-part\">\n\t\t\t\t\t\t\t\t\t\t\t\t\n\t\t\t\t\t\t\t\t\t\t\t\t\n\t\t\t\t\t\t\t\t\t\t\t\t<div>\n\t\t\t\t\t\t\t\t\t\t\t\t\t<strong>Jour 7<\/strong>\n\t\t\t\t\t\t\t\t\t\t\t\t\t\t\t<div class=\"translation-block\"><p>Profitez de votre derni\u00e8re journ\u00e9e au c\u0153ur des magnifiques fjords ! Vous commencez par une travers\u00e9e du fjord avant de pagayer en direction de Fresvik. Apr\u00e8s environ 10 kilom\u00e8tres, vous revenez au camp de base.<\/p><p>Une fois votre kayak nettoy\u00e9, vous pourrez vous d\u00e9tendre lors d'un apr\u00e8s-midi paisible, ou bien opter pour une derni\u00e8re randonn\u00e9e jusqu'\u00e0 la cascade Huldafossen (13,5 km).<\/p><\/div>\n\t\t\t\t\t\t\t\t\t\t\t\t\t<\/div>\n\n\n\t\t\t\t\t\t\t\t\t\t\t<\/div>\n\t\t\t\t\t\t\t\t\t\t<\/div>\n\t\t\t\t\t\t\t\t\t\t<div class=\"tb-column tb-column--image\">\n\n\t\t\t\t\t\t\t\t\t\t\t<div class=\"tb-image-part\">\n\t\t\t\t\t\t\t\t\t\t\t\t<img src='https:\/\/tkt.travelblox.eu\/wp-content\/uploads\/sites\/69\/2025\/09\/The-Kayak-Trip-Reizen-Rens-LR-124-1024x683.jpg' width='1024' height='683' loading='lazy' image_size='large'>\t\t\t\t\t\t\t\t\t\t\t<\/div>\n\t\t\t\t\t\t\t\t\t\t<\/div>\n\t\t\t\t\t\t\t\t\t<\/div>\n\t\t\t\t\t\t\t\t\t\t\t<div class=\"tb-popup-nav\">\n\t\t\t<a href=\"#\" class=\"tb-buttonlink-with-icon tb-buttonlink-with-arrow icon-first tb-popup-previous\">\n\t\t\t\t<i class=\"icon fa fa-chevron-left\"><\/i>\n\t\t\t\t<span>Jour pr\u00e9c\u00e9dent<\/span>\n\t\t\t<\/a>\n\t\t\t<a href=\"#\" class=\"tb-buttonlink-with-icon tb-buttonlink-with-arrow tb-popup-next\">\n\t\t\t\t<span>Jour suivant<\/span>\n\t\t\t\t<i class=\"icon fa fa-chevron-right\"><\/i>\n\t\t\t<\/a>\n\t\t<\/div>\n\t\n\t\t\t\t\t\t\t\t<\/div>\n\t\t\t\t\t\t\t<\/dialog>\n\t\t\t\t\t\t<\/div>\n\t\t\t\t\t\t\t\t\t\t\t<div class=\"tb-card entry tb-popup-trigger tb-unfold-on-hover\">\n\t\t\t\t\t\t\t<div class=\"tb-image-part\">\n\t\t\t\t\t\t\t\t<div class=\"tag\">\n\t\t\t\t\t\t\t\t\t<div>Jour 8<\/div>\n\t\t\t\t\t\t\t\t<\/div>\n\n\t\t\t\t\t\t\t\t<img src='https:\/\/tkt.travelblox.eu\/wp-content\/uploads\/sites\/69\/2023\/10\/webisite-768x614.png' width='768' height='614' alt='Kayak - fjord de Norv\u00e8ge - randonn\u00e9e en Norv\u00e8ge - kayaking - depuis l&#039;a\u00e9roport de Bruxelles' loading='lazy' image_size='medium_large'>\t\t\t\t\t\t\t<\/div>\n\t\t\t\t\t\t\t<div class=\"tb-card-bottom-wrapper\">\n\t\t\t\t\t\t\t\t<div class=\"tb-card-bottom\">\n\n\t\t\t\t\t\t\t\t\t<span class=\"tb-card-bottom__title\">\n\t\t\t\t\t\t\t\t\t\t<span class=\"tb-card-bottom__place\">\n\t\t\t\t\t\t\t\t\t\t\tBasecamp, Fresvik\t\t\t\t\t\t\t\t\t\t\t\t\t\t\t\t\t\t\t\t\t\t\t&#8211; Bergen\t\t\t\t\t\t\t\t\t\t\t\t\t\t\t\t\t\t\t\t\t<\/span>\n\n\t\t\t\t\t\t\t\t\t<\/span>\n\t\t\t\t\t\t\t\t\t<div class=\"tb-card-bottom__content\">\n\t\t\t\t\t\t\t\t\t\t<div>\n\t\t\t\t\t\t\t\t\t\t\t\t\t\t\t\t\t\t\t\t\t<\/div>\n\t\t\t\t\t\t\t\t\t<\/div>\n\t\t\t\t\t\t\t\t\t<div class=\"tb-card-bottom__teaser tb-unfold-on-hover__content\" data-no-translation>\n\t\t\t\t\t\t\t\t\t\t\t\t\t\t\t\t\t\t\t\t\t\t\t\t\t\t\t\t\t\tApr\u00e8s six jours d&#8217;aventure au c\u0153ur de la nature sauvage, la navette part le matin du camp de base po&#8230; <span class=\"link\">Lire la suite<\/span>\t\t\t\t\t\t\t\t\t<\/div>\n\t\t\t\t\t\t\t\t<\/div>\n\n\t\t\t\t\t\t\t<\/div>\n\t\t\t\t\t\t\t<dialog class=\"tb-popup tb-popup-with-padding tb-dayschedule-popup-wrapper\">\n\t\t\t\t\t\t\t\t<div class=\"tb-dayschedule-popup\">\n\t\t\t\t\t\t\t\t\t<h5>\n\t\t\t\t\t\t\t\t\t\t\t\t\t\t\t\t\t\t\t\t\t\t\t\t\t\t\t\t\t\t\t<div>\n\t\t\t\t\t\t\t\t\t\t\t\t\t\t\t\t\t\t\t\t\t\t\t\t\tBasecamp, Fresvik\t\t\t\t\t\t\t\t\t\t\t\t\t\t\t\t\t\t\t\t\t\t\t\t\t\t\t\t\t\t\t\t\t\t\t\t\t\t\t\t\t\t\t\t\t\t\t\t\t\t\t<i class=\"icon fa-solid fa-arrow-right\"><\/i> Bergen\t\t\t\t\t\t\t\t\t\t\t\t\t\t\t\t\t\t\t\t\t\t\t\t\t\t\t\t\t\t\t\t\t\t\t\t<\/div>\n\t\t\t\t\t\t\t\t\t\t\t\t\t\t\t\t\t\t\t<\/h5>\n\t\t\t\t\t\t\t\t\t<div class=\"tb-columns\">\n\t\t\t\t\t\t\t\t\t\t<div class=\"tb-column tb-column--text\">\n\t\t\t\t\t\t\t\t\t\t\t<div class=\"text-part\">\n\t\t\t\t\t\t\t\t\t\t\t\t\n\t\t\t\t\t\t\t\t\t\t\t\t\n\t\t\t\t\t\t\t\t\t\t\t\t<div>\n\t\t\t\t\t\t\t\t\t\t\t\t\t<strong>Jour 8<\/strong>\n\t\t\t\t\t\t\t\t\t\t\t\t\t\t\t<div class=\"translation-block\"><p>Apr\u00e8s six jours d'aventure au c\u0153ur de la nature sauvage, la navette part le matin du camp de base pour vous emmener \u00e0 l'a\u00e9roport <strong>Bj\u00f8rgvin (Bergen)<\/strong>. Il est temps de dire au revoir \u00e0 la Norv\u00e8ge et de prendre votre vol de retour chez vous.<\/p><\/div>\n\t\t\t\t\t\t\t\t\t\t\t\t\t<\/div>\n\n\n\t\t\t\t\t\t\t\t\t\t\t<\/div>\n\t\t\t\t\t\t\t\t\t\t<\/div>\n\t\t\t\t\t\t\t\t\t\t<div class=\"tb-column tb-column--image\">\n\n\t\t\t\t\t\t\t\t\t\t\t<div class=\"tb-image-part\">\n\t\t\t\t\t\t\t\t\t\t\t\t<img src='https:\/\/tkt.travelblox.eu\/wp-content\/uploads\/sites\/69\/2023\/10\/webisite-1024x819.png' width='1024' height='819' alt='Kayak - fjord de Norv\u00e8ge - randonn\u00e9e en Norv\u00e8ge - kayaking - depuis l&#039;a\u00e9roport de Bruxelles' loading='lazy' image_size='large'>\t\t\t\t\t\t\t\t\t\t\t<\/div>\n\t\t\t\t\t\t\t\t\t\t<\/div>\n\t\t\t\t\t\t\t\t\t<\/div>\n\t\t\t\t\t\t\t\t\t\t\t<div class=\"tb-popup-nav\">\n\t\t\t<a href=\"#\" class=\"tb-buttonlink-with-icon tb-buttonlink-with-arrow icon-first tb-popup-previous\">\n\t\t\t\t<i class=\"icon fa fa-chevron-left\"><\/i>\n\t\t\t\t<span>Jour pr\u00e9c\u00e9dent<\/span>\n\t\t\t<\/a>\n\t\t\t<a href=\"#\" class=\"tb-buttonlink-with-icon tb-buttonlink-with-arrow tb-popup-next\">\n\t\t\t\t<span>Jour suivant<\/span>\n\t\t\t\t<i class=\"icon fa fa-chevron-right\"><\/i>\n\t\t\t<\/a>\n\t\t<\/div>\n\t\n\t\t\t\t\t\t\t\t<\/div>\n\t\t\t\t\t\t\t<\/dialog>\n\t\t\t\t\t\t<\/div>\n\t\t\t\t\t\t\t\t\t\t\t\t\t\t<\/div>\n\t\t\t\t\t\t<div class=\"tb-carousel-nav\">\n\t\t\t<div class=\"dots\">\n\t\t\t\t<div class=\"dot active\"><\/div>\n\t\t\t\t<div class=\"dot\"><\/div>\n\t\t\t\t<div class=\"dot\"><\/div>\n\t\t\t<\/div>\n\t\t\t<div class=\"arrows\">\n\t\t\t\t<div class=\"prev disabled\">\n\t\t\t\t\t<span><i class=\"fa fa-chevron-left\"><\/i><\/span>\n\t\t\t\t<\/div>\n\t\t\t\t<div class=\"next\">\n\t\t\t\t\t<span><i class=\"fa fa-chevron-right\"><\/i><\/span>\n\t\t\t\t<\/div>\n\t\t\t<\/div>\n\t\t<\/div>\n\t\t\t\t<\/div>\n\t\t<\/div>\n\t\t\t\t\t\t\t\t\t\t<\/div>\n\t\n<\/div>\n\n\n\n\n<div class=\"tb-quoteparallax tb-block align-center background-dark pattern-none variant-text_on_image\" id=\"quoteparallax\" style=\"background-image: url('https:\/\/tkt.travelblox.eu\/wp-content\/uploads\/sites\/69\/2025\/01\/TKT23_MICHIELANNAERT_HR-46.jpg');\">\n\t\t<div class=\"inner-block tb-fade-in tb-fade-in--subtle\">\n\t\t\t\t\t<div class=\"text-part\">\n\t\t\t\t<h2>Pas de minibar, mais un h\u00f4tel aux millions d'\u00e9toiles.<\/h2>\n\t\t\t\t\t\t<div class=\"translation-block\"><p>Dormez en pleine nature, avec le doux bruit de l'eau en fond sonore. Lors du Kayak Trip, votre tente est votre chambre d'h\u00f4tel et le ciel \u00e9toil\u00e9 est votre vue.<\/p><\/div>\n\t\t\t\t\t\t\t\t\t\t<div class=\"tb-buttons-part\">\n\t\t\t\t\t\t\t\t<a href=\"#join\"  target=\"\" class=\"tb-button\">\n\t\t\tJe r\u00e9serve !\t\t<\/a>\n\t\t\t\t\t\t\t\t\t\t<a href=\"#camping\"  target=\"\" class=\"tb-buttonlink\">\n\t\t\tPlus d'infos\t\t<\/a>\n\t\t\t\t\t\t\t<\/div>\n\t\t\t\t\t\t\t<\/div>\n\t\t\t\t\t<\/div>\n<\/div>\n\n\n\n<div class=\"tb-textimage2 tb-block align-left background-light pattern-default variant-image_first tb-collapsible-margins\" id=\"camping\">\n\t<div class=\"inner-block tb-fade-in\">\n\n\t\t\n\t\t<div class=\"tb-columns\">\n\t\t\t<div class=\"tb-column\">\n\t\t\t\t<div class=\"tb-text-part\">\n\t\t\t\t\t<h2>BIVOUAQUER EN NORV\u00c8GE<\/h2>\n\t\t\t\t\t\t\t<div class=\"translation-block\"><p>Lors du Kayak Trip, vous dormirez sous tente : la premi\u00e8re et la derni\u00e8re nuit se d\u00e9rouleront au camp de base, o\u00f9 des installations sanitaires seront \u00e0 votre disposition. Les autres nuits, vous s\u00e9journerez en pleine nature, au c\u0153ur des fjords.<\/p><p>En Norv\u00e8ge, le droit d'acc\u00e8s \u00e0 la nature est fondamental et prot\u00e9g\u00e9 par la loi, vous permettant de camper presque partout (avec quelques restrictions), mais il peut parfois \u00eatre difficile de trouver un endroit pratique et agr\u00e9able pour dormir dans les vall\u00e9es escarp\u00e9es des fjords. C\u2019est pour cela que chaque jour, votre guide vous indiquera un <strong>lieu de bivouac en pleine nature<\/strong>, o\u00f9 vous pourrez vous reposer et profiter de <strong>vues spectaculaires.<\/strong><\/p><\/div>\n\t\t\t\t\t\t\t\t\t\t\t<div class=\"tb-buttons-part\">\n\t\t\t\t\t\t\t\t<a href=\"#join\"  target=\"\" class=\"tb-button\">\n\t\t\tR\u00e9servez maintenant !\t\t<\/a>\n\t\t\t\t\t\t\t\t\t\t\t\t\t<\/div>\n\t\t\t\t<\/div>\n\t\t\t<\/div>\n\t\t\t<div class=\"tb-column\">\n\t\t\t\t\t\t\t\t\t\t\t\t\t\t\t<div class=\"tb-image-part\">\n\t\t\t\t\t\t\t\t\t\t\t<div class=\"inner-block-full-width has-tb-carousel tb-carousel-slider\" >\n\t\t\t<div class=\"tb-carousel-container\">\n\t\t\t\t<div class=\"entries tb-cards\" data-slider-first=\"0\">\n\t\t\t\t\t\t\t\t\t<div class=\"entry\">\n\t\t\t\t<div class=\"tb-image-part\">\n\t\t\t\t\t<figure>\n\t\t\t\t\t\t<img src='https:\/\/tkt.travelblox.eu\/wp-content\/uploads\/sites\/69\/2025\/09\/The-Kayak-Trip-Reizen-Rens-LR-168-e1758534737545-768x725.jpg' width='768' height='725' loading='lazy' image_size='medium_large'>\t\t\t\t\t\t\t\t\t\t\t\t\t\t\t\t\t\t\t\t\t\t\t\t\t\t\t\t\t\t\t<\/figure>\n\t\t\t\t<\/div>\n\t\t\t<\/div>\n\t\t\t\t\t<div class=\"entry\">\n\t\t\t\t<div class=\"tb-image-part\">\n\t\t\t\t\t<figure>\n\t\t\t\t\t\t<img src='https:\/\/tkt.travelblox.eu\/wp-content\/uploads\/sites\/69\/2023\/10\/TKT23_MICHIELANNAERT_HR-159-scaled-e1700476224577-768x718.jpg' width='768' height='718' alt='2 personnes mangeant des chips avec des ch\u00e8vres - Kayak - fjord en Norv\u00e8ge - randonn\u00e9e en Norv\u00e8ge - kayak - depuis l&#039;a\u00e9roport de Bruxelles' loading='lazy' image_size='medium_large'>\t\t\t\t\t\t\t\t\t\t\t\t\t\t\t\t\t\t\t\t\t\t\t\t\t\t\t\t\t\t\t<\/figure>\n\t\t\t\t<\/div>\n\t\t\t<\/div>\n\t\t\t\t\t<div class=\"entry\">\n\t\t\t\t<div class=\"tb-image-part\">\n\t\t\t\t\t<figure>\n\t\t\t\t\t\t<img src='https:\/\/tkt.travelblox.eu\/wp-content\/uploads\/sites\/69\/2025\/09\/TKT25_MikeTesselaar_WEB-156-e1758534866381-768x730.jpg' width='768' height='730' style='object-position:50% 50%' loading='lazy' image_size='medium_large'>\t\t\t\t\t\t\t\t\t\t\t\t\t\t\t\t\t\t\t\t\t\t\t\t\t\t\t\t\t\t\t<\/figure>\n\t\t\t\t<\/div>\n\t\t\t<\/div>\n\t\t\t\t\t<div class=\"entry\">\n\t\t\t\t<div class=\"tb-image-part\">\n\t\t\t\t\t<figure>\n\t\t\t\t\t\t<img src='https:\/\/tkt.travelblox.eu\/wp-content\/uploads\/sites\/69\/2023\/10\/TKT23_MICHIELANNAERT_HR-166-768x555.jpg' width='768' height='555' alt='camping fjords norv\u00e8ge - Kayak - fjord norv\u00e9gien - randonn\u00e9e en Norv\u00e8ge - kayaking - depuis l&#039;a\u00e9roport de Bruxelles' loading='lazy' image_size='medium_large'>\t\t\t\t\t\t\t\t\t\t\t\t\t\t\t\t\t\t\t\t\t\t\t\t\t\t\t\t\t\t\t<\/figure>\n\t\t\t\t<\/div>\n\t\t\t<\/div>\n\t\t\t\t\t<div class=\"entry\">\n\t\t\t\t<div class=\"tb-image-part\">\n\t\t\t\t\t<figure>\n\t\t\t\t\t\t<img src='https:\/\/tkt.travelblox.eu\/wp-content\/uploads\/sites\/69\/2023\/10\/TKT23_MICHIELANNAERT_HR-118-768x512.jpg' width='768' height='512' alt='2 hommes se d\u00e9tendant dans un champ d&#039;herbe avec des tentes - Kayak - fjord de Norv\u00e8ge - randonn\u00e9e en Norv\u00e8ge - kayaking - depuis l&#039;a\u00e9roport de Bruxelles.' loading='lazy' image_size='medium_large'>\t\t\t\t\t\t\t\t\t\t\t\t\t\t\t\t\t\t\t\t\t\t\t\t\t\t\t\t\t\t\t<\/figure>\n\t\t\t\t<\/div>\n\t\t\t<\/div>\n\t\t\t\t\t\t\t\t<\/div>\n\t\t\t\t\t\t<div class=\"tb-carousel-nav\">\n\t\t\t<div class=\"dots\">\n\t\t\t\t<div class=\"dot active\"><\/div>\n\t\t\t\t<div class=\"dot\"><\/div>\n\t\t\t\t<div class=\"dot\"><\/div>\n\t\t\t<\/div>\n\t\t\t<div class=\"arrows\">\n\t\t\t\t<div class=\"prev disabled\">\n\t\t\t\t\t<span><i class=\"fa fa-chevron-left\"><\/i><\/span>\n\t\t\t\t<\/div>\n\t\t\t\t<div class=\"next\">\n\t\t\t\t\t<span><i class=\"fa fa-chevron-right\"><\/i><\/span>\n\t\t\t\t<\/div>\n\t\t\t<\/div>\n\t\t<\/div>\n\t\t\t\t<\/div>\n\t\t<\/div>\n\t\t\t\t\t\t\t\t<\/div>\n\t\t\t\t\t\t\t\t\t\t\t\t<\/div>\n\t\t<\/div>\n\t<\/div>\n<\/div>\n\n<div class=\"tb-practical tb-block align-none background-light pattern-none variant-none tb-collapsible-margins\" id=\"practical\">\n\t<div class=\"inner-block tb-fade-in\">\n\t\t<div class=\"text-part\">\n\t\t\t<h2><p>INFOS PRATIQUES<\/p><\/h2>\n\t\t\t\t\t<div class=\"translation-block\"><\/div>\n\t\t\t<\/div>\n\t<\/div>\n\t<div class=\"inner-block tb-fade-in\">\n\t\t\t\t\t<div class=\"practical-cols\">\n\t\t\t\t<div class=\"practical-nav-container\">\n\t\t\t\t\t<ul class=\"practical-nav tb-style-block\">\n\t\t\t\t\t\t\t\t\t\t\t\t\t<li><a href=\"#practical-block-0\">Quand<\/a><\/li>\n\t\t\t\t\t\t\t\t\t\t\t\t\t<li><a href=\"#practical-block-1\">Ce qui est inclus<\/a><\/li>\n\t\t\t\t\t\t\t\t\t\t\t\t\t<li><a href=\"#practical-block-2\">En option<\/a><\/li>\n\t\t\t\t\t\t\t\t\t\t\t\t\t<li><a href=\"#practical-block-3\">Comment y arriver?<\/a><\/li>\n\t\t\t\t\t\t\t\t\t\t\t<\/ul>\n\t\t\t\t<\/div>\n\t\t\t\t<div class=\"tb-accordion tb-accordion--animation tb-accordion-mobile-only text-part\">\n\t\t\t\t\t\t\t\t\t\t\t<div class=\"details\" id=\"practical-block-0\">\n\t\t\t\t\t\t\t<div class=\"summary\">\n\t\t\t\t\t\t\t\t\t\t\t\t<i class=\"icon fa-solid fa-calendar-week tb-style-block\" aria-hidden=\"true\"><\/i>\n\t\t\t Quand\t\t\t\t\t\t\t<\/div>\n\t\t\t\t\t\t\t<div class=\"content\">\n\t\t\t\t\t\t\t\t\t\t<div class=\"translation-block\"><p>Le Kayak Trip dure <strong>huit jours<\/strong>. En 2026, vous pourrez <strong>d\u00e9couvrir les fjords norv\u00e9giens en kayak entre juin et septembre.&nbsp;<\/strong><br><br>Rejoignez l'aventure, d\u00e9couvrez <a href=\"#join\">les dates<\/a>.<\/p><\/div>\n\t\t\t\t\t\t\t\t<\/div>\n\t\t\t\t\t\t<\/div>\n\t\t\t\t\t\t\t\t\t\t\t<div class=\"details\" id=\"practical-block-1\">\n\t\t\t\t\t\t\t<div class=\"summary\">\n\t\t\t\t\t\t\t\t\t\t\t\t<i class=\"icon fa-solid fa-money-bills tb-style-block\" aria-hidden=\"true\"><\/i>\n\t\t\t Ce qui est inclus\t\t\t\t\t\t\t<\/div>\n\t\t\t\t\t\t\t<div class=\"content\">\n\t\t\t\t\t\t\t\t\t\t<div class=\"translation-block\"><ul><li>Kayak et pagaie inclus<\/li><li>Gilet de sauvetage fourni<\/li><li>7 nuits de camping au c\u0153ur des fjords norv\u00e9giens (mat\u00e9riel de camping en option)<\/li><li>Itin\u00e9raire complet avec les meilleurs points d'int\u00e9r\u00eat<\/li><li>Encadrement et instructions tout au long de la semaine par des guides exp\u00e9riment\u00e9s<\/li><li>Application interactive avec bouton d'urgence<\/li><\/ul><\/div>\n\t\t\t\t\t\t\t\t<\/div>\n\t\t\t\t\t\t<\/div>\n\t\t\t\t\t\t\t\t\t\t\t<div class=\"details\" id=\"practical-block-2\">\n\t\t\t\t\t\t\t<div class=\"summary\">\n\t\t\t\t\t\t\t\t\t\t\t\t<i class=\"icon fa-solid fa-plus tb-style-block\" aria-hidden=\"true\"><\/i>\n\t\t\t En option\t\t\t\t\t\t\t<\/div>\n\t\t\t\t\t\t\t<div class=\"content\">\n\t\t\t\t\t\t\t\t\t\t<div class=\"translation-block\"><ul><li>Vol retour de Bruxelles vers Bergen, incl. navette aller-retour vers le camp de base : \u00e0 partir de 275 \u20ac<\/li><li>Bagages en soute : 55 \u20ac<\/li><li>Mat\u00e9riel de camping (tente, sac de couchage, matelas et liner) : 79 \u20ac<\/li><li>Navette de et vers l'a\u00e9roport de Bergen : 95 \u20ac<\/li><li>Paniers repas Adventure : \u00e0 partir de 107 \u20ac<\/li><li><a href=\"https:\/\/account.travelbase.eu\/fr\/travelinsurance\" target=\"_blank\">Assurance assistance voyage :<\/a> 49 \u20ac<\/li><li><a href=\"https:\/\/admin.travelbase.eu\/u\/source\/cancellation\/Trails\/FR_Cancellation_conditions.pdf\" target=\"_blank\">Assurance annulation :<\/a> 69 \u20ac<\/li><\/ul><\/div>\n\t\t\t\t\t\t\t\t<\/div>\n\t\t\t\t\t\t<\/div>\n\t\t\t\t\t\t\t\t\t\t\t<div class=\"details\" id=\"practical-block-3\">\n\t\t\t\t\t\t\t<div class=\"summary\">\n\t\t\t\t\t\t\t\t\t\t\t\t<i class=\"icon fa-solid fa-plane tb-style-block\" aria-hidden=\"true\"><\/i>\n\t\t\t Comment y arriver?\t\t\t\t\t\t\t<\/div>\n\t\t\t\t\t\t\t<div class=\"content\">\n\t\t\t\t\t\t\t\t\t\t<div class=\"translation-block\"><p>Notre camp de base est situ\u00e9 \u00e0 Fresvik, un petit village au milieu de nulle part. Le moyen le plus simple d'y arriver est par avion et notre navette. <a href=\"#options\">D\u00e9couvrez les diff\u00e9rentes options<\/a> pour rejoindre notre camp de base et choisissez celle qui vous convient le mieux.<\/p><\/div>\n\t\t\t\t\t\t\t\t<\/div>\n\t\t\t\t\t\t<\/div>\n\t\t\t\t\t\t\t\t\t<\/div>\n\t\t\t<\/div>\n\t\t\t<\/div>\n<\/div>\n\n\n<div class=\"tb-magazine tb-block align-none background-light pattern-none variant-none tb-collapsible-margins\" id=\"magazine\">\n\t<div class=\"inner-block tb-image-orientation-landscape tb-fade-in tb-fade-in--subtle\">\n\t\t<div class=\"inner-inner-block tb-image-alignment--center\">\n\t\t\t<div class=\"tb-magazine-image\">\n\t\t\t\t<img src='https:\/\/tkt.travelblox.eu\/wp-content\/uploads\/sites\/69\/2024\/12\/mockup-featuring-an-open-magazine-lying-under-a-closed-one-3392-el1-e1733744892837.png' width='1556' height='1284' alt='Kayak - fjord de Norv\u00e8ge - randonn\u00e9e en Norv\u00e8ge - kayaking - depuis l&#039;a\u00e9roport de Bruxelles' loading='lazy'>\t\t\t<\/div>\n\t\t\t<div class=\"text-part\">\n\t\t\t\t<h2>Recevez le magazine de The Kayak Trip<\/h2>\n\t\t\t\t\t\t<div class=\"translation-block\"><p>Tu veux d'abord en savoir un peu plus? Plonge dans le tout nouveau magazine Kayak Trip!<\/p> \n<p>Obtiens une id\u00e9e claire de ce qui t'attend, lis les r\u00e9cits de voyage d'autres aventuriers et pr\u00e9pare-toi au mieux avec la liste de mat\u00e9riel et d'autres conseils que tu trouveras dans le magazine. Ton aventure d'\u00e9t\u00e9 commence ici!<\/p><\/div>\n\t\t\t\t\t<div class=\"tb-buttons-part\">\n\t\t\t\t\t\t\t<a href=\"https:\/\/travelbase.typeform.com\/TKTmagazine\"  target=\"_blank\" data-mode=\"popup\" data-url=\"https:\/\/travelbase.typeform.com\/tktmagazine\" class=\"tb-button typeform-share\">\n\t\t\tT\u00e9l\u00e9charge le magazine\t\t<\/a>\n\t\t\t\t\t<script>\n\t\t\t\t(function() {\n\t\t\t\t\tvar qs, js, q, s, d = document,\n\t\t\t\t\t\tgi = d.getElementById,\n\t\t\t\t\t\tce = d.createElement,\n\t\t\t\t\t\tgt = d.getElementsByTagName,\n\t\t\t\t\t\tid = \"typef_orm_share\",\n\t\t\t\t\t\tb = \"https:\/\/embed.typeform.com\/\";\n\t\t\t\t\tif (!gi.call(d, id)) {\n\t\t\t\t\t\tjs = ce.call(d, \"script\");\n\t\t\t\t\t\tjs.id = id;\n\t\t\t\t\t\tjs.src = b + \"embed.js\";\n\t\t\t\t\t\tq = gt.call(d, \"script\")[0];\n\t\t\t\t\t\tq.parentNode.insertBefore(js, q);\n\t\t\t\t\t}\n\t\t\t\t})();\n\t\t\t<\/script>\n\t\t\t\t\t\t\t\t\t\t\t<\/div>\n\t\t\t<\/div>\n\t\t<\/div>\n\t<\/div>\n<\/div>\n\n\n\n<div class=\"tb-gallery tb-block align-center background-light pattern-none variant-grid\" id=\"gallery-1\">\n\t<div>\n\t\t<div class=\"desktop tb-has-popup-content\">\n\t\t\t\t\t\t\t<ul class=\"tb-gallery-grid\">\n\t\t\t\t\t\t\t\t\t\t\t\t\t\t\t\t\t\t<li class=\"slide\">\n\t\t\t\t\t\t\t\t<div class=\"tb-popup-trigger\">\n\t\t\t\t\t\t\t\t\t<img src='https:\/\/tkt.travelblox.eu\/wp-content\/uploads\/sites\/69\/2025\/09\/The-Kayak-Trip-Reizen-Rens-LR-451.jpg' width='1250' height='834' loading='lazy'>\t\t\t\t\t\t\t\t<\/div>\n\t\t\t\t\t\t\t<\/li>\n\t\t\t\t\t\t\t\t\t\t\t\t\t<li class=\"slide\">\n\t\t\t\t\t\t\t\t<div class=\"tb-popup-trigger\">\n\t\t\t\t\t\t\t\t\t<img src='https:\/\/tkt.travelblox.eu\/wp-content\/uploads\/sites\/69\/2025\/09\/The-Kayak-Trip-Reizen-Rens-LR-435.jpg' width='1250' height='834' loading='lazy'>\t\t\t\t\t\t\t\t<\/div>\n\t\t\t\t\t\t\t<\/li>\n\t\t\t\t\t\t\t\t\t\t\t\t\t<li class=\"slide\">\n\t\t\t\t\t\t\t\t<div class=\"tb-popup-trigger\">\n\t\t\t\t\t\t\t\t\t<img src='https:\/\/tkt.travelblox.eu\/wp-content\/uploads\/sites\/69\/2025\/09\/The-Kayak-Trip-Reizen-Rens-LR-365-e1758288444578.jpg' width='1250' height='834' loading='lazy'>\t\t\t\t\t\t\t\t<\/div>\n\t\t\t\t\t\t\t<\/li>\n\t\t\t\t\t\t\t\t\t\t\t\t\t\t\t<\/ul>\n\t\t\t\t\t\t<div class=\"tb-popup tb-popup--open-clicked-image\">\n\t\t\t\t<div class=\"tb-gallery-popup\">\n\t\t\t\t\t<div class=\"tb-image-part\">\n\t\t\t\t\t\t\t\t\t\t<div class=\"inner-block-full-width has-tb-carousel tb-carousel-slider\" >\n\t\t\t<div class=\"tb-carousel-container\">\n\t\t\t\t<div class=\"entries tb-cards\" data-slider-first=\"2\">\n\t\t\t\t\t\t\t\t\t<div class=\"entry\">\n\t\t\t\t<div class=\"tb-image-part\">\n\t\t\t\t\t<figure>\n\t\t\t\t\t\t<img src='https:\/\/tkt.travelblox.eu\/wp-content\/uploads\/sites\/69\/2025\/09\/The-Kayak-Trip-Reizen-Rens-LR-451.jpg' width='1250' height='834' loading='lazy' image_size='full'>\t\t\t\t\t\t\t\t\t\t\t<\/figure>\n\t\t\t\t<\/div>\n\t\t\t<\/div>\n\t\t\t\t\t<div class=\"entry\">\n\t\t\t\t<div class=\"tb-image-part\">\n\t\t\t\t\t<figure>\n\t\t\t\t\t\t<img src='https:\/\/tkt.travelblox.eu\/wp-content\/uploads\/sites\/69\/2025\/09\/The-Kayak-Trip-Reizen-Rens-LR-435.jpg' width='1250' height='834' loading='lazy' image_size='full'>\t\t\t\t\t\t\t\t\t\t\t<\/figure>\n\t\t\t\t<\/div>\n\t\t\t<\/div>\n\t\t\t\t\t<div class=\"entry\">\n\t\t\t\t<div class=\"tb-image-part\">\n\t\t\t\t\t<figure>\n\t\t\t\t\t\t<img src='https:\/\/tkt.travelblox.eu\/wp-content\/uploads\/sites\/69\/2025\/09\/The-Kayak-Trip-Reizen-Rens-LR-365-e1758288444578.jpg' width='1250' height='834' loading='lazy' image_size='full'>\t\t\t\t\t\t\t\t\t\t\t<\/figure>\n\t\t\t\t<\/div>\n\t\t\t<\/div>\n\t\t\t\t\t\t\t\t<\/div>\n\t\t\t\t\t\t<div class=\"tb-carousel-nav\">\n\t\t\t<div class=\"dots\">\n\t\t\t\t<div class=\"dot active\"><\/div>\n\t\t\t\t<div class=\"dot\"><\/div>\n\t\t\t\t<div class=\"dot\"><\/div>\n\t\t\t<\/div>\n\t\t\t<div class=\"arrows\">\n\t\t\t\t<div class=\"prev disabled\">\n\t\t\t\t\t<span><i class=\"fa fa-chevron-left\"><\/i><\/span>\n\t\t\t\t<\/div>\n\t\t\t\t<div class=\"next\">\n\t\t\t\t\t<span><i class=\"fa fa-chevron-right\"><\/i><\/span>\n\t\t\t\t<\/div>\n\t\t\t<\/div>\n\t\t<\/div>\n\t\t\t\t<\/div>\n\t\t<\/div>\n\t\t\t\t\t\t\t<\/div>\n\t\t\t\t<\/div>\n\t\t\t<\/div>\n\t\t<\/div>\n\t\t<div class=\"mobile\">\n\t\t\t<div class=\"tb-image-part\">\n\t\t\t\t\t\t\t\t<div class=\"inner-block-full-width has-tb-carousel tb-carousel-slider\" >\n\t\t\t<div class=\"tb-carousel-container\">\n\t\t\t\t<div class=\"entries tb-cards\" data-slider-first=\"0\">\n\t\t\t\t\t\t\t\t\t<div class=\"entry\">\n\t\t\t\t<div class=\"tb-image-part\">\n\t\t\t\t\t<figure>\n\t\t\t\t\t\t<img src='https:\/\/tkt.travelblox.eu\/wp-content\/uploads\/sites\/69\/2025\/09\/The-Kayak-Trip-Reizen-Rens-LR-451-768x512.jpg' width='768' height='512' loading='lazy' image_size='medium_large'>\t\t\t\t\t\t\t\t\t\t\t<\/figure>\n\t\t\t\t<\/div>\n\t\t\t<\/div>\n\t\t\t\t\t<div class=\"entry\">\n\t\t\t\t<div class=\"tb-image-part\">\n\t\t\t\t\t<figure>\n\t\t\t\t\t\t<img src='https:\/\/tkt.travelblox.eu\/wp-content\/uploads\/sites\/69\/2025\/09\/The-Kayak-Trip-Reizen-Rens-LR-435-768x512.jpg' width='768' height='512' loading='lazy' image_size='medium_large'>\t\t\t\t\t\t\t\t\t\t\t<\/figure>\n\t\t\t\t<\/div>\n\t\t\t<\/div>\n\t\t\t\t\t<div class=\"entry\">\n\t\t\t\t<div class=\"tb-image-part\">\n\t\t\t\t\t<figure>\n\t\t\t\t\t\t<img src='https:\/\/tkt.travelblox.eu\/wp-content\/uploads\/sites\/69\/2025\/09\/The-Kayak-Trip-Reizen-Rens-LR-365-e1758288444578-768x512.jpg' width='768' height='512' loading='lazy' image_size='medium_large'>\t\t\t\t\t\t\t\t\t\t\t<\/figure>\n\t\t\t\t<\/div>\n\t\t\t<\/div>\n\t\t\t\t\t\t\t\t<\/div>\n\t\t\t\t\t\t<div class=\"tb-carousel-nav\">\n\t\t\t<div class=\"dots\">\n\t\t\t\t<div class=\"dot active\"><\/div>\n\t\t\t\t<div class=\"dot\"><\/div>\n\t\t\t\t<div class=\"dot\"><\/div>\n\t\t\t<\/div>\n\t\t\t<div class=\"arrows\">\n\t\t\t\t<div class=\"prev disabled\">\n\t\t\t\t\t<span><i class=\"fa fa-chevron-left\"><\/i><\/span>\n\t\t\t\t<\/div>\n\t\t\t\t<div class=\"next\">\n\t\t\t\t\t<span><i class=\"fa fa-chevron-right\"><\/i><\/span>\n\t\t\t\t<\/div>\n\t\t\t<\/div>\n\t\t<\/div>\n\t\t\t\t<\/div>\n\t\t<\/div>\n\t\t\t\t\t<\/div>\n\t\t<\/div>\n\t<\/div>\n<\/div>\n\n\n\n<div class=\"tb-highlights tb-block align-center background-light pattern-default variant-none tb-collapsible-margins\" id=\"options\">\n\t<div class=\"inner-block tb-fade-in tb-fade-in--subtle\">\n\t\t<div class=\"text-part\">\n\t\t\t<h2>EN OPTION<\/h2>\n\t\t\t\t\t<div class=\"translation-block\"><\/div>\n\t\t\t\t\t<div class=\"section-toggler\">\n\t\t<div class=\"section-toggler__inner\">\n\t\t\t<div class=\"section-toggler__toggles-wrapper\">\n\t\t\t\t<div class=\"section-toggler__toggles\">\n\t\t\t\t\t\t\t\t\t\t\t<input type=\"radio\" name=\"options-section\" value=\"options-section-0\" id=\"options-section-0-label\" checked class=\"\" \/>\n\t\t\t\t\t\t<label for=\"options-section-0-label\" data-target-id=\"options-section-0\" class=\"\">\n\t\t\t\t\t\t\tTransport\t\t\t\t\t\t\t\t\t\t\t\t\t<\/label>\n\t\t\t\t\t\t\t\t\t\t\t<input type=\"radio\" name=\"options-section\" value=\"options-section-1\" id=\"options-section-1-label\"  class=\"\" \/>\n\t\t\t\t\t\t<label for=\"options-section-1-label\" data-target-id=\"options-section-1\" class=\"\">\n\t\t\t\t\t\t\tMat\u00e9riel\t\t\t\t\t\t\t\t\t\t\t\t\t<\/label>\n\t\t\t\t\t\t\t\t\t\t\t<input type=\"radio\" name=\"options-section\" value=\"options-section-2\" id=\"options-section-2-label\"  class=\"\" \/>\n\t\t\t\t\t\t<label for=\"options-section-2-label\" data-target-id=\"options-section-2\" class=\"\">\n\t\t\t\t\t\t\tAssurances\t\t\t\t\t\t\t\t\t\t\t\t\t<\/label>\n\t\t\t\t\t\t\t\t\t<\/div>\n\t\t\t<\/div>\n\t\t<\/div>\n\t<\/div>\n\t\t\t<\/div>\n\t<\/div>\n\t\t\t<div class=\"tb-sections tb-fade-in tb-fade-in--subtle\">\n\t\t\t\t\t\t\t\t\t\t\t\t\t\t<div class=\"inner-block-full-width has-tb-carousel tb-section\" id=\"options-section-0\">\n\t\t\t<div class=\"tb-carousel-container\">\n\t\t\t\t<div class=\"entries tb-cards\" data-slider-first=\"1\">\n\t\t\t\t\t\t\t\t\t\t\t\t\t\t\t<div class=\"tb-card entry tb-popup-trigger desktop-only-popup\">\n\t\t\t\t\t\t\t<div class=\"tb-image-part desktop\">\n\t\t\t\t\t\t\t\t<img src='https:\/\/tkt.travelblox.eu\/wp-content\/uploads\/sites\/69\/2023\/10\/TKT23_MICHIELANNAERT_HR-109-scaled-e1710346936795.jpg' width='2048' height='1293' alt='2 hommes dansant sous une cascade - Kayak - fjord de Norv\u00e8ge - randonn\u00e9e en Norv\u00e8ge - kayaking - depuis l&#039;a\u00e9roport de Bruxelles' loading='lazy'>\t\t\t\t\t\t\t\t\t\t\t\t\t\t\t\t\t\t\t\t\t\t\t\t\t<div class=\"price tiny-body-font desktop translation-block\"><p>\u00c0 partir de 275 \u20ac<\/p><\/div>\t\t\t\t\t\t\t<\/div>\n\t\t\t\t\t\t\t<div class=\"tb-image-part mobile\">\n\t\t\t\t\t\t\t\t<img src='https:\/\/tkt.travelblox.eu\/wp-content\/uploads\/sites\/69\/2023\/10\/TKT23_MICHIELANNAERT_HR-109-scaled-e1710346936795-768x485.jpg' width='768' height='485' alt='2 hommes dansant sous une cascade - Kayak - fjord de Norv\u00e8ge - randonn\u00e9e en Norv\u00e8ge - kayaking - depuis l&#039;a\u00e9roport de Bruxelles' loading='lazy' image_size='medium_large'>\t\t\t\t\t\t\t\t\t\t\t\t\t\t\t<\/div>\n\t\t\t\t\t\t\t<div class=\"tb-card-content\">\n\t\t\t\t\t\t\t\t<h5>\n\t\t\t\t\t\t\t\t\t\t\t\t\t\t\t\t\t\t<span>Forfait Vols + navette (+ bagages)<\/span>\n\t\t\t\t\t\t\t\t<\/h5>\n\t\t\t\t\t\t\t\t\t\t\t\t\t\t\t\t\t<div class=\"price tiny-body-font mobile\"><p>\u00c0 partir de 275 \u20ac<\/p><\/div>\t\t\t\t\t\t\t\t<div class=\"content readmore-content content--clamped\">\t\t<div class=\"translation-block\"><p>R\u00e9servez vos vols via le Kayak Trip<\/p><p>Cet \u00e9t\u00e9, nous proposons des vols aller-retour depuis l'a\u00e9roport de Bruxelles (Zaventem Airport) et depuis l'a\u00e9roport de Paris (CDG) vers la Norv\u00e8ge (Bergen Airport). Les vols s'adaptent parfaitement \u00e0 l'itin\u00e9raire et comprennent la navette a\u00e9roport vers et depuis le camp de base. Vous pouvez \u00e9galement r\u00e9server des bagages en soute pour 55 \u20ac.<\/p><p>Bruxelles :<\/p><ul><li>Vol aller : d\u00e9part le lundi \u00e0 14h00* de Bruxelles Zaventem. Arriv\u00e9e \u00e0 Bergen \u00e0 15h55*.<\/li><li>Vol retour : d\u00e9part le lundi \u00e0 11h15* de l'a\u00e9roport de Bergen. Arriv\u00e9e \u00e0 Bruxelles Zaventem \u00e0 13h15*.<\/li><\/ul><p>Paris :<\/p><ul><li>Vol aller : d\u00e9part le lundi \u00e0 09h00* de Paris CDG. Arriv\u00e9e \u00e0 Bergen \u00e0 11h10*.<\/li><li>Vol retour : d\u00e9part le lundi \u00e0 12h05* de l'a\u00e9roport de Bergen. Arriv\u00e9e \u00e0 Paris CDG \u00e0 14h25*.<\/li><\/ul><p>* Attention : les horaires des vols sont susceptibles de changer.<\/p><p>Vous pouvez consulter toutes les dates et tous les prix des vols via le calendrier en bas du site web.<\/p><p>Vous avez des questions sp\u00e9cifiques concernant vos vols ? Consultez notre <a href=\"https:\/\/travelbase.fr\/faq-foire-aux-questions\/\" target=\"_blank\">centre d'aide<\/a>.<\/p><p>Si vous r\u00e9servez vos vols via notre site, ceux-ci seront adapt\u00e9s \u00e0 votre programme de voyage et vous pourrez compter sur notre assistance en cas de probl\u00e8me.<\/p><p>R\u00e9servez vos propres vols<\/p><p>Nos vols sont complets ? Pas de probl\u00e8me ! Vous pouvez \u00e9galement r\u00e9server le voyage sans les vols et organiser votre propre vol. Attention : dans ce cas, vous devrez r\u00e9server la navette a\u00e9roport s\u00e9par\u00e9ment.<\/p><\/div>\n\t<\/div>\n\t\t\t\t\t\t\t\t\t\t\t\t\t\t\t\t<div class=\"readmore link js-readmore\">\n\t\t\t\t\t\t\t\t\t<span><i class=\"fa-solid fa-circle-plus\"><\/i><u>Lire la suite<\/u><\/span>\n\t\t\t\t\t\t\t\t\t<span><i class=\"fa-solid fa-circle-minus\"><\/i><u>Lire moins<\/u><\/span>\n\t\t\t\t\t\t\t\t<\/div>\n\t\t\t\t\t\t\t\t\t\t\t\t\t\t\t\t<dialog class=\"tb-popup\">\n\t\t\t\t\t\t\t\t\t<div class=\"tb-highlights-popup\">\n\t\t\t\t\t\t\t\t\t\t<div class=\"tb-image-part\">\n\t\t\t\t\t\t\t\t\t\t\t<img src='https:\/\/tkt.travelblox.eu\/wp-content\/uploads\/sites\/69\/2023\/10\/TKT23_MICHIELANNAERT_HR-109-scaled-e1710346936795-768x485.jpg' width='768' height='485' alt='2 hommes dansant sous une cascade - Kayak - fjord de Norv\u00e8ge - randonn\u00e9e en Norv\u00e8ge - kayaking - depuis l&#039;a\u00e9roport de Bruxelles' loading='lazy' image_size='medium_large'>\t\t\t\t\t\t\t\t\t\t<\/div>\n\t\t\t\t\t\t\t\t\t\t<div class=\"tb-popup-content\">\n\t\t\t\t\t\t\t\t\t\t\t<h5>Forfait Vols + navette (+ bagages)<\/h5>\n\t\t\t\t\t\t\t\t\t\t\t<div class=\"content\">\t\t<div class=\"translation-block\"><p>R\u00e9servez vos vols via le Kayak Trip<\/p><p>Cet \u00e9t\u00e9, nous proposons des vols aller-retour depuis l'a\u00e9roport de Bruxelles (Zaventem Airport) et depuis l'a\u00e9roport de Paris (CDG) vers la Norv\u00e8ge (Bergen Airport). Les vols s'adaptent parfaitement \u00e0 l'itin\u00e9raire et comprennent la navette a\u00e9roport vers et depuis le camp de base. Vous pouvez \u00e9galement r\u00e9server des bagages en soute pour 55 \u20ac.<\/p><p>Bruxelles :<\/p><ul><li>Vol aller : d\u00e9part le lundi \u00e0 14h00* de Bruxelles Zaventem. Arriv\u00e9e \u00e0 Bergen \u00e0 15h55*.<\/li><li>Vol retour : d\u00e9part le lundi \u00e0 11h15* de l'a\u00e9roport de Bergen. Arriv\u00e9e \u00e0 Bruxelles Zaventem \u00e0 13h15*.<\/li><\/ul><p>Paris :<\/p><ul><li>Vol aller : d\u00e9part le lundi \u00e0 09h00* de Paris CDG. Arriv\u00e9e \u00e0 Bergen \u00e0 11h10*.<\/li><li>Vol retour : d\u00e9part le lundi \u00e0 12h05* de l'a\u00e9roport de Bergen. Arriv\u00e9e \u00e0 Paris CDG \u00e0 14h25*.<\/li><\/ul><p>* Attention : les horaires des vols sont susceptibles de changer.<\/p><p>Vous pouvez consulter toutes les dates et tous les prix des vols via le calendrier en bas du site web.<\/p><p>Vous avez des questions sp\u00e9cifiques concernant vos vols ? Consultez notre <a href=\"https:\/\/travelbase.fr\/faq-foire-aux-questions\/\" target=\"_blank\">centre d'aide<\/a>.<\/p><p>Si vous r\u00e9servez vos vols via notre site, ceux-ci seront adapt\u00e9s \u00e0 votre programme de voyage et vous pourrez compter sur notre assistance en cas de probl\u00e8me.<\/p><p>R\u00e9servez vos propres vols<\/p><p>Nos vols sont complets ? Pas de probl\u00e8me ! Vous pouvez \u00e9galement r\u00e9server le voyage sans les vols et organiser votre propre vol. Attention : dans ce cas, vous devrez r\u00e9server la navette a\u00e9roport s\u00e9par\u00e9ment.<\/p><\/div>\n\t<\/div>\n\t\t\t\t\t\t\t\t\t\t<\/div>\n\t\t\t\t\t\t\t\t\t<\/div>\n\t\t\t\t\t\t\t\t<\/dialog>\n\t\t\t\t\t\t\t<\/div>\n\t\t\t\t\t\t<\/div>\n\t\t\t\t\t\t\t\t\t\t\t<div class=\"tb-card entry tb-popup-trigger desktop-only-popup\">\n\t\t\t\t\t\t\t<div class=\"tb-image-part desktop\">\n\t\t\t\t\t\t\t\t<img src='https:\/\/tkt.travelblox.eu\/wp-content\/uploads\/sites\/69\/2023\/10\/TKT23_MICHIELANNAERT_LR_v2-6-scaled-e1728917941951.jpg' width='2048' height='1721' alt='homme plongeant dans les fjords - Kayak - fjord norv\u00e9gien - randonn\u00e9e en Norv\u00e8ge - kayak - depuis l&#039;a\u00e9roport de Bruxelles' loading='lazy'>\t\t\t\t\t\t\t\t\t\t\t\t\t\t\t\t\t\t\t\t\t\t\t\t\t<div class=\"price tiny-body-font desktop translation-block\"><p>95 \u20ac<\/p><\/div>\t\t\t\t\t\t\t<\/div>\n\t\t\t\t\t\t\t<div class=\"tb-image-part mobile\">\n\t\t\t\t\t\t\t\t<img src='https:\/\/tkt.travelblox.eu\/wp-content\/uploads\/sites\/69\/2023\/10\/TKT23_MICHIELANNAERT_LR_v2-6-scaled-e1728917941951-768x645.jpg' width='768' height='645' alt='homme plongeant dans les fjords - Kayak - fjord norv\u00e9gien - randonn\u00e9e en Norv\u00e8ge - kayak - depuis l&#039;a\u00e9roport de Bruxelles' loading='lazy' image_size='medium_large'>\t\t\t\t\t\t\t\t\t\t\t\t\t\t\t<\/div>\n\t\t\t\t\t\t\t<div class=\"tb-card-content\">\n\t\t\t\t\t\t\t\t<h5>\n\t\t\t\t\t\t\t\t\t\t\t\t\t\t\t\t\t\t<span>Navette<\/span>\n\t\t\t\t\t\t\t\t<\/h5>\n\t\t\t\t\t\t\t\t\t\t\t\t\t\t\t\t\t<div class=\"price tiny-body-font mobile\"><p>\u20ac95<\/p><\/div>\t\t\t\t\t\t\t\t<div class=\"content readmore-content content--clamped\">\t\t<div class=\"translation-block\"><ul><li><strong>D\u00e9part<\/strong> de l'a\u00e9roport le premier jour : <strong>16h45<\/strong><\/li><li><strong>Retour<\/strong> \u00e0 l'a\u00e9roport le dernier jour : <strong>9h30<\/strong><\/li><\/ul><p>Le <strong>camp de base du Kayak Trip<\/strong> est situ\u00e9 \u00e0 Fresvik, un petit village charmant mais assez isol\u00e9. Si vous voyagez seul vers la Norv\u00e8ge, la mani\u00e8re la plus simple est de prendre notre navette depuis l'a\u00e9roport de Bergen. Apr\u00e8s une semaine d'aventure, nous vous ram\u00e8nerons \u00e0 l'a\u00e9roport avec la m\u00eame navette.<\/p><p>La navette a\u00e9roport vous prendra en charge pour 95<strong>\u20ac<\/strong> \u00e0 l'<strong>a\u00e9roport de Bergen<\/strong> et vous y d\u00e9posera une semaine plus tard. Si vous avez r\u00e9serv\u00e9 votre vol avec nous, la navette est incluse dans le tarif. Sinon, vous pouvez l'<strong>ajouter<\/strong> (billet aller-retour).<\/p><p>Si vous r\u00e9servez votre propre vol, assurez-vous que vos horaires de vol correspondent \u00e0 ceux des navettes. Dans le cas contraire, vous devrez organiser vous-m\u00eame votre transport vers le camp de base.<\/p><\/div>\n\t<\/div>\n\t\t\t\t\t\t\t\t\t\t\t\t\t\t\t\t<div class=\"readmore link js-readmore\">\n\t\t\t\t\t\t\t\t\t<span><i class=\"fa-solid fa-circle-plus\"><\/i><u>Lire la suite<\/u><\/span>\n\t\t\t\t\t\t\t\t\t<span><i class=\"fa-solid fa-circle-minus\"><\/i><u>Lire moins<\/u><\/span>\n\t\t\t\t\t\t\t\t<\/div>\n\t\t\t\t\t\t\t\t\t\t\t\t\t\t\t\t<dialog class=\"tb-popup\">\n\t\t\t\t\t\t\t\t\t<div class=\"tb-highlights-popup\">\n\t\t\t\t\t\t\t\t\t\t<div class=\"tb-image-part\">\n\t\t\t\t\t\t\t\t\t\t\t<img src='https:\/\/tkt.travelblox.eu\/wp-content\/uploads\/sites\/69\/2023\/10\/TKT23_MICHIELANNAERT_LR_v2-6-scaled-e1728917941951-768x645.jpg' width='768' height='645' alt='homme plongeant dans les fjords - Kayak - fjord norv\u00e9gien - randonn\u00e9e en Norv\u00e8ge - kayak - depuis l&#039;a\u00e9roport de Bruxelles' loading='lazy' image_size='medium_large'>\t\t\t\t\t\t\t\t\t\t<\/div>\n\t\t\t\t\t\t\t\t\t\t<div class=\"tb-popup-content\">\n\t\t\t\t\t\t\t\t\t\t\t<h5>Navette<\/h5>\n\t\t\t\t\t\t\t\t\t\t\t<div class=\"content\">\t\t<div class=\"translation-block\"><ul><li><strong>D\u00e9part<\/strong> de l'a\u00e9roport le premier jour : <strong>16h45<\/strong><\/li><li><strong>Retour<\/strong> \u00e0 l'a\u00e9roport le dernier jour : <strong>9h30<\/strong><\/li><\/ul><p>Le <strong>camp de base du Kayak Trip<\/strong> est situ\u00e9 \u00e0 Fresvik, un petit village charmant mais assez isol\u00e9. Si vous voyagez seul vers la Norv\u00e8ge, la mani\u00e8re la plus simple est de prendre notre navette depuis l'a\u00e9roport de Bergen. Apr\u00e8s une semaine d'aventure, nous vous ram\u00e8nerons \u00e0 l'a\u00e9roport avec la m\u00eame navette.<\/p><p>La navette a\u00e9roport vous prendra en charge pour 95<strong>\u20ac<\/strong> \u00e0 l'<strong>a\u00e9roport de Bergen<\/strong> et vous y d\u00e9posera une semaine plus tard. Si vous avez r\u00e9serv\u00e9 votre vol avec nous, la navette est incluse dans le tarif. Sinon, vous pouvez l'<strong>ajouter<\/strong> (billet aller-retour).<\/p><p>Si vous r\u00e9servez votre propre vol, assurez-vous que vos horaires de vol correspondent \u00e0 ceux des navettes. Dans le cas contraire, vous devrez organiser vous-m\u00eame votre transport vers le camp de base.<\/p><\/div>\n\t<\/div>\n\t\t\t\t\t\t\t\t\t\t<\/div>\n\t\t\t\t\t\t\t\t\t<\/div>\n\t\t\t\t\t\t\t\t<\/dialog>\n\t\t\t\t\t\t\t<\/div>\n\t\t\t\t\t\t<\/div>\n\t\t\t\t\t\t\t\t\t\t\t<div class=\"tb-card entry tb-popup-trigger desktop-only-popup\">\n\t\t\t\t\t\t\t<div class=\"tb-image-part desktop\">\n\t\t\t\t\t\t\t\t<img src='https:\/\/tkt.travelblox.eu\/wp-content\/uploads\/sites\/69\/2023\/10\/TKT23_MICHIELANNAERT_HR-159-scaled-e1700476224577.jpg' width='1426' height='1334' alt='2 personnes mangeant des chips avec des ch\u00e8vres - Kayak - fjord en Norv\u00e8ge - randonn\u00e9e en Norv\u00e8ge - kayak - depuis l&#039;a\u00e9roport de Bruxelles' loading='lazy'>\t\t\t\t\t\t\t\t\t\t\t\t\t\t\t\t\t\t\t\t\t\t\t\t\t<div class=\"price tiny-body-font desktop translation-block\"><p>Gratuit<\/p><\/div>\t\t\t\t\t\t\t<\/div>\n\t\t\t\t\t\t\t<div class=\"tb-image-part mobile\">\n\t\t\t\t\t\t\t\t<img src='https:\/\/tkt.travelblox.eu\/wp-content\/uploads\/sites\/69\/2023\/10\/TKT23_MICHIELANNAERT_HR-159-scaled-e1700476224577-768x718.jpg' width='768' height='718' alt='2 personnes mangeant des chips avec des ch\u00e8vres - Kayak - fjord en Norv\u00e8ge - randonn\u00e9e en Norv\u00e8ge - kayak - depuis l&#039;a\u00e9roport de Bruxelles' loading='lazy' image_size='medium_large'>\t\t\t\t\t\t\t\t\t\t\t\t\t\t\t<\/div>\n\t\t\t\t\t\t\t<div class=\"tb-card-content\">\n\t\t\t\t\t\t\t\t<h5>\n\t\t\t\t\t\t\t\t\t\t\t\t\t\t\t\t\t\t<span>Transport personnel<\/span>\n\t\t\t\t\t\t\t\t<\/h5>\n\t\t\t\t\t\t\t\t\t\t\t\t\t\t\t\t\t<div class=\"price tiny-body-font mobile\"><p>Gratuit<\/p><\/div>\t\t\t\t\t\t\t\t<div class=\"content readmore-content content--clamped\">\t\t<div class=\"translation-block\"><p>Vous envisagez de venir en voiture en Norv\u00e8ge ? Pensez aux <strong>p\u00e9ages<\/strong> et aux frais de <strong>travers\u00e9e en ferry<\/strong>. Le trajet est long et magnifique, mais peut \u00eatre fatigant, donc pr\u00e9voyez suffisamment de pauses et de nuits pour rendre votre voyage plus agr\u00e9able et s\u00e9curis\u00e9.<\/p><p>Plusieurs options s'offrent \u00e0 vous pour rejoindre la Norv\u00e8ge en voiture. Vous pouvez passer par l'Allemagne et le Danemark en empruntant des ferries. Une autre alternative consiste \u00e0 traverser le Danemark pour rejoindre la Su\u00e8de via le pont, puis suivre la c\u00f4te ouest jusqu\u2019\u00e0 votre destination.<\/p><p>Vous pouvez stationner gratuitement toute la semaine pr\u00e8s de l'\u00e9glise de Fresvik.<\/p><p><strong>Covoiturage avec d'autres participants<\/strong><br>Si vous avez de la place dans votre voiture ou si vous cherchez un moyen de vous rendre en Norv\u00e8ge, vous pouvez facilement entrer en contact avec d\u2019autres participants via notre <a href=\"https:\/\/www.facebook.com\/groups\/leskayaktrippers\">groupe Facebook<\/a>. Vous pourrez ainsi organiser votre covoiturage, \u00e9conomiser sur les frais et r\u00e9duire votre empreinte carbone !<\/p><\/div>\n\t<\/div>\n\t\t\t\t\t\t\t\t\t\t\t\t\t\t\t\t<div class=\"readmore link js-readmore\">\n\t\t\t\t\t\t\t\t\t<span><i class=\"fa-solid fa-circle-plus\"><\/i><u>Lire la suite<\/u><\/span>\n\t\t\t\t\t\t\t\t\t<span><i class=\"fa-solid fa-circle-minus\"><\/i><u>Lire moins<\/u><\/span>\n\t\t\t\t\t\t\t\t<\/div>\n\t\t\t\t\t\t\t\t\t\t\t\t\t\t\t\t<dialog class=\"tb-popup\">\n\t\t\t\t\t\t\t\t\t<div class=\"tb-highlights-popup\">\n\t\t\t\t\t\t\t\t\t\t<div class=\"tb-image-part\">\n\t\t\t\t\t\t\t\t\t\t\t<img src='https:\/\/tkt.travelblox.eu\/wp-content\/uploads\/sites\/69\/2023\/10\/TKT23_MICHIELANNAERT_HR-159-scaled-e1700476224577-768x718.jpg' width='768' height='718' alt='2 personnes mangeant des chips avec des ch\u00e8vres - Kayak - fjord en Norv\u00e8ge - randonn\u00e9e en Norv\u00e8ge - kayak - depuis l&#039;a\u00e9roport de Bruxelles' loading='lazy' image_size='medium_large'>\t\t\t\t\t\t\t\t\t\t<\/div>\n\t\t\t\t\t\t\t\t\t\t<div class=\"tb-popup-content\">\n\t\t\t\t\t\t\t\t\t\t\t<h5>Transport personnel<\/h5>\n\t\t\t\t\t\t\t\t\t\t\t<div class=\"content\">\t\t<div class=\"translation-block\"><p>Vous envisagez de venir en voiture en Norv\u00e8ge ? Pensez aux <strong>p\u00e9ages<\/strong> et aux frais de <strong>travers\u00e9e en ferry<\/strong>. Le trajet est long et magnifique, mais peut \u00eatre fatigant, donc pr\u00e9voyez suffisamment de pauses et de nuits pour rendre votre voyage plus agr\u00e9able et s\u00e9curis\u00e9.<\/p><p>Plusieurs options s'offrent \u00e0 vous pour rejoindre la Norv\u00e8ge en voiture. Vous pouvez passer par l'Allemagne et le Danemark en empruntant des ferries. Une autre alternative consiste \u00e0 traverser le Danemark pour rejoindre la Su\u00e8de via le pont, puis suivre la c\u00f4te ouest jusqu\u2019\u00e0 votre destination.<\/p><p>Vous pouvez stationner gratuitement toute la semaine pr\u00e8s de l'\u00e9glise de Fresvik.<\/p><p><strong>Covoiturage avec d'autres participants<\/strong><br>Si vous avez de la place dans votre voiture ou si vous cherchez un moyen de vous rendre en Norv\u00e8ge, vous pouvez facilement entrer en contact avec d\u2019autres participants via notre <a href=\"https:\/\/www.facebook.com\/groups\/leskayaktrippers\">groupe Facebook<\/a>. Vous pourrez ainsi organiser votre covoiturage, \u00e9conomiser sur les frais et r\u00e9duire votre empreinte carbone !<\/p><\/div>\n\t<\/div>\n\t\t\t\t\t\t\t\t\t\t<\/div>\n\t\t\t\t\t\t\t\t\t<\/div>\n\t\t\t\t\t\t\t\t<\/dialog>\n\t\t\t\t\t\t\t<\/div>\n\t\t\t\t\t\t<\/div>\n\t\t\t\t\t\t\t\t\t\t\t\t\t\t<\/div>\n\t\t\t\t\t\t<div class=\"tb-carousel-nav\">\n\t\t\t<div class=\"dots\">\n\t\t\t\t<div class=\"dot active\"><\/div>\n\t\t\t\t<div class=\"dot\"><\/div>\n\t\t\t\t<div class=\"dot\"><\/div>\n\t\t\t<\/div>\n\t\t\t<div class=\"arrows\">\n\t\t\t\t<div class=\"prev disabled\">\n\t\t\t\t\t<span><i class=\"fa fa-chevron-left\"><\/i><\/span>\n\t\t\t\t<\/div>\n\t\t\t\t<div class=\"next\">\n\t\t\t\t\t<span><i class=\"fa fa-chevron-right\"><\/i><\/span>\n\t\t\t\t<\/div>\n\t\t\t<\/div>\n\t\t<\/div>\n\t\t\t\t<\/div>\n\t\t<\/div>\n\t\t\t\t\t\t\t\t\t\t\t\t\t\t\t\t\t\t\t<div class=\"inner-block-full-width has-tb-carousel tb-section\" id=\"options-section-1\"style=\"display:none;\">\n\t\t\t<div class=\"tb-carousel-container\">\n\t\t\t\t<div class=\"entries tb-cards\" data-slider-first=\"1\">\n\t\t\t\t\t\t\t\t\t\t\t\t\t\t\t<div class=\"tb-card entry tb-popup-trigger desktop-only-popup\">\n\t\t\t\t\t\t\t<div class=\"tb-image-part desktop\">\n\t\t\t\t\t\t\t\t<img src='https:\/\/tkt.travelblox.eu\/wp-content\/uploads\/sites\/69\/2024\/11\/TKT24_RoyMosterd_8300746_LR-1-1-e1730725503899.jpg' width='1011' height='758' alt='Femme faisant bouillir de l&#039;eau pour du caf\u00e9 et un repas - Kayak - Fjord de Norv\u00e8ge - Randonn\u00e9e en Norv\u00e8ge - kayaking - depuis l&#039;a\u00e9roport de Bruxelles' loading='lazy'>\t\t\t\t\t\t\t\t\t\t\t\t\t\t\t\t\t\t\t\t\t\t\t\t\t<div class=\"price tiny-body-font desktop translation-block\"><p>\u00c0 partir de 107 \u20ac<\/p><\/div>\t\t\t\t\t\t\t<\/div>\n\t\t\t\t\t\t\t<div class=\"tb-image-part mobile\">\n\t\t\t\t\t\t\t\t<img src='https:\/\/tkt.travelblox.eu\/wp-content\/uploads\/sites\/69\/2024\/11\/TKT24_RoyMosterd_8300746_LR-1-1-e1730725503899-768x576.jpg' width='768' height='576' alt='Femme faisant bouillir de l&#039;eau pour du caf\u00e9 et un repas - Kayak - Fjord de Norv\u00e8ge - Randonn\u00e9e en Norv\u00e8ge - kayaking - depuis l&#039;a\u00e9roport de Bruxelles' loading='lazy' image_size='medium_large'>\t\t\t\t\t\t\t\t\t\t\t\t\t\t\t<\/div>\n\t\t\t\t\t\t\t<div class=\"tb-card-content\">\n\t\t\t\t\t\t\t\t<h5>\n\t\t\t\t\t\t\t\t\t\t\t\t\t\t\t\t\t\t<span>Foodpack<\/span>\n\t\t\t\t\t\t\t\t<\/h5>\n\t\t\t\t\t\t\t\t\t\t\t\t\t\t\t\t\t<div class=\"price tiny-body-font mobile\"><p>\u00c0 partir de 107 \u20ac<\/p><\/div>\t\t\t\t\t\t\t\t<div class=\"content readmore-content content--clamped\">\t\t<div class=\"translation-block\"><p>Une alimentation saine est essentielle pour des vacances actives ! En r\u00e9servant notre Foodpack, vous recevrez 18 repas (entre 600 et 700 kcal par repas), 3 desserts et un d\u00e9licieux repas au camp de base. Nous fournissons \u00e9galement un r\u00e9chaud pratique avec casserole, r\u00e9chaud \u00e0 gaz, bouteille de gaz et couverts \u2013 il vous suffira simplement de pr\u00e9voir un briquet.<\/p><p>Nous proposons une version <strong>v\u00e9g\u00e9tarienne<\/strong> (\u00e0 \u20ac107) et une version avec <strong>viande<\/strong> (\u00e0 \u20ac111).<\/p><p>C'est un voyage intensif et sportif, donc il vous suffira simplement de pr\u00e9voir de bonnes collations nutritives pour vous accompagner pendant vos activit\u00e9s de kayak et de randonn\u00e9e.<\/p><\/div>\n\t<\/div>\n\t\t\t\t\t\t\t\t\t\t\t\t\t\t\t\t<div class=\"readmore link js-readmore\">\n\t\t\t\t\t\t\t\t\t<span><i class=\"fa-solid fa-circle-plus\"><\/i><u>Lire la suite<\/u><\/span>\n\t\t\t\t\t\t\t\t\t<span><i class=\"fa-solid fa-circle-minus\"><\/i><u>Lire moins<\/u><\/span>\n\t\t\t\t\t\t\t\t<\/div>\n\t\t\t\t\t\t\t\t\t\t\t\t\t\t\t\t<dialog class=\"tb-popup\">\n\t\t\t\t\t\t\t\t\t<div class=\"tb-highlights-popup\">\n\t\t\t\t\t\t\t\t\t\t<div class=\"tb-image-part\">\n\t\t\t\t\t\t\t\t\t\t\t<img src='https:\/\/tkt.travelblox.eu\/wp-content\/uploads\/sites\/69\/2024\/11\/TKT24_RoyMosterd_8300746_LR-1-1-e1730725503899-768x576.jpg' width='768' height='576' alt='Femme faisant bouillir de l&#039;eau pour du caf\u00e9 et un repas - Kayak - Fjord de Norv\u00e8ge - Randonn\u00e9e en Norv\u00e8ge - kayaking - depuis l&#039;a\u00e9roport de Bruxelles' loading='lazy' image_size='medium_large'>\t\t\t\t\t\t\t\t\t\t<\/div>\n\t\t\t\t\t\t\t\t\t\t<div class=\"tb-popup-content\">\n\t\t\t\t\t\t\t\t\t\t\t<h5>Foodpack<\/h5>\n\t\t\t\t\t\t\t\t\t\t\t<div class=\"content\">\t\t<div class=\"translation-block\"><p>Une alimentation saine est essentielle pour des vacances actives ! En r\u00e9servant notre Foodpack, vous recevrez 18 repas (entre 600 et 700 kcal par repas), 3 desserts et un d\u00e9licieux repas au camp de base. Nous fournissons \u00e9galement un r\u00e9chaud pratique avec casserole, r\u00e9chaud \u00e0 gaz, bouteille de gaz et couverts \u2013 il vous suffira simplement de pr\u00e9voir un briquet.<\/p><p>Nous proposons une version <strong>v\u00e9g\u00e9tarienne<\/strong> (\u00e0 \u20ac107) et une version avec <strong>viande<\/strong> (\u00e0 \u20ac111).<\/p><p>C'est un voyage intensif et sportif, donc il vous suffira simplement de pr\u00e9voir de bonnes collations nutritives pour vous accompagner pendant vos activit\u00e9s de kayak et de randonn\u00e9e.<\/p><\/div>\n\t<\/div>\n\t\t\t\t\t\t\t\t\t\t<\/div>\n\t\t\t\t\t\t\t\t\t<\/div>\n\t\t\t\t\t\t\t\t<\/dialog>\n\t\t\t\t\t\t\t<\/div>\n\t\t\t\t\t\t<\/div>\n\t\t\t\t\t\t\t\t\t\t\t<div class=\"tb-card entry tb-popup-trigger desktop-only-popup\">\n\t\t\t\t\t\t\t<div class=\"tb-image-part desktop\">\n\t\t\t\t\t\t\t\t<img src='https:\/\/tkt.travelblox.eu\/wp-content\/uploads\/sites\/69\/2024\/11\/20240714_2120090-e1759918794811.jpg' width='1037' height='688' alt='2 personnes camping dans le N\u00e6r\u00f8yfjord - Kayak - fjord de Norv\u00e8ge - randonn\u00e9e en Norv\u00e8ge - kayak - depuis l&#039;a\u00e9roport de Bruxelles' loading='lazy'>\t\t\t\t\t\t\t\t\t\t\t\t\t\t\t\t\t\t\t\t\t\t\t\t\t<div class=\"price tiny-body-font desktop translation-block\"><p>79 \u20ac<\/p><\/div>\t\t\t\t\t\t\t<\/div>\n\t\t\t\t\t\t\t<div class=\"tb-image-part mobile\">\n\t\t\t\t\t\t\t\t<img src='https:\/\/tkt.travelblox.eu\/wp-content\/uploads\/sites\/69\/2024\/11\/20240714_2120090-e1759918794811-768x510.jpg' width='768' height='510' alt='2 personnes camping dans le N\u00e6r\u00f8yfjord - Kayak - fjord de Norv\u00e8ge - randonn\u00e9e en Norv\u00e8ge - kayak - depuis l&#039;a\u00e9roport de Bruxelles' loading='lazy' image_size='medium_large'>\t\t\t\t\t\t\t\t\t\t\t\t\t\t\t<\/div>\n\t\t\t\t\t\t\t<div class=\"tb-card-content\">\n\t\t\t\t\t\t\t\t<h5>\n\t\t\t\t\t\t\t\t\t\t\t\t\t\t\t\t\t\t<span>Mat\u00e9riel de camping<\/span>\n\t\t\t\t\t\t\t\t<\/h5>\n\t\t\t\t\t\t\t\t\t\t\t\t\t\t\t\t\t<div class=\"price tiny-body-font mobile\"><p>\u20ac79<\/p><\/div>\t\t\t\t\t\t\t\t<div class=\"content readmore-content content--clamped\">\t\t<div class=\"translation-block\"><p>Si vous n'avez pas votre propre \u00e9quipement de camping ou si vous ne voulez pas en apporter trop en Norv\u00e8ge, pas de probl\u00e8me ! Vous pouvez <strong>louer<\/strong> chez nous du mat\u00e9riel de camping de qualit\u00e9, \u00e0 s\u00e9chage rapide et compact pour votre voyage. Nous vous fournirons une <strong>tente, un sac de couchage<\/strong> avec une <strong>doublure<\/strong> et un <strong>tapis de sol<\/strong>, que vous pourrez facilement emporter dans votre kayak.<\/p><\/div>\n\t<\/div>\n\t\t\t\t\t\t\t\t\t\t\t\t\t\t\t\t<div class=\"readmore link js-readmore\">\n\t\t\t\t\t\t\t\t\t<span><i class=\"fa-solid fa-circle-plus\"><\/i><u>Lire la suite<\/u><\/span>\n\t\t\t\t\t\t\t\t\t<span><i class=\"fa-solid fa-circle-minus\"><\/i><u>Lire moins<\/u><\/span>\n\t\t\t\t\t\t\t\t<\/div>\n\t\t\t\t\t\t\t\t\t\t\t\t\t\t\t\t<dialog class=\"tb-popup\">\n\t\t\t\t\t\t\t\t\t<div class=\"tb-highlights-popup\">\n\t\t\t\t\t\t\t\t\t\t<div class=\"tb-image-part\">\n\t\t\t\t\t\t\t\t\t\t\t<img src='https:\/\/tkt.travelblox.eu\/wp-content\/uploads\/sites\/69\/2024\/11\/20240714_2120090-e1759918794811-768x510.jpg' width='768' height='510' alt='2 personnes camping dans le N\u00e6r\u00f8yfjord - Kayak - fjord de Norv\u00e8ge - randonn\u00e9e en Norv\u00e8ge - kayak - depuis l&#039;a\u00e9roport de Bruxelles' loading='lazy' image_size='medium_large'>\t\t\t\t\t\t\t\t\t\t<\/div>\n\t\t\t\t\t\t\t\t\t\t<div class=\"tb-popup-content\">\n\t\t\t\t\t\t\t\t\t\t\t<h5>Mat\u00e9riel de camping<\/h5>\n\t\t\t\t\t\t\t\t\t\t\t<div class=\"content\">\t\t<div class=\"translation-block\"><p>Si vous n'avez pas votre propre \u00e9quipement de camping ou si vous ne voulez pas en apporter trop en Norv\u00e8ge, pas de probl\u00e8me ! Vous pouvez <strong>louer<\/strong> chez nous du mat\u00e9riel de camping de qualit\u00e9, \u00e0 s\u00e9chage rapide et compact pour votre voyage. Nous vous fournirons une <strong>tente, un sac de couchage<\/strong> avec une <strong>doublure<\/strong> et un <strong>tapis de sol<\/strong>, que vous pourrez facilement emporter dans votre kayak.<\/p><\/div>\n\t<\/div>\n\t\t\t\t\t\t\t\t\t\t<\/div>\n\t\t\t\t\t\t\t\t\t<\/div>\n\t\t\t\t\t\t\t\t<\/dialog>\n\t\t\t\t\t\t\t<\/div>\n\t\t\t\t\t\t<\/div>\n\t\t\t\t\t\t\t\t\t\t\t<div class=\"tb-card entry tb-popup-trigger desktop-only-popup\">\n\t\t\t\t\t\t\t<div class=\"tb-image-part desktop\">\n\t\t\t\t\t\t\t\t<img src='https:\/\/tkt.travelblox.eu\/wp-content\/uploads\/sites\/69\/2025\/09\/TKT25_MikeTesselaar_WEB-74-e1758281869445.jpg' width='1783' height='1140' loading='lazy'>\t\t\t\t\t\t\t\t\t\t\t\t\t\t\t\t\t\t\t\t\t\t\t\t\t<div class=\"price tiny-body-font desktop translation-block\"><p>\u20ac45<\/p><\/div>\t\t\t\t\t\t\t<\/div>\n\t\t\t\t\t\t\t<div class=\"tb-image-part mobile\">\n\t\t\t\t\t\t\t\t\t\t\t\t<div class=\"inner-block-full-width has-tb-carousel tb-carousel-slider\" >\n\t\t\t<div class=\"tb-carousel-container\">\n\t\t\t\t<div class=\"entries tb-cards\" data-slider-first=\"0\">\n\t\t\t\t\t\t\t\t\t<div class=\"entry\">\n\t\t\t\t<div class=\"tb-image-part\">\n\t\t\t\t\t<figure>\n\t\t\t\t\t\t<img src='https:\/\/tkt.travelblox.eu\/wp-content\/uploads\/sites\/69\/2025\/09\/TKT25_MikeTesselaar_WEB-74-e1758281869445-768x491.jpg' width='768' height='491' loading='lazy' image_size='medium_large'>\t\t\t\t\t\t\t\t\t\t\t<\/figure>\n\t\t\t\t<\/div>\n\t\t\t<\/div>\n\t\t\t\t\t<div class=\"entry\">\n\t\t\t\t<div class=\"tb-image-part\">\n\t\t\t\t\t<figure>\n\t\t\t\t\t\t<img src='https:\/\/tkt.travelblox.eu\/wp-content\/uploads\/sites\/69\/2024\/11\/TKT4_RoyMosterd_8270599_WEB-768x576.jpg' width='768' height='576' alt='Kayak - fjord de Norv\u00e8ge - randonn\u00e9e en Norv\u00e8ge - kayaking - depuis l&#039;a\u00e9roport de Bruxelles' loading='lazy' image_size='medium_large'>\t\t\t\t\t\t\t\t\t\t\t<\/figure>\n\t\t\t\t<\/div>\n\t\t\t<\/div>\n\t\t\t\t\t\t\t\t<\/div>\n\t\t\t\t\t\t<div class=\"tb-carousel-nav\">\n\t\t\t<div class=\"dots\">\n\t\t\t\t<div class=\"dot active\"><\/div>\n\t\t\t\t<div class=\"dot\"><\/div>\n\t\t\t\t<div class=\"dot\"><\/div>\n\t\t\t<\/div>\n\t\t\t<div class=\"arrows\">\n\t\t\t\t<div class=\"prev disabled\">\n\t\t\t\t\t<span><i class=\"fa fa-chevron-left\"><\/i><\/span>\n\t\t\t\t<\/div>\n\t\t\t\t<div class=\"next\">\n\t\t\t\t\t<span><i class=\"fa fa-chevron-right\"><\/i><\/span>\n\t\t\t\t<\/div>\n\t\t\t<\/div>\n\t\t<\/div>\n\t\t\t\t<\/div>\n\t\t<\/div>\n\t\t\t\t\t\t\t\t\t\t\t\t\t\t\t\t\t<\/div>\n\t\t\t\t\t\t\t<div class=\"tb-card-content\">\n\t\t\t\t\t\t\t\t<h5>\n\t\t\t\t\t\t\t\t\t\t\t\t\t\t\t\t\t\t<span>Veste de kayak imperm\u00e9able<\/span>\n\t\t\t\t\t\t\t\t<\/h5>\n\t\t\t\t\t\t\t\t\t\t\t\t\t\t\t\t\t<div class=\"price tiny-body-font mobile\"><p>\u20ac45<\/p><\/div>\t\t\t\t\t\t\t\t<div class=\"content readmore-content content--clamped\">\t\t<div class=\"translation-block\"><p>En Norv\u00e8ge, la pluie et le vent peuvent parfois \u00eatre au rendez-vous. M\u00eame si cela ajoute un charme unique et une atmosph\u00e8re presque mystique, il est essentiel que vous soyez bien pr\u00e9par\u00e9s face \u00e0 ces conditions.<\/p><p>Pour vous prot\u00e9ger efficacement, nous proposons la location d\u2019une <strong>vraie veste de kayak imperm\u00e9able<\/strong>. Avec ses joints en latex aux poignets, sa double ceinture et son col sp\u00e9cialement con\u00e7u, elle emp\u00eache la pluie et l\u2019eau de p\u00e9n\u00e9trer, l\u00e0 o\u00f9 une simple veste de pluie atteint ses limites. En cas de fortes intemp\u00e9ries ou de froid, cette veste se porte facilement par-dessus vos v\u00eatements pour vous garder au sec et bien prot\u00e9g\u00e9s.<\/p><\/div>\n\t<\/div>\n\t\t\t\t\t\t\t\t\t\t\t\t\t\t\t\t<div class=\"readmore link js-readmore\">\n\t\t\t\t\t\t\t\t\t<span><i class=\"fa-solid fa-circle-plus\"><\/i><u>Lire la suite<\/u><\/span>\n\t\t\t\t\t\t\t\t\t<span><i class=\"fa-solid fa-circle-minus\"><\/i><u>Lire moins<\/u><\/span>\n\t\t\t\t\t\t\t\t<\/div>\n\t\t\t\t\t\t\t\t\t\t\t\t\t\t\t\t<dialog class=\"tb-popup\">\n\t\t\t\t\t\t\t\t\t<div class=\"tb-highlights-popup\">\n\t\t\t\t\t\t\t\t\t\t<div class=\"tb-image-part\">\n\t\t\t\t\t\t\t\t\t\t\t\t\t\t\t<div class=\"inner-block-full-width has-tb-carousel tb-carousel-slider\" >\n\t\t\t<div class=\"tb-carousel-container\">\n\t\t\t\t<div class=\"entries tb-cards\" data-slider-first=\"0\">\n\t\t\t\t\t\t\t\t\t<div class=\"entry\">\n\t\t\t\t<div class=\"tb-image-part\">\n\t\t\t\t\t<figure>\n\t\t\t\t\t\t<img src='https:\/\/tkt.travelblox.eu\/wp-content\/uploads\/sites\/69\/2025\/09\/TKT25_MikeTesselaar_WEB-74-e1758281869445-768x491.jpg' width='768' height='491' loading='lazy' image_size='medium_large'>\t\t\t\t\t\t\t\t\t\t\t<\/figure>\n\t\t\t\t<\/div>\n\t\t\t<\/div>\n\t\t\t\t\t<div class=\"entry\">\n\t\t\t\t<div class=\"tb-image-part\">\n\t\t\t\t\t<figure>\n\t\t\t\t\t\t<img src='https:\/\/tkt.travelblox.eu\/wp-content\/uploads\/sites\/69\/2024\/11\/TKT4_RoyMosterd_8270599_WEB-768x576.jpg' width='768' height='576' alt='Kayak - fjord de Norv\u00e8ge - randonn\u00e9e en Norv\u00e8ge - kayaking - depuis l&#039;a\u00e9roport de Bruxelles' loading='lazy' image_size='medium_large'>\t\t\t\t\t\t\t\t\t\t\t<\/figure>\n\t\t\t\t<\/div>\n\t\t\t<\/div>\n\t\t\t\t\t\t\t\t<\/div>\n\t\t\t\t\t\t<div class=\"tb-carousel-nav\">\n\t\t\t<div class=\"dots\">\n\t\t\t\t<div class=\"dot active\"><\/div>\n\t\t\t\t<div class=\"dot\"><\/div>\n\t\t\t\t<div class=\"dot\"><\/div>\n\t\t\t<\/div>\n\t\t\t<div class=\"arrows\">\n\t\t\t\t<div class=\"prev disabled\">\n\t\t\t\t\t<span><i class=\"fa fa-chevron-left\"><\/i><\/span>\n\t\t\t\t<\/div>\n\t\t\t\t<div class=\"next\">\n\t\t\t\t\t<span><i class=\"fa fa-chevron-right\"><\/i><\/span>\n\t\t\t\t<\/div>\n\t\t\t<\/div>\n\t\t<\/div>\n\t\t\t\t<\/div>\n\t\t<\/div>\n\t\t\t\t\t\t\t\t\t\t\t\t<\/div>\n\t\t\t\t\t\t\t\t\t\t<div class=\"tb-popup-content\">\n\t\t\t\t\t\t\t\t\t\t\t<h5>Veste de kayak imperm\u00e9able<\/h5>\n\t\t\t\t\t\t\t\t\t\t\t<div class=\"content\">\t\t<div class=\"translation-block\"><p>En Norv\u00e8ge, la pluie et le vent peuvent parfois \u00eatre au rendez-vous. M\u00eame si cela ajoute un charme unique et une atmosph\u00e8re presque mystique, il est essentiel que vous soyez bien pr\u00e9par\u00e9s face \u00e0 ces conditions.<\/p><p>Pour vous prot\u00e9ger efficacement, nous proposons la location d\u2019une <strong>vraie veste de kayak imperm\u00e9able<\/strong>. Avec ses joints en latex aux poignets, sa double ceinture et son col sp\u00e9cialement con\u00e7u, elle emp\u00eache la pluie et l\u2019eau de p\u00e9n\u00e9trer, l\u00e0 o\u00f9 une simple veste de pluie atteint ses limites. En cas de fortes intemp\u00e9ries ou de froid, cette veste se porte facilement par-dessus vos v\u00eatements pour vous garder au sec et bien prot\u00e9g\u00e9s.<\/p><\/div>\n\t<\/div>\n\t\t\t\t\t\t\t\t\t\t<\/div>\n\t\t\t\t\t\t\t\t\t<\/div>\n\t\t\t\t\t\t\t\t<\/dialog>\n\t\t\t\t\t\t\t<\/div>\n\t\t\t\t\t\t<\/div>\n\t\t\t\t\t\t\t\t\t\t\t\t\t\t<\/div>\n\t\t\t\t\t\t<div class=\"tb-carousel-nav\">\n\t\t\t<div class=\"dots\">\n\t\t\t\t<div class=\"dot active\"><\/div>\n\t\t\t\t<div class=\"dot\"><\/div>\n\t\t\t\t<div class=\"dot\"><\/div>\n\t\t\t<\/div>\n\t\t\t<div class=\"arrows\">\n\t\t\t\t<div class=\"prev disabled\">\n\t\t\t\t\t<span><i class=\"fa fa-chevron-left\"><\/i><\/span>\n\t\t\t\t<\/div>\n\t\t\t\t<div class=\"next\">\n\t\t\t\t\t<span><i class=\"fa fa-chevron-right\"><\/i><\/span>\n\t\t\t\t<\/div>\n\t\t\t<\/div>\n\t\t<\/div>\n\t\t\t\t<\/div>\n\t\t<\/div>\n\t\t\t\t\t\t\t\t\t\t\t\t\t\t\t\t\t\t\t<div class=\"inner-block-full-width has-tb-carousel tb-section\" id=\"options-section-2\"style=\"display:none;\">\n\t\t\t<div class=\"tb-carousel-container\">\n\t\t\t\t<div class=\"entries tb-cards\" data-slider-first=\"1\">\n\t\t\t\t\t\t\t\t\t\t\t\t\t\t\t<div class=\"tb-card entry tb-popup-trigger desktop-only-popup\">\n\t\t\t\t\t\t\t<div class=\"tb-image-part desktop\">\n\t\t\t\t\t\t\t\t<img src='https:\/\/tkt.travelblox.eu\/wp-content\/uploads\/sites\/69\/2024\/10\/unnamed-file.jpg' width='1198' height='898' alt='Des gens regardant \u00e0 c\u00f4t\u00e9 de la cascade - Kayak - Fjord de Norv\u00e8ge - randonn\u00e9e en Norv\u00e8ge - kayaking - depuis l&#039;a\u00e9roport de Bruxelles.' loading='lazy'>\t\t\t\t\t\t\t\t\t\t\t\t\t\t\t\t\t\t\t\t\t\t\t\t\t<div class=\"price tiny-body-font desktop translation-block\"><p>\u20ac49<\/p><\/div>\t\t\t\t\t\t\t<\/div>\n\t\t\t\t\t\t\t<div class=\"tb-image-part mobile\">\n\t\t\t\t\t\t\t\t<img src='https:\/\/tkt.travelblox.eu\/wp-content\/uploads\/sites\/69\/2024\/10\/unnamed-file-768x576.jpg' width='768' height='576' alt='Des gens regardant \u00e0 c\u00f4t\u00e9 de la cascade - Kayak - Fjord de Norv\u00e8ge - randonn\u00e9e en Norv\u00e8ge - kayaking - depuis l&#039;a\u00e9roport de Bruxelles.' loading='lazy' image_size='medium_large'>\t\t\t\t\t\t\t\t\t\t\t\t\t\t\t<\/div>\n\t\t\t\t\t\t\t<div class=\"tb-card-content\">\n\t\t\t\t\t\t\t\t<h5>\n\t\t\t\t\t\t\t\t\t\t\t\t\t\t\t\t\t\t<span>Assurance voyage<\/span>\n\t\t\t\t\t\t\t\t<\/h5>\n\t\t\t\t\t\t\t\t\t\t\t\t\t\t\t\t\t<div class=\"price tiny-body-font mobile\"><p>\u20ac49<\/p><\/div>\t\t\t\t\t\t\t\t<div class=\"content readmore-content content--clamped\">\t\t<div class=\"translation-block\"><p>Vous souhaitez partir en toute s\u00e9r\u00e9nit\u00e9 ? N'oubliez pas d'ajouter une <strong>assurance voyage<\/strong> \u00e0 votre r\u00e9servation. En cas de maladie, d'incident ou de vol, notre assurance vous couvre et vous aide \u00e0 surmonter ces impr\u00e9vus.<\/p><p>Vous pouvez consulter les conditions g\u00e9n\u00e9rales de l'assurance <a href=\"https:\/\/account.travelbase.eu\/fr\/travelinsurance\" target=\"_blank\">ici<\/a>.<\/p><\/div>\n\t<\/div>\n\t\t\t\t\t\t\t\t\t\t\t\t\t\t\t\t<div class=\"readmore link js-readmore\">\n\t\t\t\t\t\t\t\t\t<span><i class=\"fa-solid fa-circle-plus\"><\/i><u>Lire la suite<\/u><\/span>\n\t\t\t\t\t\t\t\t\t<span><i class=\"fa-solid fa-circle-minus\"><\/i><u>Lire moins<\/u><\/span>\n\t\t\t\t\t\t\t\t<\/div>\n\t\t\t\t\t\t\t\t\t\t\t\t\t\t\t\t<dialog class=\"tb-popup\">\n\t\t\t\t\t\t\t\t\t<div class=\"tb-highlights-popup\">\n\t\t\t\t\t\t\t\t\t\t<div class=\"tb-image-part\">\n\t\t\t\t\t\t\t\t\t\t\t<img src='https:\/\/tkt.travelblox.eu\/wp-content\/uploads\/sites\/69\/2024\/10\/unnamed-file-768x576.jpg' width='768' height='576' alt='Des gens regardant \u00e0 c\u00f4t\u00e9 de la cascade - Kayak - Fjord de Norv\u00e8ge - randonn\u00e9e en Norv\u00e8ge - kayaking - depuis l&#039;a\u00e9roport de Bruxelles.' loading='lazy' image_size='medium_large'>\t\t\t\t\t\t\t\t\t\t<\/div>\n\t\t\t\t\t\t\t\t\t\t<div class=\"tb-popup-content\">\n\t\t\t\t\t\t\t\t\t\t\t<h5>Assurance voyage<\/h5>\n\t\t\t\t\t\t\t\t\t\t\t<div class=\"content\">\t\t<div class=\"translation-block\"><p>Vous souhaitez partir en toute s\u00e9r\u00e9nit\u00e9 ? N'oubliez pas d'ajouter une <strong>assurance voyage<\/strong> \u00e0 votre r\u00e9servation. En cas de maladie, d'incident ou de vol, notre assurance vous couvre et vous aide \u00e0 surmonter ces impr\u00e9vus.<\/p><p>Vous pouvez consulter les conditions g\u00e9n\u00e9rales de l'assurance <a href=\"https:\/\/account.travelbase.eu\/fr\/travelinsurance\" target=\"_blank\">ici<\/a>.<\/p><\/div>\n\t<\/div>\n\t\t\t\t\t\t\t\t\t\t<\/div>\n\t\t\t\t\t\t\t\t\t<\/div>\n\t\t\t\t\t\t\t\t<\/dialog>\n\t\t\t\t\t\t\t<\/div>\n\t\t\t\t\t\t<\/div>\n\t\t\t\t\t\t\t\t\t\t\t<div class=\"tb-card entry tb-popup-trigger desktop-only-popup\">\n\t\t\t\t\t\t\t<div class=\"tb-image-part desktop\">\n\t\t\t\t\t\t\t\t<img src='https:\/\/tkt.travelblox.eu\/wp-content\/uploads\/sites\/69\/2023\/10\/webisite-2.png' width='1350' height='1080' alt='Kayakistes en Norv\u00e8ge - Kayak - Fjord norv\u00e9gien - Randonn\u00e9e en Norv\u00e8ge - kayaking - depuis l&#039;a\u00e9roport de Bruxelles' loading='lazy'>\t\t\t\t\t\t\t\t\t\t\t\t\t\t\t\t\t\t\t\t\t\t\t\t\t<div class=\"price tiny-body-font desktop translation-block\"><p>\u20ac69<\/p><\/div>\t\t\t\t\t\t\t<\/div>\n\t\t\t\t\t\t\t<div class=\"tb-image-part mobile\">\n\t\t\t\t\t\t\t\t<img src='https:\/\/tkt.travelblox.eu\/wp-content\/uploads\/sites\/69\/2023\/10\/webisite-2-768x614.png' width='768' height='614' alt='Kayakistes en Norv\u00e8ge - Kayak - Fjord norv\u00e9gien - Randonn\u00e9e en Norv\u00e8ge - kayaking - depuis l&#039;a\u00e9roport de Bruxelles' loading='lazy' image_size='medium_large'>\t\t\t\t\t\t\t\t\t\t\t\t\t\t\t<\/div>\n\t\t\t\t\t\t\t<div class=\"tb-card-content\">\n\t\t\t\t\t\t\t\t<h5>\n\t\t\t\t\t\t\t\t\t\t\t\t\t\t\t\t\t\t<span>Assurance annulation<\/span>\n\t\t\t\t\t\t\t\t<\/h5>\n\t\t\t\t\t\t\t\t\t\t\t\t\t\t\t\t\t<div class=\"price tiny-body-font mobile\"><p>\u20ac69<\/p><\/div>\t\t\t\t\t\t\t\t<div class=\"content readmore-content content--clamped\">\t\t<div class=\"translation-block\"><p>Il peut arriver que, pour des raisons impr\u00e9vues, vous deviez annuler votre voyage. Bien que cette situation soit toujours d\u00e9sagr\u00e9able, elle devient bien plus facile \u00e0 g\u00e9rer si vous \u00eates correctement assur\u00e9(e). Pour \u00eatre totalement couvert(e) jusqu'\u00e0 votre d\u00e9part, optez pour notre <strong>assurance annulation<\/strong> lors de votre r\u00e9servation.<\/p><p>Consultez toutes les conditions de notre assurance annulation en cliquant <a href=\"https:\/\/static.travelbase.eu\/u\/source\/cancellation\/summer\/conditions-fr.pdf\" target=\"_blank\">ici<\/a>.<\/p><p><strong>Conditions de r\u00e9servation Superflex<\/strong><\/p><p>Si vous r\u00e9servez t\u00f4t, vous b\u00e9n\u00e9ficierez de nos conditions de r\u00e9servation Superflex, gratuites pendant une p\u00e9riode limit\u00e9e. Avec cette option, vous aurez la possibilit\u00e9 d'annuler ou de modifier votre voyage (selon les disponibilit\u00e9s) jusqu'au 1er avril 2025, sans avoir \u00e0 justifier votre d\u00e9cision. Une tranquillit\u00e9 d'esprit totale pour une r\u00e9servation sans risque.<\/p><p>Ne prenez <strong>aucun risque<\/strong> ! Apr\u00e8s le 1er avril, vous pourrez toujours ajouter une <strong>assurance annulation classique<\/strong> \u00e0 votre r\u00e9servation pour \u00eatre couvert(e).<\/p><\/div>\n\t<\/div>\n\t\t\t\t\t\t\t\t\t\t\t\t\t\t\t\t<div class=\"readmore link js-readmore\">\n\t\t\t\t\t\t\t\t\t<span><i class=\"fa-solid fa-circle-plus\"><\/i><u>Lire la suite<\/u><\/span>\n\t\t\t\t\t\t\t\t\t<span><i class=\"fa-solid fa-circle-minus\"><\/i><u>Lire moins<\/u><\/span>\n\t\t\t\t\t\t\t\t<\/div>\n\t\t\t\t\t\t\t\t\t\t\t\t\t\t\t\t<dialog class=\"tb-popup\">\n\t\t\t\t\t\t\t\t\t<div class=\"tb-highlights-popup\">\n\t\t\t\t\t\t\t\t\t\t<div class=\"tb-image-part\">\n\t\t\t\t\t\t\t\t\t\t\t<img src='https:\/\/tkt.travelblox.eu\/wp-content\/uploads\/sites\/69\/2023\/10\/webisite-2-768x614.png' width='768' height='614' alt='Kayakistes en Norv\u00e8ge - Kayak - Fjord norv\u00e9gien - Randonn\u00e9e en Norv\u00e8ge - kayaking - depuis l&#039;a\u00e9roport de Bruxelles' loading='lazy' image_size='medium_large'>\t\t\t\t\t\t\t\t\t\t<\/div>\n\t\t\t\t\t\t\t\t\t\t<div class=\"tb-popup-content\">\n\t\t\t\t\t\t\t\t\t\t\t<h5>Assurance annulation<\/h5>\n\t\t\t\t\t\t\t\t\t\t\t<div class=\"content\">\t\t<div class=\"translation-block\"><p>Il peut arriver que, pour des raisons impr\u00e9vues, vous deviez annuler votre voyage. Bien que cette situation soit toujours d\u00e9sagr\u00e9able, elle devient bien plus facile \u00e0 g\u00e9rer si vous \u00eates correctement assur\u00e9(e). Pour \u00eatre totalement couvert(e) jusqu'\u00e0 votre d\u00e9part, optez pour notre <strong>assurance annulation<\/strong> lors de votre r\u00e9servation.<\/p><p>Consultez toutes les conditions de notre assurance annulation en cliquant <a href=\"https:\/\/static.travelbase.eu\/u\/source\/cancellation\/summer\/conditions-fr.pdf\" target=\"_blank\">ici<\/a>.<\/p><p><strong>Conditions de r\u00e9servation Superflex<\/strong><\/p><p>Si vous r\u00e9servez t\u00f4t, vous b\u00e9n\u00e9ficierez de nos conditions de r\u00e9servation Superflex, gratuites pendant une p\u00e9riode limit\u00e9e. Avec cette option, vous aurez la possibilit\u00e9 d'annuler ou de modifier votre voyage (selon les disponibilit\u00e9s) jusqu'au 1er avril 2025, sans avoir \u00e0 justifier votre d\u00e9cision. Une tranquillit\u00e9 d'esprit totale pour une r\u00e9servation sans risque.<\/p><p>Ne prenez <strong>aucun risque<\/strong> ! Apr\u00e8s le 1er avril, vous pourrez toujours ajouter une <strong>assurance annulation classique<\/strong> \u00e0 votre r\u00e9servation pour \u00eatre couvert(e).<\/p><\/div>\n\t<\/div>\n\t\t\t\t\t\t\t\t\t\t<\/div>\n\t\t\t\t\t\t\t\t\t<\/div>\n\t\t\t\t\t\t\t\t<\/dialog>\n\t\t\t\t\t\t\t<\/div>\n\t\t\t\t\t\t<\/div>\n\t\t\t\t\t\t\t\t\t\t\t<div class=\"tb-card entry tb-popup-trigger desktop-only-popup\">\n\t\t\t\t\t\t\t<div class=\"tb-image-part desktop\">\n\t\t\t\t\t\t\t\t<img src='https:\/\/tkt.travelblox.eu\/wp-content\/uploads\/sites\/69\/2023\/10\/TKT23_MICHIELANNAERT_HR-52-scaled.jpg' width='1289' height='2048' alt='kayak + eau - Kayak - fjord de Norv\u00e8ge - randonn\u00e9e en Norv\u00e8ge - kayaking - depuis l&#039;a\u00e9roport de Bruxelles' loading='lazy'>\t\t\t\t\t\t\t\t\t\t\t\t\t\t\t\t\t\t\t\t\t\t\t\t\t<div class=\"price tiny-body-font desktop translation-block\"><p>Temporairement gratuit<\/p><\/div>\t\t\t\t\t\t\t<\/div>\n\t\t\t\t\t\t\t<div class=\"tb-image-part mobile\">\n\t\t\t\t\t\t\t\t<img src='https:\/\/tkt.travelblox.eu\/wp-content\/uploads\/sites\/69\/2023\/10\/TKT23_MICHIELANNAERT_HR-52-768x1220.jpg' width='768' height='1220' alt='kayak + eau - Kayak - fjord de Norv\u00e8ge - randonn\u00e9e en Norv\u00e8ge - kayaking - depuis l&#039;a\u00e9roport de Bruxelles' loading='lazy' image_size='medium_large'>\t\t\t\t\t\t\t\t\t\t\t\t\t\t\t<\/div>\n\t\t\t\t\t\t\t<div class=\"tb-card-content\">\n\t\t\t\t\t\t\t\t<h5>\n\t\t\t\t\t\t\t\t\t\t\t\t\t\t\t\t\t\t<span>Conditions Superflex<\/span>\n\t\t\t\t\t\t\t\t<\/h5>\n\t\t\t\t\t\t\t\t\t\t\t\t\t\t\t\t\t<div class=\"price tiny-body-font mobile\"><p>Temporairement gratuit<\/p><\/div>\t\t\t\t\t\t\t\t<div class=\"content readmore-content content--clamped\">\t\t<div class=\"translation-block\"><p>Si tu r\u00e9serves t\u00f4t, tu recevras temporairement nos conditions de r\u00e9servation Superflex gratuites. Cela te permet d'annuler ou de d\u00e9placer ton voyage (selon les disponibilit\u00e9s) jusqu'au 1er avril 2026 sans avoir \u00e0 donner de raison. Tu peux donc r\u00e9server compl\u00e8tement sans risque.<\/p>\n<p>Ne prends&nbsp;<strong>aucun risque<\/strong>&nbsp;et assure-toi, m\u00eame apr\u00e8s le 1er avril, en ajoutant une&nbsp;<strong>assurance annulation classique<\/strong>&nbsp;\u00e0 ta r\u00e9servation.<\/p><\/div>\n\t<\/div>\n\t\t\t\t\t\t\t\t\t\t\t\t\t\t\t\t<div class=\"readmore link js-readmore\">\n\t\t\t\t\t\t\t\t\t<span><i class=\"fa-solid fa-circle-plus\"><\/i><u>Lire la suite<\/u><\/span>\n\t\t\t\t\t\t\t\t\t<span><i class=\"fa-solid fa-circle-minus\"><\/i><u>Lire moins<\/u><\/span>\n\t\t\t\t\t\t\t\t<\/div>\n\t\t\t\t\t\t\t\t\t\t\t\t\t\t\t\t<dialog class=\"tb-popup\">\n\t\t\t\t\t\t\t\t\t<div class=\"tb-highlights-popup\">\n\t\t\t\t\t\t\t\t\t\t<div class=\"tb-image-part\">\n\t\t\t\t\t\t\t\t\t\t\t<img src='https:\/\/tkt.travelblox.eu\/wp-content\/uploads\/sites\/69\/2023\/10\/TKT23_MICHIELANNAERT_HR-52-768x1220.jpg' width='768' height='1220' alt='kayak + eau - Kayak - fjord de Norv\u00e8ge - randonn\u00e9e en Norv\u00e8ge - kayaking - depuis l&#039;a\u00e9roport de Bruxelles' loading='lazy' image_size='medium_large'>\t\t\t\t\t\t\t\t\t\t<\/div>\n\t\t\t\t\t\t\t\t\t\t<div class=\"tb-popup-content\">\n\t\t\t\t\t\t\t\t\t\t\t<h5>Conditions Superflex<\/h5>\n\t\t\t\t\t\t\t\t\t\t\t<div class=\"content\">\t\t<div class=\"translation-block\"><p>Si tu r\u00e9serves t\u00f4t, tu recevras temporairement nos conditions de r\u00e9servation Superflex gratuites. Cela te permet d'annuler ou de d\u00e9placer ton voyage (selon les disponibilit\u00e9s) jusqu'au 1er avril 2026 sans avoir \u00e0 donner de raison. Tu peux donc r\u00e9server compl\u00e8tement sans risque.<\/p>\n<p>Ne prends&nbsp;<strong>aucun risque<\/strong>&nbsp;et assure-toi, m\u00eame apr\u00e8s le 1er avril, en ajoutant une&nbsp;<strong>assurance annulation classique<\/strong>&nbsp;\u00e0 ta r\u00e9servation.<\/p><\/div>\n\t<\/div>\n\t\t\t\t\t\t\t\t\t\t<\/div>\n\t\t\t\t\t\t\t\t\t<\/div>\n\t\t\t\t\t\t\t\t<\/dialog>\n\t\t\t\t\t\t\t<\/div>\n\t\t\t\t\t\t<\/div>\n\t\t\t\t\t\t\t\t\t\t\t\t\t\t<\/div>\n\t\t\t\t\t\t<div class=\"tb-carousel-nav\">\n\t\t\t<div class=\"dots\">\n\t\t\t\t<div class=\"dot active\"><\/div>\n\t\t\t\t<div class=\"dot\"><\/div>\n\t\t\t\t<div class=\"dot\"><\/div>\n\t\t\t<\/div>\n\t\t\t<div class=\"arrows\">\n\t\t\t\t<div class=\"prev disabled\">\n\t\t\t\t\t<span><i class=\"fa fa-chevron-left\"><\/i><\/span>\n\t\t\t\t<\/div>\n\t\t\t\t<div class=\"next\">\n\t\t\t\t\t<span><i class=\"fa fa-chevron-right\"><\/i><\/span>\n\t\t\t\t<\/div>\n\t\t\t<\/div>\n\t\t<\/div>\n\t\t\t\t<\/div>\n\t\t<\/div>\n\t\t\t\t\t\t\t\t\t\t<\/div>\n\t\t<\/div>\n\n\n    <div class=\"tb-calendarv2 tb-block align-center background-light pattern-none variant-none tb-collapsible-margins\" id=\"join\" data-field-packages='[{&quot;package_id&quot;:&quot;TKT-TKT&quot;,&quot;prereg_url&quot;:&quot;https:\\\/\\\/travelbase.pro.typeform.com\\\/tkt26nl&quot;,&quot;package_summary_content&quot;:&quot;Om je inschrijving te bevestigen, vragen we je binnen 5 dagen een voorschot van 30% te betalen.&quot;,&quot;package_summary_inclusive&quot;:false,&quot;rowid&quot;:&quot;67cffb95ec713&quot;}]' data-package-ids='[\"TKT-TKT\"]' data-brands='[{&quot;type&quot;:&quot;brands&quot;,&quot;id&quot;:&quot;27&quot;,&quot;attributes&quot;:{&quot;name&quot;:&quot;Kayak Trip&quot;,&quot;translatableName&quot;:{&quot;nl&quot;:&quot;The Kayak Trip&quot;,&quot;en&quot;:&quot;The Kayak Trip&quot;,&quot;fr&quot;:&quot;Le Kayak Trip&quot;,&quot;de&quot;:&quot;Der Kayak Trip&quot;}}}]' data-language='fr' data-allow-collapse-consecutive-sold-out-items='1' data-show-prereg-items='1' data-show-participants='0' data-show-departure-hours='0' data-no-participants-title=\"0 participants\" data-no-participants-text=\"Il n'y a pas encore de participants\" data-sold-out-cta=\"&lt;p&gt;Deze trip is volgeboekt.&lt;\/p&gt;\" data-show-months-toggle=\"1\" data-show-waiting-list-buttons=\"1\" data-show-price-toggle=\"0\" data-show-quote-request=\"1\" data-sort-filter-options-by-az-order='0' data-launch-unfiltered='0' data-merge-duplicate-filters='0'>\n        <div class=\"inner-block tb-fade-in tb-fade-in--subtle\">\n            <div class=\"text-part tb-fade-in tb-fade-in--subtle\">\n                                    <h2>Rejoignez le voyage<\/h2>\n                                                    \t\t<div class=\"translation-block\"><p>Les r\u00e9servations pour le <strong>Kayak Trip 2026 sont ouvertes<\/strong>. Les dates de d\u00e9parts sont en juillet 2026.<\/p><p>Vous souhaitez faire du <strong>kayak<\/strong> une autre semaine parce que les dates ne vous conviennent pas ? Si cela ne vous d\u00e9range pas que les guides parlent anglais, alors n'h\u00e9sitez pas \u00e0 consulter notre <a href=\"https:\/\/thekayaktrip.com\/en\/#join\" target=\"_blank\">site web en anglais<\/a>.<\/p><p>Alors, on se voit <strong>en Norv\u00e8ge<\/strong> l'\u00e9t\u00e9 prochain ?<\/p><\/div>\n\t                                                    <div class=\"tb-buttons-part\">\n                                                                            \t\t<a href=\"https:\/\/thekayaktrip.com\/fr\/#join\"  target=\"\" class=\"tb-button\">\n\t\t\tJe r\u00e9serve !\t\t<\/a>\n\t\t                                                                                                                                        <a href=\"https:\/\/booking.travelbase.eu\/tkt26\/offer?lang=fr\" class=\"tb-buttonlink tb-quote-request\" target=\"_blank\"><span>Demander un devis<\/span><\/a>\n                                                                                                                                                        <\/div>\n                            <\/div>\n\n            \n            \n<div class=\"tb-skeleton tb-skeleton--calendar-v2 tb-skeleton--inactive\">\n    <!-- <div class=\"section-toggler section-toggler--small tb-skeleton__border tb-skeleton__disabled\">\n        <div class=\"section-toggler__inner\">\n            <div class=\"section-toggler__toggle-wrapper\">\n                <div class=\"section-toggler__toggles\">\n                    <input type=\"radio\" name=\"2025\" checked>\n                    <label class=\"tb-skeleton__background tb-skeleton__border\" for=\"\"><span class=\"tb-skeleton__bone\"><span class=\"tb-skeleton__invisible-text\">2025<\/span><\/span><\/label>\n                    <input type=\"radio\" name=\"2026\">\n                    <label class=\"tb-skeleton__border\" for=\"\"><span class=\"tb-skeleton__bone\"><span class=\"tb-skeleton__invisible-text\">2026<\/span><\/span><\/label>\n                <\/div>\n            <\/div>\n        <\/div>\n    <\/div> -->\n    <div class=\"tb-calendar-v2__year\" id=\"year-section-0\">\n        <div class=\"tb-block\">\n            <div class=\"section-toggler section-toggler--fake section-toggler--blocks tb-skeleton__border tb-skeleton__disabled\">\n                <div class=\"section-toggler__inner\">\n                    <div class=\"section-toggler__toggle-wrapper\">\n                        <div class=\"section-toggler__toggles\">\n                            <input type=\"radio\" name=\"Jan\" checked>\n                            <label class=\"tb-skeleton__background tb-skeleton__border\" for=\"\"><span class=\"tb-skeleton__bone\"><span class=\"tb-skeleton__invisible-text\">Jan<\/span><\/span><\/label>\n                            <input type=\"radio\" name=\"Feb\">\n                            <label class=\"tb-skeleton__border\" for=\"\"><span class=\"tb-skeleton__bone\"><span class=\"tb-skeleton__invisible-text\">Feb<\/span><\/span><\/label>\n                            <input type=\"radio\" name=\"Mar\">\n                            <label class=\"tb-skeleton__border\" for=\"\"><span class=\"tb-skeleton__bone\"><span class=\"tb-skeleton__invisible-text\">Mar<\/span><\/span><\/label>\n                            <input type=\"radio\" name=\"Apr\">\n                            <label class=\"tb-skeleton__border\" for=\"\"><span class=\"tb-skeleton__bone\"><span class=\"tb-skeleton__invisible-text\">Apr<\/span><\/span><\/label>\n                            <input type=\"radio\" name=\"May\">\n                            <label class=\"tb-skeleton__border\" for=\"\"><span class=\"tb-skeleton__bone\"><span class=\"tb-skeleton__invisible-text\">May<\/span><\/span><\/label>\n                        <\/div>\n                    <\/div>\n                <\/div>\n            <\/div>\n            <div class=\"tb-calendar-v2__month\" id=\"year-0-month-section-0\">\n                <ul class=\"tb-calendar-v2__departures\">\n                                            <li class=\"tb-calendar-v2__departure tb-calendar-v2-departure tb-skeleton__border\" data-availability=\"free\">\n                            <div class=\"tb-calendar-v2-departure__essential\">\n                                <div class=\"tb-calendar-v2-departure__first-part\">\n                                    <div class=\"tb-calendar-v2-departure__destination desktop-only\">\n                                        <span class=\"tb-skeleton__bone\"><span class=\"tb-skeleton__invisible-text\"><strong>Exemple de voyage<\/strong><\/span><\/span>\n                                    <\/div>\n                                    <div class=\"tb-calendar-v2-departure__dates\">\n                                        <div class=\"tb-calendar-v2-departure__startdate\">\n                                            <span class=\"tb-skeleton__bone\"><span class=\"tb-skeleton__invisible-text\">Lundi<\/span><\/span>\n                                            <span class=\"tb-skeleton__bone\"><span class=\"tb-skeleton__invisible-text\"><strong>20 janv. 2025<\/strong><\/span><\/span>\n                                        <\/div>\n                                        <span class=\"tb-skeleton__bone\"><span class=\"tb-skeleton__invisible-text\"><i class=\"fa-solid fa-arrow-right\"><\/i><\/span><\/span>\n                                        <div class=\"tb-calendar-v2-departure__enddate\">\n                                            <span class=\"tb-skeleton__bone\"><span class=\"tb-skeleton__invisible-text\">Dimanche<\/span><\/span>\n                                            <span class=\"tb-skeleton__bone\"><span class=\"tb-skeleton__invisible-text\"><strong>26 janv. 2025<\/strong><\/span><\/span>\n                                        <\/div>\n                                    <\/div>\n                                    <div class=\"tb-calendar-v2-departure__divider desktop-only tb-skeleton__bone\"><\/div>\n                                    <div class=\"tb-calendar-v2-departure__availability desktop-only\" data-availability=\"free\"><strong>\n                                            <span class=\"tb-skeleton__bone\"><span class=\"tb-skeleton__invisible-text\">Disponible<\/span><\/span>\n                                        <\/strong><\/div>\n                                    <div class=\"tb-calendar-v2-departure__spots desktop-only\">\n                                        <span class=\"tb-skeleton__bone\"><span class=\"tb-skeleton__invisible-text\">\n                                                                                             <\/span><\/span>\n                                    <\/div>\n                                <\/div>\n                                <div class=\"tb-calendar-v2-departure__last-part\">\n                                    <div class=\"tb-calendar-v2-departure__price\"><span class=\"tb-skeleton__bone\"><span class=\"tb-skeleton__invisible-text\"><strong>\u20ac 1450<\/strong><\/span><\/span><\/div>\n                                    <div class=\"tb-calendar-v2-departure__availability mobile-only\" data-availability=\"free\">\n                                        <strong>\n                                            <span class=\"tb-skeleton__bone\"><span class=\"tb-skeleton__invisible-text\">Disponible<\/span><\/span>\n                                        <\/strong>\n                                    <\/div>\n                                    <div class=\"tb-calendar-v2-departure__expand-button tb-skeleton__disabled desktop-only\" disabled>\n                                        <span class=\"tb-skeleton__bone\"><span class=\"tb-skeleton__invisible-text\"><i class=\"fa-solid fa-chevron-down\"><\/i><\/span><\/span>\n                                    <\/div>\n                                <\/div>\n                            <\/div>\n                            <div class=\"tb-calendar-v2-departure__divider mobile-only tb-skeleton__bone\"><\/div>\n                            <div class=\"tb-calendar-v2-departure__expand-button mobile-only tb-skeleton__disabled\" disabled>\n                                <span class=\"tb-skeleton__bone\"><span class=\"tb-skeleton__invisible-text\"><span class=\"more-info\">Plus d'infos<\/span> <span class=\"less-info\">Voir moins<\/span> <i class=\"fa-solid fa-chevron-down\"><\/i><\/span><\/span>\n                            <\/div>\n                        <\/li>\n                                            <li class=\"tb-calendar-v2__departure tb-calendar-v2-departure tb-skeleton__border\" data-availability=\"free\">\n                            <div class=\"tb-calendar-v2-departure__essential\">\n                                <div class=\"tb-calendar-v2-departure__first-part\">\n                                    <div class=\"tb-calendar-v2-departure__destination desktop-only\">\n                                        <span class=\"tb-skeleton__bone\"><span class=\"tb-skeleton__invisible-text\"><strong>Exemple de voyage<\/strong><\/span><\/span>\n                                    <\/div>\n                                    <div class=\"tb-calendar-v2-departure__dates\">\n                                        <div class=\"tb-calendar-v2-departure__startdate\">\n                                            <span class=\"tb-skeleton__bone\"><span class=\"tb-skeleton__invisible-text\">Lundi<\/span><\/span>\n                                            <span class=\"tb-skeleton__bone\"><span class=\"tb-skeleton__invisible-text\"><strong>20 janv. 2025<\/strong><\/span><\/span>\n                                        <\/div>\n                                        <span class=\"tb-skeleton__bone\"><span class=\"tb-skeleton__invisible-text\"><i class=\"fa-solid fa-arrow-right\"><\/i><\/span><\/span>\n                                        <div class=\"tb-calendar-v2-departure__enddate\">\n                                            <span class=\"tb-skeleton__bone\"><span class=\"tb-skeleton__invisible-text\">Dimanche<\/span><\/span>\n                                            <span class=\"tb-skeleton__bone\"><span class=\"tb-skeleton__invisible-text\"><strong>26 janv. 2025<\/strong><\/span><\/span>\n                                        <\/div>\n                                    <\/div>\n                                    <div class=\"tb-calendar-v2-departure__divider desktop-only tb-skeleton__bone\"><\/div>\n                                    <div class=\"tb-calendar-v2-departure__availability desktop-only\" data-availability=\"free\"><strong>\n                                            <span class=\"tb-skeleton__bone\"><span class=\"tb-skeleton__invisible-text\">Disponible<\/span><\/span>\n                                        <\/strong><\/div>\n                                    <div class=\"tb-calendar-v2-departure__spots desktop-only\">\n                                        <span class=\"tb-skeleton__bone\"><span class=\"tb-skeleton__invisible-text\">\n                                                                                             <\/span><\/span>\n                                    <\/div>\n                                <\/div>\n                                <div class=\"tb-calendar-v2-departure__last-part\">\n                                    <div class=\"tb-calendar-v2-departure__price\"><span class=\"tb-skeleton__bone\"><span class=\"tb-skeleton__invisible-text\"><strong>\u20ac 1450<\/strong><\/span><\/span><\/div>\n                                    <div class=\"tb-calendar-v2-departure__availability mobile-only\" data-availability=\"free\">\n                                        <strong>\n                                            <span class=\"tb-skeleton__bone\"><span class=\"tb-skeleton__invisible-text\">Disponible<\/span><\/span>\n                                        <\/strong>\n                                    <\/div>\n                                    <div class=\"tb-calendar-v2-departure__expand-button tb-skeleton__disabled desktop-only\" disabled>\n                                        <span class=\"tb-skeleton__bone\"><span class=\"tb-skeleton__invisible-text\"><i class=\"fa-solid fa-chevron-down\"><\/i><\/span><\/span>\n                                    <\/div>\n                                <\/div>\n                            <\/div>\n                            <div class=\"tb-calendar-v2-departure__divider mobile-only tb-skeleton__bone\"><\/div>\n                            <div class=\"tb-calendar-v2-departure__expand-button mobile-only tb-skeleton__disabled\" disabled>\n                                <span class=\"tb-skeleton__bone\"><span class=\"tb-skeleton__invisible-text\"><span class=\"more-info\">Plus d'infos<\/span> <span class=\"less-info\">Voir moins<\/span> <i class=\"fa-solid fa-chevron-down\"><\/i><\/span><\/span>\n                            <\/div>\n                        <\/li>\n                                            <li class=\"tb-calendar-v2__departure tb-calendar-v2-departure tb-skeleton__border\" data-availability=\"free\">\n                            <div class=\"tb-calendar-v2-departure__essential\">\n                                <div class=\"tb-calendar-v2-departure__first-part\">\n                                    <div class=\"tb-calendar-v2-departure__destination desktop-only\">\n                                        <span class=\"tb-skeleton__bone\"><span class=\"tb-skeleton__invisible-text\"><strong>Exemple de voyage<\/strong><\/span><\/span>\n                                    <\/div>\n                                    <div class=\"tb-calendar-v2-departure__dates\">\n                                        <div class=\"tb-calendar-v2-departure__startdate\">\n                                            <span class=\"tb-skeleton__bone\"><span class=\"tb-skeleton__invisible-text\">Lundi<\/span><\/span>\n                                            <span class=\"tb-skeleton__bone\"><span class=\"tb-skeleton__invisible-text\"><strong>20 janv. 2025<\/strong><\/span><\/span>\n                                        <\/div>\n                                        <span class=\"tb-skeleton__bone\"><span class=\"tb-skeleton__invisible-text\"><i class=\"fa-solid fa-arrow-right\"><\/i><\/span><\/span>\n                                        <div class=\"tb-calendar-v2-departure__enddate\">\n                                            <span class=\"tb-skeleton__bone\"><span class=\"tb-skeleton__invisible-text\">Dimanche<\/span><\/span>\n                                            <span class=\"tb-skeleton__bone\"><span class=\"tb-skeleton__invisible-text\"><strong>26 janv. 2025<\/strong><\/span><\/span>\n                                        <\/div>\n                                    <\/div>\n                                    <div class=\"tb-calendar-v2-departure__divider desktop-only tb-skeleton__bone\"><\/div>\n                                    <div class=\"tb-calendar-v2-departure__availability desktop-only\" data-availability=\"free\"><strong>\n                                            <span class=\"tb-skeleton__bone\"><span class=\"tb-skeleton__invisible-text\">Disponible<\/span><\/span>\n                                        <\/strong><\/div>\n                                    <div class=\"tb-calendar-v2-departure__spots desktop-only\">\n                                        <span class=\"tb-skeleton__bone\"><span class=\"tb-skeleton__invisible-text\">\n                                                                                             <\/span><\/span>\n                                    <\/div>\n                                <\/div>\n                                <div class=\"tb-calendar-v2-departure__last-part\">\n                                    <div class=\"tb-calendar-v2-departure__price\"><span class=\"tb-skeleton__bone\"><span class=\"tb-skeleton__invisible-text\"><strong>\u20ac 1450<\/strong><\/span><\/span><\/div>\n                                    <div class=\"tb-calendar-v2-departure__availability mobile-only\" data-availability=\"free\">\n                                        <strong>\n                                            <span class=\"tb-skeleton__bone\"><span class=\"tb-skeleton__invisible-text\">Disponible<\/span><\/span>\n                                        <\/strong>\n                                    <\/div>\n                                    <div class=\"tb-calendar-v2-departure__expand-button tb-skeleton__disabled desktop-only\" disabled>\n                                        <span class=\"tb-skeleton__bone\"><span class=\"tb-skeleton__invisible-text\"><i class=\"fa-solid fa-chevron-down\"><\/i><\/span><\/span>\n                                    <\/div>\n                                <\/div>\n                            <\/div>\n                            <div class=\"tb-calendar-v2-departure__divider mobile-only tb-skeleton__bone\"><\/div>\n                            <div class=\"tb-calendar-v2-departure__expand-button mobile-only tb-skeleton__disabled\" disabled>\n                                <span class=\"tb-skeleton__bone\"><span class=\"tb-skeleton__invisible-text\"><span class=\"more-info\">Plus d'infos<\/span> <span class=\"less-info\">Voir moins<\/span> <i class=\"fa-solid fa-chevron-down\"><\/i><\/span><\/span>\n                            <\/div>\n                        <\/li>\n                                            <li class=\"tb-calendar-v2__departure tb-calendar-v2-departure tb-skeleton__border\" data-availability=\"free\">\n                            <div class=\"tb-calendar-v2-departure__essential\">\n                                <div class=\"tb-calendar-v2-departure__first-part\">\n                                    <div class=\"tb-calendar-v2-departure__destination desktop-only\">\n                                        <span class=\"tb-skeleton__bone\"><span class=\"tb-skeleton__invisible-text\"><strong>Exemple de voyage<\/strong><\/span><\/span>\n                                    <\/div>\n                                    <div class=\"tb-calendar-v2-departure__dates\">\n                                        <div class=\"tb-calendar-v2-departure__startdate\">\n                                            <span class=\"tb-skeleton__bone\"><span class=\"tb-skeleton__invisible-text\">Lundi<\/span><\/span>\n                                            <span class=\"tb-skeleton__bone\"><span class=\"tb-skeleton__invisible-text\"><strong>20 janv. 2025<\/strong><\/span><\/span>\n                                        <\/div>\n                                        <span class=\"tb-skeleton__bone\"><span class=\"tb-skeleton__invisible-text\"><i class=\"fa-solid fa-arrow-right\"><\/i><\/span><\/span>\n                                        <div class=\"tb-calendar-v2-departure__enddate\">\n                                            <span class=\"tb-skeleton__bone\"><span class=\"tb-skeleton__invisible-text\">Dimanche<\/span><\/span>\n                                            <span class=\"tb-skeleton__bone\"><span class=\"tb-skeleton__invisible-text\"><strong>26 janv. 2025<\/strong><\/span><\/span>\n                                        <\/div>\n                                    <\/div>\n                                    <div class=\"tb-calendar-v2-departure__divider desktop-only tb-skeleton__bone\"><\/div>\n                                    <div class=\"tb-calendar-v2-departure__availability desktop-only\" data-availability=\"free\"><strong>\n                                            <span class=\"tb-skeleton__bone\"><span class=\"tb-skeleton__invisible-text\">Disponible<\/span><\/span>\n                                        <\/strong><\/div>\n                                    <div class=\"tb-calendar-v2-departure__spots desktop-only\">\n                                        <span class=\"tb-skeleton__bone\"><span class=\"tb-skeleton__invisible-text\">\n                                                                                             <\/span><\/span>\n                                    <\/div>\n                                <\/div>\n                                <div class=\"tb-calendar-v2-departure__last-part\">\n                                    <div class=\"tb-calendar-v2-departure__price\"><span class=\"tb-skeleton__bone\"><span class=\"tb-skeleton__invisible-text\"><strong>\u20ac 1450<\/strong><\/span><\/span><\/div>\n                                    <div class=\"tb-calendar-v2-departure__availability mobile-only\" data-availability=\"free\">\n                                        <strong>\n                                            <span class=\"tb-skeleton__bone\"><span class=\"tb-skeleton__invisible-text\">Disponible<\/span><\/span>\n                                        <\/strong>\n                                    <\/div>\n                                    <div class=\"tb-calendar-v2-departure__expand-button tb-skeleton__disabled desktop-only\" disabled>\n                                        <span class=\"tb-skeleton__bone\"><span class=\"tb-skeleton__invisible-text\"><i class=\"fa-solid fa-chevron-down\"><\/i><\/span><\/span>\n                                    <\/div>\n                                <\/div>\n                            <\/div>\n                            <div class=\"tb-calendar-v2-departure__divider mobile-only tb-skeleton__bone\"><\/div>\n                            <div class=\"tb-calendar-v2-departure__expand-button mobile-only tb-skeleton__disabled\" disabled>\n                                <span class=\"tb-skeleton__bone\"><span class=\"tb-skeleton__invisible-text\"><span class=\"more-info\">Plus d'infos<\/span> <span class=\"less-info\">Voir moins<\/span> <i class=\"fa-solid fa-chevron-down\"><\/i><\/span><\/span>\n                            <\/div>\n                        <\/li>\n                                            <li class=\"tb-calendar-v2__departure tb-calendar-v2-departure tb-skeleton__border\" data-availability=\"free\">\n                            <div class=\"tb-calendar-v2-departure__essential\">\n                                <div class=\"tb-calendar-v2-departure__first-part\">\n                                    <div class=\"tb-calendar-v2-departure__destination desktop-only\">\n                                        <span class=\"tb-skeleton__bone\"><span class=\"tb-skeleton__invisible-text\"><strong>Exemple de voyage<\/strong><\/span><\/span>\n                                    <\/div>\n                                    <div class=\"tb-calendar-v2-departure__dates\">\n                                        <div class=\"tb-calendar-v2-departure__startdate\">\n                                            <span class=\"tb-skeleton__bone\"><span class=\"tb-skeleton__invisible-text\">Lundi<\/span><\/span>\n                                            <span class=\"tb-skeleton__bone\"><span class=\"tb-skeleton__invisible-text\"><strong>20 janv. 2025<\/strong><\/span><\/span>\n                                        <\/div>\n                                        <span class=\"tb-skeleton__bone\"><span class=\"tb-skeleton__invisible-text\"><i class=\"fa-solid fa-arrow-right\"><\/i><\/span><\/span>\n                                        <div class=\"tb-calendar-v2-departure__enddate\">\n                                            <span class=\"tb-skeleton__bone\"><span class=\"tb-skeleton__invisible-text\">Dimanche<\/span><\/span>\n                                            <span class=\"tb-skeleton__bone\"><span class=\"tb-skeleton__invisible-text\"><strong>26 janv. 2025<\/strong><\/span><\/span>\n                                        <\/div>\n                                    <\/div>\n                                    <div class=\"tb-calendar-v2-departure__divider desktop-only tb-skeleton__bone\"><\/div>\n                                    <div class=\"tb-calendar-v2-departure__availability desktop-only\" data-availability=\"free\"><strong>\n                                            <span class=\"tb-skeleton__bone\"><span class=\"tb-skeleton__invisible-text\">Disponible<\/span><\/span>\n                                        <\/strong><\/div>\n                                    <div class=\"tb-calendar-v2-departure__spots desktop-only\">\n                                        <span class=\"tb-skeleton__bone\"><span class=\"tb-skeleton__invisible-text\">\n                                                                                             <\/span><\/span>\n                                    <\/div>\n                                <\/div>\n                                <div class=\"tb-calendar-v2-departure__last-part\">\n                                    <div class=\"tb-calendar-v2-departure__price\"><span class=\"tb-skeleton__bone\"><span class=\"tb-skeleton__invisible-text\"><strong>\u20ac 1450<\/strong><\/span><\/span><\/div>\n                                    <div class=\"tb-calendar-v2-departure__availability mobile-only\" data-availability=\"free\">\n                                        <strong>\n                                            <span class=\"tb-skeleton__bone\"><span class=\"tb-skeleton__invisible-text\">Disponible<\/span><\/span>\n                                        <\/strong>\n                                    <\/div>\n                                    <div class=\"tb-calendar-v2-departure__expand-button tb-skeleton__disabled desktop-only\" disabled>\n                                        <span class=\"tb-skeleton__bone\"><span class=\"tb-skeleton__invisible-text\"><i class=\"fa-solid fa-chevron-down\"><\/i><\/span><\/span>\n                                    <\/div>\n                                <\/div>\n                            <\/div>\n                            <div class=\"tb-calendar-v2-departure__divider mobile-only tb-skeleton__bone\"><\/div>\n                            <div class=\"tb-calendar-v2-departure__expand-button mobile-only tb-skeleton__disabled\" disabled>\n                                <span class=\"tb-skeleton__bone\"><span class=\"tb-skeleton__invisible-text\"><span class=\"more-info\">Plus d'infos<\/span> <span class=\"less-info\">Voir moins<\/span> <i class=\"fa-solid fa-chevron-down\"><\/i><\/span><\/span>\n                            <\/div>\n                        <\/li>\n                                            <li class=\"tb-calendar-v2__departure tb-calendar-v2-departure tb-skeleton__border\" data-availability=\"free\">\n                            <div class=\"tb-calendar-v2-departure__essential\">\n                                <div class=\"tb-calendar-v2-departure__first-part\">\n                                    <div class=\"tb-calendar-v2-departure__destination desktop-only\">\n                                        <span class=\"tb-skeleton__bone\"><span class=\"tb-skeleton__invisible-text\"><strong>Exemple de voyage<\/strong><\/span><\/span>\n                                    <\/div>\n                                    <div class=\"tb-calendar-v2-departure__dates\">\n                                        <div class=\"tb-calendar-v2-departure__startdate\">\n                                            <span class=\"tb-skeleton__bone\"><span class=\"tb-skeleton__invisible-text\">Lundi<\/span><\/span>\n                                            <span class=\"tb-skeleton__bone\"><span class=\"tb-skeleton__invisible-text\"><strong>20 janv. 2025<\/strong><\/span><\/span>\n                                        <\/div>\n                                        <span class=\"tb-skeleton__bone\"><span class=\"tb-skeleton__invisible-text\"><i class=\"fa-solid fa-arrow-right\"><\/i><\/span><\/span>\n                                        <div class=\"tb-calendar-v2-departure__enddate\">\n                                            <span class=\"tb-skeleton__bone\"><span class=\"tb-skeleton__invisible-text\">Dimanche<\/span><\/span>\n                                            <span class=\"tb-skeleton__bone\"><span class=\"tb-skeleton__invisible-text\"><strong>26 janv. 2025<\/strong><\/span><\/span>\n                                        <\/div>\n                                    <\/div>\n                                    <div class=\"tb-calendar-v2-departure__divider desktop-only tb-skeleton__bone\"><\/div>\n                                    <div class=\"tb-calendar-v2-departure__availability desktop-only\" data-availability=\"free\"><strong>\n                                            <span class=\"tb-skeleton__bone\"><span class=\"tb-skeleton__invisible-text\">Disponible<\/span><\/span>\n                                        <\/strong><\/div>\n                                    <div class=\"tb-calendar-v2-departure__spots desktop-only\">\n                                        <span class=\"tb-skeleton__bone\"><span class=\"tb-skeleton__invisible-text\">\n                                                                                             <\/span><\/span>\n                                    <\/div>\n                                <\/div>\n                                <div class=\"tb-calendar-v2-departure__last-part\">\n                                    <div class=\"tb-calendar-v2-departure__price\"><span class=\"tb-skeleton__bone\"><span class=\"tb-skeleton__invisible-text\"><strong>\u20ac 1450<\/strong><\/span><\/span><\/div>\n                                    <div class=\"tb-calendar-v2-departure__availability mobile-only\" data-availability=\"free\">\n                                        <strong>\n                                            <span class=\"tb-skeleton__bone\"><span class=\"tb-skeleton__invisible-text\">Disponible<\/span><\/span>\n                                        <\/strong>\n                                    <\/div>\n                                    <div class=\"tb-calendar-v2-departure__expand-button tb-skeleton__disabled desktop-only\" disabled>\n                                        <span class=\"tb-skeleton__bone\"><span class=\"tb-skeleton__invisible-text\"><i class=\"fa-solid fa-chevron-down\"><\/i><\/span><\/span>\n                                    <\/div>\n                                <\/div>\n                            <\/div>\n                            <div class=\"tb-calendar-v2-departure__divider mobile-only tb-skeleton__bone\"><\/div>\n                            <div class=\"tb-calendar-v2-departure__expand-button mobile-only tb-skeleton__disabled\" disabled>\n                                <span class=\"tb-skeleton__bone\"><span class=\"tb-skeleton__invisible-text\"><span class=\"more-info\">Plus d'infos<\/span> <span class=\"less-info\">Voir moins<\/span> <i class=\"fa-solid fa-chevron-down\"><\/i><\/span><\/span>\n                            <\/div>\n                        <\/li>\n                                    <\/ul>\n            <\/div>\n        <\/div>\n    <\/div>\n<\/div>            <div class=\"tb-calendar-v2 tb-sections\" data-calendar-data=\"{&quot;brands&quot;:[{&quot;type&quot;:&quot;brands&quot;,&quot;id&quot;:&quot;27&quot;,&quot;attributes&quot;:{&quot;name&quot;:&quot;Kayak Trip&quot;,&quot;translatableName&quot;:{&quot;nl&quot;:&quot;The Kayak Trip&quot;,&quot;en&quot;:&quot;The Kayak Trip&quot;,&quot;fr&quot;:&quot;Le Kayak Trip&quot;,&quot;de&quot;:&quot;Der Kayak Trip&quot;}}}],&quot;packages&quot;:[{&quot;type&quot;:&quot;packages&quot;,&quot;id&quot;:&quot;TKT-TKT&quot;,&quot;attributes&quot;:{&quot;name&quot;:&quot;Kayak Trip - The Kayak Trip&quot;,&quot;destinationName&quot;:&quot;N\\u00e6r\\u00f8yfjord&quot;,&quot;destinationCountry&quot;:null,&quot;destinationTitle&quot;:{&quot;nl&quot;:&quot;N\\u00e6r\\u00f8yfjord&quot;,&quot;en&quot;:&quot;N\\u00e6r\\u00f8yfjord&quot;,&quot;fr&quot;:&quot;N\\u00e6r\\u00f8yfjord&quot;,&quot;de&quot;:&quot;N\\u00e6r\\u00f8yfjord&quot;},&quot;status&quot;:&quot;active&quot;,&quot;updatedAt&quot;:&quot;2026-04-24T19:09:16.000000Z&quot;},&quot;relationships&quot;:{&quot;brand&quot;:{&quot;data&quot;:{&quot;type&quot;:&quot;brands&quot;,&quot;id&quot;:&quot;27&quot;}}}}],&quot;departures&quot;:[{&quot;type&quot;:&quot;departures&quot;,&quot;id&quot;:&quot;t9790&quot;,&quot;attributes&quot;:{&quot;name&quot;:&quot;TKT-W28MON&quot;,&quot;start&quot;:&quot;2026-07-06T10:00:00.000000Z&quot;,&quot;end&quot;:&quot;2026-07-13T12:00:00.000000Z&quot;,&quot;cheapestPrice&quot;:760,&quot;languages&quot;:[&quot;en&quot;,&quot;fr&quot;,&quot;nl&quot;],&quot;availableSpots&quot;:-1,&quot;bookedSpots&quot;:29,&quot;fakeLabel&quot;:&quot;sold out&quot;,&quot;availabilityLabel&quot;:&quot;sold out&quot;,&quot;promoLabel&quot;:&quot;&quot;,&quot;calendarToggles&quot;:[{&quot;value&quot;:&quot;shuttle&quot;,&quot;label&quot;:{&quot;en&quot;:&quot;Shuttle (round trip)&quot;,&quot;nl&quot;:&quot;Shuttle (retour)&quot;,&quot;fr&quot;:&quot;Navette &quot;,&quot;de&quot;:&quot;Shuttle (Hin- und R\\u00fcckfahrt)&quot;},&quot;price&quot;:95,&quot;status&quot;:&quot;available&quot;,&quot;language_hidden&quot;:[],&quot;startIncrement&quot;:0,&quot;endIncrement&quot;:0,&quot;var_name&quot;:&quot;Shuttle&quot;,&quot;category_label&quot;:{&quot;en&quot;:&quot;Flights&quot;,&quot;nl&quot;:&quot;Shuttle&quot;,&quot;fr&quot;:&quot;Navette&quot;,&quot;de&quot;:&quot;Shuttle&quot;}},{&quot;value&quot;:&quot;no shuttle&quot;,&quot;label&quot;:{&quot;en&quot;:&quot;No shuttle&quot;,&quot;nl&quot;:&quot;Geen shuttle&quot;,&quot;fr&quot;:&quot;Pas de navette&quot;,&quot;de&quot;:&quot;Kein Shuttle&quot;},&quot;price&quot;:0,&quot;status&quot;:&quot;available&quot;,&quot;language_hidden&quot;:[],&quot;startIncrement&quot;:0,&quot;endIncrement&quot;:0,&quot;var_name&quot;:&quot;Shuttle&quot;,&quot;category_label&quot;:{&quot;en&quot;:&quot;Flights&quot;,&quot;nl&quot;:&quot;Shuttle&quot;,&quot;fr&quot;:&quot;Navette&quot;,&quot;de&quot;:&quot;Shuttle&quot;}}],&quot;bookable&quot;:false,&quot;bookingUrl&quot;:&quot;https:\\\/\\\/booking.travelbase.eu\\\/tkt26\\\/book?trip=9790&quot;,&quot;packageId&quot;:&quot;TKT-TKT&quot;}},{&quot;type&quot;:&quot;departures&quot;,&quot;id&quot;:&quot;t9792&quot;,&quot;attributes&quot;:{&quot;name&quot;:&quot;TKT-W29MON&quot;,&quot;start&quot;:&quot;2026-07-13T10:00:00.000000Z&quot;,&quot;end&quot;:&quot;2026-07-20T12:00:00.000000Z&quot;,&quot;cheapestPrice&quot;:750,&quot;languages&quot;:[&quot;fr&quot;,&quot;en&quot;,&quot;nl&quot;],&quot;availableSpots&quot;:5,&quot;bookedSpots&quot;:25,&quot;fakeLabel&quot;:&quot;last stock&quot;,&quot;availabilityLabel&quot;:&quot;last spots&quot;,&quot;promoLabel&quot;:&quot;&quot;,&quot;calendarToggles&quot;:[{&quot;value&quot;:&quot;shuttle&quot;,&quot;label&quot;:{&quot;en&quot;:&quot;Shuttle (round trip)&quot;,&quot;nl&quot;:&quot;Shuttle (retour)&quot;,&quot;fr&quot;:&quot;Navette &quot;,&quot;de&quot;:&quot;Shuttle (Hin- und R\\u00fcckfahrt)&quot;},&quot;price&quot;:95,&quot;status&quot;:&quot;available&quot;,&quot;language_hidden&quot;:[],&quot;startIncrement&quot;:0,&quot;endIncrement&quot;:0,&quot;var_name&quot;:&quot;Shuttle&quot;,&quot;category_label&quot;:{&quot;en&quot;:&quot;Flights&quot;,&quot;nl&quot;:&quot;Shuttle&quot;,&quot;fr&quot;:&quot;Navette&quot;,&quot;de&quot;:&quot;Shuttle&quot;}},{&quot;value&quot;:&quot;no shuttle&quot;,&quot;label&quot;:{&quot;en&quot;:&quot;No shuttle&quot;,&quot;nl&quot;:&quot;Geen shuttle&quot;,&quot;fr&quot;:&quot;Pas de navette&quot;,&quot;de&quot;:&quot;Kein Shuttle&quot;},&quot;price&quot;:0,&quot;status&quot;:&quot;available&quot;,&quot;language_hidden&quot;:[],&quot;startIncrement&quot;:0,&quot;endIncrement&quot;:0,&quot;var_name&quot;:&quot;Shuttle&quot;,&quot;category_label&quot;:{&quot;en&quot;:&quot;Flights&quot;,&quot;nl&quot;:&quot;Shuttle&quot;,&quot;fr&quot;:&quot;Navette&quot;,&quot;de&quot;:&quot;Shuttle&quot;}}],&quot;bookable&quot;:true,&quot;bookingUrl&quot;:&quot;https:\\\/\\\/booking.travelbase.eu\\\/tkt26\\\/book?trip=9792&quot;,&quot;packageId&quot;:&quot;TKT-TKT&quot;}},{&quot;type&quot;:&quot;departures&quot;,&quot;id&quot;:&quot;t9793&quot;,&quot;attributes&quot;:{&quot;name&quot;:&quot;TKT-W30MON&quot;,&quot;start&quot;:&quot;2026-07-20T10:00:00.000000Z&quot;,&quot;end&quot;:&quot;2026-07-27T12:00:00.000000Z&quot;,&quot;cheapestPrice&quot;:740,&quot;languages&quot;:[&quot;fr&quot;,&quot;en&quot;,&quot;nl&quot;],&quot;availableSpots&quot;:11,&quot;bookedSpots&quot;:19,&quot;fakeLabel&quot;:&quot;last stock&quot;,&quot;availabilityLabel&quot;:&quot;last spots&quot;,&quot;promoLabel&quot;:&quot;&quot;,&quot;calendarToggles&quot;:[{&quot;value&quot;:&quot;shuttle&quot;,&quot;label&quot;:{&quot;en&quot;:&quot;Shuttle (round trip)&quot;,&quot;nl&quot;:&quot;Shuttle (retour)&quot;,&quot;fr&quot;:&quot;Navette &quot;,&quot;de&quot;:&quot;Shuttle (Hin- und R\\u00fcckfahrt)&quot;},&quot;price&quot;:95,&quot;status&quot;:&quot;available&quot;,&quot;language_hidden&quot;:[],&quot;startIncrement&quot;:0,&quot;endIncrement&quot;:0,&quot;var_name&quot;:&quot;Shuttle&quot;,&quot;category_label&quot;:{&quot;en&quot;:&quot;Flights&quot;,&quot;nl&quot;:&quot;Shuttle&quot;,&quot;fr&quot;:&quot;Navette&quot;,&quot;de&quot;:&quot;Shuttle&quot;}},{&quot;value&quot;:&quot;no shuttle&quot;,&quot;label&quot;:{&quot;en&quot;:&quot;No shuttle&quot;,&quot;nl&quot;:&quot;Geen shuttle&quot;,&quot;fr&quot;:&quot;Pas de navette&quot;,&quot;de&quot;:&quot;Kein Shuttle&quot;},&quot;price&quot;:0,&quot;status&quot;:&quot;available&quot;,&quot;language_hidden&quot;:[],&quot;startIncrement&quot;:0,&quot;endIncrement&quot;:0,&quot;var_name&quot;:&quot;Shuttle&quot;,&quot;category_label&quot;:{&quot;en&quot;:&quot;Flights&quot;,&quot;nl&quot;:&quot;Shuttle&quot;,&quot;fr&quot;:&quot;Navette&quot;,&quot;de&quot;:&quot;Shuttle&quot;}}],&quot;bookable&quot;:true,&quot;bookingUrl&quot;:&quot;https:\\\/\\\/booking.travelbase.eu\\\/tkt26\\\/book?trip=9793&quot;,&quot;packageId&quot;:&quot;TKT-TKT&quot;}},{&quot;type&quot;:&quot;departures&quot;,&quot;id&quot;:&quot;t9799&quot;,&quot;attributes&quot;:{&quot;name&quot;:&quot;TKT-W34MON&quot;,&quot;start&quot;:&quot;2026-08-17T10:00:00.000000Z&quot;,&quot;end&quot;:&quot;2026-08-24T12:00:00.000000Z&quot;,&quot;cheapestPrice&quot;:750,&quot;languages&quot;:[&quot;en&quot;,&quot;nl&quot;,&quot;de&quot;,&quot;fr&quot;],&quot;availableSpots&quot;:7,&quot;bookedSpots&quot;:23,&quot;fakeLabel&quot;:&quot;last stock&quot;,&quot;availabilityLabel&quot;:&quot;last spots&quot;,&quot;promoLabel&quot;:&quot;&quot;,&quot;calendarToggles&quot;:[{&quot;value&quot;:&quot;shuttle&quot;,&quot;label&quot;:{&quot;en&quot;:&quot;Shuttle (round trip)&quot;,&quot;nl&quot;:&quot;Shuttle (retour)&quot;,&quot;fr&quot;:&quot;Navette &quot;,&quot;de&quot;:&quot;Shuttle (Hin- und R\\u00fcckfahrt)&quot;},&quot;price&quot;:95,&quot;status&quot;:&quot;available&quot;,&quot;language_hidden&quot;:[],&quot;startIncrement&quot;:0,&quot;endIncrement&quot;:0,&quot;var_name&quot;:&quot;Shuttle&quot;,&quot;category_label&quot;:{&quot;en&quot;:&quot;Flights&quot;,&quot;nl&quot;:&quot;Shuttle&quot;,&quot;fr&quot;:&quot;Navette&quot;,&quot;de&quot;:&quot;Shuttle&quot;}},{&quot;value&quot;:&quot;no shuttle&quot;,&quot;label&quot;:{&quot;en&quot;:&quot;No shuttle&quot;,&quot;nl&quot;:&quot;Geen shuttle&quot;,&quot;fr&quot;:&quot;Pas de navette&quot;,&quot;de&quot;:&quot;Kein Shuttle&quot;},&quot;price&quot;:0,&quot;status&quot;:&quot;available&quot;,&quot;language_hidden&quot;:[],&quot;startIncrement&quot;:0,&quot;endIncrement&quot;:0,&quot;var_name&quot;:&quot;Shuttle&quot;,&quot;category_label&quot;:{&quot;en&quot;:&quot;Flights&quot;,&quot;nl&quot;:&quot;Shuttle&quot;,&quot;fr&quot;:&quot;Navette&quot;,&quot;de&quot;:&quot;Shuttle&quot;}}],&quot;bookable&quot;:true,&quot;bookingUrl&quot;:&quot;https:\\\/\\\/booking.travelbase.eu\\\/tkt26\\\/book?trip=9799&quot;,&quot;packageId&quot;:&quot;TKT-TKT&quot;}},{&quot;type&quot;:&quot;departures&quot;,&quot;id&quot;:&quot;t9797&quot;,&quot;attributes&quot;:{&quot;name&quot;:&quot;TKT-W35MON&quot;,&quot;start&quot;:&quot;2026-08-24T10:00:00.000000Z&quot;,&quot;end&quot;:&quot;2026-08-31T12:00:00.000000Z&quot;,&quot;cheapestPrice&quot;:730,&quot;languages&quot;:[&quot;de&quot;,&quot;en&quot;,&quot;nl&quot;,&quot;fr&quot;],&quot;availableSpots&quot;:19,&quot;bookedSpots&quot;:11,&quot;fakeLabel&quot;:&quot;&quot;,&quot;availabilityLabel&quot;:&quot;&quot;,&quot;promoLabel&quot;:&quot;&quot;,&quot;calendarToggles&quot;:[{&quot;value&quot;:&quot;shuttle&quot;,&quot;label&quot;:{&quot;en&quot;:&quot;Shuttle (round trip)&quot;,&quot;nl&quot;:&quot;Shuttle (retour)&quot;,&quot;fr&quot;:&quot;Navette &quot;,&quot;de&quot;:&quot;Shuttle (Hin- und R\\u00fcckfahrt)&quot;},&quot;price&quot;:95,&quot;status&quot;:&quot;available&quot;,&quot;language_hidden&quot;:[],&quot;startIncrement&quot;:0,&quot;endIncrement&quot;:0,&quot;var_name&quot;:&quot;Shuttle&quot;,&quot;category_label&quot;:{&quot;en&quot;:&quot;Flights&quot;,&quot;nl&quot;:&quot;Shuttle&quot;,&quot;fr&quot;:&quot;Navette&quot;,&quot;de&quot;:&quot;Shuttle&quot;}},{&quot;value&quot;:&quot;no shuttle&quot;,&quot;label&quot;:{&quot;en&quot;:&quot;No shuttle&quot;,&quot;nl&quot;:&quot;Geen shuttle&quot;,&quot;fr&quot;:&quot;Pas de navette&quot;,&quot;de&quot;:&quot;Kein Shuttle&quot;},&quot;price&quot;:0,&quot;status&quot;:&quot;available&quot;,&quot;language_hidden&quot;:[],&quot;startIncrement&quot;:0,&quot;endIncrement&quot;:0,&quot;var_name&quot;:&quot;Shuttle&quot;,&quot;category_label&quot;:{&quot;en&quot;:&quot;Flights&quot;,&quot;nl&quot;:&quot;Shuttle&quot;,&quot;fr&quot;:&quot;Navette&quot;,&quot;de&quot;:&quot;Shuttle&quot;}}],&quot;bookable&quot;:true,&quot;bookingUrl&quot;:&quot;https:\\\/\\\/booking.travelbase.eu\\\/tkt26\\\/book?trip=9797&quot;,&quot;packageId&quot;:&quot;TKT-TKT&quot;}},{&quot;type&quot;:&quot;departures&quot;,&quot;id&quot;:&quot;t9798&quot;,&quot;attributes&quot;:{&quot;name&quot;:&quot;TKT-W36MON&quot;,&quot;start&quot;:&quot;2026-08-31T10:00:00.000000Z&quot;,&quot;end&quot;:&quot;2026-09-07T12:00:00.000000Z&quot;,&quot;cheapestPrice&quot;:730,&quot;languages&quot;:[&quot;de&quot;,&quot;en&quot;,&quot;nl&quot;,&quot;fr&quot;],&quot;availableSpots&quot;:24,&quot;bookedSpots&quot;:6,&quot;fakeLabel&quot;:&quot;&quot;,&quot;availabilityLabel&quot;:&quot;&quot;,&quot;promoLabel&quot;:&quot;&quot;,&quot;calendarToggles&quot;:[{&quot;value&quot;:&quot;shuttle&quot;,&quot;label&quot;:{&quot;en&quot;:&quot;Shuttle (round trip)&quot;,&quot;nl&quot;:&quot;Shuttle (retour)&quot;,&quot;fr&quot;:&quot;Navette &quot;,&quot;de&quot;:&quot;Shuttle (Hin- und R\\u00fcckfahrt)&quot;},&quot;price&quot;:95,&quot;status&quot;:&quot;available&quot;,&quot;language_hidden&quot;:[],&quot;startIncrement&quot;:0,&quot;endIncrement&quot;:0,&quot;var_name&quot;:&quot;Shuttle&quot;,&quot;category_label&quot;:{&quot;en&quot;:&quot;Flights&quot;,&quot;nl&quot;:&quot;Shuttle&quot;,&quot;fr&quot;:&quot;Navette&quot;,&quot;de&quot;:&quot;Shuttle&quot;}},{&quot;value&quot;:&quot;no shuttle&quot;,&quot;label&quot;:{&quot;en&quot;:&quot;No shuttle&quot;,&quot;nl&quot;:&quot;Geen shuttle&quot;,&quot;fr&quot;:&quot;Pas de navette&quot;,&quot;de&quot;:&quot;Kein Shuttle&quot;},&quot;price&quot;:0,&quot;status&quot;:&quot;available&quot;,&quot;language_hidden&quot;:[],&quot;startIncrement&quot;:0,&quot;endIncrement&quot;:0,&quot;var_name&quot;:&quot;Shuttle&quot;,&quot;category_label&quot;:{&quot;en&quot;:&quot;Flights&quot;,&quot;nl&quot;:&quot;Shuttle&quot;,&quot;fr&quot;:&quot;Navette&quot;,&quot;de&quot;:&quot;Shuttle&quot;}}],&quot;bookable&quot;:true,&quot;bookingUrl&quot;:&quot;https:\\\/\\\/booking.travelbase.eu\\\/tkt26\\\/book?trip=9798&quot;,&quot;packageId&quot;:&quot;TKT-TKT&quot;}}]}\" data-summary-content=\"Om je inschrijving te bevestigen, vragen we je binnen 5 dagen een voorschot van 30% te betalen.\" data-summary-inclusive='[{&quot;remark&quot;:&quot;Kajak + bijhorend materiaal&quot;,&quot;rowid&quot;:&quot;67cffb95ec669&quot;},{&quot;remark&quot;:&quot;7 overnachtingen in de Noorse Fjorden&quot;,&quot;rowid&quot;:&quot;67cffb95ec689&quot;},{&quot;remark&quot;:&quot;Interactieve kaarten in de Kayak Trip app&quot;,&quot;rowid&quot;:&quot;67cffb95ec6a5&quot;},{&quot;remark&quot;:&quot;Begeleiding door ervaren kajakgidsen&quot;,&quot;rowid&quot;:&quot;67cffb95ec6c1&quot;}]'><\/div>\n        <\/div>\n    <\/div>\n\n\n\n\n\n<div class=\"hide-some tb-faq tb-block align-center background-dark pattern-none variant-none tb-collapsible-margins\" id=\"FAQ\">\n\t<div class=\"inner-block tb-fade-in tb-fade-in--subtle\">\n\t\t<div class=\"text-part\">\n\t\t\t<h2>Questions fr\u00e9quemment pos\u00e9es<\/h2>\n\t\t\t\t\t<div class=\"translation-block\"><\/div>\n\t\t\t<\/div>\n\t<\/div>\n\t<div class=\"inner-block\">\n\n\t\t\t\t\t<div class=\"faq-list tb-accordion tb-accordion--animation two-col\">\n\t\t\t\t\t\t\t\t\t<details class=\"details\">\n\t\t\t\t\t\t<summary class=\"summary\"><div>H\u00e9bergement et sanitaires<\/div><\/summary>\n\t\t\t\t\t\t<div class=\"content text-part\">\n\t\t\t\t\t\t\t\t\t<div class=\"translation-block\"><p>Pendant ce voyage, vous passerez sept nuits sous une <strong>tente<\/strong> que vous pourrez apporter ou louer chez nous. La premi\u00e8re et la derni\u00e8re nuit du s\u00e9jour se d\u00e9rouleront au camp de base du Kayak Trip \u00e0 Fresvik, o\u00f9 vous aurez acc\u00e8s aux installations sanitaires. Toutes les autres nuits, vous dormirez dans des lieux magnifiques autour du N\u00e6r\u00f8yfjord.<\/p><p>En pleine nature, il n\u2019y a ni douches ni toilettes. Si vous choisissez l\u2019itin\u00e9raire long, vous passerez une nuit au milieu de la semaine dans un camping \u00e0 Fl\u00e5m, o\u00f9 des installations sanitaires sont disponibles. Vous trouverez \u00e9galement de nombreux points d\u2019arr\u00eat en cours de route pour vos besoins et pour remplir votre gourde d\u2019eau.<\/p><\/div>\n\t\t\t\t\t\t\t<\/div>\n\t\t\t\t\t<\/details>\n\t\t\t\t\t\t\t\t\t<details class=\"details\">\n\t\t\t\t\t\t<summary class=\"summary\"><div>Repas et boissons<\/div><\/summary>\n\t\t\t\t\t\t<div class=\"content text-part\">\n\t\t\t\t\t\t\t\t\t<div class=\"translation-block\"><p>Lors de votre Kayak Trip, vous avez la possibilit\u00e9 de r\u00e9server en plus un <strong>Adventure Foodpack<\/strong>, une excellente option pour les v\u00e9g\u00e9tariens <strong>(107 \u20ac)<\/strong> comme pour les amateurs de viande <strong>(111 \u20ac)<\/strong>. Ce Foodpack est compos\u00e9 de <strong>repas compacts et lyophilis\u00e9s<\/strong> .<\/p><p>Si vous choisissez le Foodpack, vous recevrez, au d\u00e9but du s\u00e9jour, un repas frais au camp de base, 18 repas lyophilis\u00e9s et 3 desserts pour pouvoir pr\u00e9parer vos petits-d\u00e9jeuners, d\u00e9jeuners et d\u00eeners en pleine nature. Le pack inclut aussi un kit de cuisine pratique comprenant une petite casserole, un r\u00e9chaud \u00e0 gaz, une cartouche de gaz et des couverts.<\/p><p>Le Foodpack couvre tous les repas principaux. Vous n\u2019aurez plus qu\u2019\u00e0 emporter un briquet ainsi que des <strong>encas nutritifs<\/strong> pour les pauses pendant le kayak ou la randonn\u00e9e.<\/p><p>L'eau sal\u00e9e des fjords n'est pas potable. Vous pourrez toutefois remplir votre <strong>r\u00e9serve d\u2019eau<\/strong> aux diff\u00e9rentes cascades que vous croiserez en chemin.<\/p><\/div>\n\t\t\t\t\t\t\t<\/div>\n\t\t\t\t\t<\/details>\n\t\t\t\t\t\t\t\t\t<details class=\"details\">\n\t\t\t\t\t\t<summary class=\"summary\"><div>Mat\u00e9riel de camping<\/div><\/summary>\n\t\t\t\t\t\t<div class=\"content text-part\">\n\t\t\t\t\t\t\t\t\t<div class=\"translation-block\"><p>Vous pouvez <strong>louer tout le mat\u00e9riel de camping<\/strong> (tente r\u00e9sistante, matelas isolant et sac de couchage chaud) chez nous pour <strong>79 \u20ac<\/strong> par personne. Vous aurez ainsi l'assurance de disposer de mat\u00e9riel de qualit\u00e9, adapt\u00e9 aux compartiments \u00e9tanches du kayak, sans avoir \u00e0 le transporter en avion.<\/p><p>Bien s\u00fbr, vous pouvez \u00e9galement apporter votre propre mat\u00e9riel de camping. Assurez-vous alors que votre tente est solide, l\u00e9g\u00e8re, compacte et <strong>adapt\u00e9e \u00e0 toutes les conditions m\u00e9t\u00e9orologiques<\/strong>. Votre matelas et sac de couchage doivent aussi convenir aux nuits humides et parfois froides dans les fjords.<\/p><\/div>\n\t\t\t\t\t\t\t<\/div>\n\t\t\t\t\t<\/details>\n\t\t\t\t\t\t\t\t\t<details class=\"details\">\n\t\t\t\t\t\t<summary class=\"summary\"><div>Guides<\/div><\/summary>\n\t\t\t\t\t\t<div class=\"content text-part\">\n\t\t\t\t\t\t\t\t\t<div class=\"translation-block\"><p>Une \u00e9quipe de <strong>guides kayakistes exp\u00e9riment\u00e9s<\/strong> est toujours \u00e0 vos c\u00f4t\u00e9s sur place. Ils connaissent parfaitement les itin\u00e9raires et ont s\u00e9lectionn\u00e9 pour vous et vos compagnons de voyage les plus belles randonn\u00e9es ainsi que les meilleurs emplacements pour passer la nuit. En plus, ils vous feront traverser les fjords en toute s\u00e9curit\u00e9, m\u00eame face aux vagues parfois hautes et aux conditions m\u00e9t\u00e9orologiques changeantes.<\/p><p>En cas d'urgence, vous pourrez utiliser le <strong>bouton SOS<\/strong> int\u00e9gr\u00e9 dans notre application Kayak Trip pour demander rapidement de l\u2019aide.<\/p><\/div>\n\t\t\t\t\t\t\t<\/div>\n\t\t\t\t\t<\/details>\n\t\t\t\t\t\t\t\t\t<details class=\"details\">\n\t\t\t\t\t\t<summary class=\"summary\"><div>Bagage en avion<\/div><\/summary>\n\t\t\t\t\t\t<div class=\"content text-part\">\n\t\t\t\t\t\t\t\t\t<div class=\"translation-block\"><p>Lorsque vous r\u00e9servez un vol avec nous, \u00e7a inclut un bagage \u00e0 main (max. 55 x 35 x 25 cm) et un accessoire (comme un sac \u00e0 main ou un ordinateur portable, max. 40 x 30 x 15 cm) avec un poids total maximum de 12 kg.<\/p><p>Pour 55\u20ac, vous pouvez r\u00e9server un <strong>bagage en soute<\/strong> (max. 23 kg et max. 158 cm L+L+H) pour les vols aller et retour. Cependant, nous vous recommandons de ne pas d\u00e9passer 15 kg, car l'espace dans le kayak est limit\u00e9...<\/p><p>Avez-vous d'autres questions sur les vols ? Consultez le <a href=\"https:\/\/travelbase.fr\/faq-foire-aux-questions\">Centre d'aide sur les vols de Travelbase<\/a>.<\/p><\/div>\n\t\t\t\t\t\t\t<\/div>\n\t\t\t\t\t<\/details>\n\t\t\t\t\t\t\t\t\t<details class=\"details\">\n\t\t\t\t\t\t<summary class=\"summary\"><div>\u00c0 qui s'adresse ce voyage ?<\/div><\/summary>\n\t\t\t\t\t\t<div class=\"content text-part\">\n\t\t\t\t\t\t\t\t\t<div class=\"translation-block\"><p>L'\u00e2ge moyen de nos participants est de 32 ans.<\/p><p>Ce voyage est parfait pour les couples sportifs, les groupes d'amis et les voyageurs solitaires. Les familles sont \u00e9galement les bienvenues, mais nous d\u00e9conseillons ce voyage aux enfants de moins de 16 ans. De plus, il n'y a pas de r\u00e9duction pour les mineurs.<\/p><p>Vous voyagez seul ? Au Kayak Trip, nous accueillons chaleureusement les aventuriers solitaires ! Vous souhaitez rencontrer d\u2019autres participants avant de partir ? Rejoignez notre <a href=\"https:\/\/www.facebook.com\/groups\/LesKayakTrippers\" target=\"_blank\">groupe Facebook Kayak Trip<\/a>, ou n\u2019h\u00e9sitez pas \u00e0 y poster un message pour faire connaissance.<\/p><\/div>\n\t\t\t\t\t\t\t<\/div>\n\t\t\t\t\t<\/details>\n\t\t\t\t\t\t\t\t\t<details class=\"details\">\n\t\t\t\t\t\t<summary class=\"summary\"><div>Quel niveau de condition physique est n\u00e9cessaire ?<\/div><\/summary>\n\t\t\t\t\t\t<div class=\"content text-part\">\n\t\t\t\t\t\t\t\t\t<div class=\"translation-block\"><p>Le Kayak Trip est un v\u00e9ritable <strong>d\u00e9fi sportif<\/strong> : pendant 6 jours, vous alternerez entre pagaie et randonn\u00e9es \u00e0 travers des paysages magnifiques. C\u2019est donc l\u2019aventure id\u00e9ale pour les passionn\u00e9s de <strong>plein air<\/strong> et les personnes en <strong>bonne forme physique<\/strong>, pr\u00eates \u00e0 affronter toutes les conditions m\u00e9t\u00e9orologiques.<\/p><p>Aucune exp\u00e9rience pr\u00e9alable en kayak n\u2019est requise \u2013 votre guide vous fournira toutes les instructions n\u00e9cessaires et un briefing de s\u00e9curit\u00e9 complet. Cependant, pour votre s\u00e9curit\u00e9, il est obligatoire de savoir nager et de d\u00e9tenir un brevet de natation A.<\/p><p>Vous choisirez le nombre de randonn\u00e9es que vous souhaitez faire et la distance que vous voulez parcourir. Les fjords, avec leurs parois abruptes, rendent certaines randonn\u00e9es plus exigeantes, surtout si vous n\u2019\u00eates pas habitu\u00e9 \u00e0 marcher sur des terrains difficiles. Nous vous conseillons donc de vous pr\u00e9parer physiquement avant votre d\u00e9part afin de profiter pleinement de cette exp\u00e9rience unique en Norv\u00e8ge.<\/p><p>Vous cherchez une aventure plus tranquille sur l\u2019eau, dans un cadre moins exigeant ? D\u00e9couvrez <a href=\"https:\/\/thecanoetrip.com\/nl\/\" target=\"_blank\">Le Canoe Trip<\/a>, qui pourrait correspondre \u00e0 vos attentes !<\/p><\/div>\n\t\t\t\t\t\t\t<\/div>\n\t\t\t\t\t<\/details>\n\t\t\t\t\t\t\t\t\t<details class=\"details\">\n\t\t\t\t\t\t<summary class=\"summary\"><div>Quel itin\u00e9raire devrais-je choisir? <\/div><\/summary>\n\t\t\t\t\t\t<div class=\"content text-part\">\n\t\t\t\t\t\t\t\t\t<div class=\"translation-block\"><p>Tu peux choisir entre deux itin\u00e9raires diff\u00e9rents.<\/p>\n<p>Notre itin\u00e9raire standard : le N\u00e6r\u00f8yroute&nbsp;est id\u00e9al pour tous ceux qui souhaitent vivre l'aventure dans la nature norv\u00e9gienne. En plus du kayak, il reste suffisamment de temps pour profiter tranquillement des fjords et s'investir dans les magnifiques randonn\u00e9es que tu peux faire en chemin.<\/p>\n<p>Tu cherches un d\u00e9fi suppl\u00e9mentaire ? Tu veux aller un peu plus loin et repousser tes limites ? Dans ce cas, le <strong>Aurlandsroute<\/strong> plus long est fait pour toi. Tu rames environ 35 kilom\u00e8tres de plus et tu d\u00e9couvres ainsi une nouvelle partie du fjord. L'itin\u00e9raire te m\u00e8ne jusqu'\u00e0 Fl\u00e5m, un charmant village avec un point de vue \u00e0 couper le souffle sur l'Aurlandsfjord.<\/p><\/div>\n\t\t\t\t\t\t\t<\/div>\n\t\t\t\t\t<\/details>\n\t\t\t\t\t\t\t\t\t<details class=\"details\">\n\t\t\t\t\t\t<summary class=\"summary\"><div>Est-ce que je dois choisir un itin\u00e9raire lors de ma r\u00e9servation ?<\/div><\/summary>\n\t\t\t\t\t\t<div class=\"content text-part\">\n\t\t\t\t\t\t\t\t\t<div class=\"translation-block\"><p>Pour votre aventure en kayak, deux itin\u00e9raires s\u2019offrent \u00e0 vous : la <strong>\u201cRoute N\u00e6r\u00f8y\u201d<\/strong> ou la <strong>\u201cRoute Aurlands\u201d<\/strong>. Vous pouvez indiquer votre pr\u00e9f\u00e9rence lors de la r\u00e9servation, mais ce n\u2019est pas obligatoire.<\/p><\/div>\n\t\t\t\t\t\t\t<\/div>\n\t\t\t\t\t<\/details>\n\t\t\t\t\t\t\t\t\t<details class=\"details\">\n\t\t\t\t\t\t<summary class=\"summary\"><div>S'agit-il d'un voyage en groupe?<\/div><\/summary>\n\t\t\t\t\t\t<div class=\"content text-part\">\n\t\t\t\t\t\t\t\t\t<div class=\"translation-block\"><p>Au d\u00e9but du voyage, le groupe est r\u00e9parti en petites \u00e9quipes, chacune accompagn\u00e9e par un guide. En raison des conditions parfois difficiles sur l'eau, la plupart des participants pr\u00e9f\u00e8rent suivre leur guide. Le soir, tout le groupe se retrouve sur le lieu de campement d\u00e9sign\u00e9, car il peut \u00eatre compliqu\u00e9 de trouver un endroit s\u00fbr pour dormir entre les falaises escarp\u00e9es des fjords.<\/p><p>En cas de conditions extr\u00eames, comme un orage, une temp\u00eate ou de fortes vagues, le guide peut d\u00e9cider que chaque \u00e9quipe reste ensemble pour garantir la s\u00e9curit\u00e9 de tous.<\/p><\/div>\n\t\t\t\t\t\t\t<\/div>\n\t\t\t\t\t<\/details>\n\t\t\t\t\t\t\t\t\t<details class=\"details\">\n\t\t\t\t\t\t<summary class=\"summary\"><div>Que se passe-t-il si je ne peux plus partir comme convenu ?<\/div><\/summary>\n\t\t\t\t\t\t<div class=\"content text-part\">\n\t\t\t\t\t\t\t\t\t<div class=\"translation-block\"><p>Souhaitez-vous \u00eatre enti\u00e8rement couvert jusqu'au moment du d\u00e9part ? Lors de la r\u00e9servation, choisissez notre <strong>assurance annulation r\u00e9guli\u00e8re (59 \u20ac)<\/strong>.<\/p><p>Retrouvez toutes les conditions de notre assurance annulation <a href=\"https:\/\/static.travelbase.eu\/u\/source\/cancellation\/summer\/conditions-fr.pdf?_gl=1*1a8zkps*_gcl_au*MTc3NDM5NDMwNy4xNzI3Nzg1NjgxLjE4MzQ5ODY3MjAuMTczMDEyNTAxMy4xNzMwMTI1MDc0*_ga*NDkwMDkxMDI3LjE3MDYwMTEzMTk.*_ga_MNM1Z0RZ2L*MTczMTQ0NDQ4OC40NDguMC4xNzMxNDQ0NDg4LjAuMC4xMDUzNzQzNjQ5\" target=\"_blank\" rel=\"noopener\">ici<\/a>.<\/p><p>Vous avez r\u00e9serv\u00e9 t\u00f4t et vous avez b\u00e9n\u00e9fici\u00e9 de nos <strong>conditions de r\u00e9servation Superflex<\/strong> ? Vous pouvez gratuitement <strong>d\u00e9placer<\/strong> ou <strong>annuler<\/strong> votre r\u00e9servation jusqu'au <strong>1er avril 2025<\/strong> sans avoir \u00e0 donner de raison.<\/p><\/div>\n\t\t\t\t\t\t\t<\/div>\n\t\t\t\t\t<\/details>\n\t\t\t\t\t\t\t\t\t<details class=\"details\">\n\t\t\t\t\t\t<summary class=\"summary\"><div>Que dois-je apporter ?<\/div><\/summary>\n\t\t\t\t\t\t<div class=\"content text-part\">\n\t\t\t\t\t\t\t\t\t<div class=\"translation-block\"><p>Emportez uniquement l\u2019essentiel pour votre aventure. Optez pour des <strong>\u00e9quipements compacts, de qualit\u00e9 et \u00e9tanches<\/strong>. Utilisez notre <a href=\"https:\/\/admin.travelbase.eu\/u\/source\/TKT25-fr-Packlist.pdf\" target=\"_blank\">liste de mat\u00e9riel<\/a> pour ne rien oublier et \u00e9viter de rendre la travers\u00e9e plus difficile.<\/p><p>Le kayak dispose de plusieurs petits compartiments de rangement. Privil\u00e9giez donc des <strong>sacs \u00e9tanches et compacts de 30 litres maximum<\/strong> plut\u00f4t qu\u2019un grand sac \u00e0 dos de randonn\u00e9e.<\/p><p>Si vous voyagez avec une valise ou un grand sac, pas d\u2019inqui\u00e9tude ! Vous pourrez le laisser en s\u00e9curit\u00e9 au camp de base.<\/p><\/div>\n\t\t\t\t\t\t\t<\/div>\n\t\t\t\t\t<\/details>\n\t\t\t\t\t\t\t\t\t<details class=\"details\">\n\t\t\t\t\t\t<summary class=\"summary\"><div>Redonner \u00e0 la nature via Greentripper<\/div><\/summary>\n\t\t\t\t\t\t<div class=\"content text-part\">\n\t\t\t\t\t\t\t\t\t<div class=\"translation-block\"><p>La beaut\u00e9 de notre plan\u00e8te est incroyable, mais pour la pr\u00e9server, il est essentiel d'agir d\u00e8s maintenant. C'est pourquoi nous faisons tout notre possible pour r\u00e9duire l'impact environnemental de nos voyages. Lors de votre r\u00e9servation, vous avez l'opportunit\u00e9 de soutenir un projet climatique Greentripper, qui compense les \u00e9missions de CO2 li\u00e9es \u00e0 votre transport. En participant au projet certifi\u00e9 \"Wildlife Cambodia\", vous aidez \u00e0 prot\u00e9ger les superbes for\u00eats et la faune locale, tout en soutenant les communaut\u00e9s environnantes et en r\u00e9duisant votre empreinte carbone.<\/p><p>De plus, si vous choisissez de compenser les \u00e9missions de votre transport, Travelbase ajoutera \u00e9galement une contribution pour les \u00e9missions locales. \u00c0 la fin de votre voyage, vous recevrez un certificat officiel de cr\u00e9dit carbone.<\/p><p>Pour en savoir plus sur nos initiatives environnementales, visitez <a href=\"http:\/\/travelbase.eu\/impact\" target=\"_blank\" rel=\"noopener\">travelbase.eu\/impact<\/a>.<\/p><\/div>\n\t\t\t\t\t\t\t<\/div>\n\t\t\t\t\t<\/details>\n\t\t\t\t\t\t\t\t\t<details class=\"details\">\n\t\t\t\t\t\t<summary class=\"summary\"><div>Puis-je acheter un bon cadeau?<\/div><\/summary>\n\t\t\t\t\t\t<div class=\"content text-part\">\n\t\t\t\t\t\t\t\t\t<div class=\"translation-block\"><p>Bien s\u00fbr ! Avec le bon cadeau Travelbase, vous pouvez offrir \u00e0 quelqu'un une exp\u00e9rience inoubliable et un souvenir pour la vie !<\/p><p><a href=\"https:\/\/thekayaktrip.com\/fr\/about-us\/#voucher-entry-point\">Commandez votre bon ici.<\/a><\/p><\/div>\n\t\t\t\t\t\t\t<\/div>\n\t\t\t\t\t<\/details>\n\t\t\t\t\t\t\t\t\t<details class=\"details\">\n\t\t\t\t\t\t<summary class=\"summary\"><div>Et si je rencontre des trolls des montagnes ?<\/div><\/summary>\n\t\t\t\t\t\t<div class=\"content text-part\">\n\t\t\t\t\t\t\t\t\t<div class=\"translation-block\"><p>Les trolls sont des cr\u00e9atures g\u00e9antes issues du folklore scandinave. Ils ne supportent pas le son des cloches des \u00e9glises et vivent donc loin de la civilisation dans les hautes montagnes et les for\u00eats profondes.<\/p><p>Lorsque vous bivouaquez au coeur des Fjords pendant le Kayak Trip, vous pouvez entendre leurs \u00e9chos r\u00e9sonner au loin dans les fjords juste apr\u00e8s le coucher du soleil. Les trolls se p\u00e9trifient \u00e0 la lumi\u00e8re du soleil, c'est pourquoi ils ne vivent que la nuit. Comme ils apparaissent souvent dans la mythologie nordique, mieux vaut rester sur vos gardes...<\/p><\/div>\n\t\t\t\t\t\t\t<\/div>\n\t\t\t\t\t<\/details>\n\t\t\t\t\t\t\t<\/div>\n\t\t\t\t<div class=\"load-more-faqs-container\">\n\t\t\t<div class=\"load-more-faqs-link\">\n\t\t\t\t<a href=\"#\" class=\"tb-buttonlink-with-icon load-more\">\n\t\t\t\t\t<span>Afficher plus de FAQ<\/span>\n\t\t\t\t\t<i class=\"icon fa fa-plus\"><\/i>\n\t\t\t\t<\/a>\n\t\t\t\t<a href=\"#\" class=\"tb-buttonlink-with-icon load-less\">\n\t\t\t\t\t<span>Afficher moins de FAQ<\/span>\n\t\t\t\t\t<i class=\"icon fa fa-minus\"><\/i>\n\t\t\t\t<\/a>\n\t\t\t<\/div>\n\t\t<\/div>\n\t<\/div>\n\t\t\t<div class=\"inner-block tb-fade-in tb-fade-in--subtle\">\n\t\t\t<div class=\"faq-footer text-part\">\n\t\t\t\t<h3>Vous n'avez pas trouv\u00e9 la r\u00e9ponse \u00e0 votre question?<\/h3>\t\t\t\t\n\t\t\t\t\t<div class=\"contact-team\">\n\t\t\t\t\t\t\t\t\t\t\t\t\t<span style=\"background-image:url('https:\/\/tkt.travelblox.eu\/wp-content\/uploads\/sites\/69\/2025\/07\/IMG_3197-150x150.jpg');\"><\/span>\n\t\t\t\t\t\t\t\t\t\t\t\t\t<span style=\"background-image:url('https:\/\/tkt.travelblox.eu\/wp-content\/uploads\/sites\/69\/2024\/12\/HannaV-1-scaled-e1733237403310-150x150.jpg');\"><\/span>\n\t\t\t\t\t\t\t\t\t\t\t<\/div>\n\t\t\t\t\t\t\t\t\t\t\t\t\t\t\t\t\t<a href=\"https:\/\/thekayaktrip.com\/nl\/contact\/\" class=\"tb-buttonlink-with-icon\">\n\t\t\t\t\t\t<span>Contactez-nous<\/span>\n\t\t\t\t\t\t<i class=\"icon fa fa-arrow-right\"><\/i>\n\t\t\t\t\t<\/a>\n\t\t\t\t\t\t\t<\/div>\n\t\t<\/div>\n\t<\/div>\n\n\n<div class=\"tb-instagramroll tb-block align-center background-light pattern-none variant-none tb-collapsible-margins\" id=\"instagramroll\">\n\n\t\n\t<div class=\"inner-block tb-fade-in tb-fade-in--subtle\">\n\t\t<div class=\"text-part\">\n\t\t\t<h2>Le Kayak Trip sur Instagram<\/h2>\n\t\t<\/div>\n\t\t\t\t\t<div class=\"embedsocial-hashtag\" data-ref=\"5a8ef319c6b100edc10d461870cb259eb675ff26\"><\/div> <script> (function(d, s, id) { var js; if (d.getElementById(id)) {return;} js = d.createElement(s); js.id = id; js.src = \"https:\/\/embedsocial.com\/cdn\/ht.js\"; d.getElementsByTagName(\"head\")[0].appendChild(js); }(document, \"script\", \"EmbedSocialHashtagScript\")); <\/script>\n\t\t\t<\/div>\n\t\n<\/div>\n\n\n\n<div class=\"tb-voucher-entry-point tb-block align-center background-light pattern-none variant-none tb-collapsible-margins\" id=\"voucher-entry-point\">\n    <div class=\"inner-block has-wave-top has-wave-bottom\">\n        \n        <svg class=\"wave wave-1\" xmlns=\"http:\/\/www.w3.org\/2000\/svg\" viewbox=\"0 0 1455 100\" aria-hidden=\"true\" preserveaspectratio=\"none\" fill=\"none\">\n\t<path fill=\"currentColor\" d=\"M1318.1,92.2c0,0-.2,0-.3,0,.1,0,.3,0,.4,0,0,0,0,0-.1.1Z\"\/>\n    <path fill=\"currentColor\" d=\"M1455,16s-23.6-1.5-25.9-1.8c-2.5-.3-5-.4-7.7-.5-1.9,0-3.5-.7-5.3-.3h-.3c-1.3-.6-3.8-.5-5.7-.7-.4,0-.6,0-.8-.2-.2,0,0-.3-.9-.2-1,0-.8.1-.4.3.3.2,1,.3-.3.2-1.3,0-.9-.2-.8-.3,0-.1,0-.3,0-.3-.7,0-.6.1-.9.2-.8.2-1.3,0-1.8-.1-.5-.2-.2-.2-.5-.3-.9-.2-1.9-.6-3.2-.2-.4,0-.9.6-1.2,0,0-.1-.5-.2-1-.2h-.9c-.4-.5-2.6-.2-3.7-.4-1.1-.2-2.1-.4-2.7,0-.3.2-1.2,0-1.5-.2-1.3-.2-2.3-.4-2.9,0,0,0,0,.2-.5.1s-.2-.1-.4-.2c-.5-.2-1-.4-1.6-.6-.2,0-.4-.2-.9,0-.5.2-1.9.2-3.4,0-3-.5-6.3-.7-9.7-.7-.3,0-.8.1-1.1,0-3.2-1.1-8.3-1-12.8-1.3-1.4,0-1.8-.6-3.7-.5-1.9.2-3.2-.3-4.9-.2-.3,0-2.1,0-2.4-.3,0-.2-.6,0-.8,0,0,0,0,.1,0,.2-.8-.2-1.9-.3-2.9-.3-.4-.5-1.8-.3-3.1-.3-.8,0-1.3.2-1.6.1-2.4-.6-5.5-.1-8.4-.5-2.1-.3-4.4-.4-6.6-.4-3.9,0-7.3-.7-10.8-.6-2.2,0-4.6-.4-6.3,0-.2,0-.8,0-1.2-.1-.3,0-.6-.1-.9-.2-2.1.4-3.5-.4-4.7-.3-1.9.2-3.6-.2-5.3-.2-.3,0-.7,0-1,0-.3,0-.6-.1-.7-.2,0,0-.5-.2-.7-.1-2.4.6-5.4-.1-7.6,0-4.2.1-7.6-.5-11.2-.5-3.6,0-7.4-.4-11.1-.4-4.3,0-8.3-.5-12.6-.5-3.6,0-7.1-.4-10.6-.4-5.5,0-10.7-.4-16.1-.5h-.3c-1-.1-2,.6-2.9,0-1.8.1-3.5-.3-4.6-.3-2.4,0-5.3-.3-7.3.2-.3,0-.6,0-.9,0-3.6-.3-7.3-.5-11-.5-4.9-.2-9.9-.2-14.7-.3-4.5-.1-9-.1-13.5,0-3,0-5.9,0-8.9,0-5.3-.1-10.5-.1-15.8,0-1,0-2,0-2.9-.1-.7,0-2.3-.1-2.5,0-.7.4-1.2,0-1.6,0s-1.2-.2-1.3,0c-.6.6-2.2,0-2.9.1-2.5.2-4.3-.5-6.9-.2-1.4,0-2.8-.1-4.2-.3-4.5-.2-9.1-.3-13.6-.2-.6,0-1.3,0-1.9,0-2.9-.4-5.9,0-8.6,0-2.4,0-4.9-.2-7.2.1-.4,0-.9,0-1.1-.2,0,0,0,0-.1,0,0,0-.1,0-.2,0,0,0-.2,0-.3,0,0,0-.2,0-.2,0-.7.2-1.6.3-2.4.3-.9,0-1.8,0-2.6-.1-1.7,0-3.5,0-5.2,0-3,.2-6,0-9,0-2.4.2-5,.1-7.3-.1h-.5c-1.8.7-5.3-.2-7.2.3-.7-.3-2.2,0-3.2-.1-1.7,0-2,0-2.2.3,0,0,.3.1-.2.2-.2,0-.3,0-.4,0-.8-.6-3.5-.2-4.8-.2-6.6.1-13.2,0-19.7-.2-.5,0-1,0-1.4,0-1.5.2-3.2.3-4.8.1-.7,0-1.4,0-2.1,0-2.3.2-4.7.3-7,.2-1.6,0-3.2,0-4.7,0-2.7.1-5.4,0-8.2.1-1.6,0-3.2,0-4.7-.1-.3,0-.7,0-1,0-1.6.1-3.4.1-5,0-.5,0-1.5,0-1.7,0-.8.4-2.9.2-3.3.2-1.4-.3-1.6,0-2,.1-.8.4-2.4.3-3.8.3-3.7-.2-7.4-.1-11,.2-1.6.2-3.4.6-5.8.2-.9-.1-1.6.3-2.9.2-1.6,0-3.1-.2-4.5-.4-.5-.1-1,0-1.5,0-1.2.2-2.6.2-3.9,0-.4,0-.8,0-1.2,0-.4,0-.7.1-.9.2-.4.4-1,.4-1.9,0-1.4.2-3.4-.4-4.7.3-.7.3-2.6,0-3.1-.1s-1.1-.3-2,0c-.8.2-1.6.3-2.6.3-.9,0-1.9,0-2.8,0-3.1-.1-6.3-.1-9.4,0-2.1,0-4.2,0-6.2.1-3,.1-6.1.2-9.2.1-2.1.2-4.4.3-6.6.2-.6,0-.9.1-1,.2-.2.1,0,.2-.7.2-.1,0-.2,0-.3,0,0,0-.1,0-.2-.1,0-.1,0-.2-.6-.2s-.6.2-.6.3c0,.1,0,.3-.6.3-.6,0-.4-.2-.5-.3s0-.2-.5-.2c-2.4.1-4.8.2-7.3.3-1.5.1-3.2.3-4.8.3-2.2.2-4.4.2-6.6,0-3.3-.3-6.8-.2-9.8.2-.9.2-1.6,0-2.3,0-1-.5-2.9-.2-4.5-.2-4.3,0-8.5.2-12.6.6-.3,0-.7,0-1,0-1.2-.5-3.8-.1-5.8-.2-2,0-3.8.1-5.8,0-1.2.6-3.5,0-5.3.3-1.2.2-2.6.3-4,.3-.3,0-1.2,0-1.6,0-.3,0-.6-.1-1-.2-.4,0-.8,0-1.2,0-2.4.4-5,.1-7.5.2-1,0-3.2.4-3.7-.2-.2,0-.3,0-.5,0-1,.7-3.7.3-5.8.4-.4,0-1.2,0-1.2,0-.2.5-2.1.4-3.4.4-.7,0-1.8,0-1.8-.2s-.6-.2-1.3-.2c-.7,0-1.2,0-1.6.2-.5.1-1.1.2-1.7.3-.7,0-1.3,0-1.9-.1-.9-.2-1.7,0-2.6,0l-10,.7h-.3c-1.8-.1-3.6,0-5.4,0-2.2.1-4.6.2-6.8.3-2.4,0-4.7,0-7.1,0-1.1,0-2.1,0-3.1.2-1.7.3-3.7.5-5.8.4-2.2,0-3.5.2-4.4-.3-.4-.3-2.3,0-3.1,0-1,0-2,.1-3,.1-3.6.1-7.1.4-10.5.7-3.1.2-6.3.2-9.5.2-.5,0-1.1-.1-1.6-.1s-1.1,0-1.6.1c-1.1.2-2.3.3-3.6.3-1.3,0-2.6,0-3.7-.2-1.9-.1-3.8,0-5.6.2-1.1.1-2.2.1-3.4.1-2.2-.1-2.5,0-2.6.4,0,0,.2.2-.5.1v-.2c0-.2-.2-.4-1.8-.3-2.5.2-5.1-.2-7.7.2-.9.1-2.9,0-4.3,0-2.9,0-5.8.3-8.6.4-2,0-4.5.3-6.5,0-.6-.1-1.2,0-1.9,0-1.2,0-2.6.4-3.8,0-.1,0-2.4.1-2.9.4,0,0,0,.2-.7.2-.7,0-.2-.1,0-.2.4-.2-.8-.2-1.3-.2-2.3,0-4.7,0-6.9.2-.9,0-1.8.3-2.9,0-.6-.2-.9.2-1.8.2-2.6,0-5.3,0-7.9.1-1.9,0-4.5-.2-5.5.5,0,0-.4,0-.6,0,0,0-.1,0-.2-.1-.2-.3.5-.7-2.9-.4-2.8.4-6.1.5-9.1.3-2.4.4-4.3-.2-6.5,0-2,.2-4.2.2-6.2.1-1.1,0-.9.4-2.4.4-1.4,0-3.7-.4-4.6.2-3.2-.3-6.7.3-10.2-.1-2.4-.1-4.9,0-7.3.2-1.7.1-3.7.6-5.4,0-3.1.5-6.4.2-9.5.2-.3,0-.7.1-1.2,0-2.5-.3-5.2.2-7.7,0-.3,0-.6,0-.9,0-.3,0-.5,0-.7.1-.5.2-.9.4-1.7,0-.3-.1-1.8-.4-2.2,0-1.2,0-2.4.5-3.9,0-1.4,0-2.8,0-4.2.1-2.5.2-5.1.3-7.7.2-1.7,0-3.4,0-5.1.2-1.6,0-3.4.5-4.7,0-1.1,0-2.2,0-3.3,0-1.6.1-3.2.1-4.8,0-.7,0-2.6.1-3.9.2-3.4.1-6.9.1-10.3,0-1.8,0-3.5.3-5.2,0-1,.7-4.1.3-6.1.5-.9,0-2,.1-2.9,0s-1.9-.2-2.7-.4c-.5-.1-.3-.3-1.1,0-1.4.4-3.8.3-5.9.3-4,0-8,.2-11.9.1-3.9,0-8,.2-11.9,0-.9,0-1.8,0-2.7,0-1.1,0-1.9,0-2.3-.2-.1-.1-.3-.2-1-.2-.2,0-.2.2-.3.2-.1,0,.9.4-.4.4-1.3,0-2.5,0-3.7-.2-.8-.2-1.7-.2-2.6-.2s-1.9,0-2.6.2c-.8.1-1.6.2-2.4.2s-1.7,0-2.4-.2c-.9-.2-2-.2-3-.3-1.1,0-2.1,0-3.1.2-1.1,0-2,.3-2.7,0-.4-.2-1.3,0-1.8,0-3.1.4-6.3,0-9.5.1-2.2,0-4.8-.3-6.3.3-.2,0-.3,0-.5,0-1.5-.4-2.5,0-3.8,0-.7,0-1.1-.1-1-.2.4-.4-.8-.2-1.7-.2-.2,0-.4,0-.6,0-1.4-.2-2.4,0-3.5,0h-.7c-1.3-.6-3.5-.1-5.3,0-2.7,0-5.4-.3-8.1,0-1.9.2-3.9.2-5.8,0-1.4,0-2.9,0-4.2.2-2.4.3-4.9.4-7.4.5-1.5,0-1.6,0-.6-.2.9-.2.9-.3.1-.4-.7-.1-1.2,0-1.8.1-.2,0-.4,0-.7,0s-.5,0-.7,0c-.4-.1-1-.2-1.2,0-1.5.7-4.4,0-6.5.2-.9,0-2.4-.2-3.6,0-.1,0-.3,0-.4,0s-.3,0-.4,0c-1.6-.5-8.2-.9-9.4-.6-2,.6-3.1,0-4.3,0-2.4,0-4.7-.1-7.1,0-2.8,0-5.6,0-8.3-.1-1.5,0-3.4-.3-4.1.2,0,0-.4,0-.6,0-1.2-.4-3.2-.1-4.3-.1-4.6.1-8.9-.6-13.6-.2-1,0-1.5-.5-3.2-.3-.6,0-1.7,0-1.8.2,0,.3-1,.2-1.5.1-.5,0-.4-.2-.5-.3,0,0,.2-.3-.9-.2-3.2,0-6.4,0-9.6-.2-3.2,0-6.5,0-9.7.1-2.2,0-4.4,0-6.6-.2-.7,0-1.1,0-1.6,0-2.3,0-4.8.3-6-.4,0,0-.1,0-.2-.1,0,0-.2,0-.3,0-.1,0-.3,0-.4,0-.1,0-.3,0-.4,0-3.1.3-6.5.4-9.8.2-2.9-.2-6.2,0-8.8-.4-2.7-.5-5.2-.2-7.8-.3-2.1,0-4.2,0-6.2,0-5.5-.2-11.1-.3-16.7-.4-2.2,0-4.3-.1-6.4-.3-.9,0-1.9-.1-2.8,0s-1.9.1-2.7.3c-.7.2-.7-.2-1.7-.2s-2.5.2-3.8,0c-.7-.1-3.7,0-1.1-.5.4,0-.3-.2-.7-.1-2.4.1-4.9-.2-7.3,0-1.7,0-3.4,0-5-.2-1.4-.2-2.9-.2-4.4-.1-1.8.1-2.9.3-3.8.1-2.4-.4-5.1-.5-7.8-.4-3.3.2-6.2-.5-9.3-.3-.8,0-.9-.1-1-.2-.4-.2-.8-.4-1.7-.1-.9.2-.9,0-1.1,0-.3-.2-.8-.2-1.3-.2.4.1.7.2.6.3-.1.1,1.8.2.4.3-.9,0-1.9,0-2.7-.1-1-.2.5-.2.7-.2h.1c.2,0,.3-.2.4-.3,0,0,0,0-.1,0-1-.2-2-.2-3.1-.2-2,0-4,0-5.9-.2-1.6-.2-3.4-.2-5,0-1.1.1-1.1-.2-2-.2-6.9-.4-13.9-.7-20.9-.8-3.1-.7-7.1,0-10.4-.6-.7-.1-2.6-.4-3.7,0-1.3-.2-2.7-.3-4.1-.2-3-.2-6-.4-8.9-.8-1.8-.3-3.7-.5-5.8-.5-.5,0-1,0-1,.1,0,.4-1.6,0-1.6,0-.5-.8-3.2-.5-5.1-.6-3.2-.2-6.4.1-9.9-.5-2-.2-4.1-.3-6.3-.3-2.1,0-4.8.2-6.2-.6-.3-.2-3.3-.2-5-.4-4.4-.3-8.8-.6-13.2-1,0,0,0-.2,0-.3l-.8.2c-3.6-.4-7.2-.6-10.9-.8h-2.2C4.6,1.4,0,1.2,0,1.2v99.8s1455,0,1455,0V16ZM1288,90.8c0,0,.8,0,1.3,0,.5,0,.8,0,.8.1h-.1c-.2,0-.4,0-.6,0-.2,0-.5,0-.7,0-.3,0-.8,0-.7-.1ZM1027.3,86.1s.4-.2.5-.2c.7,0,.2.2.4.3h-.1s0,.3,0,.3c-.3-.1-.5-.2-.7-.4ZM884.9,87.7s0,0,0,0c.4,0,.8,0,1.3,0-.1,0-.3,0-.5.1-.4,0-.7,0-.7,0ZM810.5,90.8c-.1,0,.3,0,.7,0,.3,0,.9,0,1.2,0-.2,0-.5,0-.7,0-.4,0-1,0-1.1,0ZM371.6,99.7c.3,0,.6.1.7.2h0s0,.1-.5.2c-.5,0-.8,0-.7,0s-.2-.2.4-.3ZM134.9,94.1c0-.3,1.5.2,1.7,0,0,0,.4,0,.3.1h0c0,.1-.4.2-1.2.2-.8,0-1-.1-1-.2Z\"\/>\n<\/svg>\n        <svg class=\"wave wave-2\" xmlns=\"http:\/\/www.w3.org\/2000\/svg\" viewbox=\"0 0 1455 100\" aria-hidden=\"true\" preserveaspectratio=\"none\" fill=\"none\">\n<path fill=\"currentColor\" d=\"M136.9,92.2h.3-.4.1c0,0,0,0,0,0Z\"\/>\n            <path fill=\"currentColor\" d=\"M.3,0v83.1s23.7,1.5,25.9,1.8c2.5.3,5.1.5,7.7.5s3.5.8,5.3.4h.3c1.3.5,3.9.4,5.8.7.3,0,.6.2.8.2,0,0,0,.2.9.2s.7-.1.4-.3c-.4-.2-1-.2.3-.2,1.3.1.8.2.8.3v.3c.7,0,.6-.2.9-.2.7-.2,1.3,0,1.8,0,.5.1.2.3.5.3.9.2,1.8.6,3.2.2.4,0,.9-.7,1.2,0h1s.9,0,.9,0c.5.4,2.6.2,3.7.4s2.1.4,2.7,0c.3-.2,1.2.2,1.5.2,1.3.2,2.4.4,2.9,0q0,0,.5,0c.5,0,.2.2.4.2.5.2,1,.4,1.6.6.2,0,.4.2.9,0,.4-.2,1.9-.2,3.4,0,3,.5,6.3.7,9.7.7s.8,0,1.1,0c3.2,1.1,8.3,1,12.8,1.3,1.4,0,1.8.7,3.7.5,1.9-.2,3.2.2,4.9.2s2.2,0,2.4.3c0,.2.6,0,.8,0v-.2c.9.3,1.9.3,2.9.3.5.5,1.8.3,3.1.3s1.4,0,1.6,0c2.4.6,5.5,0,8.4.5,2.1.2,4.3.4,6.6.4,3.9,0,7.3.7,10.8.6,2.1,0,4.5.4,6.3,0,.3,0,.9,0,1.2,0,.2,0,.6.2.9.2,2.2-.4,3.5.4,4.7.3,1.9-.2,3.5.2,5.3.2h1c.3,0,.6.2.7.2,0,0,.5,0,.7,0,2.4-.7,5.4,0,7.6,0,4.2-.2,7.6.5,11.2.5s7.4.4,11.1.4,8.3.5,12.6.5,7,.4,10.6.4c5.5,0,10.7.5,16.1.5h.3c1,0,2.1-.7,2.9,0,1.9,0,3.6.3,4.6.3,2.4-.2,5.3.3,7.3-.2.3,0,.6,0,.9,0,3.6.3,7.3.5,11,.5,4.9.3,9.9.3,14.7.3h13.5c3,0,6,0,8.9,0,5.3,0,10.6,0,15.8,0,1,0,2,0,2.9,0,.7,0,2.3,0,2.5,0,.7-.4,1.1,0,1.6,0s1.2,0,1.3,0c.6-.5,2.2,0,2.9,0,2.5-.2,4.3.6,6.9.2,1.4.1,2.8.2,4.2.3,4.5.2,9.1.3,13.6.2h1.9c2.8.4,5.9,0,8.6,0,2.4,0,4.9.3,7.2,0,.3,0,.9,0,1.1.2h.8c.7-.2,1.5-.3,2.4-.3s1.8,0,2.6,0c1.7.2,3.5,0,5.2,0,3.1,0,6,.2,9,0,2.4-.2,5-.2,7.3,0h.5c1.8-.7,5.3.3,7.2-.3.8.3,2.2,0,3.2,0,1.7,0,2,0,2.2-.3,0,0-.3-.2.2-.2h.4c.8.6,3.5.2,4.8.2,6.5-.1,13.2,0,19.7.2h1.4c1.5-.2,3.2-.2,4.8,0h2.1c2.3-.2,4.7-.3,7-.2h4.7c2.7,0,5.4,0,8.2,0,1.5,0,3.1,0,4.7,0h1c1.6,0,3.4,0,5,0,.5,0,1.5,0,1.7,0,.8-.5,2.9-.2,3.3-.2,1.4.3,1.7,0,2,0,.8-.5,2.4-.3,3.8-.3,3.7.2,7.4.1,11-.2,1.6-.2,3.4-.5,5.8-.2.9.1,1.7-.3,2.9-.2,1.5,0,3,.2,4.5.4.5,0,1,0,1.5,0,1.2,0,2.6,0,3.9,0h1.2c.4,0,.7,0,.9-.2.5-.3,1-.3,1.9,0,1.3-.3,3.4.3,4.7-.3.7-.4,2.6,0,3.1,0s1.1.3,2,0c.8-.1,1.7-.3,2.6-.3h2.8c3.1.2,6.3.2,9.4,0,2,0,4.1,0,6.2,0,3,0,6.1,0,9.2,0,2.2-.2,4.4-.2,6.6-.2s.8,0,1-.2c.2-.2,0-.2.7-.2h.5c0,.2,0,.3.6.3s.6-.2.6-.3c0-.1,0-.3.6-.3s.4.2.5.3,0,.2.5.2c2.4-.1,4.9-.3,7.3-.3,1.5-.1,3.2-.3,4.8-.3s4.4,0,6.6,0c3.2.3,6.7.2,9.8-.2.9,0,1.6,0,2.3,0,1,.5,2.9.2,4.5.2,4.3,0,8.5-.3,12.6-.6h1c1.2.5,3.8.2,5.8.2s3.8,0,5.8,0c1.2-.6,3.5-.1,5.3-.3,1.2-.3,2.6-.3,4-.3h1.6c.2.2.6.2,1,.2h1.2c2.4-.4,5,0,7.5-.2,1,0,3.2-.3,3.7.2h.5c1.1-.7,3.8-.3,5.8-.4h1.2c.2-.4,2-.4,3.4-.4s1.8,0,1.8.2.6.2,1.3.2c.8,0,1.3,0,1.6-.2.4-.2,1-.3,1.7-.3s1.3,0,1.9,0c.9.2,1.7,0,2.6,0l10-.7h.3c1.8.2,3.7.2,5.4,0,2.2-.1,4.5-.3,6.8-.3h7.1c1.1,0,2.1,0,3.1-.2,1.8-.3,3.8-.4,5.8-.4,2.2,0,3.5-.2,4.4.3.4.3,2.3,0,3.1,0,1,0,2,0,3,0,3.6,0,7.1-.3,10.5-.7,3.1-.2,6.3-.2,9.5-.2.5,0,1,0,1.6,0s1.1,0,1.6,0c1.1-.2,2.3-.3,3.6-.3s2.5,0,3.7.2c1.9.1,3.8,0,5.6-.2,1.1,0,2.3,0,3.4,0,2.2.2,2.5,0,2.6-.4,0,0,0,0,.5,0v.2c0,.3.3.4,1.8.3,2.5-.2,5.1.2,7.7-.2.8-.2,2.9,0,4.3,0,2.8,0,5.7-.3,8.6-.4,2,0,4.5-.4,6.5,0,.6.2,1.2,0,1.9,0,1.3,0,2.6-.4,3.8,0,.2,0,2.5,0,2.9-.4,0,0,0-.2.7-.2s.2.2,0,.2c-.3.2.8.2,1.3.2,2.3.1,4.6,0,6.9-.2.9,0,1.9-.3,2.9,0,.6.2-.8-.2,1.8-.2s5.3,0,7.9,0c1.9,0,4.5,0,5.5-.5h.6c.1,0,.2,0,.2,0,.3.4-.5.7,2.9.4,2.8-.5,6.1-.6,9.1-.3,2.4-.4,4.3.2,6.5,0,2,0,4.1,0,6.2,0,1.1,0,1-.4,2.4-.4s3.7.4,4.6-.2c3.2.2,6.8-.4,10.2,0,2.5.1,5,.1,7.3-.2,1.7,0,3.7-.6,5.4,0,3.1-.5,6.3-.2,9.5-.2h1.2c2.5.3,5.2-.2,7.7,0h.9c.3,0,.5,0,.7,0,.4,0,.9-.3,1.7,0,.3.2,1.8.5,2.2,0,1.3,0,2.5-.5,3.9,0,1.4,0,2.8,0,4.2,0,2.5-.2,5.1-.2,7.7-.2s3.4-.2,5.1-.2c1.5-.2,3.4-.6,4.7,0,1.1,0,2.2,0,3.3,0,1.6-.2,3.3-.2,4.8,0,.7.1,2.5-.2,3.9-.2,3.4,0,6.9,0,10.3,0,1.8,0,3.4-.2,5.2,0,1-.7,4-.3,6.1-.5.9,0,1.9,0,2.9,0s1.9.2,2.7.4c.5,0,.2.3,1.1,0,1.4-.3,3.8-.3,5.9-.3,4,0,8,0,11.9,0,3.9,0,8,0,11.9,0h2.7c1.1-.1,1.9-.1,2.3.2.1.2.3.2,1,.2s.2-.2.3-.2c.1,0-.9-.4.4-.4s2.6,0,3.7.2c.7.2,1.7.2,2.6.2s1.8,0,2.6-.2c.7-.2,1.6-.2,2.4-.2s1.7,0,2.4.2c.9.2,1.9.3,3,.3s2.1,0,3.1-.2c1-.2,2-.4,2.7,0,.4.2,1.3,0,1.8,0,3.1-.4,6.3,0,9.5,0s4.8.3,6.3-.3h.5c1.5.5,2.5,0,3.8,0s1,.2,1,.2c-.3.5.9.2,1.7.2h.6c1.3.2,2.4,0,3.5-.2h.7c1.3.6,3.5,0,5.3,0,2.7,0,5.4.3,8.1,0,1.9-.2,4-.2,5.8,0,1.4.1,2.9,0,4.2-.2,2.4-.3,4.9-.5,7.4-.5s1.5,0,.6.2c-.9.2-.8.3-.1.4.8.2,1.3,0,1.8,0h.7c.3,0,.5,0,.7,0,.4,0,.9,0,1.2,0,1.5-.6,4.4,0,6.5-.2.9,0,2.4.2,3.6,0h.8c1.7.5,8.3.9,9.4.6,1.9-.6,3.1,0,4.3,0,2.4,0,4.7,0,7.1,0,2.7,0,5.5,0,8.3,0,1.5,0,3.4.4,4.1-.2h.6c1.2.4,3.2,0,4.3,0,4.6-.2,9,.6,13.6.2,1,0,1.5.5,3.2.3.6,0,1.8.1,1.8-.2.1-.2,1,0,1.5,0,.5.1.5.3.5.3.1,0-.3.2.9.2,3.2,0,6.5,0,9.6.2,3.2,0,6.5,0,9.7,0,2.2,0,4.5,0,6.6.2.6.2,1,0,1.6,0,2.3,0,4.8-.3,6,.4,0,0,.2,0,.2,0h1.1c3.2-.3,6.6-.4,9.8-.2,2.8,0,6.1,0,8.8.4,2.6.5,5.2.2,7.8.3h6.2c5.5.2,11.1.4,16.7.4,2.1.1,4.3.2,6.4.3h2.8c1,0,1.9-.1,2.7-.3.8-.2.7.2,1.7.2s2.5-.3,3.8,0c.6.2,3.6,0,1.1.5-.5,0,.2,0,.7,0,2.4-.2,4.9,0,7.3,0,1.7-.1,3.4,0,5,.2,1.4,0,2.9,0,4.4,0,1.9,0,2.9-.3,3.8,0,2.4.4,5.1.6,7.8.4,3.3,0,6.2.5,9.3.3.8-.1.9.2,1,.2.4,0,.8.3,1.7,0,.9-.3.9,0,1.1,0,.3.2.8.2,1.3.2-.4-.1-.6-.2-.6-.3.1-.1-1.7-.3-.4-.3.9,0,1.8,0,2.7,0,1,.2-.4.2-.7.2h-.1c-.2.1-.3.3-.4.3h.1c.9.2,2,.2,3.1.2,2,0,4,0,5.9.2,1.6.2,3.4.2,5,0,1.1-.2,1.1.2,2,.2,6.9.4,13.9.7,20.9.8,3.1.8,7,0,10.4.6.6,0,2.6.4,3.7,0,1.2.2,2.7.2,4.1.2,3,.2,6,.5,8.9.8,1.8.3,3.8.5,5.8.5s1,0,1,0c0-.4,1.6,0,1.6,0,.6.8,3.3.5,5.1.6,3.2.3,6.4,0,9.9.5,2.1.2,4.2.3,6.3.3s4.8-.2,6.2.6c.3.2,3.3.3,5,.4,4.4.4,8.8.7,13.2,1v.3s.8-.2.8-.2c3.6.3,7.2.6,10.9.9h2.2s4.6.2,4.6.2V0S0,0,0,0h.3ZM1287.9,90.8h1.3c.5,0,.8,0,.8,0h-.7c-.3,0-.5,0-.7,0-.4,0-.7,0-.7,0ZM1027.9,86.5c-.2,0-.5-.3-.7-.4,0,0,.5-.2.5-.2.7.1.2.3.4.3h-.1s0,.3,0,.3h0ZM885.6,87.7c-.3,0-.7,0-.7,0h1.3c0,0-.3,0-.5,0h0ZM811.5,90.9h-1.1c0,0,.4,0,.7,0s.9,0,1.2,0h-.8ZM371.3,99.9c0-.1-.2-.3.4-.3.4,0,.6.2.8.2h0c0,0,0,.2-.5.2-.6,0-.8,0-.8,0h0ZM136.1,94.2c-.8,0-1,0-1-.2,0-.3,1.5.3,1.7,0,0,0,.3,0,.3,0h0c0,.2-.4.2-1.2.2h.2Z\"\/>\n<\/svg>\n        <div class=\"tb-voucher-entry-point__present-line\">\n            <svg class=\"voucher-present-line\" width=\"134\" height=\"304\" viewbox=\"0 0 134 304\" fill=\"none\" xmlns=\"http:\/\/www.w3.org\/2000\/svg\">\n<path d=\"M1 0C1 92.0598 122.615 15.7893 132.378 45.7938C143.797 80.8845 -6.52165 93.9482 50.1414 145.407C144.914 231.476 155.445 309.699 68.6948 291.287\" stroke=\"#C1D4CD\" stroke-width=\"2\" stroke-dasharray=\"6 6\"\/>\n<g clip-path=\"url(#clip0_21615_9062)\">\n<path d=\"M64.5457 274.146L36.5137 267.642C35.5461 267.418 34.5797 268.02 34.3552 268.988L33.5422 272.492C33.3177 273.459 33.9201 274.426 34.8877 274.65L62.9197 281.154C63.8873 281.379 64.8537 280.776 65.0782 279.809L65.8912 276.305C66.1157 275.337 65.5133 274.371 64.5457 274.146Z\" stroke=\"#C1D4CD\" stroke-width=\"2\" stroke-linecap=\"round\" stroke-linejoin=\"round\"\/>\n<path d=\"M50.5312 270.894L45.2466 293.67\" stroke=\"#C1D4CD\" stroke-width=\"2\" stroke-linecap=\"round\" stroke-linejoin=\"round\"\/>\n<path d=\"M61.1686 280.748L58.3231 293.012C58.1074 293.941 57.5315 294.747 56.7219 295.251C55.9123 295.756 54.9354 295.918 54.006 295.703L36.486 291.638C35.5567 291.422 34.7511 290.846 34.2465 290.036C33.7418 289.227 33.5794 288.25 33.7951 287.321L36.6406 275.057\" stroke=\"#C1D4CD\" stroke-width=\"2\" stroke-linecap=\"round\" stroke-linejoin=\"round\"\/>\n<path d=\"M42.6441 269.065C41.4825 268.795 40.4755 268.075 39.8447 267.063C39.2139 266.051 39.0109 264.83 39.2804 263.669C39.55 262.507 40.2699 261.5 41.2819 260.869C42.2939 260.238 43.515 260.035 44.6767 260.305C46.3737 260.668 47.8396 261.872 48.8834 263.761C49.9272 265.65 50.5004 268.136 50.5282 270.894C51.7678 268.43 53.3771 266.45 55.146 265.214C56.9149 263.978 58.7614 263.542 60.4447 263.963C61.6064 264.233 62.6133 264.953 63.2442 265.965C63.875 266.977 64.078 268.198 63.8084 269.36C63.5389 270.521 62.8189 271.528 61.8069 272.159C60.7949 272.79 59.5738 272.993 58.4122 272.723\" stroke=\"#C1D4CD\" stroke-width=\"2\" stroke-linecap=\"round\" stroke-linejoin=\"round\"\/>\n<\/g>\n<defs>\n<clippath id=\"clip0_21615_9062\">\n<rect width=\"43.165\" height=\"43.165\" fill=\"currentColor\" transform=\"translate(32.7578 252) rotate(13.063)\"\/>\n<\/clippath>\n<\/defs>\n<\/svg>\n        <\/div>\n\n        <div class=\"tb-columns\">\n                            <div class=\"tb-column tb-column__image\">\n                    <div class=\"tb-voucher-entry-point__image tb-image-part\">\n                        <div class=\"butterfly-wrapper\">\n                            <svg\n    class=\"butterfly\"\n    version=\"1.0\"\n    xmlns=\"http:\/\/www.w3.org\/2000\/svg\"\n    width=\"1024.000000pt\"\n    height=\"1024.000000pt\"\n    viewbox=\"0 0 1024.000000 1024.000000\"\n    {...props}>\n    <g transform=\"translate(0.000000,1024.000000) scale(0.100000,-0.100000)\" fill=\"#000000\" stroke=\"none\">\n        <path d=\"M0 7957 c1 -1094 -3 -1018 50 -937 27 41 113 144 169 203 31 32 58 62 59 67 2 6 7 10 12 10 5 0 24 15 44 33 54 49 65 58 136 105 127 84 294 154 430 179 48 9 223 9 291 0 186 -24 418 -148 553 -296 17 -19 38 -41 47 -50 8 -9 26 -32 39 -51 13 -19 27 -37 30 -40 12 -11 31 -52 26 -57 -2 -3 -12 9 -20 25 -36 70 -281 282 -325 282 -6 0 -11 5 -11 10 0 6 -3 9 -7 8 -5 -1 -28 8 -53 19 -57 25 -174 63 -214 69 -17 2 -51 8 -76 11 -55 9 -286 9 -320 1 -135 -32 -308 -125 -419 -223 -80 -71 -160 -156 -226 -239 -16 -21 -35 -43 -40 -50 -10 -10 -81 -117 -149 -224 l-27 -44 4 -416 c4 -371 8 -480 21 -501 3 -4 7 -27 11 -51 4 -25 11 -50 16 -56 5 -6 7 -13 4 -16 -2 -2 7 -35 21 -74 14 -38 30 -82 35 -99 11 -39 134 -281 149 -295 3 -3 25 -34 49 -70 24 -36 48 -66 53 -68 4 -2 8 -8 8 -13 0 -13 42 -60 150 -170 91 -92 239 -211 365 -294 33 -22 65 -43 70 -48 28 -22 135 -87 145 -87 5 0 10 -3 10 -7 0 -5 10 -13 23 -19 12 -6 54 -29 92 -51 170 -98 421 -227 645 -330 36 -17 105 -49 153 -72 49 -22 91 -41 93 -41 5 0 154 -68 176 -80 10 -6 19 -10 21 -10 6 0 -3 134 -14 205 -19 116 -79 273 -144 375 -13 19 -25 55 -28 80 -8 60 -27 96 -90 168 -223 254 -346 471 -341 602 4 92 23 211 36 228 6 6 8 12 4 12 -3 0 1 17 10 38 9 20 17 43 18 50 1 7 8 18 14 24 7 7 12 17 12 23 0 5 6 22 14 37 8 14 19 42 25 61 8 23 20 37 35 41 13 3 30 20 39 38 33 70 56 128 50 128 -3 0 -1 6 5 13 10 12 45 147 57 217 24 142 24 408 0 514 -3 12 -7 32 -9 46 -7 37 -32 132 -41 155 l-7 20 14 -20 c20 -28 73 -184 82 -245 3 -19 8 -46 11 -60 4 -20 16 -167 17 -215 1 -41 -14 -173 -27 -235 -28 -137 -83 -280 -141 -370 -13 -19 -26 -48 -30 -65 -4 -16 -16 -43 -27 -59 -12 -16 -36 -73 -55 -125 -31 -90 -33 -102 -29 -196 5 -113 26 -187 82 -292 52 -97 102 -158 253 -312 133 -136 180 -191 165 -191 -4 0 -3 -4 2 -8 6 -4 21 -34 33 -67 13 -33 28 -69 33 -80 6 -12 11 -27 13 -35 2 -8 6 -22 9 -30 31 -80 68 -278 72 -388 2 -62 6 -80 25 -99 12 -13 26 -23 31 -23 14 0 181 -77 234 -108 17 -10 55 -26 85 -36 30 -10 69 -27 87 -38 l32 -19 29 31 c30 30 30 31 16 78 -8 26 -15 49 -16 52 0 3 -2 10 -3 15 -2 6 -6 21 -8 35 -3 14 -12 50 -21 80 -9 30 -19 66 -22 78 -2 13 -11 43 -20 65 -8 23 -16 49 -18 57 -6 25 -72 191 -100 252 -14 31 -26 68 -26 83 0 32 -56 200 -81 240 -10 17 -26 40 -36 52 -21 24 -63 93 -106 173 -133 246 -170 520 -113 838 3 17 8 47 11 65 5 34 7 43 55 242 18 72 33 141 34 155 3 24 5 31 22 75 4 11 8 22 8 25 7 31 33 124 57 201 16 54 32 108 34 120 3 13 9 47 15 74 31 152 43 408 27 560 -4 34 -9 83 -12 110 -3 28 -8 61 -11 75 -4 23 -7 39 -20 105 -2 11 -6 36 -9 55 -3 19 -8 42 -12 50 -3 8 -7 17 -7 20 -1 3 -8 33 -15 68 -8 34 -17 62 -21 62 -4 0 -4 16 0 36 7 31 6 36 -15 44 -13 5 -81 32 -152 60 -70 29 -162 65 -203 81 -41 17 -84 34 -95 39 -11 5 -51 21 -90 35 -38 15 -83 33 -100 40 -30 12 -174 70 -455 180 -80 32 -158 63 -175 70 -16 7 -61 25 -100 40 -38 15 -83 33 -100 40 -112 46 -262 107 -270 109 -5 2 -26 10 -46 19 -19 9 -47 19 -62 22 -15 4 -27 11 -27 16 0 5 -6 9 -13 9 -7 0 -53 16 -103 36 -84 34 -107 43 -186 78 -18 8 -57 24 -87 36 -30 11 -73 29 -95 39 -23 11 -74 33 -113 49 l-73 31 0 -1002z m1115 -799 c28 -5 57 -12 65 -15 8 -3 21 -7 28 -9 68 -14 246 -180 308 -287 28 -47 74 -148 74 -161 0 -7 3 -16 8 -20 4 -4 8 -12 8 -17 1 -5 2 -10 4 -11 1 -2 3 -10 5 -18 51 -210 33 -391 -55 -565 -54 -107 -138 -244 -165 -270 -24 -23 -93 -82 -120 -102 -17 -13 -64 -48 -105 -80 l-75 -57 -146 1 c-158 1 -198 10 -285 60 -55 33 -89 77 -105 137 -7 23 -27 79 -46 124 -19 46 -36 89 -38 95 -1 7 -4 19 -7 27 -16 45 -40 147 -55 240 -7 46 -8 233 -1 290 9 70 32 160 41 160 4 0 6 4 3 8 -9 15 61 150 109 211 46 59 141 148 202 189 102 70 223 94 348 70z m796 -65 c13 -16 12 -17 -3 -4 -10 7 -18 15 -18 17 0 8 8 3 21 -13z\" \/>\n        <path d=\"M928 6996 c-16 -8 -28 -12 -28 -9 0 3 -8 -1 -17 -9 -10 -8 -50 -34 -90 -57 -39 -22 -84 -58 -101 -78 -49 -64 -107 -180 -113 -228 -1 -5 -5 -19 -9 -31 -30 -78 -34 -337 -7 -454 20 -85 62 -200 89 -245 10 -16 18 -38 18 -48 0 -10 5 -23 10 -30 6 -7 19 -24 31 -39 11 -15 23 -27 27 -26 9 2 35 -9 94 -37 36 -17 60 -22 100 -19 28 2 54 7 57 12 4 4 17 12 31 18 169 74 256 129 294 187 132 203 181 305 202 417 29 158 -36 353 -163 489 -55 60 -163 142 -163 125 0 -4 -16 6 -35 20 -19 15 -50 33 -68 40 -45 18 -127 19 -159 2z\" \/>\n        <path d=\"M10183 8936 c-28 -14 -54 -22 -57 -18 -3 3 -6 0 -6 -6 0 -7 -7 -12 -15 -12 -8 0 -23 -4 -33 -10 -9 -5 -66 -30 -127 -55 -60 -25 -119 -50 -130 -54 -11 -5 -60 -26 -110 -46 -49 -21 -110 -46 -135 -57 -25 -10 -54 -23 -65 -27 -11 -5 -31 -13 -45 -19 -130 -56 -244 -102 -255 -102 -7 0 -15 -3 -17 -8 -1 -4 -43 -24 -93 -44 -129 -53 -294 -122 -335 -140 -19 -9 -53 -23 -75 -32 -22 -10 -49 -21 -60 -26 -11 -5 -85 -37 -165 -71 -80 -34 -165 -71 -190 -82 -25 -11 -47 -21 -50 -22 -3 -1 -21 -8 -40 -17 -19 -9 -73 -33 -120 -53 -47 -20 -101 -44 -120 -53 -19 -9 -37 -16 -40 -17 -3 0 -23 -9 -45 -19 -54 -25 -152 -70 -195 -89 -19 -8 -75 -34 -125 -57 -49 -23 -117 -55 -150 -70 -125 -58 -341 -161 -360 -172 -11 -7 -38 -20 -60 -30 -22 -10 -47 -23 -55 -28 -8 -5 -44 -24 -80 -42 -36 -18 -128 -67 -204 -110 -77 -43 -141 -78 -143 -78 -2 0 -9 -5 -16 -10 -20 -17 -331 -200 -339 -200 -4 0 -8 -4 -8 -8 0 -5 -18 -18 -40 -31 -22 -12 -45 -28 -52 -34 -7 -7 -29 -23 -48 -34 -19 -12 -48 -34 -65 -47 -16 -14 -35 -29 -40 -33 -117 -89 -272 -251 -332 -348 -37 -60 -73 -138 -93 -205 -22 -70 -23 -94 -24 -363 l-2 -287 49 -53 c27 -28 99 -105 161 -171 61 -65 127 -135 146 -156 19 -20 87 -92 150 -159 123 -131 143 -152 320 -341 179 -191 240 -256 309 -328 35 -37 109 -116 165 -176 55 -59 124 -132 151 -161 28 -29 102 -108 165 -176 63 -67 151 -161 196 -207 l81 -85 82 46 c86 49 165 77 213 77 15 0 28 5 28 10 0 6 9 10 20 10 11 0 20 5 20 10 0 6 7 10 15 10 8 0 41 13 72 30 32 16 87 42 123 58 36 16 86 39 112 51 26 11 52 21 57 21 6 0 11 5 11 10 0 6 6 10 14 10 7 0 44 14 82 31 38 17 87 39 109 49 261 116 390 175 430 197 11 6 67 35 125 63 127 63 242 125 292 157 21 12 40 23 43 23 3 0 18 8 33 19 15 10 70 47 122 81 307 204 490 381 650 628 50 77 130 230 130 247 0 8 4 15 10 17 5 2 11 12 13 23 2 11 7 27 10 35 24 57 58 167 71 230 9 41 20 86 23 100 7 24 16 2591 11 2902 l-3 158 -52 -24z\" \/>\n        <path d=\"M2753 7775 c3 -17 7 -39 10 -50 30 -118 51 -247 63 -375 9 -90 8 -333 -1 -405 -4 -33 -9 -76 -10 -95 -4 -54 -13 -113 -30 -192 -8 -40 -17 -86 -20 -103 -8 -39 -13 -60 -15 -60 -1 0 -3 -9 -5 -20 -10 -65 -18 -101 -24 -110 -4 -5 -16 -41 -25 -80 -15 -61 -34 -111 -91 -240 -8 -16 -17 -43 -21 -60 -4 -16 -9 -34 -13 -40 -3 -5 -6 -14 -8 -20 -1 -5 -4 -19 -7 -30 -7 -26 -32 -139 -41 -185 -4 -19 -8 -103 -10 -185 -3 -137 -1 -159 24 -255 33 -125 62 -200 147 -379 37 -77 79 -148 99 -169 43 -44 84 -126 86 -172 2 -19 15 -61 30 -93 16 -31 28 -58 27 -60 0 -1 7 -20 17 -42 24 -58 85 -236 91 -265 2 -14 9 -36 13 -50 17 -46 59 -213 60 -237 2 -22 20 -14 53 24 35 39 123 137 192 213 23 25 77 85 121 135 44 49 104 114 132 145 57 60 60 66 40 95 -8 11 -27 56 -42 100 -16 44 -35 85 -41 92 -7 7 -41 72 -77 145 -61 125 -79 164 -114 248 -8 19 -19 44 -25 55 -5 12 -10 27 -12 35 -2 8 -7 26 -13 40 -6 14 -18 52 -28 85 -9 33 -20 67 -23 75 -3 8 -7 24 -8 35 -2 11 -6 29 -9 40 -2 11 -5 23 -5 27 -1 4 -6 22 -11 40 -35 116 -44 204 -44 403 1 173 10 291 30 395 3 14 7 43 10 65 3 22 7 51 10 65 3 14 7 41 10 60 3 19 7 45 9 56 7 33 20 113 32 189 9 63 12 80 14 80 2 0 7 25 14 75 4 25 9 56 11 70 15 87 23 221 26 443 2 145 -1 172 -19 172 -30 1 -344 148 -440 206 -35 21 -66 39 -69 39 -2 0 -20 12 -40 27 l-36 28 6 -30z\" \/>\n        <path d=\"M3659 7308 c-1 -2 -2 -28 -3 -58 -2 -47 -6 -85 -21 -230 -1 -14 -5 -47 -9 -75 -15 -117 -21 -178 -31 -335 -2 -41 -6 -84 -9 -95 -2 -11 -9 -56 -16 -100 -7 -44 -14 -89 -16 -100 -2 -11 -8 -56 -14 -100 -6 -44 -13 -100 -16 -125 -9 -66 -9 -477 0 -535 4 -27 12 -68 18 -90 5 -22 11 -47 13 -55 2 -8 15 -46 30 -85 14 -38 27 -74 29 -80 1 -5 10 -27 19 -49 9 -21 17 -40 17 -42 0 -6 61 -137 134 -285 36 -75 66 -142 66 -148 0 -6 11 -16 24 -21 16 -6 26 -18 28 -36 3 -25 26 -4 276 245 149 150 272 279 272 287 0 8 -13 23 -30 32 -26 15 -30 23 -30 59 0 57 30 81 100 77 57 -2 74 -17 85 -71 5 -31 26 -50 51 -49 6 1 92 83 191 182 l180 181 0 304 c0 297 0 305 -23 350 -22 44 -132 214 -164 253 -137 166 -273 294 -432 404 l-48 32 -1 -25 c-1 -14 -2 -28 -4 -32 -1 -5 -5 -25 -9 -45 -5 -21 -15 -43 -23 -49 -8 -7 -20 -27 -28 -46 -21 -49 -76 -63 -106 -27 -25 30 -12 183 21 247 l22 41 -34 31 c-75 71 -313 215 -354 215 -7 0 -36 11 -66 25 -45 21 -85 31 -89 23z m517 -796 c24 -16 31 -51 29 -142 -4 -125 -2 -117 -24 -137 -16 -15 -46 -20 -92 -14 -12 2 -3 255 9 279 13 22 54 30 78 14z m88 -510 c0 -18 3 -32 6 -32 10 0 41 -71 46 -106 2 -16 6 -80 8 -141 4 -110 3 -113 -18 -114 -60 -3 -95 12 -100 45 -1 7 -9 24 -18 38 -9 14 -21 43 -27 66 -13 46 -22 245 -12 260 9 13 27 17 74 16 40 -1 42 -2 41 -32z\" \/>\n        <path d=\"M5425 4480 c0 -379 3 -690 7 -690 5 0 8 5 8 10 0 6 7 18 15 28 9 9 46 60 83 112 36 52 78 108 92 124 44 51 144 148 170 165 14 8 44 34 68 56 55 51 127 91 177 99 21 4 40 8 41 9 2 2 -31 43 -73 92 -140 167 -158 188 -168 199 -5 6 -46 54 -90 106 -43 52 -87 104 -97 115 -9 11 -43 51 -75 90 -32 38 -65 76 -73 85 -8 9 -28 32 -44 53 -16 20 -32 37 -35 37 -4 0 -6 -310 -6 -690z\" \/>\n        <path d=\"M4770 5008 c-52 -55 -124 -131 -160 -168 -36 -37 -128 -134 -205 -215 -77 -81 -160 -169 -185 -194 -25 -26 -119 -125 -210 -221 -91 -95 -192 -201 -225 -235 -52 -55 -193 -202 -374 -393 -86 -92 -320 -337 -401 -422 -41 -43 -138 -144 -215 -225 -77 -81 -160 -169 -185 -195 -25 -26 -88 -92 -140 -147 -52 -55 -171 -180 -265 -278 -194 -204 -227 -239 -420 -441 -77 -81 -162 -171 -190 -200 -27 -28 -117 -123 -200 -209 -82 -87 -156 -164 -164 -172 -12 -12 142 -14 1145 -10 638 2 1170 7 1184 10 14 3 52 8 85 12 33 4 70 11 83 16 12 5 22 7 22 5 0 -2 33 5 73 15 39 11 80 22 90 24 69 16 195 72 283 125 105 64 173 124 294 260 64 72 167 239 168 274 0 5 4 12 9 15 14 10 80 207 88 261 1 8 5 22 8 30 8 20 25 114 32 169 3 23 7 46 9 50 2 3 7 35 11 71 4 36 8 72 10 80 5 25 16 132 20 185 5 55 14 132 22 185 7 47 10 2030 3 2035 -3 2 -48 -42 -100 -97z\" \/>\n        <path d=\"M6179 4234 c-44 -34 -151 -84 -186 -86 -19 -2 -55 -30 -123 -98 -109 -108 -133 -136 -185 -217 -21 -32 -48 -74 -61 -93 -13 -19 -32 -55 -44 -80 -11 -25 -24 -52 -29 -60 -33 -61 -72 -153 -105 -250 -21 -60 -23 -80 -20 -245 2 -158 5 -211 19 -363 3 -33 15 -130 21 -167 2 -11 5 -33 8 -50 3 -24 34 -160 50 -225 2 -8 18 -55 35 -105 93 -267 243 -474 446 -615 28 -19 52 -38 55 -42 8 -9 188 -102 238 -121 23 -9 42 -12 42 -7 0 5 -11 40 -25 76 -28 74 -36 112 -37 162 0 47 15 60 70 59 42 -2 47 -4 49 -27 7 -85 14 -127 29 -173 21 -61 18 -48 28 -115 8 -54 12 -58 56 -66 14 -3 25 -5 25 -6 0 -11 158 -32 278 -37 l137 -5 1 83 c0 46 3 102 5 124 3 22 5 49 5 60 0 11 11 69 24 130 21 95 24 145 29 365 2 140 7 264 9 275 2 11 7 41 11 66 7 44 15 93 20 114 2 6 6 24 10 40 4 17 15 53 24 80 9 28 17 56 18 63 5 28 74 163 112 219 39 57 125 143 143 143 16 0 9 14 -24 51 -17 19 -66 73 -107 118 -41 46 -86 96 -100 111 -31 34 -87 96 -170 189 -137 154 -129 146 -136 125 -3 -10 -17 -42 -30 -71 -13 -28 -24 -59 -24 -67 0 -8 -15 -31 -32 -50 l-33 -35 -50 28 c-57 32 -78 63 -70 106 4 17 8 40 11 51 5 26 49 108 82 152 l25 33 -239 239 c-131 132 -242 240 -245 240 -3 0 -21 -12 -40 -26z m453 -956 c-16 -16 -15 -40 1 -71 8 -15 13 -37 11 -49 -1 -13 -3 -29 -3 -36 -1 -21 -112 -132 -132 -132 -31 0 -49 39 -49 107 0 55 4 66 30 96 17 19 30 39 30 44 0 5 7 19 16 31 12 17 25 22 62 22 36 0 43 -3 34 -12z m-116 -420 c4 -5 2 -8 -4 -8 -19 0 -19 -34 -1 -71 10 -20 16 -39 13 -42 -3 -3 -7 -25 -8 -49 -2 -24 -12 -76 -24 -115 -11 -40 -18 -73 -15 -73 3 0 0 -6 -6 -14 -6 -8 -11 -18 -9 -22 1 -5 -1 -23 -5 -41 -5 -26 -13 -34 -41 -42 -64 -17 -71 -12 -72 60 -1 36 9 108 22 164 13 55 26 125 29 155 10 90 23 105 92 105 12 0 25 -3 29 -7z m-148 -753 c12 -14 23 -28 24 -33 9 -38 14 -82 9 -82 -4 0 -5 -15 -3 -34 3 -26 -1 -37 -19 -50 -58 -40 -106 2 -102 90 1 27 2 61 2 76 1 31 24 58 50 58 10 0 27 -11 39 -25z\" \/>\n        <path d=\"M7390 2938 c-22 -24 -42 -51 -46 -60 -3 -10 -9 -18 -14 -18 -4 0 -21 -20 -37 -45 -15 -25 -31 -45 -35 -45 -5 0 -8 -6 -8 -12 0 -7 -13 -26 -28 -43 -78 -84 -139 -326 -147 -580 -2 -44 -4 -194 -5 -333 -3 -250 -11 -332 -42 -419 l-16 -43 454 1 454 0 25 39 c14 22 25 42 25 46 0 3 29 49 65 101 36 52 65 99 65 103 0 5 4 10 8 12 4 2 33 39 63 83 29 44 62 88 72 99 9 11 17 23 17 27 0 4 18 36 39 71 22 35 41 70 43 79 2 10 -43 66 -113 140 -64 68 -131 140 -149 159 -64 69 -246 263 -295 315 -27 29 -102 108 -165 176 -160 171 -177 189 -185 189 -3 0 -24 -19 -45 -42z\" \/>\n        <path d=\"M8529 1889 c0 -2 -3 -15 -5 -28 -2 -14 -11 -32 -19 -41 -8 -9 -15 -23 -15 -32 0 -8 -8 -26 -18 -39 -9 -13 -28 -44 -41 -69 -14 -25 -74 -119 -135 -210 -61 -90 -115 -170 -119 -177 -6 -11 82 -13 450 -13 457 1 458 1 434 20 -13 11 -20 20 -17 20 4 0 -8 15 -26 33 -18 19 -51 54 -73 79 -87 98 -182 203 -210 233 -16 18 -57 63 -90 100 -83 94 -115 128 -116 124z\" \/>\n    <\/g>\n<\/svg>                                                    <\/div>\n                        <img src='https:\/\/tkt.travelblox.eu\/wp-content\/uploads\/sites\/69\/2023\/10\/TKT23_MICHIELANNAERT_HR-82-768x614.jpg' width='768' height='614' alt='Partie avant de 2 kayaks - Kayak - Fjord de Norv\u00e8ge - Randonn\u00e9e en Norv\u00e8ge - Kayaking - depuis l&#039;a\u00e9roport de Bruxelles' loading='lazy' image_size='medium_large'>                        <svg class=\"voucher-present-line--mobile\" width=\"77\" height=\"291\" viewbox=\"0 0 77 291\" fill=\"none\" xmlns=\"http:\/\/www.w3.org\/2000\/svg\">\n<path d=\"M95.0304 3.50007C52.4991 -3.99971 -22.503 15.7626 8.49739 48.4998C24.691 65.6007 82.7864 53.6999 95.0305 84.7312C112.498 129 1.99766 148.731 45.3901 179.5C117.998 230.985 65.3628 271.515 42.169 274\" stroke=\"#C1D4CD\" stroke-width=\"2\" stroke-dasharray=\"6 6\"\/>\n<g clip-path=\"url(#clip0_21615_9063)\">\n<path d=\"M31.0991 274.313L15.5132 270.697C14.9752 270.572 14.4379 270.907 14.313 271.445L13.861 273.393C13.7362 273.931 14.0711 274.469 14.6091 274.593L30.1951 278.21C30.733 278.335 31.2704 278 31.3952 277.462L31.8472 275.513C31.9721 274.975 31.6371 274.438 31.0991 274.313Z\" stroke=\"#C1D4CD\" stroke-width=\"2\" stroke-linecap=\"round\" stroke-linejoin=\"round\"\/>\n<path d=\"M23.3086 272.505L20.3703 285.169\" stroke=\"#C1D4CD\" stroke-width=\"2\" stroke-linecap=\"round\" stroke-linejoin=\"round\"\/>\n<path d=\"M29.2236 277.984L27.6415 284.803C27.5216 285.319 27.2014 285.767 26.7512 286.048C26.3011 286.329 25.7579 286.419 25.2412 286.299L15.5 284.039C14.9833 283.919 14.5354 283.599 14.2548 283.148C13.9742 282.698 13.8839 282.155 14.0038 281.638L15.5859 274.82\" stroke=\"#C1D4CD\" stroke-width=\"2\" stroke-linecap=\"round\" stroke-linejoin=\"round\"\/>\n<path d=\"M18.9223 271.488C18.2764 271.338 17.7165 270.938 17.3658 270.375C17.015 269.813 16.9022 269.134 17.052 268.488C17.2019 267.842 17.6022 267.282 18.1649 266.931C18.7275 266.58 19.4065 266.468 20.0524 266.617C20.9959 266.819 21.811 267.489 22.3913 268.539C22.9717 269.589 23.2904 270.971 23.3058 272.505C23.9951 271.135 24.8898 270.034 25.8734 269.347C26.8569 268.66 27.8836 268.417 28.8195 268.652C29.4654 268.802 30.0253 269.202 30.376 269.765C30.7268 270.327 30.8396 271.006 30.6897 271.652C30.5399 272.298 30.1396 272.858 29.5769 273.209C29.0142 273.559 28.3353 273.672 27.6894 273.522\" stroke=\"#C1D4CD\" stroke-width=\"2\" stroke-linecap=\"round\" stroke-linejoin=\"round\"\/>\n<\/g>\n<defs>\n<clippath id=\"clip0_21615_9063\">\n<rect width=\"24\" height=\"24\" fill=\"white\" transform=\"translate(13.4258 262) rotate(13.063)\"\/>\n<\/clippath>\n<\/defs>\n<\/svg>\n                    <\/div>\n                <\/div>\n                        <div class=\"tb-column tb-column__text\">\n                <div class=\"tb-text-part\">\n                    <h2>Offrez une aventure en cadeau<\/h2>\n                    <p><strong>\u00c0 la recherche d'un cadeau original ?<\/strong><\/p>\n<p>Notre carte-cadeau, c\u2019est la promesse d\u2019aventures uniques et de souvenirs inoubliables ! Elle est personnalisable et valable un an sur tous nos voyages.<\/p>\n                <\/div>\n            <\/div>\n            <div class=\"tb-column tb-column__form\">\n                <div class=\"tb-form-part\">\n                    <form action=\"https:\/\/travelbase.eu\/travelbase-cadeaubon\/?amount=100\" class=\"tb-form\">\n                        <div class=\"tb-input-container\">\n                                                            <label class=\"tb-label\" for=\"voucher-amount\">\n                                    Valeur                                <\/label>\n                                                                                        <span class=\"tb-currency-symbol\">\u20ac<\/span>\n                                <input class=\"tb-input\" type=\"number\" min=\"10\" id=\"voucher-amount\" name=\"amount\" placeholder=\" Valeur\" value=\"100\" \/>\n                                                    <\/div>\n                                                    <div class=\"tb-buttons-part\">\n                                <button type=\"submit\" class=\"tb-button button--primary\">Commandez un bon cadeau<\/button>\n                            <\/div>\n                                            <\/form>\n                <\/div>\n            <\/div>\n        <\/div>\n    <\/div>\n<\/div>\n\n<div class=\"tb-similartrips tb-block align-center background-light pattern-default variant-none tb-collapsible-margins\" id=\"similartrips\">\n\t\t\t<div class=\"inner-block tb-fade-in tb-fade-in--subtle\">\n\t\t\t<div class=\"text-part\">\n\t\t\t\t\t\t\t\t\t<h2>D\u00e9couvrez quelques-uns de nos autres concepts<\/h2>\n\t\t\t\t\t\t\t\t\t\t\t<\/div>\n\t\t<\/div>\n\t\t\t\t\t\t<div class=\"inner-block-full-width has-tb-carousel\" >\n\t\t\t<div class=\"tb-carousel-container\">\n\t\t\t\t<div class=\"entries tb-cards\" data-slider-first=\"1\">\n\t\t\t\t\t\t\t\t\t<a href=\"https:\/\/travelbase.fr\/trip\/canoe-trip-suede\/\"  target=\"\" class=\"tb-card entry\">\n\t\t\t\t<div class=\"tb-image-part\">\n\t\t\t\t\t\t\t\t\t\t\t<img src='https:\/\/tkt.travelblox.eu\/wp-content\/uploads\/sites\/69\/2024\/10\/TCT24_MichielAnnaert_WEB-75-768x614.jpg' width='768' height='614' alt='Cano\u00e9istes en Su\u00e8de - Kayak - Fjord de Norv\u00e8ge - Randonn\u00e9e en Norv\u00e8ge - Kayaking - depuis l&#039;a\u00e9roport de Bruxelles' loading='lazy' image_size='medium_large'>\t\t\t\t\t\t\t\t\t\t\t\t\t\t\t\t\t\t\t\t\t\t\t\t<\/div>\n\t\t\t\t<div class=\"tb-card-content\">\n\t\t\t\t\t<h4>\n\t\t\t\t\t\t<span>Le Cano\u00eb Trip<\/span>\n\t\t\t\t\t\t\t\t\t\t<i class=\"icon fa-kit fa-tb-icon-paddle\" aria-hidden=\"true\"><\/i>\n\t\t\t\t\t\t\t\t<\/h4>\n\t\t\t\t\t\t\t\t\t\t\t<div class=\"line\">\n\t\t\t\t\t\t\t\t\t\t\t\t\t\t\t<span class=\"location tb-text-with-icon icon-first\">\n\t\t\t\t\t\t\t\t\t<i class=\"icon fa fa-map-marker\"><\/i>\n\t\t\t\t\t\t\t\t\t<span>Su\u00e8de<\/span>\n\t\t\t\t\t\t\t\t<\/span>\n\t\t\t\t\t\t\t\t\t\t\t\t\t\t\t\t\t\t\t\t\t\t<span class=\"duration tb-text-with-icon icon-first\">\n\t\t\t\t\t\t\t\t\t<i class=\"icon fa fa-clock\"><\/i>\n\t\t\t\t\t\t\t\t\t<span>8 jours<\/span>\n\t\t\t\t\t\t\t\t<\/span>\n\t\t\t\t\t\t\t\t\t\t\t\t\t<\/div>\n\t\t\t\t\t\t\t\t\t\t\t\t\t\t<\/div>\n\t\t\t<\/a>\n\t\t\t\t\t<a href=\"https:\/\/travelbase.fr\/trip\/mont-blanc-trek-france\/\"  target=\"\" class=\"tb-card entry\">\n\t\t\t\t<div class=\"tb-image-part\">\n\t\t\t\t\t\t\t\t\t\t\t<img src='https:\/\/tkt.travelblox.eu\/wp-content\/uploads\/sites\/69\/2024\/10\/MBT24_RoyMosterd_WR-7250436-1-1-768x1023.jpg' width='768' height='1023' alt='2 personnes en randonn\u00e9e autour du Mont Blanc - Kayak - fjord de Norv\u00e8ge - randonn\u00e9e en Norv\u00e8ge - kayaking - depuis l&#039;a\u00e9roport de Bruxelles' loading='lazy' image_size='medium_large'>\t\t\t\t\t\t\t\t\t\t\t\t\t\t\t\t\t\t\t\t\t\t\t\t<\/div>\n\t\t\t\t<div class=\"tb-card-content\">\n\t\t\t\t\t<h4>\n\t\t\t\t\t\t<span>mont blanc trail<\/span>\n\t\t\t\t\t\t\t\t\t\t<i class=\"icon fa-solid fa-person-hiking\" aria-hidden=\"true\"><\/i>\n\t\t\t\t\t\t\t\t<\/h4>\n\t\t\t\t\t\t\t\t\t\t\t<div class=\"line\">\n\t\t\t\t\t\t\t\t\t\t\t\t\t\t\t<span class=\"location tb-text-with-icon icon-first\">\n\t\t\t\t\t\t\t\t\t<i class=\"icon fa fa-map-marker\"><\/i>\n\t\t\t\t\t\t\t\t\t<span>France<\/span>\n\t\t\t\t\t\t\t\t<\/span>\n\t\t\t\t\t\t\t\t\t\t\t\t\t\t\t\t\t\t\t\t\t\t<span class=\"duration tb-text-with-icon icon-first\">\n\t\t\t\t\t\t\t\t\t<i class=\"icon fa fa-clock\"><\/i>\n\t\t\t\t\t\t\t\t\t<span>8 jours<\/span>\n\t\t\t\t\t\t\t\t<\/span>\n\t\t\t\t\t\t\t\t\t\t\t\t\t<\/div>\n\t\t\t\t\t\t\t\t\t\t\t\t\t\t<\/div>\n\t\t\t<\/a>\n\t\t\t\t\t<a href=\"https:\/\/travelbase.fr\/trip\/packraft-balkan\/\"  target=\"\" class=\"tb-card entry\">\n\t\t\t\t<div class=\"tb-image-part\">\n\t\t\t\t\t\t\t\t\t\t\t<img src='https:\/\/tkt.travelblox.eu\/wp-content\/uploads\/sites\/69\/2025\/03\/TKT-3-1-e1768491277730-768x700.jpg' width='768' height='700' alt='Le Packraft Trail' loading='lazy' image_size='medium_large'>\t\t\t\t\t\t\t\t\t\t\t\t\t\t\t\t\t\t\t\t\t\t\t\t<\/div>\n\t\t\t\t<div class=\"tb-card-content\">\n\t\t\t\t\t<h4>\n\t\t\t\t\t\t<span>Packraft &amp; Rando en Slov\u00e9nie<\/span>\n\t\t\t\t\t\t\t\t\t\t<i class=\"icon fa-kit fa-tb-icon-paddle\" aria-hidden=\"true\"><\/i>\n\t\t\t\t\t\t\t\t<\/h4>\n\t\t\t\t\t\t\t\t\t\t\t<div class=\"line\">\n\t\t\t\t\t\t\t\t\t\t\t\t\t\t\t<span class=\"location tb-text-with-icon icon-first\">\n\t\t\t\t\t\t\t\t\t<i class=\"icon fa fa-map-marker\"><\/i>\n\t\t\t\t\t\t\t\t\t<span>Slov\u00e9nie<\/span>\n\t\t\t\t\t\t\t\t<\/span>\n\t\t\t\t\t\t\t\t\t\t\t\t\t\t\t\t\t\t\t\t\t\t<span class=\"duration tb-text-with-icon icon-first\">\n\t\t\t\t\t\t\t\t\t<i class=\"icon fa fa-clock\"><\/i>\n\t\t\t\t\t\t\t\t\t<span>8 jours<\/span>\n\t\t\t\t\t\t\t\t<\/span>\n\t\t\t\t\t\t\t\t\t\t\t\t\t<\/div>\n\t\t\t\t\t\t\t\t\t\t\t\t\t\t<\/div>\n\t\t\t<\/a>\n\t\t\t\t\t\t\t\t<\/div>\n\t\t\t\t\t\t<div class=\"tb-carousel-nav\">\n\t\t\t<div class=\"dots\">\n\t\t\t\t<div class=\"dot active\"><\/div>\n\t\t\t\t<div class=\"dot\"><\/div>\n\t\t\t\t<div class=\"dot\"><\/div>\n\t\t\t<\/div>\n\t\t\t<div class=\"arrows\">\n\t\t\t\t<div class=\"prev disabled\">\n\t\t\t\t\t<span><i class=\"fa fa-chevron-left\"><\/i><\/span>\n\t\t\t\t<\/div>\n\t\t\t\t<div class=\"next\">\n\t\t\t\t\t<span><i class=\"fa fa-chevron-right\"><\/i><\/span>\n\t\t\t\t<\/div>\n\t\t\t<\/div>\n\t\t<\/div>\n\t\t\t\t<\/div>\n\t\t<\/div>\n\t\t\t<\/div>","protected":false},"excerpt":{"rendered":"","protected":false},"author":57,"featured_media":324,"parent":0,"menu_order":0,"comment_status":"closed","ping_status":"closed","template":"","meta":{"_acf_changed":false,"inline_featured_image":false,"footnotes":""},"class_list":["post-1425","page","type-page","status-publish","has-post-thumbnail","hentry"],"acf":{"page_package_ids":"TKT-TKT","is_main_package_page":true,"additional_linked_packages":[],"feed_page_to_atlas":true},"_links":{"self":[{"href":"https:\/\/tkt.travelblox.eu\/fr\/wp-json\/wp\/v2\/pages\/1425","targetHints":{"allow":["GET"]}}],"collection":[{"href":"https:\/\/tkt.travelblox.eu\/fr\/wp-json\/wp\/v2\/pages"}],"about":[{"href":"https:\/\/tkt.travelblox.eu\/fr\/wp-json\/wp\/v2\/types\/page"}],"author":[{"embeddable":true,"href":"https:\/\/tkt.travelblox.eu\/fr\/wp-json\/wp\/v2\/users\/57"}],"replies":[{"embeddable":true,"href":"https:\/\/tkt.travelblox.eu\/fr\/wp-json\/wp\/v2\/comments?post=1425"}],"version-history":[{"count":49,"href":"https:\/\/tkt.travelblox.eu\/fr\/wp-json\/wp\/v2\/pages\/1425\/revisions"}],"predecessor-version":[{"id":1867,"href":"https:\/\/tkt.travelblox.eu\/fr\/wp-json\/wp\/v2\/pages\/1425\/revisions\/1867"}],"wp:featuredmedia":[{"embeddable":true,"href":"https:\/\/tkt.travelblox.eu\/fr\/wp-json\/wp\/v2\/media\/324"}],"wp:attachment":[{"href":"https:\/\/tkt.travelblox.eu\/fr\/wp-json\/wp\/v2\/media?parent=1425"}],"curies":[{"name":"wp","href":"https:\/\/api.w.org\/{rel}","templated":true}]}}